{"id":965,"date":"2016-12-14T21:13:04","date_gmt":"2016-12-14T20:13:04","guid":{"rendered":"http:\/\/www.radlobby.org\/noe\/?page_id=965"},"modified":"2023-12-01T16:03:19","modified_gmt":"2023-12-01T15:03:19","slug":"aktion","status":"publish","type":"page","link":"https:\/\/www.radlobby.org\/noe\/aktion\/","title":{"rendered":"Radlobby Veranstaltungen \u00b7 Aktionen \u00b7 Projekte"},"content":{"rendered":"<h4 style=\"text-align: left;\">Veranstaltungen<\/h4>\n<p>Wir freuen uns \u00fcber ein Wiedersehen bei den Radlobby Veranstaltungen.<\/p>\n<style>.wp-show-posts-columns#wpsp-32743 {margin-left: -2em; }.wp-show-posts-columns#wpsp-32743 .wp-show-posts-inner {margin: 0 0 2em 2em; }<\/style><section id=\"wpsp-32743\" class=\" wp-show-posts-columns wp-show-posts\" style=\"\"><article class=\" wp-show-posts-single post-33779 post type-post status-publish format-standard has-post-thumbnail hentry category-aktion category-amstetten category-melk category-neulengbach category-niederoesterreich category-pressbaum category-st-poelten category-wiener-neustadt tag-biken tag-kidical-mass tag-kinder-rad tag-radfahren wpsp-col-6\" itemtype=\"http:\/\/schema.org\/CreativeWork\" itemscope><div class=\"wp-show-posts-inner\" style=\"\">\t\t\t\t\t\t<header class=\"wp-show-posts-entry-header\">\n\t\t\t\t\t\t\t<p class=\"wp-show-posts-entry-title\" itemprop=\"headline\"><a href=\"https:\/\/www.radlobby.org\/noe\/kidicalmass\/\" rel=\"bookmark\">Kidical Mass in Nieder\u00f6sterreich 2026 &#8211; Kinder fahren Rad<\/a><\/p>\t\t\t\t\t\t<\/header><!-- .entry-header -->\n\t\t\t\t\t\t\t<div class=\"wp-show-posts-image  wpsp-image-left \">\n\t\t\t<a href=\"https:\/\/www.radlobby.org\/noe\/kidicalmass\/\"  title=\"Kidical Mass in Nieder\u00f6sterreich 2026 &#8211; Kinder fahren Rad\">\t\t\t\t\t<img decoding=\"async\" src=\"https:\/\/www.radlobby.org\/noe\/wp-content\/uploads\/kidicalmass-1-180x181.jpg\" alt=\"Kidical Mass in Nieder\u00f6sterreich 2026 &#8211; Kinder fahren Rad\" itemprop=\"image\" class=\"left\" \/>\n\t\t\t\t<\/a>\t\t<\/div>\n\t\t\t\t\t\t\t\t<div class=\"wp-show-posts-entry-summary\" itemprop=\"text\">\n\t\t\t\t\t\t\t<p>Kinder fahren Rad!<br \/>\nUnser Engagement gilt dem Einsatz f\u00fcr kinderfreundliche und lebenswerte D\u00f6rfer und St\u00e4dte.<\/p>\n\t\t\t\t\t\t<\/div><!-- .entry-summary -->\n\t\t\t\t\t<\/div><!-- wp-show-posts-inner --><\/article><article class=\" wp-show-posts-single post-41432 post type-post status-publish format-standard has-post-thumbnail hentry category-aktion category-allgemein category-radlobby-akademie-webinare-vortraege category-bruck-an-der-leitha category-carnuntum category-niederoesterreich wpsp-col-6\" itemtype=\"http:\/\/schema.org\/CreativeWork\" itemscope><div class=\"wp-show-posts-inner\" style=\"\">\t\t\t\t\t\t<header class=\"wp-show-posts-entry-header\">\n\t\t\t\t\t\t\t<p class=\"wp-show-posts-entry-title\" itemprop=\"headline\"><a href=\"https:\/\/www.radlobby.org\/noe\/talk-im-club-nachhaltige-mobilitaet-im-laendlichen-raum\/\" rel=\"bookmark\">Talk im Club: \u201eNachhaltige Mobilit\u00e4t im l\u00e4ndlichen Raum\u201c<\/a><\/p>\t\t\t\t\t\t<\/header><!-- .entry-header -->\n\t\t\t\t\t\t\t<div class=\"wp-show-posts-image  wpsp-image-left \">\n\t\t\t<a href=\"https:\/\/www.radlobby.org\/noe\/talk-im-club-nachhaltige-mobilitaet-im-laendlichen-raum\/\"  title=\"Talk im Club: \u201eNachhaltige Mobilit\u00e4t im l\u00e4ndlichen Raum\u201c\">\t\t\t\t\t<img decoding=\"async\" src=\"https:\/\/www.radlobby.org\/noe\/wp-content\/uploads\/Frey_C_Stephan_Huger-1-214x300-1-180x252.jpg\" alt=\"Talk im Club: \u201eNachhaltige Mobilit\u00e4t im l\u00e4ndlichen Raum\u201c\" itemprop=\"image\" class=\"left\" \/>\n\t\t\t\t<\/a>\t\t<\/div>\n\t\t\t\t\t\t\t\t<div class=\"wp-show-posts-entry-summary\" itemprop=\"text\">\n\t\t\t\t\t\t\t<p>18. M\u00e4rz 2026 18:00\u00a0&#8211;\u00a020:00 Uhr \u201eNachhaltige Mobilit\u00e4t im l\u00e4ndlichen Raum\u201c<br \/>\nDI Dr. Harald Frey, TU Wien<\/p>\n\t\t\t\t\t\t<\/div><!-- .entry-summary -->\n\t\t\t\t\t<\/div><!-- wp-show-posts-inner --><\/article><article class=\" wp-show-posts-single post-34860 post type-post status-publish format-standard has-post-thumbnail hentry category-aktion category-presse-medien category-bruck-an-der-leitha category-niederoesterreich category-radpolitik-in-noe tag-abstand tag-mindestabstand wpsp-col-6\" itemtype=\"http:\/\/schema.org\/CreativeWork\" itemscope><div class=\"wp-show-posts-inner\" style=\"\">\t\t\t\t\t\t<header class=\"wp-show-posts-entry-header\">\n\t\t\t\t\t\t\t<p class=\"wp-show-posts-entry-title\" itemprop=\"headline\"><a href=\"https:\/\/www.radlobby.org\/noe\/abstand\/\" rel=\"bookmark\">Seit 2024 in N\u00d6: Kampagne &#8220;Sei ein Kavalier &#8211; halte Abstand&#8221;<\/a><\/p>\t\t\t\t\t\t<\/header><!-- .entry-header -->\n\t\t\t\t\t\t\t<div class=\"wp-show-posts-image  wpsp-image-left \">\n\t\t\t<a href=\"https:\/\/www.radlobby.org\/noe\/abstand\/\"  title=\"Seit 2024 in N\u00d6: Kampagne &#8220;Sei ein Kavalier &#8211; halte Abstand&#8221;\">\t\t\t\t\t<img decoding=\"async\" src=\"https:\/\/www.radlobby.org\/noe\/wp-content\/uploads\/12062023_Radlobby-MB_Sujet-Abstand-scaled-180x120.jpg\" alt=\"Seit 2024 in N\u00d6: Kampagne &#8220;Sei ein Kavalier &#8211; halte Abstand&#8221;\" itemprop=\"image\" class=\"left\" \/>\n\t\t\t\t<\/a>\t\t<\/div>\n\t\t\t\t\t\t\t\t<div class=\"wp-show-posts-entry-summary\" itemprop=\"text\">\n\t\t\t\t\t\t\t<p>Kampagne &#8220;Sei ein Kavalier &#8211; halte Abstand&#8221; breit unterst\u00fctzt<\/p>\n\t\t\t\t\t\t<\/div><!-- .entry-summary -->\n\t\t\t\t\t<\/div><!-- wp-show-posts-inner --><\/article><article class=\" wp-show-posts-single post-41418 post type-post status-publish format-standard has-post-thumbnail hentry category-aktion category-niederoesterreich category-pressbaum category-purkersdorf wpsp-col-6\" itemtype=\"http:\/\/schema.org\/CreativeWork\" itemscope><div class=\"wp-show-posts-inner\" style=\"\">\t\t\t\t\t\t<header class=\"wp-show-posts-entry-header\">\n\t\t\t\t\t\t\t<p class=\"wp-show-posts-entry-title\" itemprop=\"headline\"><a href=\"https:\/\/www.radlobby.org\/noe\/kidical-mass-purkersdorf-31-mai-2026\/\" rel=\"bookmark\">Kidical Mass Purkersdorf \u2013 Kinderfahrraddemo am 31. Mai 2026<\/a><\/p>\t\t\t\t\t\t<\/header><!-- .entry-header -->\n\t\t\t\t\t\t\t<div class=\"wp-show-posts-image  wpsp-image-left \">\n\t\t\t<a href=\"https:\/\/www.radlobby.org\/noe\/kidical-mass-purkersdorf-31-mai-2026\/\"  title=\"Kidical Mass Purkersdorf \u2013 Kinderfahrraddemo am 31. Mai 2026\">\t\t\t\t\t<img decoding=\"async\" src=\"https:\/\/www.radlobby.org\/noe\/wp-content\/uploads\/Kidical-Mass-Logo-180x111.jpg\" alt=\"Kidical Mass Purkersdorf \u2013 Kinderfahrraddemo am 31. Mai 2026\" itemprop=\"image\" class=\"left\" \/>\n\t\t\t\t<\/a>\t\t<\/div>\n\t\t\t\t\t\t\t\t<div class=\"wp-show-posts-entry-summary\" itemprop=\"text\">\n\t\t\t\t\t\t\t<p>\u00dcberall in \u00d6sterreich: Sichere Fahrradwege f\u00fcr Kinder Damit sich Kinder sicher und selbstst\u00e4ndig mit dem Fahrrad bewegen k\u00f6nnen, ben\u00f6tigt es bessere und sicherere Radwege. Denn&#8230;<\/p>\n\t\t\t\t\t\t<\/div><!-- .entry-summary -->\n\t\t\t\t\t<\/div><!-- wp-show-posts-inner --><\/article><article class=\" wp-show-posts-single post-41179 post type-post status-publish format-standard has-post-thumbnail hentry category-aktion category-allgemein category-niederoesterreich category-radpolitik-in-noe tag-815 tag-814 tag-tempo-30 tag-tempo-senken-leben-retten tag-temposchutz wpsp-col-6\" itemtype=\"http:\/\/schema.org\/CreativeWork\" itemscope><div class=\"wp-show-posts-inner\" style=\"\">\t\t\t\t\t\t<header class=\"wp-show-posts-entry-header\">\n\t\t\t\t\t\t\t<p class=\"wp-show-posts-entry-title\" itemprop=\"headline\"><a href=\"https:\/\/www.radlobby.org\/noe\/temposchutz-tempo-senken-leben-retten\/\" rel=\"bookmark\">Temposchutz: Tempo senken &#8211; Leben retten<\/a><\/p>\t\t\t\t\t\t<\/header><!-- .entry-header -->\n\t\t\t\t\t\t\t<div class=\"wp-show-posts-image  wpsp-image-left \">\n\t\t\t<a href=\"https:\/\/www.radlobby.org\/noe\/temposchutz-tempo-senken-leben-retten\/\"  title=\"Temposchutz: Tempo senken &#8211; Leben retten\">\t\t\t\t\t<img decoding=\"async\" src=\"https:\/\/www.radlobby.org\/noe\/wp-content\/uploads\/Temposenken_Lebenretten-180x121.jpg\" alt=\"Temposchutz: Tempo senken &#8211; Leben retten\" itemprop=\"image\" class=\"left\" \/>\n\t\t\t\t<\/a>\t\t<\/div>\n\t\t\t\t\t\t\t\t<div class=\"wp-show-posts-entry-summary\" itemprop=\"text\">\n\t\t\t\t\t\t\t<p>Temposchutz &#8211; aktuell: Parlamentarische B\u00fcrgerinitiative Tempo senken &#8211; Leben retten<\/p>\n\t\t\t\t\t\t<\/div><!-- .entry-summary -->\n\t\t\t\t\t<\/div><!-- wp-show-posts-inner --><\/article><article class=\" wp-show-posts-single post-41160 post type-post status-publish format-standard has-post-thumbnail hentry category-aktion category-eichgraben category-mauerbach category-neulengbach category-niederoesterreich category-pressbaum category-purkersdorf category-radpolitik-in-noe tag-familienfreundlich tag-petition tag-radinfrastruktur tag-radwegbau wpsp-col-6\" itemtype=\"http:\/\/schema.org\/CreativeWork\" itemscope><div class=\"wp-show-posts-inner\" style=\"\">\t\t\t\t\t\t<header class=\"wp-show-posts-entry-header\">\n\t\t\t\t\t\t\t<p class=\"wp-show-posts-entry-title\" itemprop=\"headline\"><a href=\"https:\/\/www.radlobby.org\/noe\/petition-fuer-baulich-getrennten-radweg-entlang-der-b44-in-pressbaum\/\" rel=\"bookmark\">Petition f\u00fcr baulich getrennten Radweg<br> entlang der B44 in Pressbaum<br>openpetition.eu\/!ktjdn<\/a><\/p>\t\t\t\t\t\t<\/header><!-- .entry-header -->\n\t\t\t\t\t\t\t<div class=\"wp-show-posts-image  wpsp-image-left \">\n\t\t\t<a href=\"https:\/\/www.radlobby.org\/noe\/petition-fuer-baulich-getrennten-radweg-entlang-der-b44-in-pressbaum\/\"  title=\"Petition f\u00fcr baulich getrennten Radweg entlang der B44 in Pressbaumopenpetition.eu\/!ktjdn\">\t\t\t\t\t<img decoding=\"async\" src=\"https:\/\/www.radlobby.org\/noe\/wp-content\/uploads\/Onlinepetition-Radweg-Pressbaum-180x255.jpg\" alt=\"Petition f\u00fcr baulich getrennten Radweg<br> entlang der B44 in Pressbaum<br>openpetition.eu\/!ktjdn\" itemprop=\"image\" class=\"left\" \/>\n\t\t\t\t<\/a>\t\t<\/div>\n\t\t\t\t\t\t\t\t<div class=\"wp-show-posts-entry-summary\" itemprop=\"text\">\n\t\t\t\t\t\t\t<p>Die B44 geh\u00f6rt saniert. Wir fordern die zeitnahe Umsetzung eines baulich getrennten Radwegs entlang der B44 in Pressbaum entsprechend der vorhandenen regionalen Konzepte.  openpetition.eu\/!ktjdn<br \/>\nF\u00fcr kinderfreundliche, familienfreundliche, multimodale Stra\u00dfen.<\/p>\n\t\t\t\t\t\t<\/div><!-- .entry-summary -->\n\t\t\t\t\t<\/div><!-- wp-show-posts-inner --><\/article><article class=\" wp-show-posts-single post-40463 post type-post status-publish format-standard has-post-thumbnail hentry category-aktion category-niederoesterreich category-schwarzatal category-wiener-neustadt wpsp-col-6\" itemtype=\"http:\/\/schema.org\/CreativeWork\" itemscope><div class=\"wp-show-posts-inner\" style=\"\">\t\t\t\t\t\t<header class=\"wp-show-posts-entry-header\">\n\t\t\t\t\t\t\t<p class=\"wp-show-posts-entry-title\" itemprop=\"headline\"><a href=\"https:\/\/www.radlobby.org\/noe\/neujahrsradeln-2026-wiener-neustadt\/\" rel=\"bookmark\">Wiener Neust\u00e4dter Neujahrsradeln 2026: &#8220;Neujahrsschwimmen&#8221; in Bad Fischau<\/a><\/p>\t\t\t\t\t\t<\/header><!-- .entry-header -->\n\t\t\t\t\t\t\t<div class=\"wp-show-posts-image  wpsp-image-left \">\n\t\t\t<a href=\"https:\/\/www.radlobby.org\/noe\/neujahrsradeln-2026-wiener-neustadt\/\"  title=\"Wiener Neust\u00e4dter Neujahrsradeln 2026: &#8220;Neujahrsschwimmen&#8221; in Bad Fischau\">\t\t\t\t\t<img decoding=\"async\" src=\"https:\/\/www.radlobby.org\/noe\/wp-content\/uploads\/20260101_Neujahrsschwimmen-1-180x101.jpg\" alt=\"Wiener Neust\u00e4dter Neujahrsradeln 2026: &#8220;Neujahrsschwimmen&#8221; in Bad Fischau\" itemprop=\"image\" class=\"left\" \/>\n\t\t\t\t<\/a>\t\t<\/div>\n\t\t\t\t\t\t\t\t<div class=\"wp-show-posts-entry-summary\" itemprop=\"text\">\n\t\t\t\t\t\t\t<p>Am 1. J\u00e4nner 2026 radelten 16 Personen bei optimalem Wetter zum &#8220;Neujahrs- schwimmen&#8221; in der Kristalltherme Bad Fischau.<\/p>\n\t\t\t\t\t\t<\/div><!-- .entry-summary -->\n\t\t\t\t\t<\/div><!-- wp-show-posts-inner --><\/article><article class=\" wp-show-posts-single post-32855 post type-post status-publish format-standard has-post-thumbnail hentry category-aktion category-presse-medien category-niederoesterreich tag-670 tag-neujahr tag-neujahrsradeln tag-prosit tag-radsaison wpsp-col-6\" itemtype=\"http:\/\/schema.org\/CreativeWork\" itemscope><div class=\"wp-show-posts-inner\" style=\"\">\t\t\t\t\t\t<header class=\"wp-show-posts-entry-header\">\n\t\t\t\t\t\t\t<p class=\"wp-show-posts-entry-title\" itemprop=\"headline\"><a href=\"https:\/\/www.radlobby.org\/noe\/neujahrsradeln-2026-in-ihrer-gemeinde\/\" rel=\"bookmark\">1. J\u00e4nner 2026<br>Neujahrsradeln in Ihrer Gemeinde!<\/a><\/p>\t\t\t\t\t\t<\/header><!-- .entry-header -->\n\t\t\t\t\t\t\t<div class=\"wp-show-posts-image  wpsp-image-left \">\n\t\t\t<a href=\"https:\/\/www.radlobby.org\/noe\/neujahrsradeln-2026-in-ihrer-gemeinde\/\"  title=\"1. J\u00e4nner 2026Neujahrsradeln in Ihrer Gemeinde!\">\t\t\t\t\t<img decoding=\"async\" src=\"https:\/\/www.radlobby.org\/noe\/wp-content\/uploads\/20200102-Neujahrsstammtisch-St.-P\u00f6lten-Bild-Werner-Hrabak-180x120.jpg\" alt=\"1. J\u00e4nner 2026<br>Neujahrsradeln in Ihrer Gemeinde!\" itemprop=\"image\" class=\"left\" \/>\n\t\t\t\t<\/a>\t\t<\/div>\n\t\t\t\t\t\t\t\t<div class=\"wp-show-posts-entry-summary\" itemprop=\"text\">\n\t\t\t\t\t\t\t<p>Die Radsaison-Er\u00f6ffnung am 1. Januar hat mittlerweile Tradition und findet jedes Jahr parallel in vielen Bundesl\u00e4ndern statt.<\/p>\n\t\t\t\t\t\t<\/div><!-- .entry-summary -->\n\t\t\t\t\t<\/div><!-- wp-show-posts-inner --><\/article><article class=\" wp-show-posts-single post-40906 post type-post status-publish format-standard has-post-thumbnail hentry category-aktion category-klosterneuburg category-niederoesterreich wpsp-col-6\" itemtype=\"http:\/\/schema.org\/CreativeWork\" itemscope><div class=\"wp-show-posts-inner\" style=\"\">\t\t\t\t\t\t<header class=\"wp-show-posts-entry-header\">\n\t\t\t\t\t\t\t<p class=\"wp-show-posts-entry-title\" itemprop=\"headline\"><a href=\"https:\/\/www.radlobby.org\/noe\/adventaktion-fuer-bessere-sichtbarkeit\/\" rel=\"bookmark\">Adventaktion f\u00fcr bessere Sichtbarkeit<\/a><\/p>\t\t\t\t\t\t<\/header><!-- .entry-header -->\n\t\t\t\t\t\t\t<div class=\"wp-show-posts-image  wpsp-image-left \">\n\t\t\t<a href=\"https:\/\/www.radlobby.org\/noe\/adventaktion-fuer-bessere-sichtbarkeit\/\"  title=\"Adventaktion f\u00fcr bessere Sichtbarkeit\">\t\t\t\t\t<img decoding=\"async\" src=\"https:\/\/www.radlobby.org\/noe\/wp-content\/uploads\/IMG_5098-1-180x120.jpg\" alt=\"Adventaktion f\u00fcr bessere Sichtbarkeit\" itemprop=\"image\" class=\"left\" \/>\n\t\t\t\t<\/a>\t\t<\/div>\n\t\t\t\t\t\t\t\t<div class=\"wp-show-posts-entry-summary\" itemprop=\"text\">\n\t\t\t\t\t\t\t<p>Die Radlobby Klosterneuburg hat zur Adventzeit einen dunkelgrauen Poller tempor\u00e4r mit einer Lichterkette geschm\u00fcckt und ein Lied zu dessen schlechter Sichtbarkeit gesungen.\u00a0 Die Stadtgemeinde erhielt&#8230;<\/p>\n\t\t\t\t\t\t<\/div><!-- .entry-summary -->\n\t\t\t\t\t<\/div><!-- wp-show-posts-inner --><\/article><article class=\" wp-show-posts-single post-40864 post type-post status-publish format-standard has-post-thumbnail hentry category-aktion category-wolkersdorf tag-neujahrsradeln tag-radsaisoneroeffnung wpsp-col-6\" itemtype=\"http:\/\/schema.org\/CreativeWork\" itemscope><div class=\"wp-show-posts-inner\" style=\"\">\t\t\t\t\t\t<header class=\"wp-show-posts-entry-header\">\n\t\t\t\t\t\t\t<p class=\"wp-show-posts-entry-title\" itemprop=\"headline\"><a href=\"https:\/\/www.radlobby.org\/noe\/radsaisoneroeffnung-wolkersdorf-2026\/\" rel=\"bookmark\">1. J\u00e4nner 2026<br>Radsaisoner\u00f6ffnung in Wolkersdorf<\/a><\/p>\t\t\t\t\t\t<\/header><!-- .entry-header -->\n\t\t\t\t\t\t\t<div class=\"wp-show-posts-image  wpsp-image-left \">\n\t\t\t<a href=\"https:\/\/www.radlobby.org\/noe\/radsaisoneroeffnung-wolkersdorf-2026\/\"  title=\"1. J\u00e4nner 2026Radsaisoner\u00f6ffnung in Wolkersdorf\">\t\t\t\t\t<img decoding=\"async\" src=\"https:\/\/www.radlobby.org\/noe\/wp-content\/uploads\/Weihnachten_Frohes_Fest2-scaled-180x240.png\" alt=\"1. J\u00e4nner 2026<br>Radsaisoner\u00f6ffnung in Wolkersdorf\" itemprop=\"image\" class=\"left\" \/>\n\t\t\t\t<\/a>\t\t<\/div>\n\t\t\t\t\t\t\t\t<div class=\"wp-show-posts-entry-summary\" itemprop=\"text\">\n\t\t\t\t\t\t\t<p>Die Radlobby Wolkersdorf er\u00f6ffnet die Radsaison 2024 mit Jahresbeginn weil das Fahrrad als schnelles, umweltfreundliches und gesundes Alltagsverkehrsmittel bei entsprechender Ausr\u00fcstung immer Saison hat.<\/p>\n\t\t\t\t\t\t<\/div><!-- .entry-summary -->\n\t\t\t\t\t<\/div><!-- wp-show-posts-inner --><\/article><article class=\" wp-show-posts-single post-26792 post type-post status-publish format-standard has-post-thumbnail hentry category-aktion category-presse-medien category-niederoesterreich category-st-poelten tag-ausfahrt tag-neujahrsradeln tag-radfahren tag-radtour wpsp-col-6\" itemtype=\"http:\/\/schema.org\/CreativeWork\" itemscope><div class=\"wp-show-posts-inner\" style=\"\">\t\t\t\t\t\t<header class=\"wp-show-posts-entry-header\">\n\t\t\t\t\t\t\t<p class=\"wp-show-posts-entry-title\" itemprop=\"headline\"><a href=\"https:\/\/www.radlobby.org\/noe\/st-poeltner-neujahrsradeln\/\" rel=\"bookmark\">Donnerstag, 1. J\u00e4nner 2026, 14:30Uhr<br>4. St. P\u00f6ltner Neujahrsradeln<\/a><\/p>\t\t\t\t\t\t<\/header><!-- .entry-header -->\n\t\t\t\t\t\t\t<div class=\"wp-show-posts-image  wpsp-image-left \">\n\t\t\t<a href=\"https:\/\/www.radlobby.org\/noe\/st-poeltner-neujahrsradeln\/\"  title=\"Donnerstag, 1. J\u00e4nner 2026, 14:30Uhr4. St. P\u00f6ltner Neujahrsradeln\">\t\t\t\t\t<img decoding=\"async\" src=\"https:\/\/www.radlobby.org\/noe\/wp-content\/uploads\/kleeblatt_Jonathan_Maria_zoegernitz_-180x236.jpg\" alt=\"Donnerstag, 1. J\u00e4nner 2026, 14:30Uhr<br>4. St. P\u00f6ltner Neujahrsradeln\" itemprop=\"image\" class=\"left\" \/>\n\t\t\t\t<\/a>\t\t<\/div>\n\t\t\t\t\t\t\t\t<div class=\"wp-show-posts-entry-summary\" itemprop=\"text\">\n\t\t\t\t\t\t\t<p>Die Radlobby St. P\u00f6lten er\u00f6ffnet mit dem Neujahrsradeln am 1. J\u00e4nner vergn\u00fcglich die Radsaison.<\/p>\n\t\t\t\t\t\t<\/div><!-- .entry-summary -->\n\t\t\t\t\t<\/div><!-- wp-show-posts-inner --><\/article><article class=\" wp-show-posts-single post-40368 post type-post status-publish format-standard has-post-thumbnail hentry category-aktion category-gemeinden-betriebe category-eichgraben category-mauerbach category-niederoesterreich category-pressbaum category-purkersdorf tag-bicibuspressbaum-bicibus-verkehrstraining-stadtderkurzenwege-fahrradbus wpsp-col-6\" itemtype=\"http:\/\/schema.org\/CreativeWork\" itemscope><div class=\"wp-show-posts-inner\" style=\"\">\t\t\t\t\t\t<header class=\"wp-show-posts-entry-header\">\n\t\t\t\t\t\t\t<p class=\"wp-show-posts-entry-title\" itemprop=\"headline\"><a href=\"https:\/\/www.radlobby.org\/noe\/bicibus-pressbaum-startet-durch-naechster-termin-03-oktober-2025\/\" rel=\"bookmark\">Bicibus Pressbaum startet durch <br>n\u00e4chster Termin 03. Oktober 2025<\/a><\/p>\t\t\t\t\t\t<\/header><!-- .entry-header -->\n\t\t\t\t\t\t\t<div class=\"wp-show-posts-image  wpsp-image-left \">\n\t\t\t<a href=\"https:\/\/www.radlobby.org\/noe\/bicibus-pressbaum-startet-durch-naechster-termin-03-oktober-2025\/\"  title=\"Bicibus Pressbaum startet durch n\u00e4chster Termin 03. Oktober 2025\">\t\t\t\t\t<img decoding=\"async\" src=\"https:\/\/www.radlobby.org\/noe\/wp-content\/uploads\/Einladung-Bicibus-Pressbaum-allgemein-180x180.png\" alt=\"Bicibus Pressbaum startet durch <br>n\u00e4chster Termin 03. Oktober 2025\" itemprop=\"image\" class=\"left\" \/>\n\t\t\t\t<\/a>\t\t<\/div>\n\t\t\t\t\t\t\t\t<div class=\"wp-show-posts-entry-summary\" itemprop=\"text\">\n\t\t\t\t\t\t\t<p>Der Bicibus Pressbaum ist eine Fahrgemeinschaft aus radelnden Schulkindern, Eltern und Gro\u00dfeltern. Gemeinsam trainieren wir in deinem Ort ganz  entspannt und sinnvoll (Schulweg) dein Verkehrsverhalten, aber auch deine Muskeln, deine Motorik, dein Immunsystem und dein Gehirn! Safety in numbers. Gemeinsam ist man sicherer und sichtbarer unterwegs. <\/p>\n\t\t\t\t\t\t<\/div><!-- .entry-summary -->\n\t\t\t\t\t<\/div><!-- wp-show-posts-inner --><\/article><article class=\" wp-show-posts-single post-39769 post type-post status-publish format-standard has-post-thumbnail hentry category-aktion category-bruck-an-der-leitha category-niederoesterreich tag-podiumsdiskussion-aktive-mobilitaet tag-radpolitik wpsp-col-6\" itemtype=\"http:\/\/schema.org\/CreativeWork\" itemscope><div class=\"wp-show-posts-inner\" style=\"\">\t\t\t\t\t\t<header class=\"wp-show-posts-entry-header\">\n\t\t\t\t\t\t\t<p class=\"wp-show-posts-entry-title\" itemprop=\"headline\"><a href=\"https:\/\/www.radlobby.org\/noe\/bruckamrad\/\" rel=\"bookmark\">Rundfahrt mit anschlie\u00dfender Podiumsdiskussion in Bruck an der Leitha<\/a><\/p>\t\t\t\t\t\t<\/header><!-- .entry-header -->\n\t\t\t\t\t\t\t<div class=\"wp-show-posts-image  wpsp-image-left \">\n\t\t\t<a href=\"https:\/\/www.radlobby.org\/noe\/bruckamrad\/\"  title=\"Rundfahrt mit anschlie\u00dfender Podiumsdiskussion in Bruck an der Leitha\">\t\t\t\t\t<img decoding=\"async\" src=\"https:\/\/www.radlobby.org\/noe\/wp-content\/uploads\/gruenpfeile-180x238.jpg\" alt=\"Rundfahrt mit anschlie\u00dfender Podiumsdiskussion in Bruck an der Leitha\" itemprop=\"image\" class=\"left\" \/>\n\t\t\t\t<\/a>\t\t<\/div>\n\t\t\t\t\t\t\t\t<div class=\"wp-show-posts-entry-summary\" itemprop=\"text\">\n\t\t\t\t\t\t\t<p>Radrundfahrt und Podiumsdiskussion am 18. September 2025<br \/>\nsicher &#8211; stressfrei &#8211; familienfreundlich &#8211; gemeinsam<\/p>\n\t\t\t\t\t\t<\/div><!-- .entry-summary -->\n\t\t\t\t\t<\/div><!-- wp-show-posts-inner --><\/article><article class=\" wp-show-posts-single post-38839 post type-post status-publish format-standard has-post-thumbnail hentry category-aktion category-gemeinden-betriebe category-presse-medien category-niederoesterreich category-pressbaum tag-kidical-mass tag-kinderfahrrad tag-kindergarten tag-radfahren tag-radparade tag-verkehrsplanung wpsp-col-6\" itemtype=\"http:\/\/schema.org\/CreativeWork\" itemscope><div class=\"wp-show-posts-inner\" style=\"\">\t\t\t\t\t\t<header class=\"wp-show-posts-entry-header\">\n\t\t\t\t\t\t\t<p class=\"wp-show-posts-entry-title\" itemprop=\"headline\"><a href=\"https:\/\/www.radlobby.org\/noe\/3-kidical-mass-pressbaum-samstag-10-mai-2025-abfahrt-1000\/\" rel=\"bookmark\">3. Kidical Mass Pressbaum, Samstag 10. Mai 2025, Abfahrt 10:00<\/a><\/p>\t\t\t\t\t\t<\/header><!-- .entry-header -->\n\t\t\t\t\t\t\t<div class=\"wp-show-posts-image  wpsp-image-left \">\n\t\t\t<a href=\"https:\/\/www.radlobby.org\/noe\/3-kidical-mass-pressbaum-samstag-10-mai-2025-abfahrt-1000\/\"  title=\"3. Kidical Mass Pressbaum, Samstag 10. Mai 2025, Abfahrt 10:00\">\t\t\t\t\t<img decoding=\"async\" src=\"https:\/\/www.radlobby.org\/noe\/wp-content\/uploads\/KM-Pressbaum-finaler-Flyer-180x135.png\" alt=\"3. Kidical Mass Pressbaum, Samstag 10. Mai 2025, Abfahrt 10:00\" itemprop=\"image\" class=\"left\" \/>\n\t\t\t\t<\/a>\t\t<\/div>\n\t\t\t\t\t\t\t\t<div class=\"wp-show-posts-entry-summary\" itemprop=\"text\">\n\t\t\t\t\t\t\t<p>Herzliche Einladung zur 3. Kidical Mass Pressbaum! Pressbaum, Tullnerbach und Wolfsgraben aufgepasst! Wir radeln wieder ganz entspannt die Hauptstra\u00dfe entlang bis zum Wienerwaldsee. Von dort geht es mit einer gesunden Jause gest\u00e4rkt retour zum Hauptplatz! Seid dabei! F\u00fcr lebensfrohe, familienfreundliche Gemeinden im Wienerwald, f\u00fcr mehr Balance und Fitness im Alltag von Kindesbeinen an!<\/p>\n\t\t\t\t\t\t<\/div><!-- .entry-summary -->\n\t\t\t\t\t<\/div><!-- wp-show-posts-inner --><\/article><article class=\" wp-show-posts-single post-30367 post type-post status-publish format-standard has-post-thumbnail hentry category-aktion category-allgemein category-niederoesterreich category-st-poelten tag-infoveranstaltung wpsp-col-6\" itemtype=\"http:\/\/schema.org\/CreativeWork\" itemscope><div class=\"wp-show-posts-inner\" style=\"\">\t\t\t\t\t\t<header class=\"wp-show-posts-entry-header\">\n\t\t\t\t\t\t\t<p class=\"wp-show-posts-entry-title\" itemprop=\"headline\"><a href=\"https:\/\/www.radlobby.org\/noe\/tag-der-aktiven-mobilitaet\/\" rel=\"bookmark\">Tag der aktiven Mobilit\u00e4t in St. P\u00f6lten, 10. Mai 2025<\/a><\/p>\t\t\t\t\t\t<\/header><!-- .entry-header -->\n\t\t\t\t\t\t\t<div class=\"wp-show-posts-image  wpsp-image-left \">\n\t\t\t<a href=\"https:\/\/www.radlobby.org\/noe\/tag-der-aktiven-mobilitaet\/\"  title=\"Tag der aktiven Mobilit\u00e4t in St. P\u00f6lten, 10. Mai 2025\">\t\t\t\t\t<img decoding=\"async\" src=\"https:\/\/www.radlobby.org\/noe\/wp-content\/uploads\/20190524-RLN\u00d6-RL-St.P\u00f6lten-Radparade-DSC_1367.1800px-180x120.jpg\" alt=\"Tag der aktiven Mobilit\u00e4t in St. P\u00f6lten, 10. Mai 2025\" itemprop=\"image\" class=\"left\" \/>\n\t\t\t\t<\/a>\t\t<\/div>\n\t\t\t\t\t\t\t\t<div class=\"wp-show-posts-entry-summary\" itemprop=\"text\">\n\t\t\t\t\t\t\t<p>Am Samstag, 10. Mai 2025 dreht sich am Rathausplatz von 10 bis 15 Uhr alles um aktive Mobilit\u00e4t! Wir sehen uns am 10.\u00a0 Mai beim&#8230;<\/p>\n\t\t\t\t\t\t<\/div><!-- .entry-summary -->\n\t\t\t\t\t<\/div><!-- wp-show-posts-inner --><\/article><article class=\" wp-show-posts-single post-37554 post type-post status-publish format-standard has-post-thumbnail hentry category-aktion category-wolkersdorf tag-neujahrsradeln tag-radsaisoneroeffnung wpsp-col-6\" itemtype=\"http:\/\/schema.org\/CreativeWork\" itemscope><div class=\"wp-show-posts-inner\" style=\"\">\t\t\t\t\t\t<header class=\"wp-show-posts-entry-header\">\n\t\t\t\t\t\t\t<p class=\"wp-show-posts-entry-title\" itemprop=\"headline\"><a href=\"https:\/\/www.radlobby.org\/noe\/radsaisoneroeffnung-wolkersdorf-2025-01-01-2\/\" rel=\"bookmark\">1. J\u00e4nner 2025<br>Radsaisoner\u00f6ffnung in Wolkersdorf<\/a><\/p>\t\t\t\t\t\t<\/header><!-- .entry-header -->\n\t\t\t\t\t\t\t<div class=\"wp-show-posts-image  wpsp-image-left \">\n\t\t\t<a href=\"https:\/\/www.radlobby.org\/noe\/radsaisoneroeffnung-wolkersdorf-2025-01-01-2\/\"  title=\"1. J\u00e4nner 2025Radsaisoner\u00f6ffnung in Wolkersdorf\">\t\t\t\t\t<img decoding=\"async\" src=\"https:\/\/www.radlobby.org\/noe\/wp-content\/uploads\/20200101-RL-Wolkersdord-Neujahrsradeln-_150929-1854px-180x82.jpg\" alt=\"1. J\u00e4nner 2025<br>Radsaisoner\u00f6ffnung in Wolkersdorf\" itemprop=\"image\" class=\"left\" \/>\n\t\t\t\t<\/a>\t\t<\/div>\n\t\t\t\t\t\t\t\t<div class=\"wp-show-posts-entry-summary\" itemprop=\"text\">\n\t\t\t\t\t\t\t<p>Die Radlobby Wolkersdorf er\u00f6ffnet die Radsaison 2024 mit Jahresbeginn weil das Fahrrad als schnelles, umweltfreundliches und gesundes Alltagsverkehrsmittel bei entsprechender Ausr\u00fcstung immer Saison hat.<\/p>\n\t\t\t\t\t\t<\/div><!-- .entry-summary -->\n\t\t\t\t\t<\/div><!-- wp-show-posts-inner --><\/article><article class=\" wp-show-posts-single post-37136 post type-post status-publish format-standard has-post-thumbnail hentry category-aktion category-badvoeslau category-niederoesterreich category-schwarzatal category-wiener-neustadt wpsp-col-6\" itemtype=\"http:\/\/schema.org\/CreativeWork\" itemscope><div class=\"wp-show-posts-inner\" style=\"\">\t\t\t\t\t\t<header class=\"wp-show-posts-entry-header\">\n\t\t\t\t\t\t\t<p class=\"wp-show-posts-entry-title\" itemprop=\"headline\"><a href=\"https:\/\/www.radlobby.org\/noe\/neujahrsradeln-2025-wiener-neustadt-bad-fischau-3-2\/\" rel=\"bookmark\">Neujahrsradeln 2025: ab Wiener Neustadt zum &#8220;Neujahrsschwimmen&#8221; in Bad Fischau<\/a><\/p>\t\t\t\t\t\t<\/header><!-- .entry-header -->\n\t\t\t\t\t\t\t<div class=\"wp-show-posts-image  wpsp-image-left \">\n\t\t\t<a href=\"https:\/\/www.radlobby.org\/noe\/neujahrsradeln-2025-wiener-neustadt-bad-fischau-3-2\/\"  title=\"Neujahrsradeln 2025: ab Wiener Neustadt zum &#8220;Neujahrsschwimmen&#8221; in Bad Fischau\">\t\t\t\t\t<img decoding=\"async\" src=\"https:\/\/www.radlobby.org\/noe\/wp-content\/uploads\/20240101_103701_Neujahrsradeln@BF-1-180x86.jpg\" alt=\"Neujahrsradeln 2025: ab Wiener Neustadt zum &#8220;Neujahrsschwimmen&#8221; in Bad Fischau\" itemprop=\"image\" class=\"left\" \/>\n\t\t\t\t<\/a>\t\t<\/div>\n\t\t\t\t\t\t\t\t<div class=\"wp-show-posts-entry-summary\" itemprop=\"text\">\n\t\t\t\t\t\t\t<p>Am 1. J\u00e4nner 2025 findet das &#8220;Neujahrsradeln&#8221; der Radlobbygruppe Wiener Neustadt zur Kristalltherme Bad Fischau mit optionalem &#8220;Neujahrsschwimmen&#8221; statt. Abfahrt um 10:45 vom Bahnhofsvorplatz! <\/p>\n\t\t\t\t\t\t<\/div><!-- .entry-summary -->\n\t\t\t\t\t<\/div><!-- wp-show-posts-inner --><\/article><article class=\" wp-show-posts-single post-37107 post type-post status-publish format-standard has-post-thumbnail hentry category-aktion category-niederoesterreich category-tulln wpsp-col-6\" itemtype=\"http:\/\/schema.org\/CreativeWork\" itemscope><div class=\"wp-show-posts-inner\" style=\"\">\t\t\t\t\t\t<header class=\"wp-show-posts-entry-header\">\n\t\t\t\t\t\t\t<p class=\"wp-show-posts-entry-title\" itemprop=\"headline\"><a href=\"https:\/\/www.radlobby.org\/noe\/neuer-termin-kidical-mass-tulln\/\" rel=\"bookmark\">Neuer Termin Kidical Mass Tulln!<\/a><\/p>\t\t\t\t\t\t<\/header><!-- .entry-header -->\n\t\t\t\t\t\t\t<div class=\"wp-show-posts-image  wpsp-image-left \">\n\t\t\t<a href=\"https:\/\/www.radlobby.org\/noe\/neuer-termin-kidical-mass-tulln\/\"  title=\"Neuer Termin Kidical Mass Tulln!\">\t\t\t\t\t<img decoding=\"async\" src=\"https:\/\/www.radlobby.org\/noe\/wp-content\/uploads\/Bildschirmfoto-2024-11-10-um-19.39.11-180x94.png\" alt=\"Neuer Termin Kidical Mass Tulln!\" itemprop=\"image\" class=\"left\" \/>\n\t\t\t\t<\/a>\t\t<\/div>\n\t\t\t\t\t\t\t\t<div class=\"wp-show-posts-entry-summary\" itemprop=\"text\">\n\t\t\t\t\t\t\t<p>Wir sind sehr gl\u00fccklich, dass wir nun doch die erste Kidical Mass in Tulln veranstalten werden. Wir treffen einander mit Fahrrad am 15. November um&#8230;<\/p>\n\t\t\t\t\t\t<\/div><!-- .entry-summary -->\n\t\t\t\t\t<\/div><!-- wp-show-posts-inner --><\/article><article class=\" wp-show-posts-single post-36557 post type-post status-publish format-standard has-post-thumbnail hentry category-aktion category-allgemein category-melk category-radtour tag-fotobox tag-melk tag-nostalgia tag-nostalgie tag-stift-melk tag-tweed tag-tweed-ride tag-tweedride tag-vintage tag-wachau wpsp-col-6\" itemtype=\"http:\/\/schema.org\/CreativeWork\" itemscope><div class=\"wp-show-posts-inner\" style=\"\">\t\t\t\t\t\t<header class=\"wp-show-posts-entry-header\">\n\t\t\t\t\t\t\t<p class=\"wp-show-posts-entry-title\" itemprop=\"headline\"><a href=\"https:\/\/www.radlobby.org\/noe\/radlwadlpass-verlosung-2024\/\" rel=\"bookmark\">Schlussverlosung: RadlWadlPass 2024 mit 60 gl\u00fccklichen Gewinnern abgeschlossen<\/a><\/p>\t\t\t\t\t\t<\/header><!-- .entry-header -->\n\t\t\t\t\t\t\t<div class=\"wp-show-posts-image  wpsp-image-left \">\n\t\t\t<a href=\"https:\/\/www.radlobby.org\/noe\/radlwadlpass-verlosung-2024\/\"  title=\"Schlussverlosung: RadlWadlPass 2024 mit 60 gl\u00fccklichen Gewinnern abgeschlossen\">\t\t\t\t\t<img decoding=\"async\" src=\"https:\/\/www.radlobby.org\/noe\/wp-content\/uploads\/RADL-WADLpass-2024-180x101.jpg\" alt=\"Schlussverlosung: RadlWadlPass 2024 mit 60 gl\u00fccklichen Gewinnern abgeschlossen\" itemprop=\"image\" class=\"left\" \/>\n\t\t\t\t<\/a>\t\t<\/div>\n\t\t\t\t\t\t\t\t<div class=\"wp-show-posts-entry-summary\" itemprop=\"text\">\n\t\t\t\t\t\t\t<p>&nbsp; Ihren H\u00f6hepunkt und Abschluss fand am Samstag, 7.9.2024, am Melker Rathausplatz mit der gro\u00dfen Preisverlosung die Aktion \u201eEinkaufen mit dem Fahrrad und zu Fu\u00df&#8230;<\/p>\n\t\t\t\t\t\t<\/div><!-- .entry-summary -->\n\t\t\t\t\t<\/div><!-- wp-show-posts-inner --><\/article><article class=\" wp-show-posts-single post-36356 post type-post status-publish format-standard has-post-thumbnail hentry category-aktion category-allgemein category-melk category-radtour tag-fotobox tag-melk tag-nostalgia tag-nostalgie tag-stift-melk tag-tweed tag-tweed-ride tag-tweedride tag-vintage tag-wachau wpsp-col-6\" itemtype=\"http:\/\/schema.org\/CreativeWork\" itemscope><div class=\"wp-show-posts-inner\" style=\"\">\t\t\t\t\t\t<header class=\"wp-show-posts-entry-header\">\n\t\t\t\t\t\t\t<p class=\"wp-show-posts-entry-title\" itemprop=\"headline\"><a href=\"https:\/\/www.radlobby.org\/noe\/fotostation-und-tweedride-melk-2024\/\" rel=\"bookmark\">Fotostation und Tweedride Melk 2024<\/a><\/p>\t\t\t\t\t\t<\/header><!-- .entry-header -->\n\t\t\t\t\t\t\t<div class=\"wp-show-posts-image  wpsp-image-left \">\n\t\t\t<a href=\"https:\/\/www.radlobby.org\/noe\/fotostation-und-tweedride-melk-2024\/\"  title=\"Fotostation und Tweedride Melk 2024\">\t\t\t\t\t<img decoding=\"async\" src=\"https:\/\/www.radlobby.org\/noe\/wp-content\/uploads\/signal-2024-09-07-10-17-48-487-1-180x227.jpg\" alt=\"Fotostation und Tweedride Melk 2024\" itemprop=\"image\" class=\"left\" \/>\n\t\t\t\t<\/a>\t\t<\/div>\n\t\t\t\t\t\t\t\t<div class=\"wp-show-posts-entry-summary\" itemprop=\"text\">\n\t\t\t\t\t\t\t<p>Am 7.9.2024 fand der 11. Tweedride Melk statt \u2013 inklusive einer \u201eTweedride-Fotostation\u201c am Rathausplatz. Hier werden die Fotos dieser Programmpunkte bereit gestellt. Tweedride- FOTOSTATION in&#8230;<\/p>\n\t\t\t\t\t\t<\/div><!-- .entry-summary -->\n\t\t\t\t\t<\/div><!-- wp-show-posts-inner --><\/article><div class=\"wpsp-clear\"><\/div><\/section><!-- .wp-show-posts -->\n<p>&nbsp;<\/p>\n","protected":false},"excerpt":{"rendered":"<p>Veranstaltungen Wir freuen uns \u00fcber ein Wiedersehen bei den Radlobby Veranstaltungen. &nbsp;<\/p>\n","protected":false},"author":1,"featured_media":0,"parent":0,"menu_order":0,"comment_status":"closed","ping_status":"closed","template":"","meta":{"footnotes":""},"class_list":["post-965","page","type-page","status-publish","hentry"],"yoast_head":"<!-- This site is optimized with the Yoast SEO plugin v26.9 - https:\/\/yoast.com\/product\/yoast-seo-wordpress\/ -->\n<title>Radlobby Veranstaltungen \u00b7 Aktionen \u00b7 Projekte - Radlobby Nieder\u00f6sterreich<\/title>\n<meta name=\"robots\" content=\"index, follow, max-snippet:-1, max-image-preview:large, max-video-preview:-1\" \/>\n<link rel=\"canonical\" href=\"https:\/\/www.radlobby.org\/noe\/aktion\/\" \/>\n<meta property=\"og:locale\" content=\"de_DE\" \/>\n<meta property=\"og:type\" content=\"article\" \/>\n<meta property=\"og:title\" content=\"Radlobby Veranstaltungen \u00b7 Aktionen \u00b7 Projekte - Radlobby Nieder\u00f6sterreich\" \/>\n<meta property=\"og:description\" content=\"Veranstaltungen Wir freuen uns \u00fcber ein Wiedersehen bei den Radlobby Veranstaltungen. &nbsp;\" \/>\n<meta property=\"og:url\" content=\"https:\/\/www.radlobby.org\/noe\/aktion\/\" \/>\n<meta property=\"og:site_name\" content=\"Radlobby Nieder\u00f6sterreich\" \/>\n<meta property=\"article:publisher\" content=\"https:\/\/www.facebook.com\/groups\/radfahren.in.noe\/\" \/>\n<meta property=\"article:modified_time\" content=\"2023-12-01T15:03:19+00:00\" \/>\n<meta property=\"og:image\" content=\"https:\/\/www.radlobby.org\/noe\/wp-content\/uploads\/20200101-RLWN-Neujahrsaradeln-DSC_0105a_1900px-1.jpg\" \/>\n\t<meta property=\"og:image:width\" content=\"1900\" \/>\n\t<meta property=\"og:image:height\" content=\"770\" \/>\n\t<meta property=\"og:image:type\" content=\"image\/jpeg\" \/>\n<meta name=\"twitter:card\" content=\"summary_large_image\" \/>\n<meta name=\"twitter:label1\" content=\"Gesch\u00e4tzte Lesezeit\" \/>\n\t<meta name=\"twitter:data1\" content=\"1\u00a0Minute\" \/>\n<script type=\"application\/ld+json\" class=\"yoast-schema-graph\">{\"@context\":\"https:\/\/schema.org\",\"@graph\":[{\"@type\":\"WebPage\",\"@id\":\"https:\/\/www.radlobby.org\/noe\/aktion\/\",\"url\":\"https:\/\/www.radlobby.org\/noe\/aktion\/\",\"name\":\"Radlobby Veranstaltungen \u00b7 Aktionen \u00b7 Projekte - Radlobby Nieder\u00f6sterreich\",\"isPartOf\":{\"@id\":\"https:\/\/www.radlobby.org\/noe\/#website\"},\"datePublished\":\"2016-12-14T20:13:04+00:00\",\"dateModified\":\"2023-12-01T15:03:19+00:00\",\"breadcrumb\":{\"@id\":\"https:\/\/www.radlobby.org\/noe\/aktion\/#breadcrumb\"},\"inLanguage\":\"de\",\"potentialAction\":[{\"@type\":\"ReadAction\",\"target\":[\"https:\/\/www.radlobby.org\/noe\/aktion\/\"]}]},{\"@type\":\"BreadcrumbList\",\"@id\":\"https:\/\/www.radlobby.org\/noe\/aktion\/#breadcrumb\",\"itemListElement\":[{\"@type\":\"ListItem\",\"position\":1,\"name\":\"Startseite\",\"item\":\"https:\/\/www.radlobby.org\/noe\/\"},{\"@type\":\"ListItem\",\"position\":2,\"name\":\"Radlobby Veranstaltungen \u00b7 Aktionen \u00b7 Projekte\"}]},{\"@type\":\"WebSite\",\"@id\":\"https:\/\/www.radlobby.org\/noe\/#website\",\"url\":\"https:\/\/www.radlobby.org\/noe\/\",\"name\":\"Radlobby Nieder\u00f6sterreich\",\"description\":\"Radverkehr, Fahrrad, Radfahren, Radreisen, Radtouren, Radweg\",\"publisher\":{\"@id\":\"https:\/\/www.radlobby.org\/noe\/#organization\"},\"potentialAction\":[{\"@type\":\"SearchAction\",\"target\":{\"@type\":\"EntryPoint\",\"urlTemplate\":\"https:\/\/www.radlobby.org\/noe\/?s={search_term_string}\"},\"query-input\":{\"@type\":\"PropertyValueSpecification\",\"valueRequired\":true,\"valueName\":\"search_term_string\"}}],\"inLanguage\":\"de\"},{\"@type\":\"Organization\",\"@id\":\"https:\/\/www.radlobby.org\/noe\/#organization\",\"name\":\"Radlobby Nieder\u00f6sterreich\",\"url\":\"https:\/\/www.radlobby.org\/noe\/\",\"logo\":{\"@type\":\"ImageObject\",\"inLanguage\":\"de\",\"@id\":\"https:\/\/www.radlobby.org\/noe\/#\/schema\/logo\/image\/\",\"url\":\"https:\/\/www.radlobby.org\/noe\/wp-content\/uploads\/2017\/01\/cropped-Logo_Radlobby_Niederoesterreich_50-400px_quer-1.jpg\",\"contentUrl\":\"https:\/\/www.radlobby.org\/noe\/wp-content\/uploads\/2017\/01\/cropped-Logo_Radlobby_Niederoesterreich_50-400px_quer-1.jpg\",\"width\":450,\"height\":124,\"caption\":\"Radlobby Nieder\u00f6sterreich\"},\"image\":{\"@id\":\"https:\/\/www.radlobby.org\/noe\/#\/schema\/logo\/image\/\"},\"sameAs\":[\"https:\/\/www.facebook.com\/groups\/radfahren.in.noe\/\"]}]}<\/script>\n<!-- \/ Yoast SEO plugin. -->","yoast_head_json":{"title":"Radlobby Veranstaltungen \u00b7 Aktionen \u00b7 Projekte - Radlobby Nieder\u00f6sterreich","robots":{"index":"index","follow":"follow","max-snippet":"max-snippet:-1","max-image-preview":"max-image-preview:large","max-video-preview":"max-video-preview:-1"},"canonical":"https:\/\/www.radlobby.org\/noe\/aktion\/","og_locale":"de_DE","og_type":"article","og_title":"Radlobby Veranstaltungen \u00b7 Aktionen \u00b7 Projekte - Radlobby Nieder\u00f6sterreich","og_description":"Veranstaltungen Wir freuen uns \u00fcber ein Wiedersehen bei den Radlobby Veranstaltungen. &nbsp;","og_url":"https:\/\/www.radlobby.org\/noe\/aktion\/","og_site_name":"Radlobby Nieder\u00f6sterreich","article_publisher":"https:\/\/www.facebook.com\/groups\/radfahren.in.noe\/","article_modified_time":"2023-12-01T15:03:19+00:00","og_image":[{"width":1900,"height":770,"url":"https:\/\/www.radlobby.org\/noe\/wp-content\/uploads\/20200101-RLWN-Neujahrsaradeln-DSC_0105a_1900px-1.jpg","type":"image\/jpeg"}],"twitter_card":"summary_large_image","twitter_misc":{"Gesch\u00e4tzte Lesezeit":"1\u00a0Minute"},"schema":{"@context":"https:\/\/schema.org","@graph":[{"@type":"WebPage","@id":"https:\/\/www.radlobby.org\/noe\/aktion\/","url":"https:\/\/www.radlobby.org\/noe\/aktion\/","name":"Radlobby Veranstaltungen \u00b7 Aktionen \u00b7 Projekte - Radlobby Nieder\u00f6sterreich","isPartOf":{"@id":"https:\/\/www.radlobby.org\/noe\/#website"},"datePublished":"2016-12-14T20:13:04+00:00","dateModified":"2023-12-01T15:03:19+00:00","breadcrumb":{"@id":"https:\/\/www.radlobby.org\/noe\/aktion\/#breadcrumb"},"inLanguage":"de","potentialAction":[{"@type":"ReadAction","target":["https:\/\/www.radlobby.org\/noe\/aktion\/"]}]},{"@type":"BreadcrumbList","@id":"https:\/\/www.radlobby.org\/noe\/aktion\/#breadcrumb","itemListElement":[{"@type":"ListItem","position":1,"name":"Startseite","item":"https:\/\/www.radlobby.org\/noe\/"},{"@type":"ListItem","position":2,"name":"Radlobby Veranstaltungen \u00b7 Aktionen \u00b7 Projekte"}]},{"@type":"WebSite","@id":"https:\/\/www.radlobby.org\/noe\/#website","url":"https:\/\/www.radlobby.org\/noe\/","name":"Radlobby Nieder\u00f6sterreich","description":"Radverkehr, Fahrrad, Radfahren, Radreisen, Radtouren, Radweg","publisher":{"@id":"https:\/\/www.radlobby.org\/noe\/#organization"},"potentialAction":[{"@type":"SearchAction","target":{"@type":"EntryPoint","urlTemplate":"https:\/\/www.radlobby.org\/noe\/?s={search_term_string}"},"query-input":{"@type":"PropertyValueSpecification","valueRequired":true,"valueName":"search_term_string"}}],"inLanguage":"de"},{"@type":"Organization","@id":"https:\/\/www.radlobby.org\/noe\/#organization","name":"Radlobby Nieder\u00f6sterreich","url":"https:\/\/www.radlobby.org\/noe\/","logo":{"@type":"ImageObject","inLanguage":"de","@id":"https:\/\/www.radlobby.org\/noe\/#\/schema\/logo\/image\/","url":"https:\/\/www.radlobby.org\/noe\/wp-content\/uploads\/2017\/01\/cropped-Logo_Radlobby_Niederoesterreich_50-400px_quer-1.jpg","contentUrl":"https:\/\/www.radlobby.org\/noe\/wp-content\/uploads\/2017\/01\/cropped-Logo_Radlobby_Niederoesterreich_50-400px_quer-1.jpg","width":450,"height":124,"caption":"Radlobby Nieder\u00f6sterreich"},"image":{"@id":"https:\/\/www.radlobby.org\/noe\/#\/schema\/logo\/image\/"},"sameAs":["https:\/\/www.facebook.com\/groups\/radfahren.in.noe\/"]}]}},"_links":{"self":[{"href":"https:\/\/www.radlobby.org\/noe\/wp-json\/wp\/v2\/pages\/965","targetHints":{"allow":["GET"]}}],"collection":[{"href":"https:\/\/www.radlobby.org\/noe\/wp-json\/wp\/v2\/pages"}],"about":[{"href":"https:\/\/www.radlobby.org\/noe\/wp-json\/wp\/v2\/types\/page"}],"author":[{"embeddable":true,"href":"https:\/\/www.radlobby.org\/noe\/wp-json\/wp\/v2\/users\/1"}],"replies":[{"embeddable":true,"href":"https:\/\/www.radlobby.org\/noe\/wp-json\/wp\/v2\/comments?post=965"}],"version-history":[{"count":8,"href":"https:\/\/www.radlobby.org\/noe\/wp-json\/wp\/v2\/pages\/965\/revisions"}],"predecessor-version":[{"id":32808,"href":"https:\/\/www.radlobby.org\/noe\/wp-json\/wp\/v2\/pages\/965\/revisions\/32808"}],"wp:attachment":[{"href":"https:\/\/www.radlobby.org\/noe\/wp-json\/wp\/v2\/media?parent=965"}],"curies":[{"name":"wp","href":"https:\/\/api.w.org\/{rel}","templated":true}]}}