{"id":39203,"date":"2025-05-20T15:30:25","date_gmt":"2025-05-20T13:30:25","guid":{"rendered":"https:\/\/www.radlobby.org\/noe\/?page_id=39203"},"modified":"2025-05-20T15:39:21","modified_gmt":"2025-05-20T13:39:21","slug":"baden-team","status":"publish","type":"page","link":"https:\/\/www.radlobby.org\/noe\/baden-team\/","title":{"rendered":"Radlobby Baden &#8211; Team"},"content":{"rendered":"<h4><img loading=\"lazy\" decoding=\"async\" class=\"alignnone size-full wp-image-38596\" src=\"https:\/\/www.radlobby.org\/noe\/wp-content\/uploads\/ChatGPT-Image-13.-Apr.-2025-09_47_43.png\" alt=\"\" width=\"1536\" height=\"1024\" srcset=\"https:\/\/www.radlobby.org\/noe\/wp-content\/uploads\/ChatGPT-Image-13.-Apr.-2025-09_47_43.png 1536w, https:\/\/www.radlobby.org\/noe\/wp-content\/uploads\/ChatGPT-Image-13.-Apr.-2025-09_47_43-300x200.png 300w, https:\/\/www.radlobby.org\/noe\/wp-content\/uploads\/ChatGPT-Image-13.-Apr.-2025-09_47_43-768x512.png 768w\" sizes=\"auto, (max-width: 1536px) 100vw, 1536px\" \/><\/h4>\n<h4>Willkommen bei der Radlobby Baden<\/h4>\n<p>Wir f\u00f6rdern die umweltfreundliche Mobilit\u00e4t und<br \/>\nvertreten die Interessen der Radfahrenden und zu Fu\u00df Gehenden im Bezirk M\u00f6dling.<\/p>\n<p>Falls Sie im Bezirk Baden zuhause sind und aktiv mitmachen m\u00f6chten, wenden Sie sich an<\/p>\n<p>Radlobby M\u00f6dling:<br \/>\nE-Mail: <a href=\"mailto:baden@radlobby.at\">baden@radlobby.at<\/a><\/p>\n<p>&nbsp;<\/p>\n<h4><a id=\"Infos\"><\/a>Aktuelle Infos aus Baden<\/h4>\n<style>.wp-show-posts-columns#wpsp-5964 {margin-left: -2em; }.wp-show-posts-columns#wpsp-5964 .wp-show-posts-inner {margin: 0 0 2em 2em; }<\/style><section id=\"wpsp-5964\" class=\" wp-show-posts-columns wp-show-posts\" style=\"\"><article class=\" wp-show-posts-single post-41389 post type-post status-publish format-standard has-post-thumbnail hentry category-badvoeslau category-baden category-wiener-neustadt wpsp-col-6\" itemtype=\"http:\/\/schema.org\/CreativeWork\" itemscope><div class=\"wp-show-posts-inner\" style=\"\">\t\t\t\t\t\t<header class=\"wp-show-posts-entry-header\">\n\t\t\t\t\t\t\t<p class=\"wp-show-posts-entry-title\" itemprop=\"headline\"><a href=\"https:\/\/www.radlobby.org\/noe\/pernitz-anden\/\" rel=\"bookmark\">Pernitz: Radvortrag &#8220;Der Ruf der Anden&#8221; am Mittwoch, 22.4.2026 19:00<\/a><\/p>\t\t\t\t\t\t<\/header><!-- .entry-header -->\n\t\t\t\t\t\t\t<div class=\"wp-show-posts-image  wpsp-image-left \">\n\t\t\t<a href=\"https:\/\/www.radlobby.org\/noe\/pernitz-anden\/\"  title=\"Pernitz: Radvortrag &#8220;Der Ruf der Anden&#8221; am Mittwoch, 22.4.2026 19:00\">\t\t\t\t\t<img decoding=\"async\" src=\"https:\/\/www.radlobby.org\/noe\/wp-content\/uploads\/20260422-Plakat-Anden@GemeindeamtPernitz-180x254.jpg\" alt=\"Pernitz: Radvortrag &#8220;Der Ruf der Anden&#8221; am Mittwoch, 22.4.2026 19:00\" itemprop=\"image\" class=\"left\" \/>\n\t\t\t\t<\/a>\t\t<\/div>\n\t\t\t\t\t\t\t\t<div class=\"wp-show-posts-entry-summary\" itemprop=\"text\">\n\t\t\t\t\t\t\t<p>Zum spannenden Radreise- Vortrag &#8220;Der Ruf der Anden&#8221; im Gemeindeamt von Pernitz kann man auch gut mit der Bahn anreisen. Karl Trimmel von der Radlobby Wr.Neustadt spricht einleitende Worte. <\/p>\n\t\t\t\t\t\t<\/div><!-- .entry-summary -->\n\t\t\t\t\t<\/div><!-- wp-show-posts-inner --><\/article><article class=\" wp-show-posts-single post-41455 post type-post status-publish format-standard has-post-thumbnail hentry category-badvoeslau category-baden wpsp-col-6\" itemtype=\"http:\/\/schema.org\/CreativeWork\" itemscope><div class=\"wp-show-posts-inner\" style=\"\">\t\t\t\t\t\t<header class=\"wp-show-posts-entry-header\">\n\t\t\t\t\t\t\t<p class=\"wp-show-posts-entry-title\" itemprop=\"headline\"><a href=\"https:\/\/www.radlobby.org\/noe\/radparade_2026\/\" rel=\"bookmark\">Bad V\u00f6slau | Radparade und Kidical Mass am 29.5.2026<\/a><\/p>\t\t\t\t\t\t<\/header><!-- .entry-header -->\n\t\t\t\t\t\t\t<div class=\"wp-show-posts-image  wpsp-image-left \">\n\t\t\t<a href=\"https:\/\/www.radlobby.org\/noe\/radparade_2026\/\"  title=\"Bad V\u00f6slau | Radparade und Kidical Mass am 29.5.2026\">\t\t\t\t\t<img decoding=\"async\" src=\"https:\/\/www.radlobby.org\/noe\/wp-content\/uploads\/Plakat_Radparade_Nr_7-180x180.png\" alt=\"Bad V\u00f6slau | Radparade und Kidical Mass am 29.5.2026\" itemprop=\"image\" class=\"left\" \/>\n\t\t\t\t<\/a>\t\t<\/div>\n\t\t\t\t\t\t\t\t<div class=\"wp-show-posts-entry-summary\" itemprop=\"text\">\n\t\t\t\t\t\t\t<p>Kombinierte Radparade &amp; Kidical Mass am 29.5.2026 Oft wurden wir gefragt:Was ist eigentlich eine Kidical Mass? Und noch \u00f6fter:K\u00f6nnen wir auch einmal schneller fahren? Hier&#8230;<\/p>\n\t\t\t\t\t\t<\/div><!-- .entry-summary -->\n\t\t\t\t\t<\/div><!-- wp-show-posts-inner --><\/article><article class=\" wp-show-posts-single post-41449 post type-post status-publish format-standard has-post-thumbnail hentry category-badvoeslau category-baden wpsp-col-6\" itemtype=\"http:\/\/schema.org\/CreativeWork\" itemscope><div class=\"wp-show-posts-inner\" style=\"\">\t\t\t\t\t\t<header class=\"wp-show-posts-entry-header\">\n\t\t\t\t\t\t\t<p class=\"wp-show-posts-entry-title\" itemprop=\"headline\"><a href=\"https:\/\/www.radlobby.org\/noe\/bikefilmtour_season2\/\" rel=\"bookmark\">Bad V\u00f6slau | Bike Filmtour \u2013 Season 2 im Cinema Paradiso Baden am 19.4.2026<\/a><\/p>\t\t\t\t\t\t<\/header><!-- .entry-header -->\n\t\t\t\t\t\t\t<div class=\"wp-show-posts-image  wpsp-image-left \">\n\t\t\t<a href=\"https:\/\/www.radlobby.org\/noe\/bikefilmtour_season2\/\"  title=\"Bad V\u00f6slau | Bike Filmtour \u2013 Season 2 im Cinema Paradiso Baden am 19.4.2026\">\t\t\t\t\t<img decoding=\"async\" src=\"https:\/\/www.radlobby.org\/noe\/wp-content\/uploads\/bikefilmtour_season-02_poster_1080x1920-graphql-180x320.jpg\" alt=\"Bad V\u00f6slau | Bike Filmtour \u2013 Season 2 im Cinema Paradiso Baden am 19.4.2026\" itemprop=\"image\" class=\"left\" \/>\n\t\t\t\t<\/a>\t\t<\/div>\n\t\t\t\t\t\t\t\t<div class=\"wp-show-posts-entry-summary\" itemprop=\"text\">\n\t\t\t\t\t\t\t<p>Bike Filmtour \u2013 Season 2 im Cinema Paradiso Baden am 19.4.2026 heuer d\u00fcrfen wir die Bike Filmtour &#8211; Season 2 im Cinema Paradiso als Kooperationspartner&#8230;<\/p>\n\t\t\t\t\t\t<\/div><!-- .entry-summary -->\n\t\t\t\t\t<\/div><!-- wp-show-posts-inner --><\/article><article class=\" wp-show-posts-single post-41272 post type-post status-publish format-standard has-post-thumbnail hentry category-badvoeslau category-baden category-niederoesterreich category-schwarzatal category-wiener-neustadt wpsp-col-6\" itemtype=\"http:\/\/schema.org\/CreativeWork\" itemscope><div class=\"wp-show-posts-inner\" style=\"\">\t\t\t\t\t\t<header class=\"wp-show-posts-entry-header\">\n\t\t\t\t\t\t\t<p class=\"wp-show-posts-entry-title\" itemprop=\"headline\"><a href=\"https:\/\/www.radlobby.org\/noe\/wiener-neustadt-chr-watz-mobilitaetspolitik\/\" rel=\"bookmark\">Wiener Neustadt: Christoph Watz zum Thema \u201eMobilit\u00e4tspolitik\u201c<\/a><\/p>\t\t\t\t\t\t<\/header><!-- .entry-header -->\n\t\t\t\t\t\t\t<div class=\"wp-show-posts-image  wpsp-image-left \">\n\t\t\t<a href=\"https:\/\/www.radlobby.org\/noe\/wiener-neustadt-chr-watz-mobilitaetspolitik\/\"  title=\"Wiener Neustadt: Christoph Watz zum Thema \u201eMobilit\u00e4tspolitik\u201c\">\t\t\t\t\t<img decoding=\"async\" src=\"https:\/\/www.radlobby.org\/noe\/wp-content\/uploads\/20260221-Chr.Watz-Mobilitaet@BildungszentrumSt.-Bernhard-180x257.png\" alt=\"Wiener Neustadt: Christoph Watz zum Thema \u201eMobilit\u00e4tspolitik\u201c\" itemprop=\"image\" class=\"left\" \/>\n\t\t\t\t<\/a>\t\t<\/div>\n\t\t\t\t\t\t\t\t<div class=\"wp-show-posts-entry-summary\" itemprop=\"text\">\n\t\t\t\t\t\t\t<p>Christoph Watz sprach am Samstag, 21.2.2026 im Bildungszentrum St. Bernhard in Wiener Neustadt zum Thema &#8220;Mobilit\u00e4tspolitik&#8220;. Wir brauchen eine andere Mobilit\u00e4tspolitik, sagt Christoph Watz (Generalsekret\u00e4r&#8230;<\/p>\n\t\t\t\t\t\t<\/div><!-- .entry-summary -->\n\t\t\t\t\t<\/div><!-- wp-show-posts-inner --><\/article><article class=\" wp-show-posts-single post-40733 post type-post status-publish format-standard has-post-thumbnail hentry category-badvoeslau category-baden wpsp-col-6\" itemtype=\"http:\/\/schema.org\/CreativeWork\" itemscope><div class=\"wp-show-posts-inner\" style=\"\">\t\t\t\t\t\t<header class=\"wp-show-posts-entry-header\">\n\t\t\t\t\t\t\t<p class=\"wp-show-posts-entry-title\" itemprop=\"headline\"><a href=\"https:\/\/www.radlobby.org\/noe\/bad-voeslau-neujahrsradeln-zum-neujahrsschwimmen-am-1-1-2026\/\" rel=\"bookmark\">Bad V\u00f6slau | Neujahrsradeln zum Neujahrsschwimmen am 1.1.2026<\/a><\/p>\t\t\t\t\t\t<\/header><!-- .entry-header -->\n\t\t\t\t\t\t\t<div class=\"wp-show-posts-image  wpsp-image-left \">\n\t\t\t<a href=\"https:\/\/www.radlobby.org\/noe\/bad-voeslau-neujahrsradeln-zum-neujahrsschwimmen-am-1-1-2026\/\"  title=\"Bad V\u00f6slau | Neujahrsradeln zum Neujahrsschwimmen am 1.1.2026\">\t\t\t\t\t<img decoding=\"async\" src=\"https:\/\/www.radlobby.org\/noe\/wp-content\/uploads\/becken-herrenbecken-fischauer-thermalbad-1024x750-2-180x132.jpg\" alt=\"Bad V\u00f6slau | Neujahrsradeln zum Neujahrsschwimmen am 1.1.2026\" itemprop=\"image\" class=\"left\" \/>\n\t\t\t\t<\/a>\t\t<\/div>\n\t\t\t\t\t\t\t\t<div class=\"wp-show-posts-entry-summary\" itemprop=\"text\">\n\t\t\t\t\t\t\t<p>Neujahrsradeln zum Neujahrsschwimmen \u2013 1. J\u00e4nner 2026 Startet mit uns sportlich und gut gelaunt ins neue Jahr!Am 1. J\u00e4nner 2026 machen wir eine gemeinsame Neujahrsradtour&#8230;<\/p>\n\t\t\t\t\t\t<\/div><!-- .entry-summary -->\n\t\t\t\t\t<\/div><!-- wp-show-posts-inner --><\/article><article class=\" wp-show-posts-single post-40082 post type-post status-publish format-standard has-post-thumbnail hentry category-badvoeslau category-baden wpsp-col-6\" itemtype=\"http:\/\/schema.org\/CreativeWork\" itemscope><div class=\"wp-show-posts-inner\" style=\"\">\t\t\t\t\t\t<header class=\"wp-show-posts-entry-header\">\n\t\t\t\t\t\t\t<p class=\"wp-show-posts-entry-title\" itemprop=\"headline\"><a href=\"https:\/\/www.radlobby.org\/noe\/radparade_041025\/\" rel=\"bookmark\">Bad V\u00f6slau | Radparade am 04.10.2025<\/a><\/p>\t\t\t\t\t\t<\/header><!-- .entry-header -->\n\t\t\t\t\t\t\t<div class=\"wp-show-posts-image  wpsp-image-left \">\n\t\t\t<a href=\"https:\/\/www.radlobby.org\/noe\/radparade_041025\/\"  title=\"Bad V\u00f6slau | Radparade am 04.10.2025\">\t\t\t\t\t<img decoding=\"async\" src=\"https:\/\/www.radlobby.org\/noe\/wp-content\/uploads\/Radparade_Artikel_quadradisch_2025-10-04-180x180.jpeg\" alt=\"Bad V\u00f6slau | Radparade am 04.10.2025\" itemprop=\"image\" class=\"left\" \/>\n\t\t\t\t<\/a>\t\t<\/div>\n\t\t\t\t\t\t\t\t<div class=\"wp-show-posts-entry-summary\" itemprop=\"text\">\n\t\t\t\t\t\t\t<p>Bad V\u00f6slau radelt f\u00fcr offene Einbahnen! Rund 70 Radbegeisterte sind am 4. Oktober 2025 bei unserer Radparade durch Bad V\u00f6slau gerollt \u2013 bunt, fr\u00f6hlich und&#8230;<\/p>\n\t\t\t\t\t\t<\/div><!-- .entry-summary -->\n\t\t\t\t\t<\/div><!-- wp-show-posts-inner --><\/article><article class=\" wp-show-posts-single post-39714 post type-post status-publish format-standard has-post-thumbnail hentry category-baden category-niederoesterreich wpsp-col-6\" itemtype=\"http:\/\/schema.org\/CreativeWork\" itemscope><div class=\"wp-show-posts-inner\" style=\"\">\t\t\t\t\t\t<header class=\"wp-show-posts-entry-header\">\n\t\t\t\t\t\t\t<p class=\"wp-show-posts-entry-title\" itemprop=\"headline\"><a href=\"https:\/\/www.radlobby.org\/noe\/baden-pionierinnen-auf-zwei-raedern\/\" rel=\"bookmark\">Baden | Pionierinnen auf zwei R\u00e4dern \u00b7 Ausstellung \u00b7 Buchvorstellung \u00b7 Filme<\/a><\/p>\t\t\t\t\t\t<\/header><!-- .entry-header -->\n\t\t\t\t\t\t\t<div class=\"wp-show-posts-image  wpsp-image-left \">\n\t\t\t<a href=\"https:\/\/www.radlobby.org\/noe\/baden-pionierinnen-auf-zwei-raedern\/\"  title=\"Baden | Pionierinnen auf zwei R\u00e4dern \u00b7 Ausstellung \u00b7 Buchvorstellung \u00b7 Filme\">\t\t\t\t\t<img decoding=\"async\" src=\"https:\/\/www.radlobby.org\/noe\/wp-content\/uploads\/Historisches-Plakat-Damen-Wettfahrt-Radwettfahrt-Baden-scaled-180x256.jpg\" alt=\"Baden | Pionierinnen auf zwei R\u00e4dern \u00b7 Ausstellung \u00b7 Buchvorstellung \u00b7 Filme\" itemprop=\"image\" class=\"left\" \/>\n\t\t\t\t<\/a>\t\t<\/div>\n\t\t\t\t\t\t\t\t<div class=\"wp-show-posts-entry-summary\" itemprop=\"text\">\n\t\t\t\t\t\t\t<p>1893 Baden bei Wien Erstes Damenradrennen auf der Trabrennbahn in Baden bei Wien Ein ungew\u00f6hnliches, ja beinahe revoluton\u00e4res Bild bot sich den staunenden Zuschauerinnen und&#8230;<\/p>\n\t\t\t\t\t\t<\/div><!-- .entry-summary -->\n\t\t\t\t\t<\/div><!-- wp-show-posts-inner --><\/article><article class=\" wp-show-posts-single post-38740 post type-post status-publish format-standard has-post-thumbnail hentry category-badvoeslau category-baden wpsp-col-6\" itemtype=\"http:\/\/schema.org\/CreativeWork\" itemscope><div class=\"wp-show-posts-inner\" style=\"\">\t\t\t\t\t\t<header class=\"wp-show-posts-entry-header\">\n\t\t\t\t\t\t\t<p class=\"wp-show-posts-entry-title\" itemprop=\"headline\"><a href=\"https:\/\/www.radlobby.org\/noe\/radlobby-bad-voeslau-rad-und-roller-boerse-bad-voeslau-am-31-5-2025\/\" rel=\"bookmark\">Bad V\u00f6slau | Rad und Roller B\u00f6rse Bad V\u00f6slau am 31.5.2025<\/a><\/p>\t\t\t\t\t\t<\/header><!-- .entry-header -->\n\t\t\t\t\t\t\t<div class=\"wp-show-posts-image  wpsp-image-left \">\n\t\t\t<a href=\"https:\/\/www.radlobby.org\/noe\/radlobby-bad-voeslau-rad-und-roller-boerse-bad-voeslau-am-31-5-2025\/\"  title=\"Bad V\u00f6slau | Rad und Roller B\u00f6rse Bad V\u00f6slau am 31.5.2025\">\t\t\t\t\t<img decoding=\"async\" src=\"https:\/\/www.radlobby.org\/noe\/wp-content\/uploads\/XoAKUQVP_BV_Plakat_Radboerse_red-scaled-180x255.jpg\" alt=\"Bad V\u00f6slau | Rad und Roller B\u00f6rse Bad V\u00f6slau am 31.5.2025\" itemprop=\"image\" class=\"left\" \/>\n\t\t\t\t<\/a>\t\t<\/div>\n\t\t\t\t\t\t\t\t<div class=\"wp-show-posts-entry-summary\" itemprop=\"text\">\n\t\t\t\t\t\t\t<p>&#x1f6b2; Erfolgreiche Rad- &amp; Rollerb\u00f6rse im Henriettenpark \u2013 Danke f\u00fcr Ihre Unterst\u00fctzung! Bei der Rad- und Rollerb\u00f6rse am 31. Mai 2025 im Henriettenpark drehte sich&#8230;<\/p>\n\t\t\t\t\t\t<\/div><!-- .entry-summary -->\n\t\t\t\t\t<\/div><!-- wp-show-posts-inner --><\/article><article class=\" wp-show-posts-single post-38788 post type-post status-publish format-standard has-post-thumbnail hentry category-baden wpsp-col-6\" itemtype=\"http:\/\/schema.org\/CreativeWork\" itemscope><div class=\"wp-show-posts-inner\" style=\"\">\t\t\t\t\t\t<header class=\"wp-show-posts-entry-header\">\n\t\t\t\t\t\t\t<p class=\"wp-show-posts-entry-title\" itemprop=\"headline\"><a href=\"https:\/\/www.radlobby.org\/noe\/radlobby-baden-vcoe-problemstellencheck\/\" rel=\"bookmark\">Radlobby Baden | VC\u00d6 Problemstellencheck<\/a><\/p>\t\t\t\t\t\t<\/header><!-- .entry-header -->\n\t\t\t\t\t\t\t<div class=\"wp-show-posts-image  wpsp-image-left \">\n\t\t\t<a href=\"https:\/\/www.radlobby.org\/noe\/radlobby-baden-vcoe-problemstellencheck\/\"  title=\"Radlobby Baden | VC\u00d6 Problemstellencheck\">\t\t\t\t\t<img decoding=\"async\" src=\"https:\/\/www.radlobby.org\/noe\/wp-content\/uploads\/Screenshot-2025-04-22-at-15-33-05-CHECK-Problemstellen-beim-Radfahren-180x83.png\" alt=\"Radlobby Baden | VC\u00d6 Problemstellencheck\" itemprop=\"image\" class=\"left\" \/>\n\t\t\t\t<\/a>\t\t<\/div>\n\t\t\t\t\t\t\t\t<div class=\"wp-show-posts-entry-summary\" itemprop=\"text\">\n\t\t\t\t\t\t\t<p>VC\u00d6-Problemstellencheck: Deine Meinung z\u00e4hlt! Bis zum 30. April 2025 hast du noch die M\u00f6glichkeit, ganz einfach Problemstellen beim Radfahren in Baden auf der Plattform des&#8230;<\/p>\n\t\t\t\t\t\t<\/div><!-- .entry-summary -->\n\t\t\t\t\t<\/div><!-- wp-show-posts-inner --><\/article><article class=\" wp-show-posts-single post-38144 post type-post status-publish format-standard has-post-thumbnail hentry category-badvoeslau category-baden wpsp-col-6\" itemtype=\"http:\/\/schema.org\/CreativeWork\" itemscope><div class=\"wp-show-posts-inner\" style=\"\">\t\t\t\t\t\t<header class=\"wp-show-posts-entry-header\">\n\t\t\t\t\t\t\t<p class=\"wp-show-posts-entry-title\" itemprop=\"headline\"><a href=\"https:\/\/www.radlobby.org\/noe\/kidicalmass_270425\/\" rel=\"bookmark\">Bad V\u00f6slau | Kidical Mass Radparade am 27.4.2025<\/a><\/p>\t\t\t\t\t\t<\/header><!-- .entry-header -->\n\t\t\t\t\t\t\t<div class=\"wp-show-posts-image  wpsp-image-left \">\n\t\t\t<a href=\"https:\/\/www.radlobby.org\/noe\/kidicalmass_270425\/\"  title=\"Bad V\u00f6slau | Kidical Mass Radparade am 27.4.2025\">\t\t\t\t\t<img decoding=\"async\" src=\"https:\/\/www.radlobby.org\/noe\/wp-content\/uploads\/Plakat_Radparade_Nr_5_A5_V1_Print_ohne-180x255.jpg\" alt=\"Bad V\u00f6slau | Kidical Mass Radparade am 27.4.2025\" itemprop=\"image\" class=\"left\" \/>\n\t\t\t\t<\/a>\t\t<\/div>\n\t\t\t\t\t\t\t\t<div class=\"wp-show-posts-entry-summary\" itemprop=\"text\">\n\t\t\t\t\t\t\t<p>Gelungene Radparade in Bad V\u00f6slau Mit einem neuen Rekord an Teilnehmenden bei der Radparade \/ Kidical Mass in Bad V\u00f6slau starten wir die Radlsaison und&#8230;<\/p>\n\t\t\t\t\t\t<\/div><!-- .entry-summary -->\n\t\t\t\t\t<\/div><!-- wp-show-posts-inner --><\/article><article class=\" wp-show-posts-single post-38738 post type-post status-publish format-standard has-post-thumbnail hentry category-badvoeslau category-baden wpsp-col-6\" itemtype=\"http:\/\/schema.org\/CreativeWork\" itemscope><div class=\"wp-show-posts-inner\" style=\"\">\t\t\t\t\t\t<header class=\"wp-show-posts-entry-header\">\n\t\t\t\t\t\t\t<p class=\"wp-show-posts-entry-title\" itemprop=\"headline\"><a href=\"https:\/\/www.radlobby.org\/noe\/radobby-bad-voeslau-rad-kummer-nummer\/\" rel=\"bookmark\">Bad V\u00f6slau | Rad-Kummer-Nummer<\/a><\/p>\t\t\t\t\t\t<\/header><!-- .entry-header -->\n\t\t\t\t\t\t\t<div class=\"wp-show-posts-image  wpsp-image-left \">\n\t\t\t<a href=\"https:\/\/www.radlobby.org\/noe\/radobby-bad-voeslau-rad-kummer-nummer\/\"  title=\"Bad V\u00f6slau | Rad-Kummer-Nummer\">\t\t\t\t\t<img decoding=\"async\" src=\"https:\/\/www.radlobby.org\/noe\/wp-content\/uploads\/RadKummerNummer-180x250.jpeg\" alt=\"Bad V\u00f6slau | Rad-Kummer-Nummer\" itemprop=\"image\" class=\"left\" \/>\n\t\t\t\t<\/a>\t\t<\/div>\n\t\t\t\t\t\t\t\t<div class=\"wp-show-posts-entry-summary\" itemprop=\"text\">\n\t\t\t\t\t\t\t<p>Melde dich bei uns \u2013 f\u00fcr mehr Sicherheit im Radverkehr Hast du Ideen und konkrete Vorschl\u00e4ge, wie und wo man die Radinfrastruktur in Bad V\u00f6slau&#8230;<\/p>\n\t\t\t\t\t\t<\/div><!-- .entry-summary -->\n\t\t\t\t\t<\/div><!-- wp-show-posts-inner --><\/article><article class=\" wp-show-posts-single post-38591 post type-post status-publish format-standard has-post-thumbnail hentry category-baden wpsp-col-6\" itemtype=\"http:\/\/schema.org\/CreativeWork\" itemscope><div class=\"wp-show-posts-inner\" style=\"\">\t\t\t\t\t\t<header class=\"wp-show-posts-entry-header\">\n\t\t\t\t\t\t\t<p class=\"wp-show-posts-entry-title\" itemprop=\"headline\"><a href=\"https:\/\/www.radlobby.org\/noe\/stammtischbaden\/\" rel=\"bookmark\">Radlobby Baden | Stammtischtermine 2025<\/a><\/p>\t\t\t\t\t\t<\/header><!-- .entry-header -->\n\t\t\t\t\t\t\t<div class=\"wp-show-posts-image  wpsp-image-left \">\n\t\t\t<a href=\"https:\/\/www.radlobby.org\/noe\/stammtischbaden\/\"  title=\"Radlobby Baden | Stammtischtermine 2025\">\t\t\t\t\t<img decoding=\"async\" src=\"https:\/\/www.radlobby.org\/noe\/wp-content\/uploads\/ChatGPT-Image-13.-Apr.-2025-09_47_43-180x120.png\" alt=\"Radlobby Baden | Stammtischtermine 2025\" itemprop=\"image\" class=\"left\" \/>\n\t\t\t\t<\/a>\t\t<\/div>\n\t\t\t\t\t\t\t\t<div class=\"wp-show-posts-entry-summary\" itemprop=\"text\">\n\t\t\t\t\t\t\t<p>Stammtisch der Radlobby Baden Die Radlobby Baden l\u00e4dt einmal im Monat herzlich zum Stammtisch ein \u2013 eine ideale Gelegenheit, sich auszutauschen, zu informieren und mitzugestalten&#8230;.<\/p>\n\t\t\t\t\t\t<\/div><!-- .entry-summary -->\n\t\t\t\t\t<\/div><!-- wp-show-posts-inner --><\/article><article class=\" wp-show-posts-single post-34328 post type-post status-publish format-standard has-post-thumbnail hentry category-badvoeslau category-baden wpsp-col-6\" itemtype=\"http:\/\/schema.org\/CreativeWork\" itemscope><div class=\"wp-show-posts-inner\" style=\"\">\t\t\t\t\t\t<header class=\"wp-show-posts-entry-header\">\n\t\t\t\t\t\t\t<p class=\"wp-show-posts-entry-title\" itemprop=\"headline\"><a href=\"https:\/\/www.radlobby.org\/noe\/fahrradfreundlicheprojekte\/\" rel=\"bookmark\">Radlobby Bad V\u00f6slau | Fahrradfreundliche Projekte in der Umgebung: Baden &#8211; Bad V\u00f6slau<\/a><\/p>\t\t\t\t\t\t<\/header><!-- .entry-header -->\n\t\t\t\t\t\t\t<div class=\"wp-show-posts-image  wpsp-image-left \">\n\t\t\t<a href=\"https:\/\/www.radlobby.org\/noe\/fahrradfreundlicheprojekte\/\"  title=\"Radlobby Bad V\u00f6slau | Fahrradfreundliche Projekte in der Umgebung: Baden &#8211; Bad V\u00f6slau\">\t\t\t\t\t<img decoding=\"async\" src=\"https:\/\/www.radlobby.org\/noe\/wp-content\/uploads\/Radlobby_gruene_fahrradfreundlicheProjekte-180x114.png\" alt=\"Radlobby Bad V\u00f6slau | Fahrradfreundliche Projekte in der Umgebung: Baden &#8211; Bad V\u00f6slau\" itemprop=\"image\" class=\"left\" \/>\n\t\t\t\t<\/a>\t\t<\/div>\n\t\t\t\t\t\t\t\t<div class=\"wp-show-posts-entry-summary\" itemprop=\"text\">\n\t\t\t\t\t\t\t<p>Fahrradfreundliche Projekte in der Umgebung: Baden \u2013 Bad V\u00f6slau In unserer Region gibt es zahlreiche spannende Initiativen rund ums Fahrradfahren. Hier stellen wir einige davon&#8230;<\/p>\n\t\t\t\t\t\t<\/div><!-- .entry-summary -->\n\t\t\t\t\t<\/div><!-- wp-show-posts-inner --><\/article><article class=\" wp-show-posts-single post-38140 post type-post status-publish format-standard has-post-thumbnail hentry category-badvoeslau category-baden wpsp-col-6\" itemtype=\"http:\/\/schema.org\/CreativeWork\" itemscope><div class=\"wp-show-posts-inner\" style=\"\">\t\t\t\t\t\t<header class=\"wp-show-posts-entry-header\">\n\t\t\t\t\t\t\t<p class=\"wp-show-posts-entry-title\" itemprop=\"headline\"><a href=\"https:\/\/www.radlobby.org\/noe\/radparadecyclecinema06042025\/\" rel=\"bookmark\">Radlobby Baden\/Bad V\u00f6slau | Radparade &#038; Cycle Cinema am 6.4.2025<\/a><\/p>\t\t\t\t\t\t<\/header><!-- .entry-header -->\n\t\t\t\t\t\t\t<div class=\"wp-show-posts-image  wpsp-image-left \">\n\t\t\t<a href=\"https:\/\/www.radlobby.org\/noe\/radparadecyclecinema06042025\/\"  title=\"Radlobby Baden\/Bad V\u00f6slau | Radparade &#038; Cycle Cinema am 6.4.2025\">\t\t\t\t\t<img decoding=\"async\" src=\"https:\/\/www.radlobby.org\/noe\/wp-content\/uploads\/Plakat_Radparade_Baden_Nr3_A5_Final_Print_ohne-180x255.jpg\" alt=\"Radlobby Baden\/Bad V\u00f6slau | Radparade &#038; Cycle Cinema am 6.4.2025\" itemprop=\"image\" class=\"left\" \/>\n\t\t\t\t<\/a>\t\t<\/div>\n\t\t\t\t\t\t\t\t<div class=\"wp-show-posts-entry-summary\" itemprop=\"text\">\n\t\t\t\t\t\t\t<p>3. Radparade in Baden \u2013 Kalt, aber mit Herz und viel R\u00fcckenwind Am 6. April fand in Baden die 3. Radparade statt \u2013 trotz k\u00fchler&#8230;<\/p>\n\t\t\t\t\t\t<\/div><!-- .entry-summary -->\n\t\t\t\t\t<\/div><!-- wp-show-posts-inner --><\/article><article class=\" wp-show-posts-single post-37617 post type-post status-publish format-standard has-post-thumbnail hentry category-badvoeslau category-baden wpsp-col-6\" itemtype=\"http:\/\/schema.org\/CreativeWork\" itemscope><div class=\"wp-show-posts-inner\" style=\"\">\t\t\t\t\t\t<header class=\"wp-show-posts-entry-header\">\n\t\t\t\t\t\t\t<p class=\"wp-show-posts-entry-title\" itemprop=\"headline\"><a href=\"https:\/\/www.radlobby.org\/noe\/stammtischbadenbadvoeslau\/\" rel=\"bookmark\">Bad V\u00f6slau | Regelm\u00e4\u00dfige Stammtische jeden 2. Freitag im Monat<\/a><\/p>\t\t\t\t\t\t<\/header><!-- .entry-header -->\n\t\t\t\t\t\t\t<div class=\"wp-show-posts-image  wpsp-image-left \">\n\t\t\t<a href=\"https:\/\/www.radlobby.org\/noe\/stammtischbadenbadvoeslau\/\"  title=\"Bad V\u00f6slau | Regelm\u00e4\u00dfige Stammtische jeden 2. Freitag im Monat\">\t\t\t\t\t<img decoding=\"async\" src=\"https:\/\/www.radlobby.org\/noe\/wp-content\/uploads\/high-angle-adult-bicycle-outdoors-2-180x120.jpg\" alt=\"Bad V\u00f6slau | Regelm\u00e4\u00dfige Stammtische jeden 2. Freitag im Monat\" itemprop=\"image\" class=\"left\" \/>\n\t\t\t\t<\/a>\t\t<\/div>\n\t\t\t\t\t\t\t\t<div class=\"wp-show-posts-entry-summary\" itemprop=\"text\">\n\t\t\t\t\t\t\t<p>&#x1f6b2; Stammtisch der Radlobby Bad V\u00f6slau Unser Stammtisch findet monatlich statt \u2013 eine gro\u00dfartige Gelegenheit, sich zu vernetzen, mitzugestalten und sich \u00fcber aktuelle Entwicklungen im&#8230;<\/p>\n\t\t\t\t\t\t<\/div><!-- .entry-summary -->\n\t\t\t\t\t<\/div><!-- wp-show-posts-inner --><\/article><article class=\" wp-show-posts-single post-37102 post type-post status-publish format-standard has-post-thumbnail hentry category-badvoeslau category-baden wpsp-col-6\" itemtype=\"http:\/\/schema.org\/CreativeWork\" itemscope><div class=\"wp-show-posts-inner\" style=\"\">\t\t\t\t\t\t<header class=\"wp-show-posts-entry-header\">\n\t\t\t\t\t\t\t<p class=\"wp-show-posts-entry-title\" itemprop=\"headline\"><a href=\"https:\/\/www.radlobby.org\/noe\/stammtisch-radlobby-bad-voeslau-und-baden-am-6-12-beim-charity-punsch\/\" rel=\"bookmark\">Baden \/ Bad V\u00f6slau | Stammtisch Radlobby am 6.12. beim Charity Punsch<\/a><\/p>\t\t\t\t\t\t<\/header><!-- .entry-header -->\n\t\t\t\t\t\t\t<div class=\"wp-show-posts-image  wpsp-image-left \">\n\t\t\t<a href=\"https:\/\/www.radlobby.org\/noe\/stammtisch-radlobby-bad-voeslau-und-baden-am-6-12-beim-charity-punsch\/\"  title=\"Baden \/ Bad V\u00f6slau | Stammtisch Radlobby am 6.12. beim Charity Punsch\">\t\t\t\t\t<img decoding=\"async\" src=\"https:\/\/www.radlobby.org\/noe\/wp-content\/uploads\/CharityPunschBV-180x190.jpeg\" alt=\"Baden \/ Bad V\u00f6slau | Stammtisch Radlobby am 6.12. beim Charity Punsch\" itemprop=\"image\" class=\"left\" \/>\n\t\t\t\t<\/a>\t\t<\/div>\n\t\t\t\t\t\t\t\t<div class=\"wp-show-posts-entry-summary\" itemprop=\"text\">\n\t\t\t\t\t\t\t<p>Charity-Punschh\u00fctte mit der Radlobby am Freitag, 06.12.2024, 16 bis 19 Uhr auf dem Schlossplatz vor dem Rathaus in Bad V\u00f6slau &nbsp; (Es ist gleichzeitig auch&#8230;<\/p>\n\t\t\t\t\t\t<\/div><!-- .entry-summary -->\n\t\t\t\t\t<\/div><!-- wp-show-posts-inner --><\/article><article class=\" wp-show-posts-single post-37130 post type-post status-publish format-standard has-post-thumbnail hentry category-badvoeslau category-baden wpsp-col-6\" itemtype=\"http:\/\/schema.org\/CreativeWork\" itemscope><div class=\"wp-show-posts-inner\" style=\"\">\t\t\t\t\t\t<header class=\"wp-show-posts-entry-header\">\n\t\t\t\t\t\t\t<p class=\"wp-show-posts-entry-title\" itemprop=\"headline\"><a href=\"https:\/\/www.radlobby.org\/noe\/radlobby-bad-voeslau-reparatur-workshop-mit-joe-kreuzer-am-5-11-2024\/\" rel=\"bookmark\">Radlobby Bad V\u00f6slau: Reparatur-Workshop mit Joe Kreuzer am 5.11.2024<\/a><\/p>\t\t\t\t\t\t<\/header><!-- .entry-header -->\n\t\t\t\t\t\t\t<div class=\"wp-show-posts-image  wpsp-image-left \">\n\t\t\t<a href=\"https:\/\/www.radlobby.org\/noe\/radlobby-bad-voeslau-reparatur-workshop-mit-joe-kreuzer-am-5-11-2024\/\"  title=\"Radlobby Bad V\u00f6slau: Reparatur-Workshop mit Joe Kreuzer am 5.11.2024\">\t\t\t\t\t<img decoding=\"async\" src=\"https:\/\/www.radlobby.org\/noe\/wp-content\/uploads\/signal-2024-11-11-193824_003-180x135.jpeg\" alt=\"Radlobby Bad V\u00f6slau: Reparatur-Workshop mit Joe Kreuzer am 5.11.2024\" itemprop=\"image\" class=\"left\" \/>\n\t\t\t\t<\/a>\t\t<\/div>\n\t\t\t\t\t\t\t\t<div class=\"wp-show-posts-entry-summary\" itemprop=\"text\">\n\t\t\t\t\t\t\t<p>Workshop von Joe Kreuzer am 5.11.2024 von Heiko Reimers Tipps &amp; Tricks bei einem \u201ePlatten unterwegs\u201c Der Ausl\u00f6ser dieses Workshops war, nicht die Abh\u00e4ngigkeit von&#8230;<\/p>\n\t\t\t\t\t\t<\/div><!-- .entry-summary -->\n\t\t\t\t\t<\/div><!-- wp-show-posts-inner --><\/article><article class=\" wp-show-posts-single post-37097 post type-post status-publish format-standard has-post-thumbnail hentry category-badvoeslau category-baden wpsp-col-6\" itemtype=\"http:\/\/schema.org\/CreativeWork\" itemscope><div class=\"wp-show-posts-inner\" style=\"\">\t\t\t\t\t\t<header class=\"wp-show-posts-entry-header\">\n\t\t\t\t\t\t\t<p class=\"wp-show-posts-entry-title\" itemprop=\"headline\"><a href=\"https:\/\/www.radlobby.org\/noe\/radl-neuigkeiten-aus-bad-voeslau-im-oktober-2024\/\" rel=\"bookmark\">Baden \/ Bad V\u00f6slau | Radl-Neuigkeiten im Oktober 2024<\/a><\/p>\t\t\t\t\t\t<\/header><!-- .entry-header -->\n\t\t\t\t\t\t\t<div class=\"wp-show-posts-image  wpsp-image-left \">\n\t\t\t<a href=\"https:\/\/www.radlobby.org\/noe\/radl-neuigkeiten-aus-bad-voeslau-im-oktober-2024\/\"  title=\"Baden \/ Bad V\u00f6slau | Radl-Neuigkeiten im Oktober 2024\">\t\t\t\t\t<img decoding=\"async\" src=\"https:\/\/www.radlobby.org\/noe\/wp-content\/uploads\/hintergrundnewsletter-180x129.jpg\" alt=\"Baden \/ Bad V\u00f6slau | Radl-Neuigkeiten im Oktober 2024\" itemprop=\"image\" class=\"left\" \/>\n\t\t\t\t<\/a>\t\t<\/div>\n\t\t\t\t\t\t\t\t<div class=\"wp-show-posts-entry-summary\" itemprop=\"text\">\n\t\t\t\t\t\t\t<p>Radl-Neuigkeiten aus Bad V\u00f6slau im Oktober 2024 Unser Newsletter ist nun auch of der Homepage verf\u00fcgbar: Neuigkeiten RL BV Oktober 2024 Wenn Sie den Newsletter&#8230;<\/p>\n\t\t\t\t\t\t<\/div><!-- .entry-summary -->\n\t\t\t\t\t<\/div><!-- wp-show-posts-inner --><\/article><article class=\" wp-show-posts-single post-37077 post type-post status-publish format-standard has-post-thumbnail hentry category-badvoeslau category-baden wpsp-col-6\" itemtype=\"http:\/\/schema.org\/CreativeWork\" itemscope><div class=\"wp-show-posts-inner\" style=\"\">\t\t\t\t\t\t<header class=\"wp-show-posts-entry-header\">\n\t\t\t\t\t\t\t<p class=\"wp-show-posts-entry-title\" itemprop=\"headline\"><a href=\"https:\/\/www.radlobby.org\/noe\/stammtisch-der-radlobby-bad-voeslau-am-08-november-2024\/\" rel=\"bookmark\">Baden \/ Bad V\u00f6slau | Radlobby-Stammtisch am 8. November 2024<\/a><\/p>\t\t\t\t\t\t<\/header><!-- .entry-header -->\n\t\t\t\t\t\t\t<div class=\"wp-show-posts-image  wpsp-image-left \">\n\t\t\t<a href=\"https:\/\/www.radlobby.org\/noe\/stammtisch-der-radlobby-bad-voeslau-am-08-november-2024\/\"  title=\"Baden \/ Bad V\u00f6slau | Radlobby-Stammtisch am 8. November 2024\">\t\t\t\t\t<img decoding=\"async\" src=\"https:\/\/www.radlobby.org\/noe\/wp-content\/uploads\/signal-2024-11-07-191325-180x180.jpeg\" alt=\"Baden \/ Bad V\u00f6slau | Radlobby-Stammtisch am 8. November 2024\" itemprop=\"image\" class=\"left\" \/>\n\t\t\t\t<\/a>\t\t<\/div>\n\t\t\t\t\t\t\t\t<div class=\"wp-show-posts-entry-summary\" itemprop=\"text\">\n\t\t\t\t\t\t\t<p>Stammtisch am 8.11.2024 Im Restaurant des College Garden Hotels Johann Strau\u00df-Stra\u00dfe 2 2540 Bad V\u00f6slau Treffpunkt ist um 18:00, Ende ca. um 22:00 Unsere nun&#8230;<\/p>\n\t\t\t\t\t\t<\/div><!-- .entry-summary -->\n\t\t\t\t\t<\/div><!-- wp-show-posts-inner --><\/article><article class=\" wp-show-posts-single post-36985 post type-post status-publish format-standard has-post-thumbnail hentry category-badvoeslau category-baden wpsp-col-6\" itemtype=\"http:\/\/schema.org\/CreativeWork\" itemscope><div class=\"wp-show-posts-inner\" style=\"\">\t\t\t\t\t\t<header class=\"wp-show-posts-entry-header\">\n\t\t\t\t\t\t\t<p class=\"wp-show-posts-entry-title\" itemprop=\"headline\"><a href=\"https:\/\/www.radlobby.org\/noe\/wie-fahrradfreundlich-ist-ihre-gemeinde-der-radlobby-fahrradklima-test-2024\/\" rel=\"bookmark\">Wie fahrradfreundlich ist Ihre Gemeinde? Der Radlobby Fahrradklima-Test 2024<\/a><\/p>\t\t\t\t\t\t<\/header><!-- .entry-header -->\n\t\t\t\t\t\t\t<div class=\"wp-show-posts-image  wpsp-image-left \">\n\t\t\t<a href=\"https:\/\/www.radlobby.org\/noe\/wie-fahrradfreundlich-ist-ihre-gemeinde-der-radlobby-fahrradklima-test-2024\/\"  title=\"Wie fahrradfreundlich ist Ihre Gemeinde? Der Radlobby Fahrradklima-Test 2024\">\t\t\t\t\t<img decoding=\"async\" src=\"https:\/\/www.radlobby.org\/noe\/wp-content\/uploads\/2024_fahrradklima-test_web_0-180x119.png\" alt=\"Wie fahrradfreundlich ist Ihre Gemeinde? Der Radlobby Fahrradklima-Test 2024\" itemprop=\"image\" class=\"left\" \/>\n\t\t\t\t<\/a>\t\t<\/div>\n\t\t\t\t\t\t\t\t<div class=\"wp-show-posts-entry-summary\" itemprop=\"text\">\n\t\t\t\t\t\t\t<p>Die Umfrage erfasst die Zufriedenheit von Menschen, die ihre Alltagswege in \u00d6sterreich mit dem Fahrrad zur\u00fccklegen. Von September bis Ende November 2024 k\u00f6nnen Radfahrende das&#8230;<\/p>\n\t\t\t\t\t\t<\/div><!-- .entry-summary -->\n\t\t\t\t\t<\/div><!-- wp-show-posts-inner --><\/article><div class=\"wpsp-clear\"><\/div><\/section><!-- .wp-show-posts --><div class=\"wpsp-load-more\"><span aria-current=\"page\" class=\"page-numbers current\">1<\/span>\n<a class=\"page-numbers\" href=\"https:\/\/www.radlobby.org\/noe\/wp-json\/wp\/v2\/pages\/39203\/page\/2\/\">2<\/a>\n<span class=\"page-numbers dots\">&hellip;<\/span>\n<a class=\"page-numbers\" href=\"https:\/\/www.radlobby.org\/noe\/wp-json\/wp\/v2\/pages\/39203\/page\/5\/\">5<\/a>\n<a class=\"next page-numbers\" href=\"https:\/\/www.radlobby.org\/noe\/wp-json\/wp\/v2\/pages\/39203\/page\/2\/\">N\u00e4chste &rarr;<\/a><\/div>\n","protected":false},"excerpt":{"rendered":"<p>Willkommen bei der Radlobby Baden Wir f\u00f6rdern die umweltfreundliche Mobilit\u00e4t und vertreten die Interessen der Radfahrenden und zu Fu\u00df Gehenden im Bezirk M\u00f6dling. Falls Sie im Bezirk Baden zuhause sind und aktiv mitmachen m\u00f6chten, wenden Sie sich an Radlobby M\u00f6dling:<\/p>\n","protected":false},"author":16,"featured_media":0,"parent":0,"menu_order":0,"comment_status":"closed","ping_status":"closed","template":"","meta":{"footnotes":""},"class_list":["post-39203","page","type-page","status-publish","hentry"],"yoast_head":"<!-- This site is optimized with the Yoast SEO plugin v26.9 - https:\/\/yoast.com\/product\/yoast-seo-wordpress\/ -->\n<title>Radlobby Baden - Team - Radlobby Nieder\u00f6sterreich<\/title>\n<meta name=\"robots\" content=\"index, follow, max-snippet:-1, max-image-preview:large, max-video-preview:-1\" \/>\n<link rel=\"canonical\" href=\"https:\/\/www.radlobby.org\/noe\/baden-team\/\" \/>\n<meta property=\"og:locale\" content=\"de_DE\" \/>\n<meta property=\"og:type\" content=\"article\" \/>\n<meta property=\"og:title\" content=\"Radlobby Baden - Team - Radlobby Nieder\u00f6sterreich\" \/>\n<meta property=\"og:description\" content=\"Willkommen bei der Radlobby Baden Wir f\u00f6rdern die umweltfreundliche Mobilit\u00e4t und vertreten die Interessen der Radfahrenden und zu Fu\u00df Gehenden im Bezirk M\u00f6dling. Falls Sie im Bezirk Baden zuhause sind und aktiv mitmachen m\u00f6chten, wenden Sie sich an Radlobby M\u00f6dling:\" \/>\n<meta property=\"og:url\" content=\"https:\/\/www.radlobby.org\/noe\/baden-team\/\" \/>\n<meta property=\"og:site_name\" content=\"Radlobby Nieder\u00f6sterreich\" \/>\n<meta property=\"article:publisher\" content=\"https:\/\/www.facebook.com\/groups\/radfahren.in.noe\/\" \/>\n<meta property=\"article:modified_time\" content=\"2025-05-20T13:39:21+00:00\" \/>\n<meta property=\"og:image\" content=\"https:\/\/www.radlobby.org\/noe\/wp-content\/uploads\/ChatGPT-Image-13.-Apr.-2025-09_47_43.png\" \/>\n\t<meta property=\"og:image:width\" content=\"750\" \/>\n\t<meta property=\"og:image:height\" content=\"500\" \/>\n\t<meta property=\"og:image:type\" content=\"image\/png\" \/>\n<meta name=\"twitter:card\" content=\"summary_large_image\" \/>\n<meta name=\"twitter:label1\" content=\"Gesch\u00e4tzte Lesezeit\" \/>\n\t<meta name=\"twitter:data1\" content=\"1\u00a0Minute\" \/>\n<script type=\"application\/ld+json\" class=\"yoast-schema-graph\">{\"@context\":\"https:\/\/schema.org\",\"@graph\":[{\"@type\":\"WebPage\",\"@id\":\"https:\/\/www.radlobby.org\/noe\/baden-team\/\",\"url\":\"https:\/\/www.radlobby.org\/noe\/baden-team\/\",\"name\":\"Radlobby Baden - Team - Radlobby Nieder\u00f6sterreich\",\"isPartOf\":{\"@id\":\"https:\/\/www.radlobby.org\/noe\/#website\"},\"primaryImageOfPage\":{\"@id\":\"https:\/\/www.radlobby.org\/noe\/baden-team\/#primaryimage\"},\"image\":{\"@id\":\"https:\/\/www.radlobby.org\/noe\/baden-team\/#primaryimage\"},\"thumbnailUrl\":\"https:\/\/www.radlobby.org\/noe\/wp-content\/uploads\/ChatGPT-Image-13.-Apr.-2025-09_47_43.png\",\"datePublished\":\"2025-05-20T13:30:25+00:00\",\"dateModified\":\"2025-05-20T13:39:21+00:00\",\"breadcrumb\":{\"@id\":\"https:\/\/www.radlobby.org\/noe\/baden-team\/#breadcrumb\"},\"inLanguage\":\"de\",\"potentialAction\":[{\"@type\":\"ReadAction\",\"target\":[\"https:\/\/www.radlobby.org\/noe\/baden-team\/\"]}]},{\"@type\":\"ImageObject\",\"inLanguage\":\"de\",\"@id\":\"https:\/\/www.radlobby.org\/noe\/baden-team\/#primaryimage\",\"url\":\"https:\/\/www.radlobby.org\/noe\/wp-content\/uploads\/ChatGPT-Image-13.-Apr.-2025-09_47_43.png\",\"contentUrl\":\"https:\/\/www.radlobby.org\/noe\/wp-content\/uploads\/ChatGPT-Image-13.-Apr.-2025-09_47_43.png\"},{\"@type\":\"BreadcrumbList\",\"@id\":\"https:\/\/www.radlobby.org\/noe\/baden-team\/#breadcrumb\",\"itemListElement\":[{\"@type\":\"ListItem\",\"position\":1,\"name\":\"Startseite\",\"item\":\"https:\/\/www.radlobby.org\/noe\/\"},{\"@type\":\"ListItem\",\"position\":2,\"name\":\"Radlobby Baden &#8211; Team\"}]},{\"@type\":\"WebSite\",\"@id\":\"https:\/\/www.radlobby.org\/noe\/#website\",\"url\":\"https:\/\/www.radlobby.org\/noe\/\",\"name\":\"Radlobby Nieder\u00f6sterreich\",\"description\":\"Radverkehr, Fahrrad, Radfahren, Radreisen, Radtouren, Radweg\",\"publisher\":{\"@id\":\"https:\/\/www.radlobby.org\/noe\/#organization\"},\"potentialAction\":[{\"@type\":\"SearchAction\",\"target\":{\"@type\":\"EntryPoint\",\"urlTemplate\":\"https:\/\/www.radlobby.org\/noe\/?s={search_term_string}\"},\"query-input\":{\"@type\":\"PropertyValueSpecification\",\"valueRequired\":true,\"valueName\":\"search_term_string\"}}],\"inLanguage\":\"de\"},{\"@type\":\"Organization\",\"@id\":\"https:\/\/www.radlobby.org\/noe\/#organization\",\"name\":\"Radlobby Nieder\u00f6sterreich\",\"url\":\"https:\/\/www.radlobby.org\/noe\/\",\"logo\":{\"@type\":\"ImageObject\",\"inLanguage\":\"de\",\"@id\":\"https:\/\/www.radlobby.org\/noe\/#\/schema\/logo\/image\/\",\"url\":\"https:\/\/www.radlobby.org\/noe\/wp-content\/uploads\/2017\/01\/cropped-Logo_Radlobby_Niederoesterreich_50-400px_quer-1.jpg\",\"contentUrl\":\"https:\/\/www.radlobby.org\/noe\/wp-content\/uploads\/2017\/01\/cropped-Logo_Radlobby_Niederoesterreich_50-400px_quer-1.jpg\",\"width\":450,\"height\":124,\"caption\":\"Radlobby Nieder\u00f6sterreich\"},\"image\":{\"@id\":\"https:\/\/www.radlobby.org\/noe\/#\/schema\/logo\/image\/\"},\"sameAs\":[\"https:\/\/www.facebook.com\/groups\/radfahren.in.noe\/\"]}]}<\/script>\n<!-- \/ Yoast SEO plugin. -->","yoast_head_json":{"title":"Radlobby Baden - Team - Radlobby Nieder\u00f6sterreich","robots":{"index":"index","follow":"follow","max-snippet":"max-snippet:-1","max-image-preview":"max-image-preview:large","max-video-preview":"max-video-preview:-1"},"canonical":"https:\/\/www.radlobby.org\/noe\/baden-team\/","og_locale":"de_DE","og_type":"article","og_title":"Radlobby Baden - Team - Radlobby Nieder\u00f6sterreich","og_description":"Willkommen bei der Radlobby Baden Wir f\u00f6rdern die umweltfreundliche Mobilit\u00e4t und vertreten die Interessen der Radfahrenden und zu Fu\u00df Gehenden im Bezirk M\u00f6dling. Falls Sie im Bezirk Baden zuhause sind und aktiv mitmachen m\u00f6chten, wenden Sie sich an Radlobby M\u00f6dling:","og_url":"https:\/\/www.radlobby.org\/noe\/baden-team\/","og_site_name":"Radlobby Nieder\u00f6sterreich","article_publisher":"https:\/\/www.facebook.com\/groups\/radfahren.in.noe\/","article_modified_time":"2025-05-20T13:39:21+00:00","og_image":[{"url":"https:\/\/www.radlobby.org\/noe\/wp-content\/uploads\/ChatGPT-Image-13.-Apr.-2025-09_47_43.png","width":750,"height":500,"type":"image\/png"}],"twitter_card":"summary_large_image","twitter_misc":{"Gesch\u00e4tzte Lesezeit":"1\u00a0Minute"},"schema":{"@context":"https:\/\/schema.org","@graph":[{"@type":"WebPage","@id":"https:\/\/www.radlobby.org\/noe\/baden-team\/","url":"https:\/\/www.radlobby.org\/noe\/baden-team\/","name":"Radlobby Baden - Team - Radlobby Nieder\u00f6sterreich","isPartOf":{"@id":"https:\/\/www.radlobby.org\/noe\/#website"},"primaryImageOfPage":{"@id":"https:\/\/www.radlobby.org\/noe\/baden-team\/#primaryimage"},"image":{"@id":"https:\/\/www.radlobby.org\/noe\/baden-team\/#primaryimage"},"thumbnailUrl":"https:\/\/www.radlobby.org\/noe\/wp-content\/uploads\/ChatGPT-Image-13.-Apr.-2025-09_47_43.png","datePublished":"2025-05-20T13:30:25+00:00","dateModified":"2025-05-20T13:39:21+00:00","breadcrumb":{"@id":"https:\/\/www.radlobby.org\/noe\/baden-team\/#breadcrumb"},"inLanguage":"de","potentialAction":[{"@type":"ReadAction","target":["https:\/\/www.radlobby.org\/noe\/baden-team\/"]}]},{"@type":"ImageObject","inLanguage":"de","@id":"https:\/\/www.radlobby.org\/noe\/baden-team\/#primaryimage","url":"https:\/\/www.radlobby.org\/noe\/wp-content\/uploads\/ChatGPT-Image-13.-Apr.-2025-09_47_43.png","contentUrl":"https:\/\/www.radlobby.org\/noe\/wp-content\/uploads\/ChatGPT-Image-13.-Apr.-2025-09_47_43.png"},{"@type":"BreadcrumbList","@id":"https:\/\/www.radlobby.org\/noe\/baden-team\/#breadcrumb","itemListElement":[{"@type":"ListItem","position":1,"name":"Startseite","item":"https:\/\/www.radlobby.org\/noe\/"},{"@type":"ListItem","position":2,"name":"Radlobby Baden &#8211; Team"}]},{"@type":"WebSite","@id":"https:\/\/www.radlobby.org\/noe\/#website","url":"https:\/\/www.radlobby.org\/noe\/","name":"Radlobby Nieder\u00f6sterreich","description":"Radverkehr, Fahrrad, Radfahren, Radreisen, Radtouren, Radweg","publisher":{"@id":"https:\/\/www.radlobby.org\/noe\/#organization"},"potentialAction":[{"@type":"SearchAction","target":{"@type":"EntryPoint","urlTemplate":"https:\/\/www.radlobby.org\/noe\/?s={search_term_string}"},"query-input":{"@type":"PropertyValueSpecification","valueRequired":true,"valueName":"search_term_string"}}],"inLanguage":"de"},{"@type":"Organization","@id":"https:\/\/www.radlobby.org\/noe\/#organization","name":"Radlobby Nieder\u00f6sterreich","url":"https:\/\/www.radlobby.org\/noe\/","logo":{"@type":"ImageObject","inLanguage":"de","@id":"https:\/\/www.radlobby.org\/noe\/#\/schema\/logo\/image\/","url":"https:\/\/www.radlobby.org\/noe\/wp-content\/uploads\/2017\/01\/cropped-Logo_Radlobby_Niederoesterreich_50-400px_quer-1.jpg","contentUrl":"https:\/\/www.radlobby.org\/noe\/wp-content\/uploads\/2017\/01\/cropped-Logo_Radlobby_Niederoesterreich_50-400px_quer-1.jpg","width":450,"height":124,"caption":"Radlobby Nieder\u00f6sterreich"},"image":{"@id":"https:\/\/www.radlobby.org\/noe\/#\/schema\/logo\/image\/"},"sameAs":["https:\/\/www.facebook.com\/groups\/radfahren.in.noe\/"]}]}},"_links":{"self":[{"href":"https:\/\/www.radlobby.org\/noe\/wp-json\/wp\/v2\/pages\/39203","targetHints":{"allow":["GET"]}}],"collection":[{"href":"https:\/\/www.radlobby.org\/noe\/wp-json\/wp\/v2\/pages"}],"about":[{"href":"https:\/\/www.radlobby.org\/noe\/wp-json\/wp\/v2\/types\/page"}],"author":[{"embeddable":true,"href":"https:\/\/www.radlobby.org\/noe\/wp-json\/wp\/v2\/users\/16"}],"replies":[{"embeddable":true,"href":"https:\/\/www.radlobby.org\/noe\/wp-json\/wp\/v2\/comments?post=39203"}],"version-history":[{"count":5,"href":"https:\/\/www.radlobby.org\/noe\/wp-json\/wp\/v2\/pages\/39203\/revisions"}],"predecessor-version":[{"id":39209,"href":"https:\/\/www.radlobby.org\/noe\/wp-json\/wp\/v2\/pages\/39203\/revisions\/39209"}],"wp:attachment":[{"href":"https:\/\/www.radlobby.org\/noe\/wp-json\/wp\/v2\/media?parent=39203"}],"curies":[{"name":"wp","href":"https:\/\/api.w.org\/{rel}","templated":true}]}}