{"id":39025,"date":"2025-05-05T00:48:03","date_gmt":"2025-05-04T22:48:03","guid":{"rendered":"https:\/\/www.radlobby.org\/noe\/?page_id=39025"},"modified":"2025-05-12T15:53:40","modified_gmt":"2025-05-12T13:53:40","slug":"neulengbach","status":"publish","type":"page","link":"https:\/\/www.radlobby.org\/noe\/neulengbach\/","title":{"rendered":"Radlobby Neulengbach"},"content":{"rendered":"<h4><\/h4>\n<h4>Aktuelle Infos aus Neulengbach &amp; umadum<\/h4>\n<p>&nbsp;<\/p>\n<style>.wp-show-posts-columns#wpsp-28000 {margin-left: -2em; }.wp-show-posts-columns#wpsp-28000 .wp-show-posts-inner {margin: 0 0 2em 2em; }<\/style><section id=\"wpsp-28000\" class=\" wp-show-posts-columns wp-show-posts\" style=\"\"><article class=\" wp-show-posts-single post-33779 post type-post status-publish format-standard has-post-thumbnail hentry category-aktion category-amstetten category-melk category-neulengbach category-niederoesterreich category-pressbaum category-st-poelten category-wiener-neustadt tag-biken tag-kidical-mass tag-kinder-rad tag-radfahren wpsp-col-6\" itemtype=\"http:\/\/schema.org\/CreativeWork\" itemscope><div class=\"wp-show-posts-inner\" style=\"\">\t\t\t\t\t\t<header class=\"wp-show-posts-entry-header\">\n\t\t\t\t\t\t\t<p class=\"wp-show-posts-entry-title\" itemprop=\"headline\"><a href=\"https:\/\/www.radlobby.org\/noe\/kidicalmass\/\" rel=\"bookmark\">Kidical Mass in Nieder\u00f6sterreich 2026 &#8211; Kinder fahren Rad<\/a><\/p>\t\t\t\t\t\t<\/header><!-- .entry-header -->\n\t\t\t\t\t\t\t<div class=\"wp-show-posts-image  wpsp-image-left \">\n\t\t\t<a href=\"https:\/\/www.radlobby.org\/noe\/kidicalmass\/\"  title=\"Kidical Mass in Nieder\u00f6sterreich 2026 &#8211; Kinder fahren Rad\">\t\t\t\t\t<img decoding=\"async\" src=\"https:\/\/www.radlobby.org\/noe\/wp-content\/uploads\/kidicalmass-1-180x181.jpg\" alt=\"Kidical Mass in Nieder\u00f6sterreich 2026 &#8211; Kinder fahren Rad\" itemprop=\"image\" class=\"left\" \/>\n\t\t\t\t<\/a>\t\t<\/div>\n\t\t\t\t\t\t\t\t<div class=\"wp-show-posts-entry-summary\" itemprop=\"text\">\n\t\t\t\t\t\t\t<p>Kinder fahren Rad!<br \/>\nUnser Engagement gilt dem Einsatz f\u00fcr kinderfreundliche und lebenswerte D\u00f6rfer und St\u00e4dte.<\/p>\n\t\t\t\t\t\t<\/div><!-- .entry-summary -->\n\t\t\t\t\t<\/div><!-- wp-show-posts-inner --><\/article><article class=\" wp-show-posts-single post-41098 post type-post status-publish format-standard has-post-thumbnail hentry category-klosterneuburg category-korneuburg category-mauerbach category-moedling category-neulengbach category-niederoesterreich category-pressbaum category-purkersdorf category-stockerau category-tulln category-tullnerfeld wpsp-col-6\" itemtype=\"http:\/\/schema.org\/CreativeWork\" itemscope><div class=\"wp-show-posts-inner\" style=\"\">\t\t\t\t\t\t<header class=\"wp-show-posts-entry-header\">\n\t\t\t\t\t\t\t<p class=\"wp-show-posts-entry-title\" itemprop=\"headline\"><a href=\"https:\/\/www.radlobby.org\/noe\/kinder-eis-anradeln-infoabend-am-28-3-2026\/\" rel=\"bookmark\">Infoabend am 28.3.2026<\/a><\/p>\t\t\t\t\t\t<\/header><!-- .entry-header -->\n\t\t\t\t\t\t\t<div class=\"wp-show-posts-image  wpsp-image-left \">\n\t\t\t<a href=\"https:\/\/www.radlobby.org\/noe\/kinder-eis-anradeln-infoabend-am-28-3-2026\/\"  title=\"Infoabend am 28.3.2026\">\t\t\t\t\t<img decoding=\"async\" src=\"https:\/\/www.radlobby.org\/noe\/wp-content\/uploads\/IMG_20240406_131414-1-scaled-180x135.jpg\" alt=\"Infoabend am 28.3.2026\" itemprop=\"image\" class=\"left\" \/>\n\t\t\t\t<\/a>\t\t<\/div>\n\t\t\t\t\t\t\t\t<div class=\"wp-show-posts-entry-summary\" itemprop=\"text\">\n\t\t\t\t\t\t\t<p>&#x26a0;&#xfe0f;Kinder-Eis-Anradeln verschoben wegen Schlechtwetter. Neuer Termin: 11. April&#x26a0;&#xfe0f; Kinder, es ist wieder Zeit zum Anradeln! Heuer d\u00fcrfen wir dabei einen besonderen Ehrengast begr\u00fc\u00dfen: Kurt Fischer&#8230;.<\/p>\n\t\t\t\t\t\t<\/div><!-- .entry-summary -->\n\t\t\t\t\t<\/div><!-- wp-show-posts-inner --><\/article><article class=\" wp-show-posts-single post-41160 post type-post status-publish format-standard has-post-thumbnail hentry category-aktion category-eichgraben category-mauerbach category-neulengbach category-niederoesterreich category-pressbaum category-purkersdorf category-radpolitik-in-noe tag-familienfreundlich tag-petition tag-radinfrastruktur tag-radwegbau wpsp-col-6\" itemtype=\"http:\/\/schema.org\/CreativeWork\" itemscope><div class=\"wp-show-posts-inner\" style=\"\">\t\t\t\t\t\t<header class=\"wp-show-posts-entry-header\">\n\t\t\t\t\t\t\t<p class=\"wp-show-posts-entry-title\" itemprop=\"headline\"><a href=\"https:\/\/www.radlobby.org\/noe\/petition-fuer-baulich-getrennten-radweg-entlang-der-b44-in-pressbaum\/\" rel=\"bookmark\">Petition f\u00fcr baulich getrennten Radweg<br> entlang der B44 in Pressbaum<br>openpetition.eu\/!ktjdn<\/a><\/p>\t\t\t\t\t\t<\/header><!-- .entry-header -->\n\t\t\t\t\t\t\t<div class=\"wp-show-posts-image  wpsp-image-left \">\n\t\t\t<a href=\"https:\/\/www.radlobby.org\/noe\/petition-fuer-baulich-getrennten-radweg-entlang-der-b44-in-pressbaum\/\"  title=\"Petition f\u00fcr baulich getrennten Radweg entlang der B44 in Pressbaumopenpetition.eu\/!ktjdn\">\t\t\t\t\t<img decoding=\"async\" src=\"https:\/\/www.radlobby.org\/noe\/wp-content\/uploads\/Onlinepetition-Radweg-Pressbaum-180x255.jpg\" alt=\"Petition f\u00fcr baulich getrennten Radweg<br> entlang der B44 in Pressbaum<br>openpetition.eu\/!ktjdn\" itemprop=\"image\" class=\"left\" \/>\n\t\t\t\t<\/a>\t\t<\/div>\n\t\t\t\t\t\t\t\t<div class=\"wp-show-posts-entry-summary\" itemprop=\"text\">\n\t\t\t\t\t\t\t<p>Die B44 geh\u00f6rt saniert. Wir fordern die zeitnahe Umsetzung eines baulich getrennten Radwegs entlang der B44 in Pressbaum entsprechend der vorhandenen regionalen Konzepte.  openpetition.eu\/!ktjdn<br \/>\nF\u00fcr kinderfreundliche, familienfreundliche, multimodale Stra\u00dfen.<\/p>\n\t\t\t\t\t\t<\/div><!-- .entry-summary -->\n\t\t\t\t\t<\/div><!-- wp-show-posts-inner --><\/article><article class=\" wp-show-posts-single post-39097 post type-post status-publish format-standard has-post-thumbnail hentry category-neulengbach tag-kidical-mass wpsp-col-6\" itemtype=\"http:\/\/schema.org\/CreativeWork\" itemscope><div class=\"wp-show-posts-inner\" style=\"\">\t\t\t\t\t\t<header class=\"wp-show-posts-entry-header\">\n\t\t\t\t\t\t\t<p class=\"wp-show-posts-entry-title\" itemprop=\"headline\"><a href=\"https:\/\/www.radlobby.org\/noe\/kidical-mass-neulengbach-maria-anzbach\/\" rel=\"bookmark\">Kidical Mass Neulengbach &#8211; Maria Anzbach<\/a><\/p>\t\t\t\t\t\t<\/header><!-- .entry-header -->\n\t\t\t\t\t\t\t<div class=\"wp-show-posts-image  wpsp-image-left \">\n\t\t\t<a href=\"https:\/\/www.radlobby.org\/noe\/kidical-mass-neulengbach-maria-anzbach\/\"  title=\"Kidical Mass Neulengbach &#8211; Maria Anzbach\">\t\t\t\t\t<img decoding=\"async\" src=\"https:\/\/www.radlobby.org\/noe\/wp-content\/uploads\/Kidical-Mass-Plakat-WebPage-180x255.png\" alt=\"Kidical Mass Neulengbach &#8211; Maria Anzbach\" itemprop=\"image\" class=\"left\" \/>\n\t\t\t\t<\/a>\t\t<\/div>\n\t\t\t\t\t\t\t\t<div class=\"wp-show-posts-entry-summary\" itemprop=\"text\">\n\t\t\t\t\t\t\t<p>Mit der Veranstaltung Kidical Mass wollen die Organisatoren darauf aufmerksam machen, dass es \u00fcberall in \u00d6sterreich sichere Fahrradwege f\u00fcr Kinder auf ihren t\u00e4glichen Wegen braucht (Forderungen siehe unten). Die Radlobby Neulengbach unterst\u00fctzt die Kidical Mass Bewegung mit einer Rad-Parade am 17.Mai 2025. <\/p>\n\t\t\t\t\t\t<\/div><!-- .entry-summary -->\n\t\t\t\t\t<\/div><!-- wp-show-posts-inner --><\/article><article class=\" wp-show-posts-single post-31791 post type-post status-publish format-standard has-post-thumbnail hentry category-eichgraben category-neulengbach category-pressbaum category-purkersdorf wpsp-col-6\" itemtype=\"http:\/\/schema.org\/CreativeWork\" itemscope><div class=\"wp-show-posts-inner\" style=\"\">\t\t\t\t\t\t<header class=\"wp-show-posts-entry-header\">\n\t\t\t\t\t\t\t<p class=\"wp-show-posts-entry-title\" itemprop=\"headline\"><a href=\"https:\/\/www.radlobby.org\/noe\/25-oktober-2023-ab-20-uhr-18-radlobby-pressbaum-treffen\/\" rel=\"bookmark\">Dienstag, 28.01.2025, 1. Stammtisch<br>der Radlobby Pressbaum in 2025<br>Blitzwirt, D\u00fcrrwienstra\u00dfe 27, 3021 Pressbaum<\/a><\/p>\t\t\t\t\t\t<\/header><!-- .entry-header -->\n\t\t\t\t\t\t\t<div class=\"wp-show-posts-image  wpsp-image-left \">\n\t\t\t<a href=\"https:\/\/www.radlobby.org\/noe\/25-oktober-2023-ab-20-uhr-18-radlobby-pressbaum-treffen\/\"  title=\"Dienstag, 28.01.2025, 1. Stammtischder Radlobby Pressbaum in 2025Blitzwirt, D\u00fcrrwienstra\u00dfe 27, 3021 Pressbaum\">\t\t\t\t\t<img decoding=\"async\" src=\"https:\/\/www.radlobby.org\/noe\/wp-content\/uploads\/Einladung-RL-Pressbaum-28012025-180x252.jpg\" alt=\"Dienstag, 28.01.2025, 1. Stammtisch<br>der Radlobby Pressbaum in 2025<br>Blitzwirt, D\u00fcrrwienstra\u00dfe 27, 3021 Pressbaum\" itemprop=\"image\" class=\"left\" \/>\n\t\t\t\t<\/a>\t\t<\/div>\n\t\t\t\t\t\t\t\t<div class=\"wp-show-posts-entry-summary\" itemprop=\"text\">\n\t\t\t\t\t\t\t<p>Die Radlobby Pressbaum l\u00e4dt dich herzlich ein zur n\u00e4chsten Stammtischrunde!<\/p>\n\t\t\t\t\t\t<\/div><!-- .entry-summary -->\n\t\t\t\t\t<\/div><!-- wp-show-posts-inner --><\/article><article class=\" wp-show-posts-single post-27998 post type-post status-publish format-standard has-post-thumbnail hentry category-neulengbach category-niederoesterreich wpsp-col-6\" itemtype=\"http:\/\/schema.org\/CreativeWork\" itemscope><div class=\"wp-show-posts-inner\" style=\"\">\t\t\t\t\t\t<header class=\"wp-show-posts-entry-header\">\n\t\t\t\t\t\t\t<p class=\"wp-show-posts-entry-title\" itemprop=\"headline\"><a href=\"https:\/\/www.radlobby.org\/noe\/gruendungstreffen-der-radlobby-neulengbach-umadum\/\" rel=\"bookmark\">Gr\u00fcndungstreffen der Radlobby Neulengbach &#038; umadum<\/a><\/p>\t\t\t\t\t\t<\/header><!-- .entry-header -->\n\t\t\t\t\t\t\t<div class=\"wp-show-posts-image  wpsp-image-left \">\n\t\t\t<a href=\"https:\/\/www.radlobby.org\/noe\/gruendungstreffen-der-radlobby-neulengbach-umadum\/\"  title=\"Gr\u00fcndungstreffen der Radlobby Neulengbach &#038; umadum\">\t\t\t\t\t<img decoding=\"async\" src=\"https:\/\/www.radlobby.org\/noe\/wp-content\/uploads\/20230329-Radlobby-Neulengbach-1.Treffen-180x254.jpg\" alt=\"Gr\u00fcndungstreffen der Radlobby Neulengbach &#038; umadum\" itemprop=\"image\" class=\"left\" \/>\n\t\t\t\t<\/a>\t\t<\/div>\n\t\t\t\t\t\t\t\t<div class=\"wp-show-posts-entry-summary\" itemprop=\"text\">\n\t\t\t\t\t\t\t<p>In der Region Neulengbach entsteht eine neue Radlobby-Gruppe.<br \/>\nWir freuen uns auf viele Interessierte mit Ideen und Vorschl\u00e4gen f\u00fcr sicheres Radfahren.<\/p>\n\t\t\t\t\t\t<\/div><!-- .entry-summary -->\n\t\t\t\t\t<\/div><!-- wp-show-posts-inner --><\/article><article class=\" wp-show-posts-single post-28001 post type-post status-publish format-standard has-post-thumbnail hentry category-neulengbach wpsp-col-6\" itemtype=\"http:\/\/schema.org\/CreativeWork\" itemscope><div class=\"wp-show-posts-inner\" style=\"\">\t\t\t\t\t\t<header class=\"wp-show-posts-entry-header\">\n\t\t\t\t\t\t\t<p class=\"wp-show-posts-entry-title\" itemprop=\"headline\"><a href=\"https:\/\/www.radlobby.org\/noe\/neulengbach-unterstuetzt-den-ankauf-von-lastenraedern\/\" rel=\"bookmark\">Neulengbach unterst\u00fctzt den Ankauf von Lastenr\u00e4dern<\/a><\/p>\t\t\t\t\t\t<\/header><!-- .entry-header -->\n\t\t\t\t\t\t\t<div class=\"wp-show-posts-image  wpsp-image-left \">\n\t\t\t<a href=\"https:\/\/www.radlobby.org\/noe\/neulengbach-unterstuetzt-den-ankauf-von-lastenraedern\/\"  title=\"Neulengbach unterst\u00fctzt den Ankauf von Lastenr\u00e4dern\">\t\t\t\t\t<img decoding=\"async\" src=\"https:\/\/www.radlobby.org\/noe\/wp-content\/uploads\/2017\/01\/20140902_Bezirksblaetter_WienerNeustadt_Lastenrad-Botschafterin_Mariella_Goegele_03-180x133.jpg\" alt=\"Neulengbach unterst\u00fctzt den Ankauf von Lastenr\u00e4dern\" itemprop=\"image\" class=\"left\" \/>\n\t\t\t\t<\/a>\t\t<\/div>\n\t\t\t\t\t\t\t\t<div class=\"wp-show-posts-entry-summary\" itemprop=\"text\">\n\t\t\t\t\t\t\t<p>Der Gemeinderat Neulengbach beschlie\u00dft eine Erweiterung der Energie- und Klimaschutzf\u00f6rderungsrichtlinie<\/p>\n\t\t\t\t\t\t<\/div><!-- .entry-summary -->\n\t\t\t\t\t<\/div><!-- wp-show-posts-inner --><\/article><div class=\"wpsp-clear\"><\/div><\/section><!-- .wp-show-posts -->\n","protected":false},"excerpt":{"rendered":"<p>Mit der Veranstaltung Kidical Mass wollen die Organisatoren darauf aufmerksam machen, dass es \u00fcberall in \u00d6sterreich sichere Fahrradwege f\u00fcr Kinder auf ihren t\u00e4glichen Wegen braucht (Forderungen siehe unten). Die Radlobby Neulengbach unterst\u00fctzt die Kidical Mass Bewegung mit einer Rad-Parade am 17.Mai 2025. <\/p>\n","protected":false},"author":76,"featured_media":38998,"parent":0,"menu_order":0,"comment_status":"closed","ping_status":"closed","template":"","meta":{"footnotes":""},"class_list":["post-39025","page","type-page","status-publish","has-post-thumbnail","hentry"],"yoast_head":"<!-- This site is optimized with the Yoast SEO plugin v26.9 - https:\/\/yoast.com\/product\/yoast-seo-wordpress\/ -->\n<title>Radlobby Neulengbach - Radlobby Nieder\u00f6sterreich<\/title>\n<meta name=\"robots\" content=\"index, follow, max-snippet:-1, max-image-preview:large, max-video-preview:-1\" \/>\n<link rel=\"canonical\" href=\"https:\/\/www.radlobby.org\/noe\/neulengbach\/\" \/>\n<meta property=\"og:locale\" content=\"de_DE\" \/>\n<meta property=\"og:type\" content=\"article\" \/>\n<meta property=\"og:title\" content=\"Radlobby Neulengbach - Radlobby Nieder\u00f6sterreich\" \/>\n<meta property=\"og:description\" content=\"Mit der Veranstaltung Kidical Mass wollen die Organisatoren darauf aufmerksam machen, dass es \u00fcberall in \u00d6sterreich sichere Fahrradwege f\u00fcr Kinder auf ihren t\u00e4glichen Wegen braucht (Forderungen siehe unten). Die Radlobby Neulengbach unterst\u00fctzt die Kidical Mass Bewegung mit einer Rad-Parade am 17.Mai 2025.\" \/>\n<meta property=\"og:url\" content=\"https:\/\/www.radlobby.org\/noe\/neulengbach\/\" \/>\n<meta property=\"og:site_name\" content=\"Radlobby Nieder\u00f6sterreich\" \/>\n<meta property=\"article:publisher\" content=\"https:\/\/www.facebook.com\/groups\/radfahren.in.noe\/\" \/>\n<meta property=\"article:modified_time\" content=\"2025-05-12T13:53:40+00:00\" \/>\n<meta property=\"og:image\" content=\"https:\/\/www.radlobby.org\/noe\/wp-content\/uploads\/Kidical-Mass-Plakat-WebPage.png\" \/>\n\t<meta property=\"og:image:width\" content=\"750\" \/>\n\t<meta property=\"og:image:height\" content=\"1061\" \/>\n\t<meta property=\"og:image:type\" content=\"image\/png\" \/>\n<meta name=\"twitter:card\" content=\"summary_large_image\" \/>\n<meta name=\"twitter:label1\" content=\"Gesch\u00e4tzte Lesezeit\" \/>\n\t<meta name=\"twitter:data1\" content=\"1\u00a0Minute\" \/>\n<script type=\"application\/ld+json\" class=\"yoast-schema-graph\">{\"@context\":\"https:\/\/schema.org\",\"@graph\":[{\"@type\":\"WebPage\",\"@id\":\"https:\/\/www.radlobby.org\/noe\/neulengbach\/\",\"url\":\"https:\/\/www.radlobby.org\/noe\/neulengbach\/\",\"name\":\"Radlobby Neulengbach - Radlobby Nieder\u00f6sterreich\",\"isPartOf\":{\"@id\":\"https:\/\/www.radlobby.org\/noe\/#website\"},\"primaryImageOfPage\":{\"@id\":\"https:\/\/www.radlobby.org\/noe\/neulengbach\/#primaryimage\"},\"image\":{\"@id\":\"https:\/\/www.radlobby.org\/noe\/neulengbach\/#primaryimage\"},\"thumbnailUrl\":\"https:\/\/www.radlobby.org\/noe\/wp-content\/uploads\/Kidical-Mass-Plakat-WebPage.png\",\"datePublished\":\"2025-05-04T22:48:03+00:00\",\"dateModified\":\"2025-05-12T13:53:40+00:00\",\"breadcrumb\":{\"@id\":\"https:\/\/www.radlobby.org\/noe\/neulengbach\/#breadcrumb\"},\"inLanguage\":\"de\",\"potentialAction\":[{\"@type\":\"ReadAction\",\"target\":[\"https:\/\/www.radlobby.org\/noe\/neulengbach\/\"]}]},{\"@type\":\"ImageObject\",\"inLanguage\":\"de\",\"@id\":\"https:\/\/www.radlobby.org\/noe\/neulengbach\/#primaryimage\",\"url\":\"https:\/\/www.radlobby.org\/noe\/wp-content\/uploads\/Kidical-Mass-Plakat-WebPage.png\",\"contentUrl\":\"https:\/\/www.radlobby.org\/noe\/wp-content\/uploads\/Kidical-Mass-Plakat-WebPage.png\",\"width\":1866,\"height\":2639},{\"@type\":\"BreadcrumbList\",\"@id\":\"https:\/\/www.radlobby.org\/noe\/neulengbach\/#breadcrumb\",\"itemListElement\":[{\"@type\":\"ListItem\",\"position\":1,\"name\":\"Startseite\",\"item\":\"https:\/\/www.radlobby.org\/noe\/\"},{\"@type\":\"ListItem\",\"position\":2,\"name\":\"Radlobby Neulengbach\"}]},{\"@type\":\"WebSite\",\"@id\":\"https:\/\/www.radlobby.org\/noe\/#website\",\"url\":\"https:\/\/www.radlobby.org\/noe\/\",\"name\":\"Radlobby Nieder\u00f6sterreich\",\"description\":\"Radverkehr, Fahrrad, Radfahren, Radreisen, Radtouren, Radweg\",\"publisher\":{\"@id\":\"https:\/\/www.radlobby.org\/noe\/#organization\"},\"potentialAction\":[{\"@type\":\"SearchAction\",\"target\":{\"@type\":\"EntryPoint\",\"urlTemplate\":\"https:\/\/www.radlobby.org\/noe\/?s={search_term_string}\"},\"query-input\":{\"@type\":\"PropertyValueSpecification\",\"valueRequired\":true,\"valueName\":\"search_term_string\"}}],\"inLanguage\":\"de\"},{\"@type\":\"Organization\",\"@id\":\"https:\/\/www.radlobby.org\/noe\/#organization\",\"name\":\"Radlobby Nieder\u00f6sterreich\",\"url\":\"https:\/\/www.radlobby.org\/noe\/\",\"logo\":{\"@type\":\"ImageObject\",\"inLanguage\":\"de\",\"@id\":\"https:\/\/www.radlobby.org\/noe\/#\/schema\/logo\/image\/\",\"url\":\"https:\/\/www.radlobby.org\/noe\/wp-content\/uploads\/2017\/01\/cropped-Logo_Radlobby_Niederoesterreich_50-400px_quer-1.jpg\",\"contentUrl\":\"https:\/\/www.radlobby.org\/noe\/wp-content\/uploads\/2017\/01\/cropped-Logo_Radlobby_Niederoesterreich_50-400px_quer-1.jpg\",\"width\":450,\"height\":124,\"caption\":\"Radlobby Nieder\u00f6sterreich\"},\"image\":{\"@id\":\"https:\/\/www.radlobby.org\/noe\/#\/schema\/logo\/image\/\"},\"sameAs\":[\"https:\/\/www.facebook.com\/groups\/radfahren.in.noe\/\"]}]}<\/script>\n<!-- \/ Yoast SEO plugin. -->","yoast_head_json":{"title":"Radlobby Neulengbach - Radlobby Nieder\u00f6sterreich","robots":{"index":"index","follow":"follow","max-snippet":"max-snippet:-1","max-image-preview":"max-image-preview:large","max-video-preview":"max-video-preview:-1"},"canonical":"https:\/\/www.radlobby.org\/noe\/neulengbach\/","og_locale":"de_DE","og_type":"article","og_title":"Radlobby Neulengbach - Radlobby Nieder\u00f6sterreich","og_description":"Mit der Veranstaltung Kidical Mass wollen die Organisatoren darauf aufmerksam machen, dass es \u00fcberall in \u00d6sterreich sichere Fahrradwege f\u00fcr Kinder auf ihren t\u00e4glichen Wegen braucht (Forderungen siehe unten). Die Radlobby Neulengbach unterst\u00fctzt die Kidical Mass Bewegung mit einer Rad-Parade am 17.Mai 2025.","og_url":"https:\/\/www.radlobby.org\/noe\/neulengbach\/","og_site_name":"Radlobby Nieder\u00f6sterreich","article_publisher":"https:\/\/www.facebook.com\/groups\/radfahren.in.noe\/","article_modified_time":"2025-05-12T13:53:40+00:00","og_image":[{"url":"https:\/\/www.radlobby.org\/noe\/wp-content\/uploads\/Kidical-Mass-Plakat-WebPage.png","width":750,"height":1061,"type":"image\/png"}],"twitter_card":"summary_large_image","twitter_misc":{"Gesch\u00e4tzte Lesezeit":"1\u00a0Minute"},"schema":{"@context":"https:\/\/schema.org","@graph":[{"@type":"WebPage","@id":"https:\/\/www.radlobby.org\/noe\/neulengbach\/","url":"https:\/\/www.radlobby.org\/noe\/neulengbach\/","name":"Radlobby Neulengbach - Radlobby Nieder\u00f6sterreich","isPartOf":{"@id":"https:\/\/www.radlobby.org\/noe\/#website"},"primaryImageOfPage":{"@id":"https:\/\/www.radlobby.org\/noe\/neulengbach\/#primaryimage"},"image":{"@id":"https:\/\/www.radlobby.org\/noe\/neulengbach\/#primaryimage"},"thumbnailUrl":"https:\/\/www.radlobby.org\/noe\/wp-content\/uploads\/Kidical-Mass-Plakat-WebPage.png","datePublished":"2025-05-04T22:48:03+00:00","dateModified":"2025-05-12T13:53:40+00:00","breadcrumb":{"@id":"https:\/\/www.radlobby.org\/noe\/neulengbach\/#breadcrumb"},"inLanguage":"de","potentialAction":[{"@type":"ReadAction","target":["https:\/\/www.radlobby.org\/noe\/neulengbach\/"]}]},{"@type":"ImageObject","inLanguage":"de","@id":"https:\/\/www.radlobby.org\/noe\/neulengbach\/#primaryimage","url":"https:\/\/www.radlobby.org\/noe\/wp-content\/uploads\/Kidical-Mass-Plakat-WebPage.png","contentUrl":"https:\/\/www.radlobby.org\/noe\/wp-content\/uploads\/Kidical-Mass-Plakat-WebPage.png","width":1866,"height":2639},{"@type":"BreadcrumbList","@id":"https:\/\/www.radlobby.org\/noe\/neulengbach\/#breadcrumb","itemListElement":[{"@type":"ListItem","position":1,"name":"Startseite","item":"https:\/\/www.radlobby.org\/noe\/"},{"@type":"ListItem","position":2,"name":"Radlobby Neulengbach"}]},{"@type":"WebSite","@id":"https:\/\/www.radlobby.org\/noe\/#website","url":"https:\/\/www.radlobby.org\/noe\/","name":"Radlobby Nieder\u00f6sterreich","description":"Radverkehr, Fahrrad, Radfahren, Radreisen, Radtouren, Radweg","publisher":{"@id":"https:\/\/www.radlobby.org\/noe\/#organization"},"potentialAction":[{"@type":"SearchAction","target":{"@type":"EntryPoint","urlTemplate":"https:\/\/www.radlobby.org\/noe\/?s={search_term_string}"},"query-input":{"@type":"PropertyValueSpecification","valueRequired":true,"valueName":"search_term_string"}}],"inLanguage":"de"},{"@type":"Organization","@id":"https:\/\/www.radlobby.org\/noe\/#organization","name":"Radlobby Nieder\u00f6sterreich","url":"https:\/\/www.radlobby.org\/noe\/","logo":{"@type":"ImageObject","inLanguage":"de","@id":"https:\/\/www.radlobby.org\/noe\/#\/schema\/logo\/image\/","url":"https:\/\/www.radlobby.org\/noe\/wp-content\/uploads\/2017\/01\/cropped-Logo_Radlobby_Niederoesterreich_50-400px_quer-1.jpg","contentUrl":"https:\/\/www.radlobby.org\/noe\/wp-content\/uploads\/2017\/01\/cropped-Logo_Radlobby_Niederoesterreich_50-400px_quer-1.jpg","width":450,"height":124,"caption":"Radlobby Nieder\u00f6sterreich"},"image":{"@id":"https:\/\/www.radlobby.org\/noe\/#\/schema\/logo\/image\/"},"sameAs":["https:\/\/www.facebook.com\/groups\/radfahren.in.noe\/"]}]}},"_links":{"self":[{"href":"https:\/\/www.radlobby.org\/noe\/wp-json\/wp\/v2\/pages\/39025","targetHints":{"allow":["GET"]}}],"collection":[{"href":"https:\/\/www.radlobby.org\/noe\/wp-json\/wp\/v2\/pages"}],"about":[{"href":"https:\/\/www.radlobby.org\/noe\/wp-json\/wp\/v2\/types\/page"}],"author":[{"embeddable":true,"href":"https:\/\/www.radlobby.org\/noe\/wp-json\/wp\/v2\/users\/76"}],"replies":[{"embeddable":true,"href":"https:\/\/www.radlobby.org\/noe\/wp-json\/wp\/v2\/comments?post=39025"}],"version-history":[{"count":6,"href":"https:\/\/www.radlobby.org\/noe\/wp-json\/wp\/v2\/pages\/39025\/revisions"}],"predecessor-version":[{"id":39100,"href":"https:\/\/www.radlobby.org\/noe\/wp-json\/wp\/v2\/pages\/39025\/revisions\/39100"}],"wp:featuredmedia":[{"embeddable":true,"href":"https:\/\/www.radlobby.org\/noe\/wp-json\/wp\/v2\/media\/38998"}],"wp:attachment":[{"href":"https:\/\/www.radlobby.org\/noe\/wp-json\/wp\/v2\/media?parent=39025"}],"curies":[{"name":"wp","href":"https:\/\/api.w.org\/{rel}","templated":true}]}}