{"id":36967,"date":"2024-10-12T20:03:09","date_gmt":"2024-10-12T18:03:09","guid":{"rendered":"https:\/\/www.radlobby.org\/noe\/?page_id=36967"},"modified":"2024-10-12T20:08:11","modified_gmt":"2024-10-12T18:08:11","slug":"wie-fahrradfreundlich-ist-ihre-gemeinde-der-radlobby-fahrradklima-test-2024","status":"publish","type":"page","link":"https:\/\/www.radlobby.org\/noe\/wie-fahrradfreundlich-ist-ihre-gemeinde-der-radlobby-fahrradklima-test-2024\/","title":{"rendered":"Wie fahrradfreundlich ist Ihre Gemeinde?<br>Der Radlobby Fahrradklima-Test 2024"},"content":{"rendered":"<p><img loading=\"lazy\" decoding=\"async\" src=\"https:\/\/www.radlobby.at\/sites\/default\/files\/styles\/large\/public\/thumbnails\/image\/2024_fahrradklima-test_web_0.png?itok=G2vveyHs\" alt=\"Fahrradklimatest\" width=\"607\" height=\"400\" \/><\/p>\n<p>Die Umfrage erfasst die Zufriedenheit von Menschen, die ihre Alltagswege in \u00d6sterreich mit dem Fahrrad zur\u00fccklegen. Von September bis Ende November 2024 k\u00f6nnen Radfahrende das Fahrradklima in ihren St\u00e4dten und Gemeinden \u00fcber unseren Online-Fragebogen bewerten.<\/p>\n<p>Wie f\u00fchlt sich das Radfahren am Wohnort an? Werden die Anliegen der Bev\u00f6lkerung\u00a0von Politik und Verwaltung ernst genommen? Was ist den radfahrenden Menschen wichtig? Die Fragen betreffen Sicherheitsgef\u00fchl und Komfort beim Radfahren, die\u00a0Radverkehrsinfrastruktur und -f\u00f6rderung und den Stellenwert des Fahrrads als Alltagsverkehrsmittel.<\/p>\n<p>Bewerten Sie, wie sich das Radfahren in Ihrer Stadt oder Gemeinde anf\u00fchlt. Die Umfrage dauert etwa zehn Minuten\u00a0und liefert den politischen Verantwortlichen und den Radlobby-Gruppen R\u00fcckmeldung \u00fcber die Radfahrbedingungen vor Ort. Die Ergebnisse werden pro Gemeinde ausgewertet werden im Fr\u00fchjahr 2025 ver\u00f6ffentlicht.<\/p>\n<h4>\u203a <a href=\"https:\/\/radlobby.questionpro.eu\/fahrradklimatest\" target=\"_blank\" rel=\"noopener noreferrer\" data-extlink=\"\">Hier gehts zur Umfrage<\/a><\/h4>\n<p>Die Radlobby kn\u00fcpft an den Fahrradklima-Test 2022 an. Der ADFC-Fahrradklima-Test bildet die Grundlage f\u00fcr die Umfrage \u2013 mit Dank an unsere deutschen Kolleg*innen vom ADFC. Als Stimmungsbarometer gibt die Umfrage Aufschluss \u00fcber die Radfahrbedingungen aus Sicht der Radfahrenden, und stellt so ein wichtiges Feedback f\u00fcr Politik und Verwaltung dar.\u00a0In Deutschland wird der ADFC-Fahrradklima-Test seit 2012 alle zwei Jahre durchgef\u00fchrt. International gibt es auch in anderen L\u00e4ndern, wie zum Beispiel in der Schweiz, Frankreich und den Niederlanden, vergleichbare Umfragen.<\/p>\n<p>Helfen Sie mit, den Radlobby Fahrradklima-Test noch bekannter zu machen und teilen Sie den Link mit Ihren\u00a0Radfreund*innen!<\/p>\n<p>&nbsp;<\/p>\n<p>Vorangegangene Umfrage:<\/p>\n<p><a href=\"https:\/\/www.radlobby.at\/fahrradklimatest2022\" target=\"_blank\" rel=\"noopener\">Hier finden Sie Informationen zum Fahrradklima-Test 2022<\/a><\/p>\n","protected":false},"excerpt":{"rendered":"<p>Die Umfrage erfasst die Zufriedenheit von Menschen, die ihre Alltagswege in \u00d6sterreich mit dem Fahrrad zur\u00fccklegen. Von September bis Ende November 2024 k\u00f6nnen Radfahrende das Fahrradklima in ihren St\u00e4dten und Gemeinden \u00fcber unseren Online-Fragebogen bewerten. Wie f\u00fchlt sich das Radfahren<\/p>\n","protected":false},"author":16,"featured_media":0,"parent":0,"menu_order":0,"comment_status":"closed","ping_status":"closed","template":"","meta":{"footnotes":""},"class_list":["post-36967","page","type-page","status-publish","hentry"],"yoast_head":"<!-- This site is optimized with the Yoast SEO plugin v26.9 - https:\/\/yoast.com\/product\/yoast-seo-wordpress\/ -->\n<title>Wie fahrradfreundlich ist Ihre Gemeinde?Der Radlobby Fahrradklima-Test 2024 - Radlobby Nieder\u00f6sterreich<\/title>\n<meta name=\"robots\" content=\"index, follow, max-snippet:-1, max-image-preview:large, max-video-preview:-1\" \/>\n<link rel=\"canonical\" href=\"https:\/\/www.radlobby.org\/noe\/wie-fahrradfreundlich-ist-ihre-gemeinde-der-radlobby-fahrradklima-test-2024\/\" \/>\n<meta property=\"og:locale\" content=\"de_DE\" \/>\n<meta property=\"og:type\" content=\"article\" \/>\n<meta property=\"og:title\" content=\"Wie fahrradfreundlich ist Ihre Gemeinde?Der Radlobby Fahrradklima-Test 2024 - Radlobby Nieder\u00f6sterreich\" \/>\n<meta property=\"og:description\" content=\"Die Umfrage erfasst die Zufriedenheit von Menschen, die ihre Alltagswege in \u00d6sterreich mit dem Fahrrad zur\u00fccklegen. Von September bis Ende November 2024 k\u00f6nnen Radfahrende das Fahrradklima in ihren St\u00e4dten und Gemeinden \u00fcber unseren Online-Fragebogen bewerten. Wie f\u00fchlt sich das Radfahren\" \/>\n<meta property=\"og:url\" content=\"https:\/\/www.radlobby.org\/noe\/wie-fahrradfreundlich-ist-ihre-gemeinde-der-radlobby-fahrradklima-test-2024\/\" \/>\n<meta property=\"og:site_name\" content=\"Radlobby Nieder\u00f6sterreich\" \/>\n<meta property=\"article:publisher\" content=\"https:\/\/www.facebook.com\/groups\/radfahren.in.noe\/\" \/>\n<meta property=\"article:modified_time\" content=\"2024-10-12T18:08:11+00:00\" \/>\n<meta property=\"og:image\" content=\"https:\/\/www.radlobby.at\/sites\/default\/files\/styles\/large\/public\/thumbnails\/image\/2024_fahrradklima-test_web_0.png?itok=G2vveyHs\" \/>\n<meta name=\"twitter:card\" content=\"summary_large_image\" \/>\n<meta name=\"twitter:label1\" content=\"Gesch\u00e4tzte Lesezeit\" \/>\n\t<meta name=\"twitter:data1\" content=\"2\u00a0Minuten\" \/>\n<script type=\"application\/ld+json\" class=\"yoast-schema-graph\">{\"@context\":\"https:\/\/schema.org\",\"@graph\":[{\"@type\":\"WebPage\",\"@id\":\"https:\/\/www.radlobby.org\/noe\/wie-fahrradfreundlich-ist-ihre-gemeinde-der-radlobby-fahrradklima-test-2024\/\",\"url\":\"https:\/\/www.radlobby.org\/noe\/wie-fahrradfreundlich-ist-ihre-gemeinde-der-radlobby-fahrradklima-test-2024\/\",\"name\":\"Wie fahrradfreundlich ist Ihre Gemeinde? Der Radlobby Fahrradklima-Test 2024 - Radlobby Nieder\u00f6sterreich\",\"isPartOf\":{\"@id\":\"https:\/\/www.radlobby.org\/noe\/#website\"},\"primaryImageOfPage\":{\"@id\":\"https:\/\/www.radlobby.org\/noe\/wie-fahrradfreundlich-ist-ihre-gemeinde-der-radlobby-fahrradklima-test-2024\/#primaryimage\"},\"image\":{\"@id\":\"https:\/\/www.radlobby.org\/noe\/wie-fahrradfreundlich-ist-ihre-gemeinde-der-radlobby-fahrradklima-test-2024\/#primaryimage\"},\"thumbnailUrl\":\"https:\/\/www.radlobby.at\/sites\/default\/files\/styles\/large\/public\/thumbnails\/image\/2024_fahrradklima-test_web_0.png?itok=G2vveyHs\",\"datePublished\":\"2024-10-12T18:03:09+00:00\",\"dateModified\":\"2024-10-12T18:08:11+00:00\",\"breadcrumb\":{\"@id\":\"https:\/\/www.radlobby.org\/noe\/wie-fahrradfreundlich-ist-ihre-gemeinde-der-radlobby-fahrradklima-test-2024\/#breadcrumb\"},\"inLanguage\":\"de\",\"potentialAction\":[{\"@type\":\"ReadAction\",\"target\":[\"https:\/\/www.radlobby.org\/noe\/wie-fahrradfreundlich-ist-ihre-gemeinde-der-radlobby-fahrradklima-test-2024\/\"]}]},{\"@type\":\"ImageObject\",\"inLanguage\":\"de\",\"@id\":\"https:\/\/www.radlobby.org\/noe\/wie-fahrradfreundlich-ist-ihre-gemeinde-der-radlobby-fahrradklima-test-2024\/#primaryimage\",\"url\":\"https:\/\/www.radlobby.at\/sites\/default\/files\/styles\/large\/public\/thumbnails\/image\/2024_fahrradklima-test_web_0.png?itok=G2vveyHs\",\"contentUrl\":\"https:\/\/www.radlobby.at\/sites\/default\/files\/styles\/large\/public\/thumbnails\/image\/2024_fahrradklima-test_web_0.png?itok=G2vveyHs\"},{\"@type\":\"BreadcrumbList\",\"@id\":\"https:\/\/www.radlobby.org\/noe\/wie-fahrradfreundlich-ist-ihre-gemeinde-der-radlobby-fahrradklima-test-2024\/#breadcrumb\",\"itemListElement\":[{\"@type\":\"ListItem\",\"position\":1,\"name\":\"Startseite\",\"item\":\"https:\/\/www.radlobby.org\/noe\/\"},{\"@type\":\"ListItem\",\"position\":2,\"name\":\"Wie fahrradfreundlich ist Ihre Gemeinde?Der Radlobby Fahrradklima-Test 2024\"}]},{\"@type\":\"WebSite\",\"@id\":\"https:\/\/www.radlobby.org\/noe\/#website\",\"url\":\"https:\/\/www.radlobby.org\/noe\/\",\"name\":\"Radlobby Nieder\u00f6sterreich\",\"description\":\"Radverkehr, Fahrrad, Radfahren, Radreisen, Radtouren, Radweg\",\"publisher\":{\"@id\":\"https:\/\/www.radlobby.org\/noe\/#organization\"},\"potentialAction\":[{\"@type\":\"SearchAction\",\"target\":{\"@type\":\"EntryPoint\",\"urlTemplate\":\"https:\/\/www.radlobby.org\/noe\/?s={search_term_string}\"},\"query-input\":{\"@type\":\"PropertyValueSpecification\",\"valueRequired\":true,\"valueName\":\"search_term_string\"}}],\"inLanguage\":\"de\"},{\"@type\":\"Organization\",\"@id\":\"https:\/\/www.radlobby.org\/noe\/#organization\",\"name\":\"Radlobby Nieder\u00f6sterreich\",\"url\":\"https:\/\/www.radlobby.org\/noe\/\",\"logo\":{\"@type\":\"ImageObject\",\"inLanguage\":\"de\",\"@id\":\"https:\/\/www.radlobby.org\/noe\/#\/schema\/logo\/image\/\",\"url\":\"https:\/\/www.radlobby.org\/noe\/wp-content\/uploads\/2017\/01\/cropped-Logo_Radlobby_Niederoesterreich_50-400px_quer-1.jpg\",\"contentUrl\":\"https:\/\/www.radlobby.org\/noe\/wp-content\/uploads\/2017\/01\/cropped-Logo_Radlobby_Niederoesterreich_50-400px_quer-1.jpg\",\"width\":450,\"height\":124,\"caption\":\"Radlobby Nieder\u00f6sterreich\"},\"image\":{\"@id\":\"https:\/\/www.radlobby.org\/noe\/#\/schema\/logo\/image\/\"},\"sameAs\":[\"https:\/\/www.facebook.com\/groups\/radfahren.in.noe\/\"]}]}<\/script>\n<!-- \/ Yoast SEO plugin. -->","yoast_head_json":{"title":"Wie fahrradfreundlich ist Ihre Gemeinde?Der Radlobby Fahrradklima-Test 2024 - Radlobby Nieder\u00f6sterreich","robots":{"index":"index","follow":"follow","max-snippet":"max-snippet:-1","max-image-preview":"max-image-preview:large","max-video-preview":"max-video-preview:-1"},"canonical":"https:\/\/www.radlobby.org\/noe\/wie-fahrradfreundlich-ist-ihre-gemeinde-der-radlobby-fahrradklima-test-2024\/","og_locale":"de_DE","og_type":"article","og_title":"Wie fahrradfreundlich ist Ihre Gemeinde?Der Radlobby Fahrradklima-Test 2024 - Radlobby Nieder\u00f6sterreich","og_description":"Die Umfrage erfasst die Zufriedenheit von Menschen, die ihre Alltagswege in \u00d6sterreich mit dem Fahrrad zur\u00fccklegen. Von September bis Ende November 2024 k\u00f6nnen Radfahrende das Fahrradklima in ihren St\u00e4dten und Gemeinden \u00fcber unseren Online-Fragebogen bewerten. Wie f\u00fchlt sich das Radfahren","og_url":"https:\/\/www.radlobby.org\/noe\/wie-fahrradfreundlich-ist-ihre-gemeinde-der-radlobby-fahrradklima-test-2024\/","og_site_name":"Radlobby Nieder\u00f6sterreich","article_publisher":"https:\/\/www.facebook.com\/groups\/radfahren.in.noe\/","article_modified_time":"2024-10-12T18:08:11+00:00","og_image":[{"url":"https:\/\/www.radlobby.at\/sites\/default\/files\/styles\/large\/public\/thumbnails\/image\/2024_fahrradklima-test_web_0.png?itok=G2vveyHs","type":"","width":"","height":""}],"twitter_card":"summary_large_image","twitter_misc":{"Gesch\u00e4tzte Lesezeit":"2\u00a0Minuten"},"schema":{"@context":"https:\/\/schema.org","@graph":[{"@type":"WebPage","@id":"https:\/\/www.radlobby.org\/noe\/wie-fahrradfreundlich-ist-ihre-gemeinde-der-radlobby-fahrradklima-test-2024\/","url":"https:\/\/www.radlobby.org\/noe\/wie-fahrradfreundlich-ist-ihre-gemeinde-der-radlobby-fahrradklima-test-2024\/","name":"Wie fahrradfreundlich ist Ihre Gemeinde? Der Radlobby Fahrradklima-Test 2024 - Radlobby Nieder\u00f6sterreich","isPartOf":{"@id":"https:\/\/www.radlobby.org\/noe\/#website"},"primaryImageOfPage":{"@id":"https:\/\/www.radlobby.org\/noe\/wie-fahrradfreundlich-ist-ihre-gemeinde-der-radlobby-fahrradklima-test-2024\/#primaryimage"},"image":{"@id":"https:\/\/www.radlobby.org\/noe\/wie-fahrradfreundlich-ist-ihre-gemeinde-der-radlobby-fahrradklima-test-2024\/#primaryimage"},"thumbnailUrl":"https:\/\/www.radlobby.at\/sites\/default\/files\/styles\/large\/public\/thumbnails\/image\/2024_fahrradklima-test_web_0.png?itok=G2vveyHs","datePublished":"2024-10-12T18:03:09+00:00","dateModified":"2024-10-12T18:08:11+00:00","breadcrumb":{"@id":"https:\/\/www.radlobby.org\/noe\/wie-fahrradfreundlich-ist-ihre-gemeinde-der-radlobby-fahrradklima-test-2024\/#breadcrumb"},"inLanguage":"de","potentialAction":[{"@type":"ReadAction","target":["https:\/\/www.radlobby.org\/noe\/wie-fahrradfreundlich-ist-ihre-gemeinde-der-radlobby-fahrradklima-test-2024\/"]}]},{"@type":"ImageObject","inLanguage":"de","@id":"https:\/\/www.radlobby.org\/noe\/wie-fahrradfreundlich-ist-ihre-gemeinde-der-radlobby-fahrradklima-test-2024\/#primaryimage","url":"https:\/\/www.radlobby.at\/sites\/default\/files\/styles\/large\/public\/thumbnails\/image\/2024_fahrradklima-test_web_0.png?itok=G2vveyHs","contentUrl":"https:\/\/www.radlobby.at\/sites\/default\/files\/styles\/large\/public\/thumbnails\/image\/2024_fahrradklima-test_web_0.png?itok=G2vveyHs"},{"@type":"BreadcrumbList","@id":"https:\/\/www.radlobby.org\/noe\/wie-fahrradfreundlich-ist-ihre-gemeinde-der-radlobby-fahrradklima-test-2024\/#breadcrumb","itemListElement":[{"@type":"ListItem","position":1,"name":"Startseite","item":"https:\/\/www.radlobby.org\/noe\/"},{"@type":"ListItem","position":2,"name":"Wie fahrradfreundlich ist Ihre Gemeinde?Der Radlobby Fahrradklima-Test 2024"}]},{"@type":"WebSite","@id":"https:\/\/www.radlobby.org\/noe\/#website","url":"https:\/\/www.radlobby.org\/noe\/","name":"Radlobby Nieder\u00f6sterreich","description":"Radverkehr, Fahrrad, Radfahren, Radreisen, Radtouren, Radweg","publisher":{"@id":"https:\/\/www.radlobby.org\/noe\/#organization"},"potentialAction":[{"@type":"SearchAction","target":{"@type":"EntryPoint","urlTemplate":"https:\/\/www.radlobby.org\/noe\/?s={search_term_string}"},"query-input":{"@type":"PropertyValueSpecification","valueRequired":true,"valueName":"search_term_string"}}],"inLanguage":"de"},{"@type":"Organization","@id":"https:\/\/www.radlobby.org\/noe\/#organization","name":"Radlobby Nieder\u00f6sterreich","url":"https:\/\/www.radlobby.org\/noe\/","logo":{"@type":"ImageObject","inLanguage":"de","@id":"https:\/\/www.radlobby.org\/noe\/#\/schema\/logo\/image\/","url":"https:\/\/www.radlobby.org\/noe\/wp-content\/uploads\/2017\/01\/cropped-Logo_Radlobby_Niederoesterreich_50-400px_quer-1.jpg","contentUrl":"https:\/\/www.radlobby.org\/noe\/wp-content\/uploads\/2017\/01\/cropped-Logo_Radlobby_Niederoesterreich_50-400px_quer-1.jpg","width":450,"height":124,"caption":"Radlobby Nieder\u00f6sterreich"},"image":{"@id":"https:\/\/www.radlobby.org\/noe\/#\/schema\/logo\/image\/"},"sameAs":["https:\/\/www.facebook.com\/groups\/radfahren.in.noe\/"]}]}},"_links":{"self":[{"href":"https:\/\/www.radlobby.org\/noe\/wp-json\/wp\/v2\/pages\/36967","targetHints":{"allow":["GET"]}}],"collection":[{"href":"https:\/\/www.radlobby.org\/noe\/wp-json\/wp\/v2\/pages"}],"about":[{"href":"https:\/\/www.radlobby.org\/noe\/wp-json\/wp\/v2\/types\/page"}],"author":[{"embeddable":true,"href":"https:\/\/www.radlobby.org\/noe\/wp-json\/wp\/v2\/users\/16"}],"replies":[{"embeddable":true,"href":"https:\/\/www.radlobby.org\/noe\/wp-json\/wp\/v2\/comments?post=36967"}],"version-history":[{"count":9,"href":"https:\/\/www.radlobby.org\/noe\/wp-json\/wp\/v2\/pages\/36967\/revisions"}],"predecessor-version":[{"id":36978,"href":"https:\/\/www.radlobby.org\/noe\/wp-json\/wp\/v2\/pages\/36967\/revisions\/36978"}],"wp:attachment":[{"href":"https:\/\/www.radlobby.org\/noe\/wp-json\/wp\/v2\/media?parent=36967"}],"curies":[{"name":"wp","href":"https:\/\/api.w.org\/{rel}","templated":true}]}}