{"id":341,"date":"2016-12-04T19:57:37","date_gmt":"2016-12-04T18:57:37","guid":{"rendered":"http:\/\/www.radlobby.org\/noe\/?page_id=341"},"modified":"2026-06-20T10:27:54","modified_gmt":"2026-06-20T08:27:54","slug":"moedling","status":"publish","type":"page","link":"https:\/\/www.radlobby.org\/noe\/moedling\/","title":{"rendered":"Radlobby M\u00f6dling"},"content":{"rendered":"<h4>Willkommen bei der Radlobby M\u00f6dling<\/h4>\n<p>&nbsp;<\/p>\n<h3><strong>Wir \u00fcbersiedeln gerade auf eine neue Homepage, auf der bereits die wichtigsten Informationen vorhanden sind:<\/strong><\/h3>\n<h3><strong><br \/>\n<a href=\"https:\/\/www.radlobby.at\/moedling\">https:\/\/www.radlobby.at\/moedling<\/a><\/strong><\/h3>\n<p>&nbsp;<\/p>\n<h4><a id=\"Infos\"><\/a>\u00c4ltere Infos aus M\u00f6dling:<\/h4>\n<style>.wp-show-posts-columns#wpsp-5670 {margin-left: -2em; }.wp-show-posts-columns#wpsp-5670 .wp-show-posts-inner {margin: 0 0 2em 2em; }<\/style><section id=\"wpsp-5670\" class=\" wp-show-posts-columns wp-show-posts\" style=\"\"><article class=\" wp-show-posts-single post-41098 post type-post status-publish format-standard has-post-thumbnail hentry category-klosterneuburg category-korneuburg category-mauerbach category-moedling category-neulengbach category-niederoesterreich category-pressbaum category-purkersdorf category-stockerau category-tulln category-tullnerfeld wpsp-col-6\" itemtype=\"http:\/\/schema.org\/CreativeWork\" itemscope><div class=\"wp-show-posts-inner\" style=\"\">\t\t\t\t\t\t<header class=\"wp-show-posts-entry-header\">\n\t\t\t\t\t\t\t<p class=\"wp-show-posts-entry-title\" itemprop=\"headline\"><a href=\"https:\/\/www.radlobby.org\/noe\/kinder-eis-anradeln-infoabend-am-28-3-2026\/\" rel=\"bookmark\">Infoabend am 28.3.2026<\/a><\/p>\t\t\t\t\t\t<\/header><!-- .entry-header -->\n\t\t\t\t\t\t\t<div class=\"wp-show-posts-image  wpsp-image-left \">\n\t\t\t<a href=\"https:\/\/www.radlobby.org\/noe\/kinder-eis-anradeln-infoabend-am-28-3-2026\/\"  title=\"Infoabend am 28.3.2026\">\t\t\t\t\t<img decoding=\"async\" src=\"https:\/\/www.radlobby.org\/noe\/wp-content\/uploads\/IMG_20240406_131414-1-scaled-180x135.jpg\" alt=\"Infoabend am 28.3.2026\" itemprop=\"image\" class=\"left\" \/>\n\t\t\t\t<\/a>\t\t<\/div>\n\t\t\t\t\t\t\t\t<div class=\"wp-show-posts-entry-summary\" itemprop=\"text\">\n\t\t\t\t\t\t\t<p>&#x26a0;&#xfe0f;Kinder-Eis-Anradeln verschoben wegen Schlechtwetter. Neuer Termin: 11. April&#x26a0;&#xfe0f; Kinder, es ist wieder Zeit zum Anradeln! Heuer d\u00fcrfen wir dabei einen besonderen Ehrengast begr\u00fc\u00dfen: Kurt Fischer&#8230;.<\/p>\n\t\t\t\t\t\t<\/div><!-- .entry-summary -->\n\t\t\t\t\t<\/div><!-- wp-show-posts-inner --><\/article><article class=\" wp-show-posts-single post-40871 post type-post status-publish format-standard has-post-thumbnail hentry category-moedling tag-geh-und-radweg tag-infrastruktur tag-radroute tag-radverkehr tag-radweg wpsp-col-6\" itemtype=\"http:\/\/schema.org\/CreativeWork\" itemscope><div class=\"wp-show-posts-inner\" style=\"\">\t\t\t\t\t\t<header class=\"wp-show-posts-entry-header\">\n\t\t\t\t\t\t\t<p class=\"wp-show-posts-entry-title\" itemprop=\"headline\"><a href=\"https:\/\/www.radlobby.org\/noe\/bezirkmoedling-corridorplus-2-2\/\" rel=\"bookmark\">M\u00f6dling-Vorderbr\u00fchl: Geh- und Radweg entlang der B11 von der J\u00e4gerhausgasse bis zum Jordanfelsen fertiggestellt.<\/a><\/p>\t\t\t\t\t\t<\/header><!-- .entry-header -->\n\t\t\t\t\t\t\t<div class=\"wp-show-posts-image  wpsp-image-left \">\n\t\t\t<a href=\"https:\/\/www.radlobby.org\/noe\/bezirkmoedling-corridorplus-2-2\/\"  title=\"M\u00f6dling-Vorderbr\u00fchl: Geh- und Radweg entlang der B11 von der J\u00e4gerhausgasse bis zum Jordanfelsen fertiggestellt.\">\t\t\t\t\t<img decoding=\"async\" src=\"https:\/\/www.radlobby.org\/noe\/wp-content\/uploads\/Radlobby-Moedling-180x130.jpg\" alt=\"M\u00f6dling-Vorderbr\u00fchl: Geh- und Radweg entlang der B11 von der J\u00e4gerhausgasse bis zum Jordanfelsen fertiggestellt.\" itemprop=\"image\" class=\"left\" \/>\n\t\t\t\t<\/a>\t\t<\/div>\n\t\t\t\t\t\t\t\t<div class=\"wp-show-posts-entry-summary\" itemprop=\"text\">\n\t\t\t\t\t\t\t<p>17.12.2025 Mit der Fertigstellung der Landesstra\u00dfenbr\u00fccke \u00fcber den M\u00f6dlingbach konnte nun auch der bereits Ende 2024 begonnene Bau eines Radwegs entlang der Landesstra\u00dfe B11 in&#8230;<\/p>\n\t\t\t\t\t\t<\/div><!-- .entry-summary -->\n\t\t\t\t\t<\/div><!-- wp-show-posts-inner --><\/article><article class=\" wp-show-posts-single post-40757 post type-post status-publish format-standard has-post-thumbnail hentry category-moedling tag-geh-und-radweg tag-infrastruktur tag-radroute tag-radverkehr tag-radweg wpsp-col-6\" itemtype=\"http:\/\/schema.org\/CreativeWork\" itemscope><div class=\"wp-show-posts-inner\" style=\"\">\t\t\t\t\t\t<header class=\"wp-show-posts-entry-header\">\n\t\t\t\t\t\t\t<p class=\"wp-show-posts-entry-title\" itemprop=\"headline\"><a href=\"https:\/\/www.radlobby.org\/noe\/bezirkmoedling-corridorplus-2\/\" rel=\"bookmark\">Guntramsdorf: Geh- und Radweg entlang der B17 w\u00e4chst.<\/a><\/p>\t\t\t\t\t\t<\/header><!-- .entry-header -->\n\t\t\t\t\t\t\t<div class=\"wp-show-posts-image  wpsp-image-left \">\n\t\t\t<a href=\"https:\/\/www.radlobby.org\/noe\/bezirkmoedling-corridorplus-2\/\"  title=\"Guntramsdorf: Geh- und Radweg entlang der B17 w\u00e4chst.\">\t\t\t\t\t<img decoding=\"async\" src=\"https:\/\/www.radlobby.org\/noe\/wp-content\/uploads\/Radlobby-Moedling-180x130.jpg\" alt=\"Guntramsdorf: Geh- und Radweg entlang der B17 w\u00e4chst.\" itemprop=\"image\" class=\"left\" \/>\n\t\t\t\t<\/a>\t\t<\/div>\n\t\t\t\t\t\t\t\t<div class=\"wp-show-posts-entry-summary\" itemprop=\"text\">\n\t\t\t\t\t\t\t<p>03.12.2025 Mit der Er\u00f6ffnung eines weiteren Teilst\u00fccks des Geh- und Radweges entlang der Landesstra\u00dfe B17 gibt es nun bereits eine durchg\u00e4ngige Verbindung neben der B17&#8230;<\/p>\n\t\t\t\t\t\t<\/div><!-- .entry-summary -->\n\t\t\t\t\t<\/div><!-- wp-show-posts-inner --><\/article><article class=\" wp-show-posts-single post-40619 post type-post status-publish format-standard has-post-thumbnail hentry category-mistelbach category-moedling category-niederoesterreich category-wiener-neustadt wpsp-col-6\" itemtype=\"http:\/\/schema.org\/CreativeWork\" itemscope><div class=\"wp-show-posts-inner\" style=\"\">\t\t\t\t\t\t<header class=\"wp-show-posts-entry-header\">\n\t\t\t\t\t\t\t<p class=\"wp-show-posts-entry-title\" itemprop=\"headline\"><a href=\"https:\/\/www.radlobby.org\/noe\/radlobby-herbstakademie-2025-in-salzburg\/\" rel=\"bookmark\">Radlobby-Herbstakademie 2025 in Salzburg<\/a><\/p>\t\t\t\t\t\t<\/header><!-- .entry-header -->\n\t\t\t\t\t\t\t<div class=\"wp-show-posts-image  wpsp-image-left \">\n\t\t\t<a href=\"https:\/\/www.radlobby.org\/noe\/radlobby-herbstakademie-2025-in-salzburg\/\"  title=\"Radlobby-Herbstakademie 2025 in Salzburg\">\t\t\t\t\t<img decoding=\"async\" src=\"https:\/\/www.radlobby.org\/noe\/wp-content\/uploads\/20251116_131527-180x101.jpg\" alt=\"Radlobby-Herbstakademie 2025 in Salzburg\" itemprop=\"image\" class=\"left\" \/>\n\t\t\t\t<\/a>\t\t<\/div>\n\t\t\t\t\t\t\t\t<div class=\"wp-show-posts-entry-summary\" itemprop=\"text\">\n\t\t\t\t\t\t\t<p>Die j\u00e4hrliche Radlobby-Herbstakademie 2025 fand heuer &#8211; bestens organisiert und sehr gut besucht &#8211; im Bildungshaus St. Virgil in Salzburg statt. Auch die Nieder\u00f6sterreichischen Orts-&#8230;<\/p>\n\t\t\t\t\t\t<\/div><!-- .entry-summary -->\n\t\t\t\t\t<\/div><!-- wp-show-posts-inner --><\/article><article class=\" wp-show-posts-single post-40607 post type-post status-publish format-standard has-post-thumbnail hentry category-moedling tag-infrastruktur tag-radverkehr tag-verkehrspolitik wpsp-col-6\" itemtype=\"http:\/\/schema.org\/CreativeWork\" itemscope><div class=\"wp-show-posts-inner\" style=\"\">\t\t\t\t\t\t<header class=\"wp-show-posts-entry-header\">\n\t\t\t\t\t\t\t<p class=\"wp-show-posts-entry-title\" itemprop=\"headline\"><a href=\"https:\/\/www.radlobby.org\/noe\/bezirkmoedling-corridorplus\/\" rel=\"bookmark\">Bezirk M\u00f6dling: TU-Projekt &#8220;Corridor+&#8221; besch\u00e4ftigt sich mit Herausforderungen und Chancen des S\u00fcdbahn-Ausbaues<\/a><\/p>\t\t\t\t\t\t<\/header><!-- .entry-header -->\n\t\t\t\t\t\t\t<div class=\"wp-show-posts-image  wpsp-image-left \">\n\t\t\t<a href=\"https:\/\/www.radlobby.org\/noe\/bezirkmoedling-corridorplus\/\"  title=\"Bezirk M\u00f6dling: TU-Projekt &#8220;Corridor+&#8221; besch\u00e4ftigt sich mit Herausforderungen und Chancen des S\u00fcdbahn-Ausbaues\">\t\t\t\t\t<img decoding=\"async\" src=\"https:\/\/www.radlobby.org\/noe\/wp-content\/uploads\/Radlobby-Moedling-180x130.jpg\" alt=\"Bezirk M\u00f6dling: TU-Projekt &#8220;Corridor+&#8221; besch\u00e4ftigt sich mit Herausforderungen und Chancen des S\u00fcdbahn-Ausbaues\" itemprop=\"image\" class=\"left\" \/>\n\t\t\t\t<\/a>\t\t<\/div>\n\t\t\t\t\t\t\t\t<div class=\"wp-show-posts-entry-summary\" itemprop=\"text\">\n\t\t\t\t\t\t\t<p>17.11.2025 Eine Lehrveranstaltung der TU Wien besch\u00e4ftigt sich mit den Herausforderungen und Chancen des viergleisigen Ausbaus der S\u00fcdbahn &#8211; ein Infrastrukturprojekt, das die (Stadt-)Landschaft massiv&#8230;<\/p>\n\t\t\t\t\t\t<\/div><!-- .entry-summary -->\n\t\t\t\t\t<\/div><!-- wp-show-posts-inner --><\/article><article class=\" wp-show-posts-single post-40558 post type-post status-publish format-standard has-post-thumbnail hentry category-moedling tag-radverkehr tag-sicherheit tag-verkehrspolitik tag-verkehrssicherheit wpsp-col-6\" itemtype=\"http:\/\/schema.org\/CreativeWork\" itemscope><div class=\"wp-show-posts-inner\" style=\"\">\t\t\t\t\t\t<header class=\"wp-show-posts-entry-header\">\n\t\t\t\t\t\t\t<p class=\"wp-show-posts-entry-title\" itemprop=\"headline\"><a href=\"https:\/\/www.radlobby.org\/noe\/moedling-suedstadt-wrneudorf-neuer-radweg\/\" rel=\"bookmark\">Neuer Radweg M\u00f6dling-S\u00fcdstadt-Wr. Neudorf<\/a><\/p>\t\t\t\t\t\t<\/header><!-- .entry-header -->\n\t\t\t\t\t\t\t<div class=\"wp-show-posts-image  wpsp-image-left \">\n\t\t\t<a href=\"https:\/\/www.radlobby.org\/noe\/moedling-suedstadt-wrneudorf-neuer-radweg\/\"  title=\"Neuer Radweg M\u00f6dling-S\u00fcdstadt-Wr. Neudorf\">\t\t\t\t\t<img decoding=\"async\" src=\"https:\/\/www.radlobby.org\/noe\/wp-content\/uploads\/Radlobby-Moedling-180x130.jpg\" alt=\"Neuer Radweg M\u00f6dling-S\u00fcdstadt-Wr. Neudorf\" itemprop=\"image\" class=\"left\" \/>\n\t\t\t\t<\/a>\t\t<\/div>\n\t\t\t\t\t\t\t\t<div class=\"wp-show-posts-entry-summary\" itemprop=\"text\">\n\t\t\t\t\t\t\t<p>31.10.2025 (Update 15.12.2025) Der neue Radweg verbindet Wiener Neudorf (Reisenbauerring) mit Maria Enzersdorf (S\u00fcdstadt) und M\u00f6dling und stellt eine wichtige Verbindung zwischen diesen Gemeinden dar&#8230;.<\/p>\n\t\t\t\t\t\t<\/div><!-- .entry-summary -->\n\t\t\t\t\t<\/div><!-- wp-show-posts-inner --><\/article><article class=\" wp-show-posts-single post-39380 post type-post status-publish format-standard has-post-thumbnail hentry category-moedling tag-radverkehr tag-sicherheit tag-verkehrspolitik tag-verkehrssicherheit wpsp-col-6\" itemtype=\"http:\/\/schema.org\/CreativeWork\" itemscope><div class=\"wp-show-posts-inner\" style=\"\">\t\t\t\t\t\t<header class=\"wp-show-posts-entry-header\">\n\t\t\t\t\t\t\t<p class=\"wp-show-posts-entry-title\" itemprop=\"headline\"><a href=\"https:\/\/www.radlobby.org\/noe\/vcoe-problemstellenumfrage\/\" rel=\"bookmark\">VC\u00d6-Umfrage zeigt Problemstellen im Bezirk M\u00f6dling auf<\/a><\/p>\t\t\t\t\t\t<\/header><!-- .entry-header -->\n\t\t\t\t\t\t\t<div class=\"wp-show-posts-image  wpsp-image-left \">\n\t\t\t<a href=\"https:\/\/www.radlobby.org\/noe\/vcoe-problemstellenumfrage\/\"  title=\"VC\u00d6-Umfrage zeigt Problemstellen im Bezirk M\u00f6dling auf\">\t\t\t\t\t<img decoding=\"async\" src=\"https:\/\/www.radlobby.org\/noe\/wp-content\/uploads\/Radlobby-Moedling-180x130.jpg\" alt=\"VC\u00d6-Umfrage zeigt Problemstellen im Bezirk M\u00f6dling auf\" itemprop=\"image\" class=\"left\" \/>\n\t\t\t\t<\/a>\t\t<\/div>\n\t\t\t\t\t\t\t\t<div class=\"wp-show-posts-entry-summary\" itemprop=\"text\">\n\t\t\t\t\t\t\t<p>7.6.2025 Die Ergebnisse einer k\u00fcrzlich durchgef\u00fchrten Umfrage des Verkehrsclubs \u00d6sterreich (VC\u00d6) zu Problemstellen f\u00fcr den Radverkehr zeigt f\u00fcr den Bezirk M\u00f6dling 184 Punkte auf, an&#8230;<\/p>\n\t\t\t\t\t\t<\/div><!-- .entry-summary -->\n\t\t\t\t\t<\/div><!-- wp-show-posts-inner --><\/article><article class=\" wp-show-posts-single post-39244 post type-post status-publish format-standard has-post-thumbnail hentry category-moedling tag-radparade tag-verkehrspolitik wpsp-col-6\" itemtype=\"http:\/\/schema.org\/CreativeWork\" itemscope><div class=\"wp-show-posts-inner\" style=\"\">\t\t\t\t\t\t<header class=\"wp-show-posts-entry-header\">\n\t\t\t\t\t\t\t<p class=\"wp-show-posts-entry-title\" itemprop=\"headline\"><a href=\"https:\/\/www.radlobby.org\/noe\/moedling-kidicalmass2025\/\" rel=\"bookmark\">\u00dcber 130 Teilnehmende bei Kidical Mass in M\u00f6dling<\/a><\/p>\t\t\t\t\t\t<\/header><!-- .entry-header -->\n\t\t\t\t\t\t\t<div class=\"wp-show-posts-image  wpsp-image-left \">\n\t\t\t<a href=\"https:\/\/www.radlobby.org\/noe\/moedling-kidicalmass2025\/\"  title=\"\u00dcber 130 Teilnehmende bei Kidical Mass in M\u00f6dling\">\t\t\t\t\t<img decoding=\"async\" src=\"https:\/\/www.radlobby.org\/noe\/wp-content\/uploads\/Radlobby-Moedling-180x130.jpg\" alt=\"\u00dcber 130 Teilnehmende bei Kidical Mass in M\u00f6dling\" itemprop=\"image\" class=\"left\" \/>\n\t\t\t\t<\/a>\t\t<\/div>\n\t\t\t\t\t\t\t\t<div class=\"wp-show-posts-entry-summary\" itemprop=\"text\">\n\t\t\t\t\t\t\t<p>13.5.2025 Gro\u00dfer Erfolg f\u00fcr Kinderradparade: Begeisterte Kinder und Eltern setzen Zeichen f\u00fcr mehr Radsicherheit. Die &#8220;Kidical Mass&#8221;-Radparade vom 10. Mai 2025 war ein voller Erfolg&#8230;.<\/p>\n\t\t\t\t\t\t<\/div><!-- .entry-summary -->\n\t\t\t\t\t<\/div><!-- wp-show-posts-inner --><\/article><article class=\" wp-show-posts-single post-39112 post type-post status-publish format-standard has-post-thumbnail hentry category-moedling tag-lastenfahrrad tag-lastenrad tag-lastenraeder tag-lastentransport tag-leihraeder tag-radverleih wpsp-col-6\" itemtype=\"http:\/\/schema.org\/CreativeWork\" itemscope><div class=\"wp-show-posts-inner\" style=\"\">\t\t\t\t\t\t<header class=\"wp-show-posts-entry-header\">\n\t\t\t\t\t\t\t<p class=\"wp-show-posts-entry-title\" itemprop=\"headline\"><a href=\"https:\/\/www.radlobby.org\/noe\/moedling-neue-lastenraeder\/\" rel=\"bookmark\">F\u00fcnf neue M\u00f6TraBi-Gratis-Lastenr\u00e4der in M\u00f6dling<\/a><\/p>\t\t\t\t\t\t<\/header><!-- .entry-header -->\n\t\t\t\t\t\t\t<div class=\"wp-show-posts-image  wpsp-image-left \">\n\t\t\t<a href=\"https:\/\/www.radlobby.org\/noe\/moedling-neue-lastenraeder\/\"  title=\"F\u00fcnf neue M\u00f6TraBi-Gratis-Lastenr\u00e4der in M\u00f6dling\">\t\t\t\t\t<img decoding=\"async\" src=\"https:\/\/www.radlobby.org\/noe\/wp-content\/uploads\/Radlobby-Moedling-180x130.jpg\" alt=\"F\u00fcnf neue M\u00f6TraBi-Gratis-Lastenr\u00e4der in M\u00f6dling\" itemprop=\"image\" class=\"left\" \/>\n\t\t\t\t<\/a>\t\t<\/div>\n\t\t\t\t\t\t\t\t<div class=\"wp-show-posts-entry-summary\" itemprop=\"text\">\n\t\t\t\t\t\t\t<p>13.5.2025 Wegen des gro\u00dfen Interesses am M\u00f6TraBi-Lastenrad, das gratis ausgeliehen werden kann, hat die Stadtgemeinde M\u00f6dling f\u00fcnf neue Laster\u00e4der angeschafft, sodass jetzt insgesamt sechs Leih-Lastenr\u00e4der&#8230;<\/p>\n\t\t\t\t\t\t<\/div><!-- .entry-summary -->\n\t\t\t\t\t<\/div><!-- wp-show-posts-inner --><\/article><article class=\" wp-show-posts-single post-38514 post type-post status-publish format-standard has-post-thumbnail hentry category-moedling wpsp-col-6\" itemtype=\"http:\/\/schema.org\/CreativeWork\" itemscope><div class=\"wp-show-posts-inner\" style=\"\">\t\t\t\t\t\t<header class=\"wp-show-posts-entry-header\">\n\t\t\t\t\t\t\t<p class=\"wp-show-posts-entry-title\" itemprop=\"headline\"><a href=\"https:\/\/www.radlobby.org\/noe\/moedling-radlkarte-2025\/\" rel=\"bookmark\">Die M\u00f6dlinger Bezirks-Radlkarte, Ausgabe 2025, ist da!<\/a><\/p>\t\t\t\t\t\t<\/header><!-- .entry-header -->\n\t\t\t\t\t\t\t<div class=\"wp-show-posts-image  wpsp-image-left \">\n\t\t\t<a href=\"https:\/\/www.radlobby.org\/noe\/moedling-radlkarte-2025\/\"  title=\"Die M\u00f6dlinger Bezirks-Radlkarte, Ausgabe 2025, ist da!\">\t\t\t\t\t<img decoding=\"async\" src=\"https:\/\/www.radlobby.org\/noe\/wp-content\/uploads\/Radlobby-Moedling-180x130.jpg\" alt=\"Die M\u00f6dlinger Bezirks-Radlkarte, Ausgabe 2025, ist da!\" itemprop=\"image\" class=\"left\" \/>\n\t\t\t\t<\/a>\t\t<\/div>\n\t\t\t\t\t\t\t\t<div class=\"wp-show-posts-entry-summary\" itemprop=\"text\">\n\t\t\t\t\t\t\t<p>4.4.2025 Die neue, \u00fcberarbeitete Auflage der Radlkarte f\u00fcr den Bezirk M\u00f6dling ist da. Sie ist gratis erh\u00e4ltlich beim &#8220;info.service&#8221; der Stadtgemeinde M\u00f6dling, Kaiserin-Elisabeth-Stra\u00dfe 2 (ge\u00f6ffnet&#8230;<\/p>\n\t\t\t\t\t\t<\/div><!-- .entry-summary -->\n\t\t\t\t\t<\/div><!-- wp-show-posts-inner --><\/article><article class=\" wp-show-posts-single post-38489 post type-post status-publish format-standard has-post-thumbnail hentry category-moedling wpsp-col-6\" itemtype=\"http:\/\/schema.org\/CreativeWork\" itemscope><div class=\"wp-show-posts-inner\" style=\"\">\t\t\t\t\t\t<header class=\"wp-show-posts-entry-header\">\n\t\t\t\t\t\t\t<p class=\"wp-show-posts-entry-title\" itemprop=\"headline\"><a href=\"https:\/\/www.radlobby.org\/noe\/mit-rad-zum-einkaufen-scs\/\" rel=\"bookmark\">Mit dem Rad zum Einkaufen in die SCS<\/a><\/p>\t\t\t\t\t\t<\/header><!-- .entry-header -->\n\t\t\t\t\t\t\t<div class=\"wp-show-posts-image  wpsp-image-left \">\n\t\t\t<a href=\"https:\/\/www.radlobby.org\/noe\/mit-rad-zum-einkaufen-scs\/\"  title=\"Mit dem Rad zum Einkaufen in die SCS\">\t\t\t\t\t<img decoding=\"async\" src=\"https:\/\/www.radlobby.org\/noe\/wp-content\/uploads\/Radlobby-Moedling-180x130.jpg\" alt=\"Mit dem Rad zum Einkaufen in die SCS\" itemprop=\"image\" class=\"left\" \/>\n\t\t\t\t<\/a>\t\t<\/div>\n\t\t\t\t\t\t\t\t<div class=\"wp-show-posts-entry-summary\" itemprop=\"text\">\n\t\t\t\t\t\t\t<p>3.4.2025 Im Zuge der Sanierung der Autobahnanschlussstelle M\u00f6dling\/SCS, die im September 2025 beginnt, wird auch die von der Radlobby M\u00f6dling vorgeschlagene L\u00f6sung f\u00fcr eine Radzufahrt&#8230;<\/p>\n\t\t\t\t\t\t<\/div><!-- .entry-summary -->\n\t\t\t\t\t<\/div><!-- wp-show-posts-inner --><\/article><article class=\" wp-show-posts-single post-38476 post type-post status-publish format-standard has-post-thumbnail hentry category-moedling wpsp-col-6\" itemtype=\"http:\/\/schema.org\/CreativeWork\" itemscope><div class=\"wp-show-posts-inner\" style=\"\">\t\t\t\t\t\t<header class=\"wp-show-posts-entry-header\">\n\t\t\t\t\t\t\t<p class=\"wp-show-posts-entry-title\" itemprop=\"headline\"><a href=\"https:\/\/www.radlobby.org\/noe\/radboersen-im-bezirk-moedling\/\" rel=\"bookmark\">Radb\u00f6rsen im Bezirk M\u00f6dling<\/a><\/p>\t\t\t\t\t\t<\/header><!-- .entry-header -->\n\t\t\t\t\t\t\t<div class=\"wp-show-posts-image  wpsp-image-left \">\n\t\t\t<a href=\"https:\/\/www.radlobby.org\/noe\/radboersen-im-bezirk-moedling\/\"  title=\"Radb\u00f6rsen im Bezirk M\u00f6dling\">\t\t\t\t\t<img decoding=\"async\" src=\"https:\/\/www.radlobby.org\/noe\/wp-content\/uploads\/Radlobby-Moedling-180x130.jpg\" alt=\"Radb\u00f6rsen im Bezirk M\u00f6dling\" itemprop=\"image\" class=\"left\" \/>\n\t\t\t\t<\/a>\t\t<\/div>\n\t\t\t\t\t\t\t\t<div class=\"wp-show-posts-entry-summary\" itemprop=\"text\">\n\t\t\t\t\t\t\t<p>2.4.2025 Der Fr\u00fchling ist die Zeit der Fahrradb\u00f6rsen, die die M\u00f6glichkeit bieten, gebrauchte Fahrr\u00e4der loszuwerden oder zu kaufen. Im Bezirk M\u00f6dling sind derzeit die Termine&#8230;<\/p>\n\t\t\t\t\t\t<\/div><!-- .entry-summary -->\n\t\t\t\t\t<\/div><!-- wp-show-posts-inner --><\/article><article class=\" wp-show-posts-single post-37539 post type-post status-publish format-standard has-post-thumbnail hentry category-moedling tag-verkehrspolitik wpsp-col-6\" itemtype=\"http:\/\/schema.org\/CreativeWork\" itemscope><div class=\"wp-show-posts-inner\" style=\"\">\t\t\t\t\t\t<header class=\"wp-show-posts-entry-header\">\n\t\t\t\t\t\t\t<p class=\"wp-show-posts-entry-title\" itemprop=\"headline\"><a href=\"https:\/\/www.radlobby.org\/noe\/moedling-umfrage-grwahl2025\/\" rel=\"bookmark\">M\u00f6dling: Radlobby-Umfrage vor Gemeinderatswahl 2025<\/a><\/p>\t\t\t\t\t\t<\/header><!-- .entry-header -->\n\t\t\t\t\t\t\t<div class=\"wp-show-posts-image  wpsp-image-left \">\n\t\t\t<a href=\"https:\/\/www.radlobby.org\/noe\/moedling-umfrage-grwahl2025\/\"  title=\"M\u00f6dling: Radlobby-Umfrage vor Gemeinderatswahl 2025\">\t\t\t\t\t<img decoding=\"async\" src=\"https:\/\/www.radlobby.org\/noe\/wp-content\/uploads\/Logo_Radlobby_Moedling_200x275px-180x131.jpg\" alt=\"M\u00f6dling: Radlobby-Umfrage vor Gemeinderatswahl 2025\" itemprop=\"image\" class=\"left\" \/>\n\t\t\t\t<\/a>\t\t<\/div>\n\t\t\t\t\t\t\t\t<div class=\"wp-show-posts-entry-summary\" itemprop=\"text\">\n\t\t\t\t\t\t\t<p>21.12.2024 Die Radlobby hat alle im M\u00f6dlinger Gemeinderat vertretenen Parteien\/Gruppierungen eingeladen, ihre Pl\u00e4ne f\u00fcr die n\u00e4chste Sitzungsperiode mit Fokus auf Rad-\/Fu\u00df-Mobilit\u00e4t darzulegen. 3 von 5&#8230;<\/p>\n\t\t\t\t\t\t<\/div><!-- .entry-summary -->\n\t\t\t\t\t<\/div><!-- wp-show-posts-inner --><\/article><article class=\" wp-show-posts-single post-37497 post type-post status-publish format-standard has-post-thumbnail hentry category-moedling tag-verkehrspolitik wpsp-col-6\" itemtype=\"http:\/\/schema.org\/CreativeWork\" itemscope><div class=\"wp-show-posts-inner\" style=\"\">\t\t\t\t\t\t<header class=\"wp-show-posts-entry-header\">\n\t\t\t\t\t\t\t<p class=\"wp-show-posts-entry-title\" itemprop=\"headline\"><a href=\"https:\/\/www.radlobby.org\/noe\/gaaden-umfrage-grwahl2025\/\" rel=\"bookmark\">Gaaden: Radlobby-Umfrage vor Gemeinderatswahl 2025<\/a><\/p>\t\t\t\t\t\t<\/header><!-- .entry-header -->\n\t\t\t\t\t\t\t<div class=\"wp-show-posts-image  wpsp-image-left \">\n\t\t\t<a href=\"https:\/\/www.radlobby.org\/noe\/gaaden-umfrage-grwahl2025\/\"  title=\"Gaaden: Radlobby-Umfrage vor Gemeinderatswahl 2025\">\t\t\t\t\t<img decoding=\"async\" src=\"https:\/\/www.radlobby.org\/noe\/wp-content\/uploads\/Logo_Radlobby_Moedling_200x275px-180x131.jpg\" alt=\"Gaaden: Radlobby-Umfrage vor Gemeinderatswahl 2025\" itemprop=\"image\" class=\"left\" \/>\n\t\t\t\t<\/a>\t\t<\/div>\n\t\t\t\t\t\t\t\t<div class=\"wp-show-posts-entry-summary\" itemprop=\"text\">\n\t\t\t\t\t\t\t<p>12.12.2024 Die Radlobby hat alle wahlwerbenden Gruppen in Gaaden eingeladen, ihre Pl\u00e4ne f\u00fcr die n\u00e4chste Sitzungsperiode mit Fokus auf Rad-\/Fu\u00df-Mobilit\u00e4t darzulegen. 2 von 3 Parteien&#8230;<\/p>\n\t\t\t\t\t\t<\/div><!-- .entry-summary -->\n\t\t\t\t\t<\/div><!-- wp-show-posts-inner --><\/article><article class=\" wp-show-posts-single post-37584 post type-post status-publish format-standard has-post-thumbnail hentry category-moedling tag-geh-und-radweg tag-radinfrastruktur tag-radweg wpsp-col-6\" itemtype=\"http:\/\/schema.org\/CreativeWork\" itemscope><div class=\"wp-show-posts-inner\" style=\"\">\t\t\t\t\t\t<header class=\"wp-show-posts-entry-header\">\n\t\t\t\t\t\t\t<p class=\"wp-show-posts-entry-title\" itemprop=\"headline\"><a href=\"https:\/\/www.radlobby.org\/noe\/guntramsdorf-radweg-fertig-radweg-geplant\/\" rel=\"bookmark\">Guntramsdorf: Ein Radweg ist fertig, ein weiterer in Planung<\/a><\/p>\t\t\t\t\t\t<\/header><!-- .entry-header -->\n\t\t\t\t\t\t\t<div class=\"wp-show-posts-image  wpsp-image-left \">\n\t\t\t<a href=\"https:\/\/www.radlobby.org\/noe\/guntramsdorf-radweg-fertig-radweg-geplant\/\"  title=\"Guntramsdorf: Ein Radweg ist fertig, ein weiterer in Planung\">\t\t\t\t\t<img decoding=\"async\" src=\"https:\/\/www.radlobby.org\/noe\/wp-content\/uploads\/Logo_Radlobby_Moedling_200x275px-180x131.jpg\" alt=\"Guntramsdorf: Ein Radweg ist fertig, ein weiterer in Planung\" itemprop=\"image\" class=\"left\" \/>\n\t\t\t\t<\/a>\t\t<\/div>\n\t\t\t\t\t\t\t\t<div class=\"wp-show-posts-entry-summary\" itemprop=\"text\">\n\t\t\t\t\t\t\t<p>23.12.2024 In Guntramsdorf wurde der Geh- und Radweg entlang der B17 mit Anschluss nach Wiener Neudorf fertiggestellt. Ein weiteres Projekt zwischen der M\u00f6dlinger Stra\u00dfe und&#8230;<\/p>\n\t\t\t\t\t\t<\/div><!-- .entry-summary -->\n\t\t\t\t\t<\/div><!-- wp-show-posts-inner --><\/article><article class=\" wp-show-posts-single post-37511 post type-post status-publish format-standard has-post-thumbnail hentry category-moedling tag-verkehrspolitik wpsp-col-6\" itemtype=\"http:\/\/schema.org\/CreativeWork\" itemscope><div class=\"wp-show-posts-inner\" style=\"\">\t\t\t\t\t\t<header class=\"wp-show-posts-entry-header\">\n\t\t\t\t\t\t\t<p class=\"wp-show-posts-entry-title\" itemprop=\"headline\"><a href=\"https:\/\/www.radlobby.org\/noe\/wr-neudorf-radhauptstadt-2024\/\" rel=\"bookmark\">Wiener Neudorf wird &#8220;Radhauptstadt&#8221; Nieder\u00f6sterreichs<\/a><\/p>\t\t\t\t\t\t<\/header><!-- .entry-header -->\n\t\t\t\t\t\t\t<div class=\"wp-show-posts-image  wpsp-image-left \">\n\t\t\t<a href=\"https:\/\/www.radlobby.org\/noe\/wr-neudorf-radhauptstadt-2024\/\"  title=\"Wiener Neudorf wird &#8220;Radhauptstadt&#8221; Nieder\u00f6sterreichs\">\t\t\t\t\t<img decoding=\"async\" src=\"https:\/\/www.radlobby.org\/noe\/wp-content\/uploads\/Logo_Radlobby_Moedling_200x275px-180x131.jpg\" alt=\"Wiener Neudorf wird &#8220;Radhauptstadt&#8221; Nieder\u00f6sterreichs\" itemprop=\"image\" class=\"left\" \/>\n\t\t\t\t<\/a>\t\t<\/div>\n\t\t\t\t\t\t\t\t<div class=\"wp-show-posts-entry-summary\" itemprop=\"text\">\n\t\t\t\t\t\t\t<p>18.12.2024 Beim &#8220;Radhauptstadt&#8221;-Wettbewerb aller Bezirkshauptst\u00e4dte und aller Gemeinden mit mindestens 9.000 Einwohnern erreichte Wiener Neudorf bei der erstmaligen Teilnahme die h\u00f6chste Punktezahl, 4 von 5&#8230;<\/p>\n\t\t\t\t\t\t<\/div><!-- .entry-summary -->\n\t\t\t\t\t<\/div><!-- wp-show-posts-inner --><\/article><article class=\" wp-show-posts-single post-37308 post type-post status-publish format-standard has-post-thumbnail hentry category-moedling tag-aktionen tag-verkehrspolitik tag-wettbewerb wpsp-col-6\" itemtype=\"http:\/\/schema.org\/CreativeWork\" itemscope><div class=\"wp-show-posts-inner\" style=\"\">\t\t\t\t\t\t<header class=\"wp-show-posts-entry-header\">\n\t\t\t\t\t\t\t<p class=\"wp-show-posts-entry-title\" itemprop=\"headline\"><a href=\"https:\/\/www.radlobby.org\/noe\/moedling-oesterreich-radelt-bundessieger\/\" rel=\"bookmark\">M\u00f6dlinger Firma wird \u00d6sterreich-radelt-Bundessieger<\/a><\/p>\t\t\t\t\t\t<\/header><!-- .entry-header -->\n\t\t\t\t\t\t\t<div class=\"wp-show-posts-image  wpsp-image-left \">\n\t\t\t<a href=\"https:\/\/www.radlobby.org\/noe\/moedling-oesterreich-radelt-bundessieger\/\"  title=\"M\u00f6dlinger Firma wird \u00d6sterreich-radelt-Bundessieger\">\t\t\t\t\t<img decoding=\"async\" src=\"https:\/\/www.radlobby.org\/noe\/wp-content\/uploads\/Logo_Radlobby_Moedling_200x275px-180x131.jpg\" alt=\"M\u00f6dlinger Firma wird \u00d6sterreich-radelt-Bundessieger\" itemprop=\"image\" class=\"left\" \/>\n\t\t\t\t<\/a>\t\t<\/div>\n\t\t\t\t\t\t\t\t<div class=\"wp-show-posts-entry-summary\" itemprop=\"text\">\n\t\t\t\t\t\t\t<p>4.12.2024 Die M\u00f6dlinger Software-Firma &#8220;Prisma Solutions&#8221; hat beim bundesweiten Wettbewerb &#8220;\u00d6sterreich radelt&#8221; den Sieg in der Kategorie &#8220;Betriebe mit 10 bis 50 Mitarbeiter*innen&#8221; errungen. &#8211;&#8230;<\/p>\n\t\t\t\t\t\t<\/div><!-- .entry-summary -->\n\t\t\t\t\t<\/div><!-- wp-show-posts-inner --><\/article><article class=\" wp-show-posts-single post-37302 post type-post status-publish format-standard has-post-thumbnail hentry category-moedling tag-geh-und-radweg tag-radinfrastruktur tag-radweg wpsp-col-6\" itemtype=\"http:\/\/schema.org\/CreativeWork\" itemscope><div class=\"wp-show-posts-inner\" style=\"\">\t\t\t\t\t\t<header class=\"wp-show-posts-entry-header\">\n\t\t\t\t\t\t\t<p class=\"wp-show-posts-entry-title\" itemprop=\"headline\"><a href=\"https:\/\/www.radlobby.org\/noe\/voesendorf-neuer-radweg-laxenburger-strasse\/\" rel=\"bookmark\">V\u00f6sendorf: Neuer Geh- und Radweg entlang der Laxenburger Stra\u00dfe<\/a><\/p>\t\t\t\t\t\t<\/header><!-- .entry-header -->\n\t\t\t\t\t\t\t<div class=\"wp-show-posts-image  wpsp-image-left \">\n\t\t\t<a href=\"https:\/\/www.radlobby.org\/noe\/voesendorf-neuer-radweg-laxenburger-strasse\/\"  title=\"V\u00f6sendorf: Neuer Geh- und Radweg entlang der Laxenburger Stra\u00dfe\">\t\t\t\t\t<img decoding=\"async\" src=\"https:\/\/www.radlobby.org\/noe\/wp-content\/uploads\/Logo_Radlobby_Moedling_200x275px-180x131.jpg\" alt=\"V\u00f6sendorf: Neuer Geh- und Radweg entlang der Laxenburger Stra\u00dfe\" itemprop=\"image\" class=\"left\" \/>\n\t\t\t\t<\/a>\t\t<\/div>\n\t\t\t\t\t\t\t\t<div class=\"wp-show-posts-entry-summary\" itemprop=\"text\">\n\t\t\t\t\t\t\t<p>4.12.2024 In V\u00f6sendorf wurde der aus S\u00fcden kommende Geh- und Radweg von der Strandstra\u00dfe bis zum Kreisverkehr Ortsstra\u00dfe\/Hauptstra\u00dfe verl\u00e4ngert. Die M\u00f6dlinger N\u00d6N berichten dar\u00fcber: &nbsp;&#8230;<\/p>\n\t\t\t\t\t\t<\/div><!-- .entry-summary -->\n\t\t\t\t\t<\/div><!-- wp-show-posts-inner --><\/article><article class=\" wp-show-posts-single post-37067 post type-post status-publish format-standard has-post-thumbnail hentry category-moedling tag-geh-und-radweg tag-radinfrastruktur tag-radweg tag-verkehrspolitik wpsp-col-6\" itemtype=\"http:\/\/schema.org\/CreativeWork\" itemscope><div class=\"wp-show-posts-inner\" style=\"\">\t\t\t\t\t\t<header class=\"wp-show-posts-entry-header\">\n\t\t\t\t\t\t\t<p class=\"wp-show-posts-entry-title\" itemprop=\"headline\"><a href=\"https:\/\/www.radlobby.org\/noe\/wr-neudorf-biedermannsdorf-neue-radwege-2024-10-16\/\" rel=\"bookmark\">Bezirk M\u00f6dling: Neuer Radweg Wr. Neudorf &#8211; Biedermannsdorf<\/a><\/p>\t\t\t\t\t\t<\/header><!-- .entry-header -->\n\t\t\t\t\t\t\t<div class=\"wp-show-posts-image  wpsp-image-left \">\n\t\t\t<a href=\"https:\/\/www.radlobby.org\/noe\/wr-neudorf-biedermannsdorf-neue-radwege-2024-10-16\/\"  title=\"Bezirk M\u00f6dling: Neuer Radweg Wr. Neudorf &#8211; Biedermannsdorf\">\t\t\t\t\t<img decoding=\"async\" src=\"https:\/\/www.radlobby.org\/noe\/wp-content\/uploads\/Logo_Radlobby_Moedling_200x275px-180x131.jpg\" alt=\"Bezirk M\u00f6dling: Neuer Radweg Wr. Neudorf &#8211; Biedermannsdorf\" itemprop=\"image\" class=\"left\" \/>\n\t\t\t\t<\/a>\t\t<\/div>\n\t\t\t\t\t\t\t\t<div class=\"wp-show-posts-entry-summary\" itemprop=\"text\">\n\t\t\t\t\t\t\t<p>16.10.2024 Im Oktober 2024 wurde nun auch der Radweg zwischen Wiener Neudorf und Biedermannsdorf fertiggestellt und offizell er\u00f6ffnet. Die M\u00f6dlinger N\u00d6N berichten dar\u00fcber: &nbsp; &nbsp;<\/p>\n\t\t\t\t\t\t<\/div><!-- .entry-summary -->\n\t\t\t\t\t<\/div><!-- wp-show-posts-inner --><\/article><article class=\" wp-show-posts-single post-36959 post type-post status-publish format-standard has-post-thumbnail hentry category-moedling tag-geh-und-radweg tag-radinfrastruktur tag-radweg tag-verkehrspolitik wpsp-col-6\" itemtype=\"http:\/\/schema.org\/CreativeWork\" itemscope><div class=\"wp-show-posts-inner\" style=\"\">\t\t\t\t\t\t<header class=\"wp-show-posts-entry-header\">\n\t\t\t\t\t\t\t<p class=\"wp-show-posts-entry-title\" itemprop=\"headline\"><a href=\"https:\/\/www.radlobby.org\/noe\/brunn-guntramsdorf-moedling-neue-radwege-2024-09\/\" rel=\"bookmark\">Bezirk M\u00f6dling: Neue Radwege<\/a><\/p>\t\t\t\t\t\t<\/header><!-- .entry-header -->\n\t\t\t\t\t\t\t<div class=\"wp-show-posts-image  wpsp-image-left \">\n\t\t\t<a href=\"https:\/\/www.radlobby.org\/noe\/brunn-guntramsdorf-moedling-neue-radwege-2024-09\/\"  title=\"Bezirk M\u00f6dling: Neue Radwege\">\t\t\t\t\t<img decoding=\"async\" src=\"https:\/\/www.radlobby.org\/noe\/wp-content\/uploads\/Logo_Radlobby_Moedling_200x275px-180x131.jpg\" alt=\"Bezirk M\u00f6dling: Neue Radwege\" itemprop=\"image\" class=\"left\" \/>\n\t\t\t\t<\/a>\t\t<\/div>\n\t\t\t\t\t\t\t\t<div class=\"wp-show-posts-entry-summary\" itemprop=\"text\">\n\t\t\t\t\t\t\t<p>12.10.2024 (Update 10.12.2024) Im Oktober 2024 wurden einige wichtige neue Radwege in Brunn am Gebirge, Guntramsdorf und M\u00f6dling fertiggestellt: Brunn am Gebirge: Mit dem neuen&#8230;<\/p>\n\t\t\t\t\t\t<\/div><!-- .entry-summary -->\n\t\t\t\t\t<\/div><!-- wp-show-posts-inner --><\/article><div class=\"wpsp-clear\"><\/div><\/section><!-- .wp-show-posts --><div class=\"wpsp-load-more\"><span aria-current=\"page\" class=\"page-numbers current\">1<\/span>\n<a class=\"page-numbers\" href=\"https:\/\/www.radlobby.org\/noe\/wp-json\/wp\/v2\/pages\/341\/page\/2\/\">2<\/a>\n<span class=\"page-numbers dots\">&hellip;<\/span>\n<a class=\"page-numbers\" href=\"https:\/\/www.radlobby.org\/noe\/wp-json\/wp\/v2\/pages\/341\/page\/11\/\">11<\/a>\n<a class=\"next page-numbers\" href=\"https:\/\/www.radlobby.org\/noe\/wp-json\/wp\/v2\/pages\/341\/page\/2\/\">N\u00e4chste &rarr;<\/a><\/div>\n","protected":false},"excerpt":{"rendered":"<p>Willkommen bei der Radlobby M\u00f6dling &nbsp; Wir \u00fcbersiedeln gerade auf eine neue Homepage, auf der bereits die wichtigsten Informationen vorhanden sind: https:\/\/www.radlobby.at\/moedling &nbsp; \u00c4ltere Infos aus M\u00f6dling:<\/p>\n","protected":false},"author":1,"featured_media":0,"parent":0,"menu_order":0,"comment_status":"closed","ping_status":"closed","template":"","meta":{"footnotes":""},"class_list":["post-341","page","type-page","status-publish","hentry"],"yoast_head":"<!-- This site is optimized with the Yoast SEO plugin v28.3 - https:\/\/yoast.com\/product\/yoast-seo-wordpress\/ -->\n<title>Radlobby M\u00f6dling - Radlobby Nieder\u00f6sterreich<\/title>\n<meta name=\"robots\" content=\"index, follow, max-snippet:-1, max-image-preview:large, max-video-preview:-1\" \/>\n<link rel=\"canonical\" href=\"https:\/\/www.radlobby.org\/noe\/moedling\/\" \/>\n<meta property=\"og:locale\" content=\"de_DE\" \/>\n<meta property=\"og:type\" content=\"article\" \/>\n<meta property=\"og:title\" content=\"Radlobby M\u00f6dling - Radlobby Nieder\u00f6sterreich\" \/>\n<meta property=\"og:description\" content=\"Willkommen bei der Radlobby M\u00f6dling &nbsp; Wir \u00fcbersiedeln gerade auf eine neue Homepage, auf der bereits die wichtigsten Informationen vorhanden sind: https:\/\/www.radlobby.at\/moedling &nbsp; \u00c4ltere Infos aus M\u00f6dling:\" \/>\n<meta property=\"og:url\" content=\"https:\/\/www.radlobby.org\/noe\/moedling\/\" \/>\n<meta property=\"og:site_name\" content=\"Radlobby Nieder\u00f6sterreich\" \/>\n<meta property=\"article:publisher\" content=\"https:\/\/www.facebook.com\/groups\/radfahren.in.noe\/\" \/>\n<meta property=\"article:modified_time\" content=\"2026-06-20T08:27:54+00:00\" \/>\n<meta property=\"og:image\" content=\"https:\/\/www.radlobby.org\/noe\/wp-content\/uploads\/20200101-RLWN-Neujahrsaradeln-DSC_0105a_1900px-1.jpg\" \/>\n\t<meta property=\"og:image:width\" content=\"1900\" \/>\n\t<meta property=\"og:image:height\" content=\"770\" \/>\n\t<meta property=\"og:image:type\" content=\"image\/jpeg\" \/>\n<meta name=\"twitter:card\" content=\"summary_large_image\" \/>\n<meta name=\"twitter:label1\" content=\"Gesch\u00e4tzte Lesezeit\" \/>\n\t<meta name=\"twitter:data1\" content=\"1\u00a0Minute\" \/>\n<script type=\"application\/ld+json\" class=\"yoast-schema-graph\">{\"@context\":\"https:\\\/\\\/schema.org\",\"@graph\":[{\"@type\":\"WebPage\",\"@id\":\"https:\\\/\\\/www.radlobby.org\\\/noe\\\/moedling\\\/\",\"url\":\"https:\\\/\\\/www.radlobby.org\\\/noe\\\/moedling\\\/\",\"name\":\"Radlobby M\u00f6dling - Radlobby Nieder\u00f6sterreich\",\"isPartOf\":{\"@id\":\"https:\\\/\\\/www.radlobby.org\\\/noe\\\/#website\"},\"datePublished\":\"2016-12-04T18:57:37+00:00\",\"dateModified\":\"2026-06-20T08:27:54+00:00\",\"breadcrumb\":{\"@id\":\"https:\\\/\\\/www.radlobby.org\\\/noe\\\/moedling\\\/#breadcrumb\"},\"inLanguage\":\"de\",\"potentialAction\":[{\"@type\":\"ReadAction\",\"target\":[\"https:\\\/\\\/www.radlobby.org\\\/noe\\\/moedling\\\/\"]}]},{\"@type\":\"BreadcrumbList\",\"@id\":\"https:\\\/\\\/www.radlobby.org\\\/noe\\\/moedling\\\/#breadcrumb\",\"itemListElement\":[{\"@type\":\"ListItem\",\"position\":1,\"name\":\"Startseite\",\"item\":\"https:\\\/\\\/www.radlobby.org\\\/noe\\\/\"},{\"@type\":\"ListItem\",\"position\":2,\"name\":\"Radlobby M\u00f6dling\"}]},{\"@type\":\"WebSite\",\"@id\":\"https:\\\/\\\/www.radlobby.org\\\/noe\\\/#website\",\"url\":\"https:\\\/\\\/www.radlobby.org\\\/noe\\\/\",\"name\":\"Radlobby Nieder\u00f6sterreich\",\"description\":\"Radverkehr, Fahrrad, Radfahren, Radreisen, Radtouren, Radweg\",\"publisher\":{\"@id\":\"https:\\\/\\\/www.radlobby.org\\\/noe\\\/#organization\"},\"potentialAction\":[{\"@type\":\"SearchAction\",\"target\":{\"@type\":\"EntryPoint\",\"urlTemplate\":\"https:\\\/\\\/www.radlobby.org\\\/noe\\\/?s={search_term_string}\"},\"query-input\":{\"@type\":\"PropertyValueSpecification\",\"valueRequired\":true,\"valueName\":\"search_term_string\"}}],\"inLanguage\":\"de\"},{\"@type\":\"Organization\",\"@id\":\"https:\\\/\\\/www.radlobby.org\\\/noe\\\/#organization\",\"name\":\"Radlobby Nieder\u00f6sterreich\",\"url\":\"https:\\\/\\\/www.radlobby.org\\\/noe\\\/\",\"logo\":{\"@type\":\"ImageObject\",\"inLanguage\":\"de\",\"@id\":\"https:\\\/\\\/www.radlobby.org\\\/noe\\\/#\\\/schema\\\/logo\\\/image\\\/\",\"url\":\"https:\\\/\\\/www.radlobby.org\\\/noe\\\/wp-content\\\/uploads\\\/2017\\\/01\\\/cropped-Logo_Radlobby_Niederoesterreich_50-400px_quer-1.jpg\",\"contentUrl\":\"https:\\\/\\\/www.radlobby.org\\\/noe\\\/wp-content\\\/uploads\\\/2017\\\/01\\\/cropped-Logo_Radlobby_Niederoesterreich_50-400px_quer-1.jpg\",\"width\":450,\"height\":124,\"caption\":\"Radlobby Nieder\u00f6sterreich\"},\"image\":{\"@id\":\"https:\\\/\\\/www.radlobby.org\\\/noe\\\/#\\\/schema\\\/logo\\\/image\\\/\"},\"sameAs\":[\"https:\\\/\\\/www.facebook.com\\\/groups\\\/radfahren.in.noe\\\/\"]}]}<\/script>\n<!-- \/ Yoast SEO plugin. -->","yoast_head_json":{"title":"Radlobby M\u00f6dling - Radlobby Nieder\u00f6sterreich","robots":{"index":"index","follow":"follow","max-snippet":"max-snippet:-1","max-image-preview":"max-image-preview:large","max-video-preview":"max-video-preview:-1"},"canonical":"https:\/\/www.radlobby.org\/noe\/moedling\/","og_locale":"de_DE","og_type":"article","og_title":"Radlobby M\u00f6dling - Radlobby Nieder\u00f6sterreich","og_description":"Willkommen bei der Radlobby M\u00f6dling &nbsp; Wir \u00fcbersiedeln gerade auf eine neue Homepage, auf der bereits die wichtigsten Informationen vorhanden sind: https:\/\/www.radlobby.at\/moedling &nbsp; \u00c4ltere Infos aus M\u00f6dling:","og_url":"https:\/\/www.radlobby.org\/noe\/moedling\/","og_site_name":"Radlobby Nieder\u00f6sterreich","article_publisher":"https:\/\/www.facebook.com\/groups\/radfahren.in.noe\/","article_modified_time":"2026-06-20T08:27:54+00:00","og_image":[{"width":1900,"height":770,"url":"https:\/\/www.radlobby.org\/noe\/wp-content\/uploads\/20200101-RLWN-Neujahrsaradeln-DSC_0105a_1900px-1.jpg","type":"image\/jpeg"}],"twitter_card":"summary_large_image","twitter_misc":{"Gesch\u00e4tzte Lesezeit":"1\u00a0Minute"},"schema":{"@context":"https:\/\/schema.org","@graph":[{"@type":"WebPage","@id":"https:\/\/www.radlobby.org\/noe\/moedling\/","url":"https:\/\/www.radlobby.org\/noe\/moedling\/","name":"Radlobby M\u00f6dling - Radlobby Nieder\u00f6sterreich","isPartOf":{"@id":"https:\/\/www.radlobby.org\/noe\/#website"},"datePublished":"2016-12-04T18:57:37+00:00","dateModified":"2026-06-20T08:27:54+00:00","breadcrumb":{"@id":"https:\/\/www.radlobby.org\/noe\/moedling\/#breadcrumb"},"inLanguage":"de","potentialAction":[{"@type":"ReadAction","target":["https:\/\/www.radlobby.org\/noe\/moedling\/"]}]},{"@type":"BreadcrumbList","@id":"https:\/\/www.radlobby.org\/noe\/moedling\/#breadcrumb","itemListElement":[{"@type":"ListItem","position":1,"name":"Startseite","item":"https:\/\/www.radlobby.org\/noe\/"},{"@type":"ListItem","position":2,"name":"Radlobby M\u00f6dling"}]},{"@type":"WebSite","@id":"https:\/\/www.radlobby.org\/noe\/#website","url":"https:\/\/www.radlobby.org\/noe\/","name":"Radlobby Nieder\u00f6sterreich","description":"Radverkehr, Fahrrad, Radfahren, Radreisen, Radtouren, Radweg","publisher":{"@id":"https:\/\/www.radlobby.org\/noe\/#organization"},"potentialAction":[{"@type":"SearchAction","target":{"@type":"EntryPoint","urlTemplate":"https:\/\/www.radlobby.org\/noe\/?s={search_term_string}"},"query-input":{"@type":"PropertyValueSpecification","valueRequired":true,"valueName":"search_term_string"}}],"inLanguage":"de"},{"@type":"Organization","@id":"https:\/\/www.radlobby.org\/noe\/#organization","name":"Radlobby Nieder\u00f6sterreich","url":"https:\/\/www.radlobby.org\/noe\/","logo":{"@type":"ImageObject","inLanguage":"de","@id":"https:\/\/www.radlobby.org\/noe\/#\/schema\/logo\/image\/","url":"https:\/\/www.radlobby.org\/noe\/wp-content\/uploads\/2017\/01\/cropped-Logo_Radlobby_Niederoesterreich_50-400px_quer-1.jpg","contentUrl":"https:\/\/www.radlobby.org\/noe\/wp-content\/uploads\/2017\/01\/cropped-Logo_Radlobby_Niederoesterreich_50-400px_quer-1.jpg","width":450,"height":124,"caption":"Radlobby Nieder\u00f6sterreich"},"image":{"@id":"https:\/\/www.radlobby.org\/noe\/#\/schema\/logo\/image\/"},"sameAs":["https:\/\/www.facebook.com\/groups\/radfahren.in.noe\/"]}]}},"_links":{"self":[{"href":"https:\/\/www.radlobby.org\/noe\/wp-json\/wp\/v2\/pages\/341","targetHints":{"allow":["GET"]}}],"collection":[{"href":"https:\/\/www.radlobby.org\/noe\/wp-json\/wp\/v2\/pages"}],"about":[{"href":"https:\/\/www.radlobby.org\/noe\/wp-json\/wp\/v2\/types\/page"}],"author":[{"embeddable":true,"href":"https:\/\/www.radlobby.org\/noe\/wp-json\/wp\/v2\/users\/1"}],"replies":[{"embeddable":true,"href":"https:\/\/www.radlobby.org\/noe\/wp-json\/wp\/v2\/comments?post=341"}],"version-history":[{"count":15,"href":"https:\/\/www.radlobby.org\/noe\/wp-json\/wp\/v2\/pages\/341\/revisions"}],"predecessor-version":[{"id":42379,"href":"https:\/\/www.radlobby.org\/noe\/wp-json\/wp\/v2\/pages\/341\/revisions\/42379"}],"wp:attachment":[{"href":"https:\/\/www.radlobby.org\/noe\/wp-json\/wp\/v2\/media?parent=341"}],"curies":[{"name":"wp","href":"https:\/\/api.w.org\/{rel}","templated":true}]}}