{"id":326,"date":"2016-12-04T19:35:04","date_gmt":"2016-12-04T18:35:04","guid":{"rendered":"http:\/\/www.radlobby.org\/noe\/?page_id=326"},"modified":"2024-06-22T20:22:15","modified_gmt":"2024-06-22T18:22:15","slug":"tulln","status":"publish","type":"page","link":"https:\/\/www.radlobby.org\/noe\/tulln\/","title":{"rendered":"Radlobby Tulln"},"content":{"rendered":"<h4><\/h4>\n<figure style=\"width: 1200px\" class=\"wp-caption aligncenter\"><img loading=\"lazy\" decoding=\"async\" src=\"https:\/\/www.radlobby.org\/noe\/wp-content\/uploads\/IMG_2162-scaled.jpeg\" alt=\"Das neue Kernteam der Radlobby Tulln!\" width=\"1200\" height=\"800\" \/><figcaption class=\"wp-caption-text\">Das neue Team der Radlobby Tulln: Manuela und Matthias Schl\u00f6gl, Manfred Lins, Alfred Kaiblinger, Severin Ettl (Ortsgruppensprecher) und Sarah Kirchner.<\/figcaption><\/figure>\n<p data-pm-slice=\"1 1 []\">Seit dem Fr\u00fchjahr 2024 ist die Tullner Radlobby Gruppe wieder aktiv und startet mit frischen Ideen, alten Bekannten und neu aufgestelltem Kernteam voll durch.<\/p>\n<p>F\u00fcr das Jahr hat sich das Team neben der lokalen Lobbyarbeit einige konkrete Aktivit\u00e4ten vorgenommen, um die selbst gesteckten Ziele &#8211; <strong>sicheres und barrierefreies Radfahren, alltagstaugliche und klimafreundliche Mobilit\u00e4t<\/strong> &#8211; zu erreichen: Beim <strong>Tullner Familien-Verkehrstag am 8.9.<\/strong> wird die Gruppe einen Stand betreuen, an dem spielerisch gezeigt werden soll, dass Wocheneink\u00e4ufe mit dem Fahrrad sehr einfach sind. Das Auto kann stehen bleiben. Zudem wird die neue Radlobby-Gruppe dort (und online) Beratung anbieten, wie das Fahrrad immer mehr Alltagswege erleichtern kann und was zu beachten ist, wenn das Auto \u00f6fter in der Garage bleiben soll. Au\u00dferdem im September wird es in Tulln die erste <strong>Kidical Mass am Weltkindertag, dem 20. September<\/strong> geben. Damit will die Radlobby auch w\u00e4hrend Europ\u00e4ischen Mobilit\u00e4tswoche Pr\u00e4senz zeigen und f\u00fcr alltagstauglichen und sicheren Fahrradverkehr f\u00fcr alle Altersgruppen in Tulln sensibilisieren.<\/p>\n<p>Auch Gefahrenstellen nimmt die Gruppe weiterhin unter die Lupe , um Allen ein sicheres Vorankommen auf dem Fahrrad zu erm\u00f6glichen. Der Schwerpunkt liegt dabei zun\u00e4chst auf der Verkehrssituation um die Volksschulen.<\/p>\n<p>Sprecht uns an: <a href=\"mailto:tulln@radlobby.at\">tulln@radlobby.at<\/a><\/p>\n<hr \/>\n<h4>Aktuelle Infos aus Tulln<\/h4>\n<style>.wp-show-posts-columns#wpsp-5698 {margin-left: -2em; }.wp-show-posts-columns#wpsp-5698 .wp-show-posts-inner {margin: 0 0 2em 2em; }<\/style><section id=\"wpsp-5698\" class=\" wp-show-posts-columns wp-show-posts\" style=\"\"><article class=\" wp-show-posts-single post-41170 post type-post status-publish format-standard has-post-thumbnail hentry category-deutsch-wagram category-gaenserndorf category-gross-enzersdorf category-korneuburg category-mistelbach category-poysdorf category-stockerau category-tulln category-wolkersdorf wpsp-col-6\" itemtype=\"http:\/\/schema.org\/CreativeWork\" itemscope><div class=\"wp-show-posts-inner\" style=\"\">\t\t\t\t\t\t<header class=\"wp-show-posts-entry-header\">\n\t\t\t\t\t\t\t<p class=\"wp-show-posts-entry-title\" itemprop=\"headline\"><a href=\"https:\/\/www.radlobby.org\/noe\/wolkersdorf-radbazar\/\" rel=\"bookmark\">Radlobby Wolkersdorf Radbazar 2026<\/a><\/p>\t\t\t\t\t\t<\/header><!-- .entry-header -->\n\t\t\t\t\t\t\t<div class=\"wp-show-posts-image  wpsp-image-left \">\n\t\t\t<a href=\"https:\/\/www.radlobby.org\/noe\/wolkersdorf-radbazar\/\"  title=\"Radlobby Wolkersdorf Radbazar 2026\">\t\t\t\t\t<img decoding=\"async\" src=\"https:\/\/www.radlobby.org\/noe\/wp-content\/uploads\/2023_Radbazar_Wolkersdorf_05-180x138.jpg\" alt=\"Radlobby Wolkersdorf Radbazar 2026\" itemprop=\"image\" class=\"left\" \/>\n\t\t\t\t<\/a>\t\t<\/div>\n\t\t\t\t\t\t\t\t<div class=\"wp-show-posts-entry-summary\" itemprop=\"text\">\n\t\t\t\t\t\t\t<p>Hier geht&#8217;s gleich zur Online-Anmeldung &nbsp; Radbazar Samstag, 21.3.2026 am Hauptplatz in Wolkersdorf \u00a0(heuer wieder mit Online-Anmeldung): Der Bazar findet gemeinsam mit dem Flohmarkt der&#8230;<\/p>\n\t\t\t\t\t\t<\/div><!-- .entry-summary -->\n\t\t\t\t\t<\/div><!-- wp-show-posts-inner --><\/article><article class=\" wp-show-posts-single post-41098 post type-post status-publish format-standard has-post-thumbnail hentry category-klosterneuburg category-korneuburg category-mauerbach category-moedling category-neulengbach category-niederoesterreich category-pressbaum category-purkersdorf category-stockerau category-tulln category-tullnerfeld wpsp-col-6\" itemtype=\"http:\/\/schema.org\/CreativeWork\" itemscope><div class=\"wp-show-posts-inner\" style=\"\">\t\t\t\t\t\t<header class=\"wp-show-posts-entry-header\">\n\t\t\t\t\t\t\t<p class=\"wp-show-posts-entry-title\" itemprop=\"headline\"><a href=\"https:\/\/www.radlobby.org\/noe\/kinder-eis-anradeln-infoabend-am-28-3-2026\/\" rel=\"bookmark\">Infoabend am 28.3.2026<\/a><\/p>\t\t\t\t\t\t<\/header><!-- .entry-header -->\n\t\t\t\t\t\t\t<div class=\"wp-show-posts-image  wpsp-image-left \">\n\t\t\t<a href=\"https:\/\/www.radlobby.org\/noe\/kinder-eis-anradeln-infoabend-am-28-3-2026\/\"  title=\"Infoabend am 28.3.2026\">\t\t\t\t\t<img decoding=\"async\" src=\"https:\/\/www.radlobby.org\/noe\/wp-content\/uploads\/IMG_20240406_131414-1-scaled-180x135.jpg\" alt=\"Infoabend am 28.3.2026\" itemprop=\"image\" class=\"left\" \/>\n\t\t\t\t<\/a>\t\t<\/div>\n\t\t\t\t\t\t\t\t<div class=\"wp-show-posts-entry-summary\" itemprop=\"text\">\n\t\t\t\t\t\t\t<p>&#x26a0;&#xfe0f;Kinder-Eis-Anradeln verschoben wegen Schlechtwetter. Neuer Termin: 11. April&#x26a0;&#xfe0f; Kinder, es ist wieder Zeit zum Anradeln! Heuer d\u00fcrfen wir dabei einen besonderen Ehrengast begr\u00fc\u00dfen: Kurt Fischer&#8230;.<\/p>\n\t\t\t\t\t\t<\/div><!-- .entry-summary -->\n\t\t\t\t\t<\/div><!-- wp-show-posts-inner --><\/article><article class=\" wp-show-posts-single post-39006 post type-post status-publish format-standard has-post-thumbnail hentry category-tulln category-tullnerfeld tag-kidical-mass wpsp-col-6\" itemtype=\"http:\/\/schema.org\/CreativeWork\" itemscope><div class=\"wp-show-posts-inner\" style=\"\">\t\t\t\t\t\t<header class=\"wp-show-posts-entry-header\">\n\t\t\t\t\t\t\t<p class=\"wp-show-posts-entry-title\" itemprop=\"headline\"><a href=\"https:\/\/www.radlobby.org\/noe\/kidical-mass-in-tulln\/\" rel=\"bookmark\">KIDICAL MASS in Tulln 2025<\/a><\/p>\t\t\t\t\t\t<\/header><!-- .entry-header -->\n\t\t\t\t\t\t\t<div class=\"wp-show-posts-image  wpsp-image-left \">\n\t\t\t<a href=\"https:\/\/www.radlobby.org\/noe\/kidical-mass-in-tulln\/\"  title=\"KIDICAL MASS in Tulln 2025\">\t\t\t\t\t<img decoding=\"async\" src=\"https:\/\/www.radlobby.org\/noe\/wp-content\/uploads\/IMG_4650-180x251.jpeg\" alt=\"KIDICAL MASS in Tulln 2025\" itemprop=\"image\" class=\"left\" \/>\n\t\t\t\t<\/a>\t\t<\/div>\n\t\t\t\t\t\t\t\t<div class=\"wp-show-posts-entry-summary\" itemprop=\"text\">\n\t\t\t\t\t\t\t<p>Liebe Fahrradbegeisterte in Tulln! Auch am 18.10.2025 treffen wir einander wieder um 14 Uhr am Nibelungenplatz und drehen eine kleine herbstliche Runde durch Tulln. Alle&#8230;<\/p>\n\t\t\t\t\t\t<\/div><!-- .entry-summary -->\n\t\t\t\t\t<\/div><!-- wp-show-posts-inner --><\/article><article class=\" wp-show-posts-single post-38040 post type-post status-publish format-standard has-post-thumbnail hentry category-deutsch-wagram category-gaenserndorf category-gross-enzersdorf category-korneuburg category-mistelbach category-poysdorf category-stockerau category-tulln category-wolkersdorf wpsp-col-6\" itemtype=\"http:\/\/schema.org\/CreativeWork\" itemscope><div class=\"wp-show-posts-inner\" style=\"\">\t\t\t\t\t\t<header class=\"wp-show-posts-entry-header\">\n\t\t\t\t\t\t\t<p class=\"wp-show-posts-entry-title\" itemprop=\"headline\"><a href=\"https:\/\/www.radlobby.org\/noe\/wolkersdorf-radbazar25\/\" rel=\"bookmark\">Radlobby Wolkersdorf Radbazar 2025<\/a><\/p>\t\t\t\t\t\t<\/header><!-- .entry-header -->\n\t\t\t\t\t\t\t<div class=\"wp-show-posts-image  wpsp-image-left \">\n\t\t\t<a href=\"https:\/\/www.radlobby.org\/noe\/wolkersdorf-radbazar25\/\"  title=\"Radlobby Wolkersdorf Radbazar 2025\">\t\t\t\t\t<img decoding=\"async\" src=\"https:\/\/www.radlobby.org\/noe\/wp-content\/uploads\/2023_Radbazar_Wolkersdorf_05-180x138.jpg\" alt=\"Radlobby Wolkersdorf Radbazar 2025\" itemprop=\"image\" class=\"left\" \/>\n\t\t\t\t<\/a>\t\t<\/div>\n\t\t\t\t\t\t\t\t<div class=\"wp-show-posts-entry-summary\" itemprop=\"text\">\n\t\t\t\t\t\t\t<p>&nbsp; Hier geht&#8217;s gleich zur Online-Anmeldung Radbazar Samstag, 12.4.2025 am Hauptplatz in Wolkersdorf \u00a0(heuer wieder mit Online-Anmeldung): Der Bazar findet gemeinsam mit dem Flohmarkt der&#8230;<\/p>\n\t\t\t\t\t\t<\/div><!-- .entry-summary -->\n\t\t\t\t\t<\/div><!-- wp-show-posts-inner --><\/article><article class=\" wp-show-posts-single post-37107 post type-post status-publish format-standard has-post-thumbnail hentry category-aktion category-niederoesterreich category-tulln wpsp-col-6\" itemtype=\"http:\/\/schema.org\/CreativeWork\" itemscope><div class=\"wp-show-posts-inner\" style=\"\">\t\t\t\t\t\t<header class=\"wp-show-posts-entry-header\">\n\t\t\t\t\t\t\t<p class=\"wp-show-posts-entry-title\" itemprop=\"headline\"><a href=\"https:\/\/www.radlobby.org\/noe\/neuer-termin-kidical-mass-tulln\/\" rel=\"bookmark\">Neuer Termin Kidical Mass Tulln!<\/a><\/p>\t\t\t\t\t\t<\/header><!-- .entry-header -->\n\t\t\t\t\t\t\t<div class=\"wp-show-posts-image  wpsp-image-left \">\n\t\t\t<a href=\"https:\/\/www.radlobby.org\/noe\/neuer-termin-kidical-mass-tulln\/\"  title=\"Neuer Termin Kidical Mass Tulln!\">\t\t\t\t\t<img decoding=\"async\" src=\"https:\/\/www.radlobby.org\/noe\/wp-content\/uploads\/Bildschirmfoto-2024-11-10-um-19.39.11-180x94.png\" alt=\"Neuer Termin Kidical Mass Tulln!\" itemprop=\"image\" class=\"left\" \/>\n\t\t\t\t<\/a>\t\t<\/div>\n\t\t\t\t\t\t\t\t<div class=\"wp-show-posts-entry-summary\" itemprop=\"text\">\n\t\t\t\t\t\t\t<p>Wir sind sehr gl\u00fccklich, dass wir nun doch die erste Kidical Mass in Tulln veranstalten werden. Wir treffen einander mit Fahrrad am 15. November um&#8230;<\/p>\n\t\t\t\t\t\t<\/div><!-- .entry-summary -->\n\t\t\t\t\t<\/div><!-- wp-show-posts-inner --><\/article><article class=\" wp-show-posts-single post-36201 post type-post status-publish format-standard has-post-thumbnail hentry category-aktion category-niederoesterreich category-tulln category-radtour wpsp-col-6\" itemtype=\"http:\/\/schema.org\/CreativeWork\" itemscope><div class=\"wp-show-posts-inner\" style=\"\">\t\t\t\t\t\t<header class=\"wp-show-posts-entry-header\">\n\t\t\t\t\t\t\t<p class=\"wp-show-posts-entry-title\" itemprop=\"headline\"><a href=\"https:\/\/www.radlobby.org\/noe\/1-tullner-kidical-mass-am-20-9\/\" rel=\"bookmark\">1. Tullner Kidical Mass: Wegen Hochwasser abgesagt. Neuer Termin am 15.11.<\/a><\/p>\t\t\t\t\t\t<\/header><!-- .entry-header -->\n\t\t\t\t\t\t\t<div class=\"wp-show-posts-image  wpsp-image-left \">\n\t\t\t<a href=\"https:\/\/www.radlobby.org\/noe\/1-tullner-kidical-mass-am-20-9\/\"  title=\"1. Tullner Kidical Mass: Wegen Hochwasser abgesagt. Neuer Termin am 15.11.\">\t\t\t\t\t<img decoding=\"async\" src=\"https:\/\/www.radlobby.org\/noe\/wp-content\/uploads\/Kidical_Tulln_A3_26_8_NEU-180x255.png\" alt=\"1. Tullner Kidical Mass: Wegen Hochwasser abgesagt. Neuer Termin am 15.11.\" itemprop=\"image\" class=\"left\" \/>\n\t\t\t\t<\/a>\t\t<\/div>\n\t\t\t\t\t\t\t\t<div class=\"wp-show-posts-entry-summary\" itemprop=\"text\">\n\t\t\t\t\t\t\t<p>Leider mussten wir die Kidical Mass im September wegen der Aufr\u00e4umarbeiten im Nachgang des Hochwassers im Tullnerfeld absagen. Der neue Termin steht: 15.11. um 14&#8230;<\/p>\n\t\t\t\t\t\t<\/div><!-- .entry-summary -->\n\t\t\t\t\t<\/div><!-- wp-show-posts-inner --><\/article><article class=\" wp-show-posts-single post-35846 post type-post status-publish format-standard has-post-thumbnail hentry category-niederoesterreich category-tulln wpsp-col-6\" itemtype=\"http:\/\/schema.org\/CreativeWork\" itemscope><div class=\"wp-show-posts-inner\" style=\"\">\t\t\t\t\t\t<header class=\"wp-show-posts-entry-header\">\n\t\t\t\t\t\t\t<p class=\"wp-show-posts-entry-title\" itemprop=\"headline\"><a href=\"https:\/\/www.radlobby.org\/noe\/tullner-radlobby-wieder-voll-in-fahrt\/\" rel=\"bookmark\">Tullner Radlobby wieder voll in Fahrt<\/a><\/p>\t\t\t\t\t\t<\/header><!-- .entry-header -->\n\t\t\t\t\t\t\t<div class=\"wp-show-posts-image  wpsp-image-left \">\n\t\t\t<a href=\"https:\/\/www.radlobby.org\/noe\/tullner-radlobby-wieder-voll-in-fahrt\/\"  title=\"Tullner Radlobby wieder voll in Fahrt\">\t\t\t\t\t<img decoding=\"async\" src=\"https:\/\/www.radlobby.org\/noe\/wp-content\/uploads\/IMG_2164-2-scaled-180x270.jpeg\" alt=\"Tullner Radlobby wieder voll in Fahrt\" itemprop=\"image\" class=\"left\" \/>\n\t\t\t\t<\/a>\t\t<\/div>\n\t\t\t\t\t\t\t\t<div class=\"wp-show-posts-entry-summary\" itemprop=\"text\">\n\t\t\t\t\t\t\t<p>Nach einem erfolgreichen Kick-off Treffen am 13.6. mit interaktiven Elementen und einem spannenden Vortrag zur Radlobby sowie Tempo 30 von Philipp Schober (Bundesverband) nimmt die&#8230;<\/p>\n\t\t\t\t\t\t<\/div><!-- .entry-summary -->\n\t\t\t\t\t<\/div><!-- wp-show-posts-inner --><\/article><article class=\" wp-show-posts-single post-35597 post type-post status-publish format-standard hentry category-aktion category-tulln wpsp-col-6\" itemtype=\"http:\/\/schema.org\/CreativeWork\" itemscope><div class=\"wp-show-posts-inner\" style=\"\">\t\t\t\t\t\t<header class=\"wp-show-posts-entry-header\">\n\t\t\t\t\t\t\t<p class=\"wp-show-posts-entry-title\" itemprop=\"headline\"><a href=\"https:\/\/www.radlobby.org\/noe\/radlobby-tulln-formiert-sich-neu-treffen-am-13-6-fuer-alle-interessierten\/\" rel=\"bookmark\">Radlobby Tulln formiert sich neu &#8211; Treffen am 13.6. f\u00fcr alle Interessierten!<\/a><\/p>\t\t\t\t\t\t<\/header><!-- .entry-header -->\n\t\t\t\t\t\t\t\t\t\t\t<div class=\"wp-show-posts-entry-summary\" itemprop=\"text\">\n\t\t\t\t\t\t\t<p>Die Ortsgruppe Tulln formiert sich mit alten und neuen Mitgliedern des Kernteams neu und startet in einem ersten Kick-off Treffen durch: Das Tullner Team l\u00e4dt&#8230;<\/p>\n\t\t\t\t\t\t<\/div><!-- .entry-summary -->\n\t\t\t\t\t<\/div><!-- wp-show-posts-inner --><\/article><article class=\" wp-show-posts-single post-33742 post type-post status-publish format-standard has-post-thumbnail hentry category-deutsch-wagram category-gaenserndorf category-gross-enzersdorf category-korneuburg category-mistelbach category-poysdorf category-stockerau category-tulln category-wolkersdorf wpsp-col-6\" itemtype=\"http:\/\/schema.org\/CreativeWork\" itemscope><div class=\"wp-show-posts-inner\" style=\"\">\t\t\t\t\t\t<header class=\"wp-show-posts-entry-header\">\n\t\t\t\t\t\t\t<p class=\"wp-show-posts-entry-title\" itemprop=\"headline\"><a href=\"https:\/\/www.radlobby.org\/noe\/wolkersdorf-radbazar24\/\" rel=\"bookmark\">Radlobby Wolkersdorf Radbazar 2024<\/a><\/p>\t\t\t\t\t\t<\/header><!-- .entry-header -->\n\t\t\t\t\t\t\t<div class=\"wp-show-posts-image  wpsp-image-left \">\n\t\t\t<a href=\"https:\/\/www.radlobby.org\/noe\/wolkersdorf-radbazar24\/\"  title=\"Radlobby Wolkersdorf Radbazar 2024\"><img loading=\"lazy\" decoding=\"async\" width=\"150\" height=\"124\" src=\"https:\/\/www.radlobby.org\/noe\/wp-content\/uploads\/Logo_Radlobby_Wolkersdorf_150px.jpg\" class=\"attachment-full size-full wp-post-image\" alt=\"\" itemprop=\"image\" \/><\/a>\t\t<\/div>\n\t\t\t\t\t\t\t\t<div class=\"wp-show-posts-entry-summary\" itemprop=\"text\">\n\t\t\t\t\t\t\t<p>&nbsp; Hier geht&#8217;s gleich zur Online-Anmeldung Radbazar Samstag, 16.3.2024 am Hauptplatz in Wolkersdorf \u00a0(heuer wieder mit Online-Anmeldung): Der Bazar findet gemeinsam mit dem Flohmarkt der&#8230;<\/p>\n\t\t\t\t\t\t<\/div><!-- .entry-summary -->\n\t\t\t\t\t<\/div><!-- wp-show-posts-inner --><\/article><article class=\" wp-show-posts-single post-26906 post type-post status-publish format-standard has-post-thumbnail hentry category-deutsch-wagram category-gaenserndorf category-gross-enzersdorf category-korneuburg category-mistelbach category-poysdorf category-stockerau category-tulln category-wolkersdorf wpsp-col-6\" itemtype=\"http:\/\/schema.org\/CreativeWork\" itemscope><div class=\"wp-show-posts-inner\" style=\"\">\t\t\t\t\t\t<header class=\"wp-show-posts-entry-header\">\n\t\t\t\t\t\t\t<p class=\"wp-show-posts-entry-title\" itemprop=\"headline\"><a href=\"https:\/\/www.radlobby.org\/noe\/wolkersdorf-radbazar23\/\" rel=\"bookmark\">Radlobby Wolkersdorf Radbazar 2023<\/a><\/p>\t\t\t\t\t\t<\/header><!-- .entry-header -->\n\t\t\t\t\t\t\t<div class=\"wp-show-posts-image  wpsp-image-left \">\n\t\t\t<a href=\"https:\/\/www.radlobby.org\/noe\/wolkersdorf-radbazar23\/\"  title=\"Radlobby Wolkersdorf Radbazar 2023\"><img loading=\"lazy\" decoding=\"async\" width=\"150\" height=\"124\" src=\"https:\/\/www.radlobby.org\/noe\/wp-content\/uploads\/Logo_Radlobby_Wolkersdorf_150px.jpg\" class=\"attachment-full size-full wp-post-image\" alt=\"\" itemprop=\"image\" \/><\/a>\t\t<\/div>\n\t\t\t\t\t\t\t\t<div class=\"wp-show-posts-entry-summary\" itemprop=\"text\">\n\t\t\t\t\t\t\t<p>Hier geht&#8217;s gleich zur Online-Anmeldung Radbazar Samstag, 25.3.2023 am Hauptplatz in Wolkersdorf \u00a0(heuer wieder mit Online-Anmeldung): Der Bazar findet gemeinsam mit dem Flohmarkt der Stadtgemeinde&#8230;<\/p>\n\t\t\t\t\t\t<\/div><!-- .entry-summary -->\n\t\t\t\t\t<\/div><!-- wp-show-posts-inner --><\/article><article class=\" wp-show-posts-single post-26069 post type-post status-publish format-standard has-post-thumbnail hentry category-niederoesterreich category-tulln category-tullnerfeld wpsp-col-6\" itemtype=\"http:\/\/schema.org\/CreativeWork\" itemscope><div class=\"wp-show-posts-inner\" style=\"\">\t\t\t\t\t\t<header class=\"wp-show-posts-entry-header\">\n\t\t\t\t\t\t\t<p class=\"wp-show-posts-entry-title\" itemprop=\"headline\"><a href=\"https:\/\/www.radlobby.org\/noe\/5-tullner-umwelt-stammtisch-%c2%b7-radlobby-praesentation-zum-alltagsradverkehr\/\" rel=\"bookmark\">5. Tullner Umwelt-Stammtisch \u00b7 Radlobby Pr\u00e4sentation zum Alltagsradverkehr<\/a><\/p>\t\t\t\t\t\t<\/header><!-- .entry-header -->\n\t\t\t\t\t\t\t<div class=\"wp-show-posts-image  wpsp-image-left \">\n\t\t\t<a href=\"https:\/\/www.radlobby.org\/noe\/5-tullner-umwelt-stammtisch-%c2%b7-radlobby-praesentation-zum-alltagsradverkehr\/\"  title=\"5. Tullner Umwelt-Stammtisch \u00b7 Radlobby Pr\u00e4sentation zum Alltagsradverkehr\">\t\t\t\t\t<img decoding=\"async\" src=\"https:\/\/www.radlobby.org\/noe\/wp-content\/uploads\/20221019-Tulln-Umwelt-Stammtisch-A3-Oktober-2022-180x255.jpg\" alt=\"5. Tullner Umwelt-Stammtisch \u00b7 Radlobby Pr\u00e4sentation zum Alltagsradverkehr\" itemprop=\"image\" class=\"left\" \/>\n\t\t\t\t<\/a>\t\t<\/div>\n\t\t\t\t\t\t\t\t<div class=\"wp-show-posts-entry-summary\" itemprop=\"text\">\n\t\t\t\t\t\t\t<p>Die Stadt Tulln und die \u00d6kogruppe Tulln laden zur Diskussion zu Verbesserungen im Radverkehr.<br \/>\nKarl Zauner pr\u00e4sentiert die Vorgangsweise der Radlobby.<\/p>\n\t\t\t\t\t\t<\/div><!-- .entry-summary -->\n\t\t\t\t\t<\/div><!-- wp-show-posts-inner --><\/article><article class=\" wp-show-posts-single post-25191 post type-post status-publish format-standard has-post-thumbnail hentry category-amstetten category-bad-sauerbrunn category-badvoeslau category-baden category-bruck-an-der-leitha category-carnuntum category-deutsch-wagram category-ebreichsdorf category-eichgraben category-enns-donauwinkel category-gaenserndorf category-gmuend category-gross-enzersdorf category-klosterneuburg category-korneuburg category-leithaebene category-melk category-mistelbach category-moedling category-niederoesterreich category-poysdorf category-pressbaum category-purkersdorf category-retzer-land category-schwarzatal category-st-poelten category-stockerau category-tulln category-waidhofenthaya category-waidhofenybbs category-wiener-neustadt category-wolkersdorf category-ybbstal wpsp-col-6\" itemtype=\"http:\/\/schema.org\/CreativeWork\" itemscope><div class=\"wp-show-posts-inner\" style=\"\">\t\t\t\t\t\t<header class=\"wp-show-posts-entry-header\">\n\t\t\t\t\t\t\t<p class=\"wp-show-posts-entry-title\" itemprop=\"headline\"><a href=\"https:\/\/www.radlobby.org\/noe\/klimastreik-in-st-poelten23-sept-2022-%c2%b7-13-30-uhr-bahnhofplatz-st-poelten\/\" rel=\"bookmark\">Klimastreik in St. P\u00f6lten<br>23. Sept. 2022 \u00b7 13.30 Uhr Bahnhofplatz St. P\u00f6lten<\/a><\/p>\t\t\t\t\t\t<\/header><!-- .entry-header -->\n\t\t\t\t\t\t\t<div class=\"wp-show-posts-image  wpsp-image-left \">\n\t\t\t<a href=\"https:\/\/www.radlobby.org\/noe\/klimastreik-in-st-poelten23-sept-2022-%c2%b7-13-30-uhr-bahnhofplatz-st-poelten\/\"  title=\"Klimastreik in St. P\u00f6lten23. Sept. 2022 \u00b7 13.30 Uhr Bahnhofplatz St. P\u00f6lten\">\t\t\t\t\t<img decoding=\"async\" src=\"https:\/\/www.radlobby.org\/noe\/wp-content\/uploads\/20220923-Klimastreik-St.-Poelten-02-180x320.jpg\" alt=\"Klimastreik in St. P\u00f6lten<br>23. Sept. 2022 \u00b7 13.30 Uhr Bahnhofplatz St. P\u00f6lten\" itemprop=\"image\" class=\"left\" \/>\n\t\t\t\t<\/a>\t\t<\/div>\n\t\t\t\t\t\t\t\t<div class=\"wp-show-posts-entry-summary\" itemprop=\"text\">\n\t\t\t\t\t\t\t<p>Fridays for Future Nieder\u00f6sterreich ruft zum Weltweiten Klimastreik. Die Radlobby Nieder\u00f6sterreich unterst\u00fctzt diese Kundgebung.<br \/>\nKommt alle mit euren Fahrr\u00e4dern und Radlobby Fahnen.<\/p>\n\t\t\t\t\t\t<\/div><!-- .entry-summary -->\n\t\t\t\t\t<\/div><!-- wp-show-posts-inner --><\/article><article class=\" wp-show-posts-single post-25290 post type-post status-publish format-standard has-post-thumbnail hentry category-niederoesterreich category-tulln category-radtour wpsp-col-6\" itemtype=\"http:\/\/schema.org\/CreativeWork\" itemscope><div class=\"wp-show-posts-inner\" style=\"\">\t\t\t\t\t\t<header class=\"wp-show-posts-entry-header\">\n\t\t\t\t\t\t\t<p class=\"wp-show-posts-entry-title\" itemprop=\"headline\"><a href=\"https:\/\/www.radlobby.org\/noe\/exkursion-mit-dem-fahrrad-durch-das-suedwestliche-tullnerfeld\/\" rel=\"bookmark\">Samstag, 17. Sept. 2022<br>Exkursion mit dem Fahrrad durch das s\u00fcdwestliche Tullnerfeld<\/a><\/p>\t\t\t\t\t\t<\/header><!-- .entry-header -->\n\t\t\t\t\t\t\t<div class=\"wp-show-posts-image  wpsp-image-left \">\n\t\t\t<a href=\"https:\/\/www.radlobby.org\/noe\/exkursion-mit-dem-fahrrad-durch-das-suedwestliche-tullnerfeld\/\"  title=\"Samstag, 17. Sept. 2022Exkursion mit dem Fahrrad durch das s\u00fcdwestliche Tullnerfeld\">\t\t\t\t\t<img decoding=\"async\" src=\"https:\/\/www.radlobby.org\/noe\/wp-content\/uploads\/Exkursion_Tullnerfeld_17092022-180x107.jpg\" alt=\"Samstag, 17. Sept. 2022<br>Exkursion mit dem Fahrrad durch das s\u00fcdwestliche Tullnerfeld\" itemprop=\"image\" class=\"left\" \/>\n\t\t\t\t<\/a>\t\t<\/div>\n\t\t\t\t\t\t\t\t<div class=\"wp-show-posts-entry-summary\" itemprop=\"text\">\n\t\t\t\t\t\t\t<p>F\u00fchrung: Mag. Helmut Grabherr Sa, 17. September 2022 Treffpunkt um 9:00 Schlossplatz Atzenbrugg Anreise mit dem Fahrrad oder \u203a mit dem Fahrrad in der Bahn&#8230;<\/p>\n\t\t\t\t\t\t<\/div><!-- .entry-summary -->\n\t\t\t\t\t<\/div><!-- wp-show-posts-inner --><\/article><article class=\" wp-show-posts-single post-25015 post type-post status-publish format-standard has-post-thumbnail hentry category-bad-sauerbrunn category-badvoeslau category-baden category-bruck-an-der-leitha category-carnuntum category-deutsch-wagram category-ebreichsdorf category-eichgraben category-enns-donauwinkel category-gaenserndorf category-gmuend category-gross-enzersdorf category-klosterneuburg category-korneuburg category-leithaebene category-melk category-mistelbach category-moedling category-niederoesterreich category-poysdorf category-pressbaum category-purkersdorf category-retzer-land category-schwarzatal category-st-poelten category-stockerau category-tulln category-waidhofenthaya category-waidhofenybbs category-wiener-neustadt category-wolkersdorf wpsp-col-6\" itemtype=\"http:\/\/schema.org\/CreativeWork\" itemscope><div class=\"wp-show-posts-inner\" style=\"\">\t\t\t\t\t\t<header class=\"wp-show-posts-entry-header\">\n\t\t\t\t\t\t\t<p class=\"wp-show-posts-entry-title\" itemprop=\"headline\"><a href=\"https:\/\/www.radlobby.org\/noe\/radlobby-fahrradklima-test-2022\/\" rel=\"bookmark\">Radlobby Fahrradklima-Test 2022<\/a><\/p>\t\t\t\t\t\t<\/header><!-- .entry-header -->\n\t\t\t\t\t\t\t<div class=\"wp-show-posts-image  wpsp-image-left \">\n\t\t\t<a href=\"https:\/\/www.radlobby.org\/noe\/radlobby-fahrradklima-test-2022\/\"  title=\"Radlobby Fahrradklima-Test 2022\">\t\t\t\t\t<img decoding=\"async\" src=\"https:\/\/www.radlobby.org\/noe\/wp-content\/uploads\/2022_fahrradklima-test_webbutton_1200x1200px-180x180.png\" alt=\"Radlobby Fahrradklima-Test 2022\" itemprop=\"image\" class=\"left\" \/>\n\t\t\t\t<\/a>\t\t<\/div>\n\t\t\t\t\t\t\t\t<div class=\"wp-show-posts-entry-summary\" itemprop=\"text\">\n\t\t\t\t\t\t\t<p>Der Radlobby Fahrradklima-Test erfasst die Zufriedenheit mit den Alltagsradrouten in \u00d6sterreich. Vom 1. 9. bis 30. 11. 2022 k\u00f6nnen Radfahrende das Fahrradklima in ihren Gemeinden bewerten.<\/p>\n\t\t\t\t\t\t<\/div><!-- .entry-summary -->\n\t\t\t\t\t<\/div><!-- wp-show-posts-inner --><\/article><article class=\" wp-show-posts-single post-22866 post type-post status-publish format-standard has-post-thumbnail hentry category-klima category-bad-sauerbrunn category-baden category-bruck-an-der-leitha category-carnuntum category-deutsch-wagram category-ebreichsdorf category-eichgraben category-enns-donauwinkel category-gaenserndorf category-gmuend category-klosterneuburg category-korneuburg category-leithaebene category-melk category-mistelbach category-moedling category-niederoesterreich category-poysdorf category-pressbaum category-purkersdorf category-retzer-land category-schwarzatal category-st-poelten category-stockerau category-tulln category-waidhofenthaya category-waidhofenybbs category-wiener-neustadt category-wolkersdorf wpsp-col-6\" itemtype=\"http:\/\/schema.org\/CreativeWork\" itemscope><div class=\"wp-show-posts-inner\" style=\"\">\t\t\t\t\t\t<header class=\"wp-show-posts-entry-header\">\n\t\t\t\t\t\t\t<p class=\"wp-show-posts-entry-title\" itemprop=\"headline\"><a href=\"https:\/\/www.radlobby.org\/noe\/videos-fotos-vom-weltweiten-klimastreik-am-25-maerz-2022-in-st-poelten\/\" rel=\"bookmark\">Videos &#038; Fotos vom Weltweiten Klimastreik am 25. M\u00e4rz 2022 in St. P\u00f6lten<\/a><\/p>\t\t\t\t\t\t<\/header><!-- .entry-header -->\n\t\t\t\t\t\t\t<div class=\"wp-show-posts-image  wpsp-image-left \">\n\t\t\t<a href=\"https:\/\/www.radlobby.org\/noe\/videos-fotos-vom-weltweiten-klimastreik-am-25-maerz-2022-in-st-poelten\/\"  title=\"Videos &#038; Fotos vom Weltweiten Klimastreik am 25. M\u00e4rz 2022 in St. P\u00f6lten\">\t\t\t\t\t<img decoding=\"async\" src=\"https:\/\/www.radlobby.org\/noe\/wp-content\/uploads\/20220325-Weltweiter-Klimastreik-St.-Poelten-FFF-Sujet-596px-180x180.jpg\" alt=\"Videos &#038; Fotos vom Weltweiten Klimastreik am 25. M\u00e4rz 2022 in St. P\u00f6lten\" itemprop=\"image\" class=\"left\" \/>\n\t\t\t\t<\/a>\t\t<\/div>\n\t\t\t\t\t\t\t\t<div class=\"wp-show-posts-entry-summary\" itemprop=\"text\">\n\t\t\t\t\t\t\t<p>Das Land N\u00d6 ist bestimmend, auch f\u00fcr die Bundepolitik. Daher kamen wir aus allen Regionen nach St. P\u00f6lten zum Klimastreik<\/p>\n\t\t\t\t\t\t<\/div><!-- .entry-summary -->\n\t\t\t\t\t<\/div><!-- wp-show-posts-inner --><\/article><article class=\" wp-show-posts-single post-22326 post type-post status-publish format-standard has-post-thumbnail hentry category-klima category-bad-sauerbrunn category-baden category-bruck-an-der-leitha category-carnuntum category-deutsch-wagram category-ebreichsdorf category-eichgraben category-enns-donauwinkel category-gaenserndorf category-gmuend category-klosterneuburg category-korneuburg category-leithaebene category-mistelbach category-moedling category-niederoesterreich category-poysdorf category-pressbaum category-purkersdorf category-retzer-land category-schwarzatal category-st-poelten category-stockerau category-tulln category-waidhofenthaya category-waidhofenybbs category-wiener-neustadt category-wolkersdorf wpsp-col-6\" itemtype=\"http:\/\/schema.org\/CreativeWork\" itemscope><div class=\"wp-show-posts-inner\" style=\"\">\t\t\t\t\t\t<header class=\"wp-show-posts-entry-header\">\n\t\t\t\t\t\t\t<p class=\"wp-show-posts-entry-title\" itemprop=\"headline\"><a href=\"https:\/\/www.radlobby.org\/noe\/25-maerz-radlobby-mitglieder-treffen-nach-dem-klimastreik-in-st-poelten\/\" rel=\"bookmark\">25. M\u00e4rz: Radlobby Mitglieder-Treffen nach dem Klimastreik in St. P\u00f6lten<\/a><\/p>\t\t\t\t\t\t<\/header><!-- .entry-header -->\n\t\t\t\t\t\t\t<div class=\"wp-show-posts-image  wpsp-image-left \">\n\t\t\t<a href=\"https:\/\/www.radlobby.org\/noe\/25-maerz-radlobby-mitglieder-treffen-nach-dem-klimastreik-in-st-poelten\/\"  title=\"25. M\u00e4rz: Radlobby Mitglieder-Treffen nach dem Klimastreik in St. P\u00f6lten\">\t\t\t\t\t<img decoding=\"async\" src=\"https:\/\/www.radlobby.org\/noe\/wp-content\/uploads\/20220325-Flyer-Weltweiter-Klimastreik-A6-02-WEB-2-180x254.jpg\" alt=\"25. M\u00e4rz: Radlobby Mitglieder-Treffen nach dem Klimastreik in St. P\u00f6lten\" itemprop=\"image\" class=\"left\" \/>\n\t\t\t\t<\/a>\t\t<\/div>\n\t\t\t\t\t\t\t\t<div class=\"wp-show-posts-entry-summary\" itemprop=\"text\">\n\t\t\t\t\t\t\t<p>Erstmals ein Wiedersehen und Kennenlernen \u00b7 Radlobby-Treffen im \u201eHaus des Lernens\u201c gleich beim Bahnhof \u00b7 Gro\u00dfes Radlobby Buffet: jeder bringt was mit!<br \/>\nMitglied werden geht vor Ort!<\/p>\n\t\t\t\t\t\t<\/div><!-- .entry-summary -->\n\t\t\t\t\t<\/div><!-- wp-show-posts-inner --><\/article><article class=\" wp-show-posts-single post-22310 post type-post status-publish format-standard has-post-thumbnail hentry category-klima category-bad-sauerbrunn category-baden category-bruck-an-der-leitha category-carnuntum category-deutsch-wagram category-ebreichsdorf category-eichgraben category-enns-donauwinkel category-gaenserndorf category-gmuend category-klosterneuburg category-korneuburg category-leithaebene category-mistelbach category-moedling category-niederoesterreich category-poysdorf category-pressbaum category-purkersdorf category-retzer-land category-schwarzatal category-st-poelten category-stockerau category-tulln category-waidhofenthaya category-waidhofenybbs category-wiener-neustadt category-wolkersdorf wpsp-col-6\" itemtype=\"http:\/\/schema.org\/CreativeWork\" itemscope><div class=\"wp-show-posts-inner\" style=\"\">\t\t\t\t\t\t<header class=\"wp-show-posts-entry-header\">\n\t\t\t\t\t\t\t<p class=\"wp-show-posts-entry-title\" itemprop=\"headline\"><a href=\"https:\/\/www.radlobby.org\/noe\/fridays-for-future-noe-nehmen-landesregierung-in-die-pflicht\/\" rel=\"bookmark\">Fridays for Future N\u00d6 nehmen Landesregierung in die Pflicht<\/a><\/p>\t\t\t\t\t\t<\/header><!-- .entry-header -->\n\t\t\t\t\t\t\t<div class=\"wp-show-posts-image  wpsp-image-left \">\n\t\t\t<a href=\"https:\/\/www.radlobby.org\/noe\/fridays-for-future-noe-nehmen-landesregierung-in-die-pflicht\/\"  title=\"Fridays for Future N\u00d6 nehmen Landesregierung in die Pflicht\">\t\t\t\t\t<img decoding=\"async\" src=\"https:\/\/www.radlobby.org\/noe\/wp-content\/uploads\/Fridays-for-Future-Niederoesterreich-180x180.jpg\" alt=\"Fridays for Future N\u00d6 nehmen Landesregierung in die Pflicht\" itemprop=\"image\" class=\"left\" \/>\n\t\t\t\t<\/a>\t\t<\/div>\n\t\t\t\t\t\t\t\t<div class=\"wp-show-posts-entry-summary\" itemprop=\"text\">\n\t\t\t\t\t\t\t<p>Fridays for Future (FFF) Nieder\u00f6sterreich haben f\u00fcr den weltweiten Klimastreik am 25. M\u00e4rz zu einer Demo in St. P\u00f6lten aufgerufen<\/p>\n\t\t\t\t\t\t<\/div><!-- .entry-summary -->\n\t\t\t\t\t<\/div><!-- wp-show-posts-inner --><\/article><article class=\" wp-show-posts-single post-22022 post type-post status-publish format-standard has-post-thumbnail hentry category-klima category-bad-sauerbrunn category-baden category-bruck-an-der-leitha category-carnuntum category-deutsch-wagram category-ebreichsdorf category-eichgraben category-enns-donauwinkel category-gaenserndorf category-gmuend category-klosterneuburg category-korneuburg category-leithaebene category-mistelbach category-moedling category-niederoesterreich category-poysdorf category-pressbaum category-purkersdorf category-retzer-land category-schwarzatal category-st-poelten category-stockerau category-tulln category-waidhofenthaya category-waidhofenybbs category-wiener-neustadt category-wolkersdorf wpsp-col-6\" itemtype=\"http:\/\/schema.org\/CreativeWork\" itemscope><div class=\"wp-show-posts-inner\" style=\"\">\t\t\t\t\t\t<header class=\"wp-show-posts-entry-header\">\n\t\t\t\t\t\t\t<p class=\"wp-show-posts-entry-title\" itemprop=\"headline\"><a href=\"https:\/\/www.radlobby.org\/noe\/25-maerz-2022-weltweiter-klimastreik-radlobby-noe-unterstuetzt-den-grossen-streik-in-st-poelten\/\" rel=\"bookmark\">25. M\u00e4rz 2022: Weltweiter Klimastreik <br>Radlobby N\u00d6 unterst\u00fctzt den gro\u00dfen Streik in St. P\u00f6lten<\/a><\/p>\t\t\t\t\t\t<\/header><!-- .entry-header -->\n\t\t\t\t\t\t\t<div class=\"wp-show-posts-image  wpsp-image-left \">\n\t\t\t<a href=\"https:\/\/www.radlobby.org\/noe\/25-maerz-2022-weltweiter-klimastreik-radlobby-noe-unterstuetzt-den-grossen-streik-in-st-poelten\/\"  title=\"25. M\u00e4rz 2022: Weltweiter Klimastreik Radlobby N\u00d6 unterst\u00fctzt den gro\u00dfen Streik in St. P\u00f6lten\">\t\t\t\t\t<img decoding=\"async\" src=\"https:\/\/www.radlobby.org\/noe\/wp-content\/uploads\/20220325-Weltweiter-Klimastreik-St.-Poelten-FFF-Sujet-596px-180x180.jpg\" alt=\"25. M\u00e4rz 2022: Weltweiter Klimastreik <br>Radlobby N\u00d6 unterst\u00fctzt den gro\u00dfen Streik in St. P\u00f6lten\" itemprop=\"image\" class=\"left\" \/>\n\t\t\t\t<\/a>\t\t<\/div>\n\t\t\t\t\t\t\t\t<div class=\"wp-show-posts-entry-summary\" itemprop=\"text\">\n\t\t\t\t\t\t\t<p>Das Land N\u00d6 ist bestimmend, auch f\u00fcr die Bundepolitik. Daher kommen wir aus allen Regionen nach St. P\u00f6lten zum Klimastreik<\/p>\n\t\t\t\t\t\t<\/div><!-- .entry-summary -->\n\t\t\t\t\t<\/div><!-- wp-show-posts-inner --><\/article><article class=\" wp-show-posts-single post-21911 post type-post status-publish format-standard has-post-thumbnail hentry category-deutsch-wagram category-gaenserndorf category-korneuburg category-mistelbach category-poysdorf category-tulln category-wolkersdorf wpsp-col-6\" itemtype=\"http:\/\/schema.org\/CreativeWork\" itemscope><div class=\"wp-show-posts-inner\" style=\"\">\t\t\t\t\t\t<header class=\"wp-show-posts-entry-header\">\n\t\t\t\t\t\t\t<p class=\"wp-show-posts-entry-title\" itemprop=\"headline\"><a href=\"https:\/\/www.radlobby.org\/noe\/wolkersdorf-radbazar-2022\/\" rel=\"bookmark\">Radlobby Wolkersdorf Radbazar 2022<\/a><\/p>\t\t\t\t\t\t<\/header><!-- .entry-header -->\n\t\t\t\t\t\t\t<div class=\"wp-show-posts-image  wpsp-image-left \">\n\t\t\t<a href=\"https:\/\/www.radlobby.org\/noe\/wolkersdorf-radbazar-2022\/\"  title=\"Radlobby Wolkersdorf Radbazar 2022\"><img loading=\"lazy\" decoding=\"async\" width=\"150\" height=\"124\" src=\"https:\/\/www.radlobby.org\/noe\/wp-content\/uploads\/Logo_Radlobby_Wolkersdorf_150px.jpg\" class=\"attachment-full size-full wp-post-image\" alt=\"\" itemprop=\"image\" \/><\/a>\t\t<\/div>\n\t\t\t\t\t\t\t\t<div class=\"wp-show-posts-entry-summary\" itemprop=\"text\">\n\t\t\t\t\t\t\t<p>Hier geht&#8217;s gleich zur Online-Anmeldung Radbazar Samstag, 26.3.2022 am Hauptplatz in Wolkersdorf \u00a0(heuer wieder mit Online-Anmeldung): Der Bazar findet gemeinsam mit dem Flohmarkt der Stadtgemeinde&#8230;<\/p>\n\t\t\t\t\t\t<\/div><!-- .entry-summary -->\n\t\t\t\t\t<\/div><!-- wp-show-posts-inner --><\/article><article class=\" wp-show-posts-single post-19530 post type-post status-publish format-standard has-post-thumbnail hentry category-carnuntum category-enns-donauwinkel category-klosterneuburg category-korneuburg category-krems category-melk category-niederoesterreich category-tulln category-radtour tag-infrastruktur tag-verkehrspolitik wpsp-col-6\" itemtype=\"http:\/\/schema.org\/CreativeWork\" itemscope><div class=\"wp-show-posts-inner\" style=\"\">\t\t\t\t\t\t<header class=\"wp-show-posts-entry-header\">\n\t\t\t\t\t\t\t<p class=\"wp-show-posts-entry-title\" itemprop=\"headline\"><a href=\"https:\/\/www.radlobby.org\/noe\/baustellen-und-umleitungsinfos-fuers-radfahren-entlang-der-donau-viadonau-informiert\/\" rel=\"bookmark\">Baustellen- und Umleitungsinfos f\u00fcrs Radfahren entlang der Donau <br>viadonau informiert!<\/a><\/p>\t\t\t\t\t\t<\/header><!-- .entry-header -->\n\t\t\t\t\t\t\t<div class=\"wp-show-posts-image  wpsp-image-left \">\n\t\t\t<a href=\"https:\/\/www.radlobby.org\/noe\/baustellen-und-umleitungsinfos-fuers-radfahren-entlang-der-donau-viadonau-informiert\/\"  title=\"Baustellen- und Umleitungsinfos f\u00fcrs Radfahren entlang der Donau viadonau informiert!\">\t\t\t\t\t<img decoding=\"async\" src=\"https:\/\/www.radlobby.org\/noe\/wp-content\/uploads\/csm_Donauradweg_bei_Schloegen_3s_WGD_Donau_Oberoesterreich_Tourismus_GmbH-Hochhauser_RH18587_86a5f9ba93-180x101.jpg\" alt=\"Baustellen- und Umleitungsinfos f\u00fcrs Radfahren entlang der Donau <br>viadonau informiert!\" itemprop=\"image\" class=\"left\" \/>\n\t\t\t\t<\/a>\t\t<\/div>\n\t\t\t\t\t\t\t\t<div class=\"wp-show-posts-entry-summary\" itemprop=\"text\">\n\t\t\t\t\t\t\t<p>Aktuelle Infos zu Radwegen an der Donau<\/p>\n\t\t\t\t\t\t<\/div><!-- .entry-summary -->\n\t\t\t\t\t<\/div><!-- wp-show-posts-inner --><\/article><div class=\"wpsp-clear\"><\/div><\/section><!-- .wp-show-posts --><div class=\"wpsp-load-more\"><span aria-current=\"page\" class=\"page-numbers current\">1<\/span>\n<a class=\"page-numbers\" href=\"https:\/\/www.radlobby.org\/noe\/wp-json\/wp\/v2\/pages\/326\/page\/2\/\">2<\/a>\n<a class=\"page-numbers\" href=\"https:\/\/www.radlobby.org\/noe\/wp-json\/wp\/v2\/pages\/326\/page\/3\/\">3<\/a>\n<a class=\"next page-numbers\" href=\"https:\/\/www.radlobby.org\/noe\/wp-json\/wp\/v2\/pages\/326\/page\/2\/\">N\u00e4chste &rarr;<\/a><\/div>\n","protected":false},"excerpt":{"rendered":"<p>Seit dem Fr\u00fchjahr 2024 ist die Tullner Radlobby Gruppe wieder aktiv und startet mit frischen Ideen, alten Bekannten und neu aufgestelltem Kernteam voll durch. F\u00fcr das Jahr hat sich das Team neben der lokalen Lobbyarbeit einige konkrete Aktivit\u00e4ten vorgenommen, um<\/p>\n","protected":false},"author":1,"featured_media":0,"parent":0,"menu_order":0,"comment_status":"closed","ping_status":"closed","template":"","meta":{"footnotes":""},"class_list":["post-326","page","type-page","status-publish","hentry"],"yoast_head":"<!-- This site is optimized with the Yoast SEO plugin v26.9 - https:\/\/yoast.com\/product\/yoast-seo-wordpress\/ -->\n<title>Radlobby Tulln - Radlobby Nieder\u00f6sterreich<\/title>\n<meta name=\"robots\" content=\"index, follow, max-snippet:-1, max-image-preview:large, max-video-preview:-1\" \/>\n<link rel=\"canonical\" href=\"https:\/\/www.radlobby.org\/noe\/tulln\/\" \/>\n<meta property=\"og:locale\" content=\"de_DE\" \/>\n<meta property=\"og:type\" content=\"article\" \/>\n<meta property=\"og:title\" content=\"Radlobby Tulln - Radlobby Nieder\u00f6sterreich\" \/>\n<meta property=\"og:description\" content=\"Seit dem Fr\u00fchjahr 2024 ist die Tullner Radlobby Gruppe wieder aktiv und startet mit frischen Ideen, alten Bekannten und neu aufgestelltem Kernteam voll durch. F\u00fcr das Jahr hat sich das Team neben der lokalen Lobbyarbeit einige konkrete Aktivit\u00e4ten vorgenommen, um\" \/>\n<meta property=\"og:url\" content=\"https:\/\/www.radlobby.org\/noe\/tulln\/\" \/>\n<meta property=\"og:site_name\" content=\"Radlobby Nieder\u00f6sterreich\" \/>\n<meta property=\"article:publisher\" content=\"https:\/\/www.facebook.com\/groups\/radfahren.in.noe\/\" \/>\n<meta property=\"article:modified_time\" content=\"2024-06-22T18:22:15+00:00\" \/>\n<meta property=\"og:image\" content=\"https:\/\/www.radlobby.org\/noe\/wp-content\/uploads\/IMG_2162-scaled.jpeg\" \/>\n<meta name=\"twitter:card\" content=\"summary_large_image\" \/>\n<meta name=\"twitter:label1\" content=\"Gesch\u00e4tzte Lesezeit\" \/>\n\t<meta name=\"twitter:data1\" content=\"2\u00a0Minuten\" \/>\n<script type=\"application\/ld+json\" class=\"yoast-schema-graph\">{\"@context\":\"https:\/\/schema.org\",\"@graph\":[{\"@type\":\"WebPage\",\"@id\":\"https:\/\/www.radlobby.org\/noe\/tulln\/\",\"url\":\"https:\/\/www.radlobby.org\/noe\/tulln\/\",\"name\":\"Radlobby Tulln - Radlobby Nieder\u00f6sterreich\",\"isPartOf\":{\"@id\":\"https:\/\/www.radlobby.org\/noe\/#website\"},\"primaryImageOfPage\":{\"@id\":\"https:\/\/www.radlobby.org\/noe\/tulln\/#primaryimage\"},\"image\":{\"@id\":\"https:\/\/www.radlobby.org\/noe\/tulln\/#primaryimage\"},\"thumbnailUrl\":\"https:\/\/www.radlobby.org\/noe\/wp-content\/uploads\/IMG_2162-scaled.jpeg\",\"datePublished\":\"2016-12-04T18:35:04+00:00\",\"dateModified\":\"2024-06-22T18:22:15+00:00\",\"breadcrumb\":{\"@id\":\"https:\/\/www.radlobby.org\/noe\/tulln\/#breadcrumb\"},\"inLanguage\":\"de\",\"potentialAction\":[{\"@type\":\"ReadAction\",\"target\":[\"https:\/\/www.radlobby.org\/noe\/tulln\/\"]}]},{\"@type\":\"ImageObject\",\"inLanguage\":\"de\",\"@id\":\"https:\/\/www.radlobby.org\/noe\/tulln\/#primaryimage\",\"url\":\"https:\/\/www.radlobby.org\/noe\/wp-content\/uploads\/IMG_2162-scaled.jpeg\",\"contentUrl\":\"https:\/\/www.radlobby.org\/noe\/wp-content\/uploads\/IMG_2162-scaled.jpeg\",\"width\":2560,\"height\":1707},{\"@type\":\"BreadcrumbList\",\"@id\":\"https:\/\/www.radlobby.org\/noe\/tulln\/#breadcrumb\",\"itemListElement\":[{\"@type\":\"ListItem\",\"position\":1,\"name\":\"Startseite\",\"item\":\"https:\/\/www.radlobby.org\/noe\/\"},{\"@type\":\"ListItem\",\"position\":2,\"name\":\"Radlobby Tulln\"}]},{\"@type\":\"WebSite\",\"@id\":\"https:\/\/www.radlobby.org\/noe\/#website\",\"url\":\"https:\/\/www.radlobby.org\/noe\/\",\"name\":\"Radlobby Nieder\u00f6sterreich\",\"description\":\"Radverkehr, Fahrrad, Radfahren, Radreisen, Radtouren, Radweg\",\"publisher\":{\"@id\":\"https:\/\/www.radlobby.org\/noe\/#organization\"},\"potentialAction\":[{\"@type\":\"SearchAction\",\"target\":{\"@type\":\"EntryPoint\",\"urlTemplate\":\"https:\/\/www.radlobby.org\/noe\/?s={search_term_string}\"},\"query-input\":{\"@type\":\"PropertyValueSpecification\",\"valueRequired\":true,\"valueName\":\"search_term_string\"}}],\"inLanguage\":\"de\"},{\"@type\":\"Organization\",\"@id\":\"https:\/\/www.radlobby.org\/noe\/#organization\",\"name\":\"Radlobby Nieder\u00f6sterreich\",\"url\":\"https:\/\/www.radlobby.org\/noe\/\",\"logo\":{\"@type\":\"ImageObject\",\"inLanguage\":\"de\",\"@id\":\"https:\/\/www.radlobby.org\/noe\/#\/schema\/logo\/image\/\",\"url\":\"https:\/\/www.radlobby.org\/noe\/wp-content\/uploads\/2017\/01\/cropped-Logo_Radlobby_Niederoesterreich_50-400px_quer-1.jpg\",\"contentUrl\":\"https:\/\/www.radlobby.org\/noe\/wp-content\/uploads\/2017\/01\/cropped-Logo_Radlobby_Niederoesterreich_50-400px_quer-1.jpg\",\"width\":450,\"height\":124,\"caption\":\"Radlobby Nieder\u00f6sterreich\"},\"image\":{\"@id\":\"https:\/\/www.radlobby.org\/noe\/#\/schema\/logo\/image\/\"},\"sameAs\":[\"https:\/\/www.facebook.com\/groups\/radfahren.in.noe\/\"]}]}<\/script>\n<!-- \/ Yoast SEO plugin. -->","yoast_head_json":{"title":"Radlobby Tulln - Radlobby Nieder\u00f6sterreich","robots":{"index":"index","follow":"follow","max-snippet":"max-snippet:-1","max-image-preview":"max-image-preview:large","max-video-preview":"max-video-preview:-1"},"canonical":"https:\/\/www.radlobby.org\/noe\/tulln\/","og_locale":"de_DE","og_type":"article","og_title":"Radlobby Tulln - Radlobby Nieder\u00f6sterreich","og_description":"Seit dem Fr\u00fchjahr 2024 ist die Tullner Radlobby Gruppe wieder aktiv und startet mit frischen Ideen, alten Bekannten und neu aufgestelltem Kernteam voll durch. F\u00fcr das Jahr hat sich das Team neben der lokalen Lobbyarbeit einige konkrete Aktivit\u00e4ten vorgenommen, um","og_url":"https:\/\/www.radlobby.org\/noe\/tulln\/","og_site_name":"Radlobby Nieder\u00f6sterreich","article_publisher":"https:\/\/www.facebook.com\/groups\/radfahren.in.noe\/","article_modified_time":"2024-06-22T18:22:15+00:00","og_image":[{"url":"https:\/\/www.radlobby.org\/noe\/wp-content\/uploads\/IMG_2162-scaled.jpeg","type":"","width":"","height":""}],"twitter_card":"summary_large_image","twitter_misc":{"Gesch\u00e4tzte Lesezeit":"2\u00a0Minuten"},"schema":{"@context":"https:\/\/schema.org","@graph":[{"@type":"WebPage","@id":"https:\/\/www.radlobby.org\/noe\/tulln\/","url":"https:\/\/www.radlobby.org\/noe\/tulln\/","name":"Radlobby Tulln - Radlobby Nieder\u00f6sterreich","isPartOf":{"@id":"https:\/\/www.radlobby.org\/noe\/#website"},"primaryImageOfPage":{"@id":"https:\/\/www.radlobby.org\/noe\/tulln\/#primaryimage"},"image":{"@id":"https:\/\/www.radlobby.org\/noe\/tulln\/#primaryimage"},"thumbnailUrl":"https:\/\/www.radlobby.org\/noe\/wp-content\/uploads\/IMG_2162-scaled.jpeg","datePublished":"2016-12-04T18:35:04+00:00","dateModified":"2024-06-22T18:22:15+00:00","breadcrumb":{"@id":"https:\/\/www.radlobby.org\/noe\/tulln\/#breadcrumb"},"inLanguage":"de","potentialAction":[{"@type":"ReadAction","target":["https:\/\/www.radlobby.org\/noe\/tulln\/"]}]},{"@type":"ImageObject","inLanguage":"de","@id":"https:\/\/www.radlobby.org\/noe\/tulln\/#primaryimage","url":"https:\/\/www.radlobby.org\/noe\/wp-content\/uploads\/IMG_2162-scaled.jpeg","contentUrl":"https:\/\/www.radlobby.org\/noe\/wp-content\/uploads\/IMG_2162-scaled.jpeg","width":2560,"height":1707},{"@type":"BreadcrumbList","@id":"https:\/\/www.radlobby.org\/noe\/tulln\/#breadcrumb","itemListElement":[{"@type":"ListItem","position":1,"name":"Startseite","item":"https:\/\/www.radlobby.org\/noe\/"},{"@type":"ListItem","position":2,"name":"Radlobby Tulln"}]},{"@type":"WebSite","@id":"https:\/\/www.radlobby.org\/noe\/#website","url":"https:\/\/www.radlobby.org\/noe\/","name":"Radlobby Nieder\u00f6sterreich","description":"Radverkehr, Fahrrad, Radfahren, Radreisen, Radtouren, Radweg","publisher":{"@id":"https:\/\/www.radlobby.org\/noe\/#organization"},"potentialAction":[{"@type":"SearchAction","target":{"@type":"EntryPoint","urlTemplate":"https:\/\/www.radlobby.org\/noe\/?s={search_term_string}"},"query-input":{"@type":"PropertyValueSpecification","valueRequired":true,"valueName":"search_term_string"}}],"inLanguage":"de"},{"@type":"Organization","@id":"https:\/\/www.radlobby.org\/noe\/#organization","name":"Radlobby Nieder\u00f6sterreich","url":"https:\/\/www.radlobby.org\/noe\/","logo":{"@type":"ImageObject","inLanguage":"de","@id":"https:\/\/www.radlobby.org\/noe\/#\/schema\/logo\/image\/","url":"https:\/\/www.radlobby.org\/noe\/wp-content\/uploads\/2017\/01\/cropped-Logo_Radlobby_Niederoesterreich_50-400px_quer-1.jpg","contentUrl":"https:\/\/www.radlobby.org\/noe\/wp-content\/uploads\/2017\/01\/cropped-Logo_Radlobby_Niederoesterreich_50-400px_quer-1.jpg","width":450,"height":124,"caption":"Radlobby Nieder\u00f6sterreich"},"image":{"@id":"https:\/\/www.radlobby.org\/noe\/#\/schema\/logo\/image\/"},"sameAs":["https:\/\/www.facebook.com\/groups\/radfahren.in.noe\/"]}]}},"_links":{"self":[{"href":"https:\/\/www.radlobby.org\/noe\/wp-json\/wp\/v2\/pages\/326","targetHints":{"allow":["GET"]}}],"collection":[{"href":"https:\/\/www.radlobby.org\/noe\/wp-json\/wp\/v2\/pages"}],"about":[{"href":"https:\/\/www.radlobby.org\/noe\/wp-json\/wp\/v2\/types\/page"}],"author":[{"embeddable":true,"href":"https:\/\/www.radlobby.org\/noe\/wp-json\/wp\/v2\/users\/1"}],"replies":[{"embeddable":true,"href":"https:\/\/www.radlobby.org\/noe\/wp-json\/wp\/v2\/comments?post=326"}],"version-history":[{"count":4,"href":"https:\/\/www.radlobby.org\/noe\/wp-json\/wp\/v2\/pages\/326\/revisions"}],"predecessor-version":[{"id":35842,"href":"https:\/\/www.radlobby.org\/noe\/wp-json\/wp\/v2\/pages\/326\/revisions\/35842"}],"wp:attachment":[{"href":"https:\/\/www.radlobby.org\/noe\/wp-json\/wp\/v2\/media?parent=326"}],"curies":[{"name":"wp","href":"https:\/\/api.w.org\/{rel}","templated":true}]}}