{"id":322,"date":"2016-12-04T19:31:27","date_gmt":"2016-12-04T18:31:27","guid":{"rendered":"http:\/\/www.radlobby.org\/noe\/?page_id=322"},"modified":"2021-12-15T10:29:40","modified_gmt":"2021-12-15T09:29:40","slug":"mistelbach","status":"publish","type":"page","link":"https:\/\/www.radlobby.org\/noe\/mistelbach\/","title":{"rendered":"Radlobby Mistelbach"},"content":{"rendered":"<p>Du erledigst Alltagswege gerne mit dem Rad?<br \/>\nDu hast gute Vorschl\u00e4ge, wie wir Radfahren in und um Mistelbach attraktiver gestalten k\u00f6nnen?<br \/>\nDu hast interessante Ideen, wie Radfahrer in unserer Region sichtbarer werden?<\/p>\n<p>Wir freuen uns, wenn du die Radlobby Mistelbach mit deinen Beitr\u00e4gen unterst\u00fctzt! Gemeinsam sind wir st\u00e4rker!<\/p>\n<p><img loading=\"lazy\" decoding=\"async\" class=\" wp-image-21327 alignleft\" src=\"https:\/\/www.radlobby.org\/noe\/wp-content\/uploads\/Franziska-Denner-mit-Fahrrad-300x249.jpg\" alt=\"\" width=\"184\" height=\"153\" srcset=\"https:\/\/www.radlobby.org\/noe\/wp-content\/uploads\/Franziska-Denner-mit-Fahrrad-300x249.jpg 300w, https:\/\/www.radlobby.org\/noe\/wp-content\/uploads\/Franziska-Denner-mit-Fahrrad-768x637.jpg 768w, https:\/\/www.radlobby.org\/noe\/wp-content\/uploads\/Franziska-Denner-mit-Fahrrad-1536x1273.jpg 1536w, https:\/\/www.radlobby.org\/noe\/wp-content\/uploads\/Franziska-Denner-mit-Fahrrad-2048x1698.jpg 2048w\" sizes=\"auto, (max-width: 184px) 100vw, 184px\" \/><strong>Kontakt:<\/strong><br \/>\nMag. Franziska Denner<br \/>\nSprecherin der Radlobby Mistelbach<br \/>\nE-Mail: franziska.denner@radlobby.at<br \/>\nTel: 0650 4220480<\/p>\n<p>&nbsp;<\/p>\n<h4><\/h4>\n<h4>Aktuelle Infos aus Mistelbach<\/h4>\n<style>.wp-show-posts-columns#wpsp-5664 {margin-left: -2em; }.wp-show-posts-columns#wpsp-5664 .wp-show-posts-inner {margin: 0 0 2em 2em; }<\/style><section id=\"wpsp-5664\" class=\" wp-show-posts-columns wp-show-posts\" style=\"\"><article class=\" wp-show-posts-single post-41259 post type-post status-publish format-standard has-post-thumbnail hentry category-deutsch-wagram category-korneuburg category-mistelbach category-niederoesterreich category-wolkersdorf tag-radparade tag-wolkersdorf wpsp-col-6\" itemtype=\"http:\/\/schema.org\/CreativeWork\" itemscope><div class=\"wp-show-posts-inner\" style=\"\">\t\t\t\t\t\t<header class=\"wp-show-posts-entry-header\">\n\t\t\t\t\t\t\t<p class=\"wp-show-posts-entry-title\" itemprop=\"headline\"><a href=\"https:\/\/www.radlobby.org\/noe\/7-wolkersdorfer-radparade\/\" rel=\"bookmark\">7. Wolkersdorfer RADpaRADe<\/a><\/p>\t\t\t\t\t\t<\/header><!-- .entry-header -->\n\t\t\t\t\t\t\t<div class=\"wp-show-posts-image  wpsp-image-left \">\n\t\t\t<a href=\"https:\/\/www.radlobby.org\/noe\/7-wolkersdorfer-radparade\/\"  title=\"7. Wolkersdorfer RADpaRADe\">\t\t\t\t\t<img decoding=\"async\" src=\"https:\/\/www.radlobby.org\/noe\/wp-content\/uploads\/6_Radparade_Wodo_9-180x135.jpg\" alt=\"7. Wolkersdorfer RADpaRADe\" itemprop=\"image\" class=\"left\" \/>\n\t\t\t\t<\/a>\t\t<\/div>\n\t\t\t\t\t\t\t\t<div class=\"wp-show-posts-entry-summary\" itemprop=\"text\">\n\t\t\t\t\t\t\t<p>Setzen wir wieder gemeinsam ein Zeichen, dass der \u00f6ffentliche Raum \u2013 dazu z\u00e4hlen vor allem auch die Stra\u00dfen \u2013 uns allen geh\u00f6rt. Eingeladen sind nat\u00fcrlich&#8230;<\/p>\n\t\t\t\t\t\t<\/div><!-- .entry-summary -->\n\t\t\t\t\t<\/div><!-- wp-show-posts-inner --><\/article><article class=\" wp-show-posts-single post-41216 post type-post status-publish format-standard has-post-thumbnail hentry category-mistelbach category-poysdorf category-wolkersdorf tag-bikefestival-2026 tag-radparade tag-radparade-2026 wpsp-col-6\" itemtype=\"http:\/\/schema.org\/CreativeWork\" itemscope><div class=\"wp-show-posts-inner\" style=\"\">\t\t\t\t\t\t<header class=\"wp-show-posts-entry-header\">\n\t\t\t\t\t\t\t<p class=\"wp-show-posts-entry-title\" itemprop=\"headline\"><a href=\"https:\/\/www.radlobby.org\/noe\/radeln-zur-radparade-2026-wodo\/\" rel=\"bookmark\">Wir radeln zur Wiener RADpaRADe am Sonntag, den 29.3.2026<\/a><\/p>\t\t\t\t\t\t<\/header><!-- .entry-header -->\n\t\t\t\t\t\t\t<div class=\"wp-show-posts-image  wpsp-image-left \">\n\t\t\t<a href=\"https:\/\/www.radlobby.org\/noe\/radeln-zur-radparade-2026-wodo\/\"  title=\"Wir radeln zur Wiener RADpaRADe am Sonntag, den 29.3.2026\">\t\t\t\t\t<img decoding=\"async\" src=\"https:\/\/www.radlobby.org\/noe\/wp-content\/uploads\/Radparade_Wien_2025_6-1-180x135.jpg\" alt=\"Wir radeln zur Wiener RADpaRADe am Sonntag, den 29.3.2026\" itemprop=\"image\" class=\"left\" \/>\n\t\t\t\t<\/a>\t\t<\/div>\n\t\t\t\t\t\t\t\t<div class=\"wp-show-posts-entry-summary\" itemprop=\"text\">\n\t\t\t\t\t\t\t<p>Was ist die RADpaRADe? Die RADpaRADe ist ein gemeinsamer Fahrradumzug in Wien. Die Stra\u00dfen sind frei von Autoverkehr, Musik und gute Stimmung runden die gemeinsame&#8230;<\/p>\n\t\t\t\t\t\t<\/div><!-- .entry-summary -->\n\t\t\t\t\t<\/div><!-- wp-show-posts-inner --><\/article><article class=\" wp-show-posts-single post-41170 post type-post status-publish format-standard has-post-thumbnail hentry category-deutsch-wagram category-gaenserndorf category-gross-enzersdorf category-korneuburg category-mistelbach category-poysdorf category-stockerau category-tulln category-wolkersdorf wpsp-col-6\" itemtype=\"http:\/\/schema.org\/CreativeWork\" itemscope><div class=\"wp-show-posts-inner\" style=\"\">\t\t\t\t\t\t<header class=\"wp-show-posts-entry-header\">\n\t\t\t\t\t\t\t<p class=\"wp-show-posts-entry-title\" itemprop=\"headline\"><a href=\"https:\/\/www.radlobby.org\/noe\/wolkersdorf-radbazar\/\" rel=\"bookmark\">Radlobby Wolkersdorf Radbazar 2026<\/a><\/p>\t\t\t\t\t\t<\/header><!-- .entry-header -->\n\t\t\t\t\t\t\t<div class=\"wp-show-posts-image  wpsp-image-left \">\n\t\t\t<a href=\"https:\/\/www.radlobby.org\/noe\/wolkersdorf-radbazar\/\"  title=\"Radlobby Wolkersdorf Radbazar 2026\">\t\t\t\t\t<img decoding=\"async\" src=\"https:\/\/www.radlobby.org\/noe\/wp-content\/uploads\/2023_Radbazar_Wolkersdorf_05-180x138.jpg\" alt=\"Radlobby Wolkersdorf Radbazar 2026\" itemprop=\"image\" class=\"left\" \/>\n\t\t\t\t<\/a>\t\t<\/div>\n\t\t\t\t\t\t\t\t<div class=\"wp-show-posts-entry-summary\" itemprop=\"text\">\n\t\t\t\t\t\t\t<p>Hier geht&#8217;s gleich zur Online-Anmeldung &nbsp; Radbazar Samstag, 21.3.2026 am Hauptplatz in Wolkersdorf \u00a0(heuer wieder mit Online-Anmeldung): Der Bazar findet gemeinsam mit dem Flohmarkt der&#8230;<\/p>\n\t\t\t\t\t\t<\/div><!-- .entry-summary -->\n\t\t\t\t\t<\/div><!-- wp-show-posts-inner --><\/article><article class=\" wp-show-posts-single post-40619 post type-post status-publish format-standard has-post-thumbnail hentry category-mistelbach category-moedling category-niederoesterreich category-wiener-neustadt wpsp-col-6\" itemtype=\"http:\/\/schema.org\/CreativeWork\" itemscope><div class=\"wp-show-posts-inner\" style=\"\">\t\t\t\t\t\t<header class=\"wp-show-posts-entry-header\">\n\t\t\t\t\t\t\t<p class=\"wp-show-posts-entry-title\" itemprop=\"headline\"><a href=\"https:\/\/www.radlobby.org\/noe\/radlobby-herbstakademie-2025-in-salzburg\/\" rel=\"bookmark\">Radlobby-Herbstakademie 2025 in Salzburg<\/a><\/p>\t\t\t\t\t\t<\/header><!-- .entry-header -->\n\t\t\t\t\t\t\t<div class=\"wp-show-posts-image  wpsp-image-left \">\n\t\t\t<a href=\"https:\/\/www.radlobby.org\/noe\/radlobby-herbstakademie-2025-in-salzburg\/\"  title=\"Radlobby-Herbstakademie 2025 in Salzburg\">\t\t\t\t\t<img decoding=\"async\" src=\"https:\/\/www.radlobby.org\/noe\/wp-content\/uploads\/20251116_131527-180x101.jpg\" alt=\"Radlobby-Herbstakademie 2025 in Salzburg\" itemprop=\"image\" class=\"left\" \/>\n\t\t\t\t<\/a>\t\t<\/div>\n\t\t\t\t\t\t\t\t<div class=\"wp-show-posts-entry-summary\" itemprop=\"text\">\n\t\t\t\t\t\t\t<p>Die j\u00e4hrliche Radlobby-Herbstakademie 2025 fand heuer &#8211; bestens organisiert und sehr gut besucht &#8211; im Bildungshaus St. Virgil in Salzburg statt. Auch die Nieder\u00f6sterreichischen Orts-&#8230;<\/p>\n\t\t\t\t\t\t<\/div><!-- .entry-summary -->\n\t\t\t\t\t<\/div><!-- wp-show-posts-inner --><\/article><article class=\" wp-show-posts-single post-38425 post type-post status-publish format-standard has-post-thumbnail hentry category-deutsch-wagram category-korneuburg category-mistelbach category-niederoesterreich category-wolkersdorf tag-radparade tag-wolkersdorf wpsp-col-6\" itemtype=\"http:\/\/schema.org\/CreativeWork\" itemscope><div class=\"wp-show-posts-inner\" style=\"\">\t\t\t\t\t\t<header class=\"wp-show-posts-entry-header\">\n\t\t\t\t\t\t\t<p class=\"wp-show-posts-entry-title\" itemprop=\"headline\"><a href=\"https:\/\/www.radlobby.org\/noe\/6-wolkersdorfer-radparade\/\" rel=\"bookmark\">6. Wolkersdorfer RADpaRADe<\/a><\/p>\t\t\t\t\t\t<\/header><!-- .entry-header -->\n\t\t\t\t\t\t\t<div class=\"wp-show-posts-image  wpsp-image-left \">\n\t\t\t<a href=\"https:\/\/www.radlobby.org\/noe\/6-wolkersdorfer-radparade\/\"  title=\"6. Wolkersdorfer RADpaRADe\">\t\t\t\t\t<img decoding=\"async\" src=\"https:\/\/www.radlobby.org\/noe\/wp-content\/uploads\/2022_Radparade_68-180x119.jpg\" alt=\"6. Wolkersdorfer RADpaRADe\" itemprop=\"image\" class=\"left\" \/>\n\t\t\t\t<\/a>\t\t<\/div>\n\t\t\t\t\t\t\t\t<div class=\"wp-show-posts-entry-summary\" itemprop=\"text\">\n\t\t\t\t\t\t\t<p>Setzen wir wieder gemeinsam ein Zeichen, dass der \u00f6ffentliche Raum \u2013 dazu z\u00e4hlen vor allem auch die Stra\u00dfen \u2013 uns allen geh\u00f6rt. Start: 24. Mai&#8230;<\/p>\n\t\t\t\t\t\t<\/div><!-- .entry-summary -->\n\t\t\t\t\t<\/div><!-- wp-show-posts-inner --><\/article><article class=\" wp-show-posts-single post-38040 post type-post status-publish format-standard has-post-thumbnail hentry category-deutsch-wagram category-gaenserndorf category-gross-enzersdorf category-korneuburg category-mistelbach category-poysdorf category-stockerau category-tulln category-wolkersdorf wpsp-col-6\" itemtype=\"http:\/\/schema.org\/CreativeWork\" itemscope><div class=\"wp-show-posts-inner\" style=\"\">\t\t\t\t\t\t<header class=\"wp-show-posts-entry-header\">\n\t\t\t\t\t\t\t<p class=\"wp-show-posts-entry-title\" itemprop=\"headline\"><a href=\"https:\/\/www.radlobby.org\/noe\/wolkersdorf-radbazar25\/\" rel=\"bookmark\">Radlobby Wolkersdorf Radbazar 2025<\/a><\/p>\t\t\t\t\t\t<\/header><!-- .entry-header -->\n\t\t\t\t\t\t\t<div class=\"wp-show-posts-image  wpsp-image-left \">\n\t\t\t<a href=\"https:\/\/www.radlobby.org\/noe\/wolkersdorf-radbazar25\/\"  title=\"Radlobby Wolkersdorf Radbazar 2025\">\t\t\t\t\t<img decoding=\"async\" src=\"https:\/\/www.radlobby.org\/noe\/wp-content\/uploads\/2023_Radbazar_Wolkersdorf_05-180x138.jpg\" alt=\"Radlobby Wolkersdorf Radbazar 2025\" itemprop=\"image\" class=\"left\" \/>\n\t\t\t\t<\/a>\t\t<\/div>\n\t\t\t\t\t\t\t\t<div class=\"wp-show-posts-entry-summary\" itemprop=\"text\">\n\t\t\t\t\t\t\t<p>&nbsp; Hier geht&#8217;s gleich zur Online-Anmeldung Radbazar Samstag, 12.4.2025 am Hauptplatz in Wolkersdorf \u00a0(heuer wieder mit Online-Anmeldung): Der Bazar findet gemeinsam mit dem Flohmarkt der&#8230;<\/p>\n\t\t\t\t\t\t<\/div><!-- .entry-summary -->\n\t\t\t\t\t<\/div><!-- wp-show-posts-inner --><\/article><article class=\" wp-show-posts-single post-38048 post type-post status-publish format-standard has-post-thumbnail hentry category-mistelbach category-poysdorf category-wolkersdorf tag-radparade wpsp-col-6\" itemtype=\"http:\/\/schema.org\/CreativeWork\" itemscope><div class=\"wp-show-posts-inner\" style=\"\">\t\t\t\t\t\t<header class=\"wp-show-posts-entry-header\">\n\t\t\t\t\t\t\t<p class=\"wp-show-posts-entry-title\" itemprop=\"headline\"><a href=\"https:\/\/www.radlobby.org\/noe\/radeln-zur-radparade-2025-wodo\/\" rel=\"bookmark\">Wir radeln zur Wiener RADpaRADe am Sonntag, den 13.4.2025<\/a><\/p>\t\t\t\t\t\t<\/header><!-- .entry-header -->\n\t\t\t\t\t\t\t<div class=\"wp-show-posts-image  wpsp-image-left \">\n\t\t\t<a href=\"https:\/\/www.radlobby.org\/noe\/radeln-zur-radparade-2025-wodo\/\"  title=\"Wir radeln zur Wiener RADpaRADe am Sonntag, den 13.4.2025\">\t\t\t\t\t<img decoding=\"async\" src=\"https:\/\/www.radlobby.org\/noe\/wp-content\/uploads\/2022_Radparade_Wien_11-180x135.jpg\" alt=\"Wir radeln zur Wiener RADpaRADe am Sonntag, den 13.4.2025\" itemprop=\"image\" class=\"left\" \/>\n\t\t\t\t<\/a>\t\t<\/div>\n\t\t\t\t\t\t\t\t<div class=\"wp-show-posts-entry-summary\" itemprop=\"text\">\n\t\t\t\t\t\t\t<p>Was ist die RADpaRADe? Die RADpaRADe ist ein gemeinsamer Fahrradumzug in Wien. Die Stra\u00dfen sind frei von Autoverkehr, Musik und gute Stimmung runden die gemeinsame&#8230;<\/p>\n\t\t\t\t\t\t<\/div><!-- .entry-summary -->\n\t\t\t\t\t<\/div><!-- wp-show-posts-inner --><\/article><article class=\" wp-show-posts-single post-36831 post type-post status-publish format-standard has-post-thumbnail hentry category-deutsch-wagram category-korneuburg category-mistelbach category-wolkersdorf tag-tage-der-offenen-ateliers tag-zur-kunst-radeln wpsp-col-6\" itemtype=\"http:\/\/schema.org\/CreativeWork\" itemscope><div class=\"wp-show-posts-inner\" style=\"\">\t\t\t\t\t\t<header class=\"wp-show-posts-entry-header\">\n\t\t\t\t\t\t\t<p class=\"wp-show-posts-entry-title\" itemprop=\"headline\"><a href=\"https:\/\/www.radlobby.org\/noe\/gemeinsam-zur-kunst-radeln\/\" rel=\"bookmark\">Gemeinsam zur Kunst radeln<\/a><\/p>\t\t\t\t\t\t<\/header><!-- .entry-header -->\n\t\t\t\t\t\t\t<div class=\"wp-show-posts-image  wpsp-image-left \">\n\t\t\t<a href=\"https:\/\/www.radlobby.org\/noe\/gemeinsam-zur-kunst-radeln\/\"  title=\"Gemeinsam zur Kunst radeln\">\t\t\t\t\t<img decoding=\"async\" src=\"https:\/\/www.radlobby.org\/noe\/wp-content\/uploads\/FahrradundBlaetter-180x120.jpg\" alt=\"Gemeinsam zur Kunst radeln\" itemprop=\"image\" class=\"left\" \/>\n\t\t\t\t<\/a>\t\t<\/div>\n\t\t\t\t\t\t\t\t<div class=\"wp-show-posts-entry-summary\" itemprop=\"text\">\n\t\t\t\t\t\t\t<p>Tage der offenen Ateliers Am 19. und 20. Oktober finden wieder die Tage der offenen Ateliers in Nieder\u00f6sterreich statt. Die Radlobby hat schon in den&#8230;<\/p>\n\t\t\t\t\t\t<\/div><!-- .entry-summary -->\n\t\t\t\t\t<\/div><!-- wp-show-posts-inner --><\/article><article class=\" wp-show-posts-single post-33668 post type-post status-publish format-standard has-post-thumbnail hentry category-deutsch-wagram category-korneuburg category-mistelbach category-niederoesterreich category-wolkersdorf tag-radfest tag-radparade tag-wolkersdorf wpsp-col-6\" itemtype=\"http:\/\/schema.org\/CreativeWork\" itemscope><div class=\"wp-show-posts-inner\" style=\"\">\t\t\t\t\t\t<header class=\"wp-show-posts-entry-header\">\n\t\t\t\t\t\t\t<p class=\"wp-show-posts-entry-title\" itemprop=\"headline\"><a href=\"https:\/\/www.radlobby.org\/noe\/5-wolkersdorfer-radparade\/\" rel=\"bookmark\">RADpaRADe und RADfest &#8211; Kind und Kegel radelt und feiert mit<\/a><\/p>\t\t\t\t\t\t<\/header><!-- .entry-header -->\n\t\t\t\t\t\t\t<div class=\"wp-show-posts-image  wpsp-image-left \">\n\t\t\t<a href=\"https:\/\/www.radlobby.org\/noe\/5-wolkersdorfer-radparade\/\"  title=\"RADpaRADe und RADfest &#8211; Kind und Kegel radelt und feiert mit\">\t\t\t\t\t<img decoding=\"async\" src=\"https:\/\/www.radlobby.org\/noe\/wp-content\/uploads\/2024_Radparade_Fest_Plakat_Wolkersdorf_2-rotated-180x255.jpg\" alt=\"RADpaRADe und RADfest &#8211; Kind und Kegel radelt und feiert mit\" itemprop=\"image\" class=\"left\" \/>\n\t\t\t\t<\/a>\t\t<\/div>\n\t\t\t\t\t\t\t\t<div class=\"wp-show-posts-entry-summary\" itemprop=\"text\">\n\t\t\t\t\t\t\t<p>5. Wolkersdorfer RADpaRADe Unter dem Moto &#8220;Kind und Kegel&#8221; sind alle dazu aufgerufen zu zeigen, wer und was alles auf unseren Stra\u00dfen Platz ben\u00f6tigt. Schnappt&#8230;<\/p>\n\t\t\t\t\t\t<\/div><!-- .entry-summary -->\n\t\t\t\t\t<\/div><!-- wp-show-posts-inner --><\/article><article class=\" wp-show-posts-single post-33664 post type-post status-publish format-standard has-post-thumbnail hentry category-mistelbach category-poysdorf category-wolkersdorf tag-radparade wpsp-col-6\" itemtype=\"http:\/\/schema.org\/CreativeWork\" itemscope><div class=\"wp-show-posts-inner\" style=\"\">\t\t\t\t\t\t<header class=\"wp-show-posts-entry-header\">\n\t\t\t\t\t\t\t<p class=\"wp-show-posts-entry-title\" itemprop=\"headline\"><a href=\"https:\/\/www.radlobby.org\/noe\/radeln-zur-radparade-2024-wodo\/\" rel=\"bookmark\">Wir radeln zur Wiener RADpaRADe am Sonntag, den 14.4.2024<\/a><\/p>\t\t\t\t\t\t<\/header><!-- .entry-header -->\n\t\t\t\t\t\t\t<div class=\"wp-show-posts-image  wpsp-image-left \">\n\t\t\t<a href=\"https:\/\/www.radlobby.org\/noe\/radeln-zur-radparade-2024-wodo\/\"  title=\"Wir radeln zur Wiener RADpaRADe am Sonntag, den 14.4.2024\">\t\t\t\t\t<img decoding=\"async\" src=\"https:\/\/www.radlobby.org\/noe\/wp-content\/uploads\/2022_Radparade_Wien_11-180x135.jpg\" alt=\"Wir radeln zur Wiener RADpaRADe am Sonntag, den 14.4.2024\" itemprop=\"image\" class=\"left\" \/>\n\t\t\t\t<\/a>\t\t<\/div>\n\t\t\t\t\t\t\t\t<div class=\"wp-show-posts-entry-summary\" itemprop=\"text\">\n\t\t\t\t\t\t\t<p>Was ist die RADpaRADe? Die RADpaRADe ist ein gemeinsamer Fahrradumzug in Wien. Die Stra\u00dfen sind frei von Autoverkehr, Musik und gute Stimmung runden die gemeinsame&#8230;<\/p>\n\t\t\t\t\t\t<\/div><!-- .entry-summary -->\n\t\t\t\t\t<\/div><!-- wp-show-posts-inner --><\/article><article class=\" wp-show-posts-single post-33742 post type-post status-publish format-standard has-post-thumbnail hentry category-deutsch-wagram category-gaenserndorf category-gross-enzersdorf category-korneuburg category-mistelbach category-poysdorf category-stockerau category-tulln category-wolkersdorf wpsp-col-6\" itemtype=\"http:\/\/schema.org\/CreativeWork\" itemscope><div class=\"wp-show-posts-inner\" style=\"\">\t\t\t\t\t\t<header class=\"wp-show-posts-entry-header\">\n\t\t\t\t\t\t\t<p class=\"wp-show-posts-entry-title\" itemprop=\"headline\"><a href=\"https:\/\/www.radlobby.org\/noe\/wolkersdorf-radbazar24\/\" rel=\"bookmark\">Radlobby Wolkersdorf Radbazar 2024<\/a><\/p>\t\t\t\t\t\t<\/header><!-- .entry-header -->\n\t\t\t\t\t\t\t<div class=\"wp-show-posts-image  wpsp-image-left \">\n\t\t\t<a href=\"https:\/\/www.radlobby.org\/noe\/wolkersdorf-radbazar24\/\"  title=\"Radlobby Wolkersdorf Radbazar 2024\"><img loading=\"lazy\" decoding=\"async\" width=\"150\" height=\"124\" src=\"https:\/\/www.radlobby.org\/noe\/wp-content\/uploads\/Logo_Radlobby_Wolkersdorf_150px.jpg\" class=\"attachment-full size-full wp-post-image\" alt=\"\" itemprop=\"image\" \/><\/a>\t\t<\/div>\n\t\t\t\t\t\t\t\t<div class=\"wp-show-posts-entry-summary\" itemprop=\"text\">\n\t\t\t\t\t\t\t<p>&nbsp; Hier geht&#8217;s gleich zur Online-Anmeldung Radbazar Samstag, 16.3.2024 am Hauptplatz in Wolkersdorf \u00a0(heuer wieder mit Online-Anmeldung): Der Bazar findet gemeinsam mit dem Flohmarkt der&#8230;<\/p>\n\t\t\t\t\t\t<\/div><!-- .entry-summary -->\n\t\t\t\t\t<\/div><!-- wp-show-posts-inner --><\/article><article class=\" wp-show-posts-single post-26693 post type-post status-publish format-standard has-post-thumbnail hentry category-deutsch-wagram category-korneuburg category-mistelbach category-niederoesterreich category-wolkersdorf tag-radparade tag-wolkersdorf wpsp-col-6\" itemtype=\"http:\/\/schema.org\/CreativeWork\" itemscope><div class=\"wp-show-posts-inner\" style=\"\">\t\t\t\t\t\t<header class=\"wp-show-posts-entry-header\">\n\t\t\t\t\t\t\t<p class=\"wp-show-posts-entry-title\" itemprop=\"headline\"><a href=\"https:\/\/www.radlobby.org\/noe\/4-wolkersdorfer-radparade\/\" rel=\"bookmark\">4. Wolkersdorfer RADpaRADe<\/a><\/p>\t\t\t\t\t\t<\/header><!-- .entry-header -->\n\t\t\t\t\t\t\t<div class=\"wp-show-posts-image  wpsp-image-left \">\n\t\t\t<a href=\"https:\/\/www.radlobby.org\/noe\/4-wolkersdorfer-radparade\/\"  title=\"4. Wolkersdorfer RADpaRADe\">\t\t\t\t\t<img decoding=\"async\" src=\"https:\/\/www.radlobby.org\/noe\/wp-content\/uploads\/2022_Radparade_68-180x119.jpg\" alt=\"4. Wolkersdorfer RADpaRADe\" itemprop=\"image\" class=\"left\" \/>\n\t\t\t\t<\/a>\t\t<\/div>\n\t\t\t\t\t\t\t\t<div class=\"wp-show-posts-entry-summary\" itemprop=\"text\">\n\t\t\t\t\t\t\t<p>Setzen wir wieder gemeinsam ein Zeichen, dass der \u00f6ffentliche Raum \u2013 dazu z\u00e4hlen vor allem auch die Stra\u00dfen \u2013 uns allen geh\u00f6rt. Start: 13. Mai&#8230;<\/p>\n\t\t\t\t\t\t<\/div><!-- .entry-summary -->\n\t\t\t\t\t<\/div><!-- wp-show-posts-inner --><\/article><article class=\" wp-show-posts-single post-29013 post type-post status-publish format-standard has-post-thumbnail hentry category-deutsch-wagram category-gaenserndorf category-gross-enzersdorf category-mistelbach category-niederoesterreich category-wolkersdorf wpsp-col-6\" itemtype=\"http:\/\/schema.org\/CreativeWork\" itemscope><div class=\"wp-show-posts-inner\" style=\"\">\t\t\t\t\t\t<header class=\"wp-show-posts-entry-header\">\n\t\t\t\t\t\t\t<p class=\"wp-show-posts-entry-title\" itemprop=\"headline\"><a href=\"https:\/\/www.radlobby.org\/noe\/gymnasium-gaenserndorf-und-sportmittelschule-matzen-radeln-um-die-welt\/\" rel=\"bookmark\">Gymnasium G\u00e4nserndorf und Sportmittelschule Matzen radeln um die Welt<\/a><\/p>\t\t\t\t\t\t<\/header><!-- .entry-header -->\n\t\t\t\t\t\t\t<div class=\"wp-show-posts-image  wpsp-image-left \">\n\t\t\t<a href=\"https:\/\/www.radlobby.org\/noe\/gymnasium-gaenserndorf-und-sportmittelschule-matzen-radeln-um-die-welt\/\"  title=\"Gymnasium G\u00e4nserndorf und Sportmittelschule Matzen radeln um die Welt\">\t\t\t\t\t<img decoding=\"async\" src=\"https:\/\/www.radlobby.org\/noe\/wp-content\/uploads\/BIKEline-startfoto-2Mai2023-scaled-180x119.jpg\" alt=\"Gymnasium G\u00e4nserndorf und Sportmittelschule Matzen radeln um die Welt\" itemprop=\"image\" class=\"left\" \/>\n\t\t\t\t<\/a>\t\t<\/div>\n\t\t\t\t\t\t\t\t<div class=\"wp-show-posts-entry-summary\" itemprop=\"text\">\n\t\t\t\t\t\t\t<p>Inspiriert von den Radlobby-Kollegen aus Wolkersdorf, haben wir uns mit einigen lokalen Schulen in Verbindung gesetzt, um die BikeLine vorzustellen. Dabei handelt es sich um&#8230;<\/p>\n\t\t\t\t\t\t<\/div><!-- .entry-summary -->\n\t\t\t\t\t<\/div><!-- wp-show-posts-inner --><\/article><article class=\" wp-show-posts-single post-28029 post type-post status-publish format-standard has-post-thumbnail hentry category-gaenserndorf category-mistelbach category-niederoesterreich category-poysdorf category-wolkersdorf wpsp-col-6\" itemtype=\"http:\/\/schema.org\/CreativeWork\" itemscope><div class=\"wp-show-posts-inner\" style=\"\">\t\t\t\t\t\t<header class=\"wp-show-posts-entry-header\">\n\t\t\t\t\t\t\t<p class=\"wp-show-posts-entry-title\" itemprop=\"headline\"><a href=\"https:\/\/www.radlobby.org\/noe\/treffen-der-radlobby-mistelbach-2\/\" rel=\"bookmark\">Treffen der Radlobby Mistelbach<\/a><\/p>\t\t\t\t\t\t<\/header><!-- .entry-header -->\n\t\t\t\t\t\t\t<div class=\"wp-show-posts-image  wpsp-image-left \">\n\t\t\t<a href=\"https:\/\/www.radlobby.org\/noe\/treffen-der-radlobby-mistelbach-2\/\"  title=\"Treffen der Radlobby Mistelbach\">\t\t\t\t\t<img decoding=\"async\" src=\"https:\/\/www.radlobby.org\/noe\/wp-content\/uploads\/2023-03-31_Radlobby-Treffen-180x255.jpg\" alt=\"Treffen der Radlobby Mistelbach\" itemprop=\"image\" class=\"left\" \/>\n\t\t\t\t<\/a>\t\t<\/div>\n\t\t\t\t\t\t\t\t<div class=\"wp-show-posts-entry-summary\" itemprop=\"text\">\n\t\t\t\t\t\t\t<p>Du wohnst in oder in der N\u00e4he von Mistelbach und erledigst Alltagswege mit dem Rad? Dann bist du herzlich zu unserem Treffen der Radlobby Mistelbach&#8230;<\/p>\n\t\t\t\t\t\t<\/div><!-- .entry-summary -->\n\t\t\t\t\t<\/div><!-- wp-show-posts-inner --><\/article><article class=\" wp-show-posts-single post-28261 post type-post status-publish format-standard has-post-thumbnail hentry category-mistelbach category-poysdorf category-wolkersdorf tag-radparade wpsp-col-6\" itemtype=\"http:\/\/schema.org\/CreativeWork\" itemscope><div class=\"wp-show-posts-inner\" style=\"\">\t\t\t\t\t\t<header class=\"wp-show-posts-entry-header\">\n\t\t\t\t\t\t\t<p class=\"wp-show-posts-entry-title\" itemprop=\"headline\"><a href=\"https:\/\/www.radlobby.org\/noe\/radeln-zur-radparade-2021-wodo-2-3-2\/\" rel=\"bookmark\">Wir radeln zur Wiener RADpaRADe am Sonntag, den 16.4.2023<\/a><\/p>\t\t\t\t\t\t<\/header><!-- .entry-header -->\n\t\t\t\t\t\t\t<div class=\"wp-show-posts-image  wpsp-image-left \">\n\t\t\t<a href=\"https:\/\/www.radlobby.org\/noe\/radeln-zur-radparade-2021-wodo-2-3-2\/\"  title=\"Wir radeln zur Wiener RADpaRADe am Sonntag, den 16.4.2023\">\t\t\t\t\t<img decoding=\"async\" src=\"https:\/\/www.radlobby.org\/noe\/wp-content\/uploads\/2022_Radparade_Wien_11-180x135.jpg\" alt=\"Wir radeln zur Wiener RADpaRADe am Sonntag, den 16.4.2023\" itemprop=\"image\" class=\"left\" \/>\n\t\t\t\t<\/a>\t\t<\/div>\n\t\t\t\t\t\t\t\t<div class=\"wp-show-posts-entry-summary\" itemprop=\"text\">\n\t\t\t\t\t\t\t<p>Was ist die RADpaRADe? Die RADpaRADe ist ein gemeinsamer Fahrradumzug in Wien. Die Stra\u00dfen sind frei von Autoverkehr, Musik und gute Stimmung runden die gemeinsame&#8230;<\/p>\n\t\t\t\t\t\t<\/div><!-- .entry-summary -->\n\t\t\t\t\t<\/div><!-- wp-show-posts-inner --><\/article><article class=\" wp-show-posts-single post-26906 post type-post status-publish format-standard has-post-thumbnail hentry category-deutsch-wagram category-gaenserndorf category-gross-enzersdorf category-korneuburg category-mistelbach category-poysdorf category-stockerau category-tulln category-wolkersdorf wpsp-col-6\" itemtype=\"http:\/\/schema.org\/CreativeWork\" itemscope><div class=\"wp-show-posts-inner\" style=\"\">\t\t\t\t\t\t<header class=\"wp-show-posts-entry-header\">\n\t\t\t\t\t\t\t<p class=\"wp-show-posts-entry-title\" itemprop=\"headline\"><a href=\"https:\/\/www.radlobby.org\/noe\/wolkersdorf-radbazar23\/\" rel=\"bookmark\">Radlobby Wolkersdorf Radbazar 2023<\/a><\/p>\t\t\t\t\t\t<\/header><!-- .entry-header -->\n\t\t\t\t\t\t\t<div class=\"wp-show-posts-image  wpsp-image-left \">\n\t\t\t<a href=\"https:\/\/www.radlobby.org\/noe\/wolkersdorf-radbazar23\/\"  title=\"Radlobby Wolkersdorf Radbazar 2023\"><img loading=\"lazy\" decoding=\"async\" width=\"150\" height=\"124\" src=\"https:\/\/www.radlobby.org\/noe\/wp-content\/uploads\/Logo_Radlobby_Wolkersdorf_150px.jpg\" class=\"attachment-full size-full wp-post-image\" alt=\"\" itemprop=\"image\" \/><\/a>\t\t<\/div>\n\t\t\t\t\t\t\t\t<div class=\"wp-show-posts-entry-summary\" itemprop=\"text\">\n\t\t\t\t\t\t\t<p>Hier geht&#8217;s gleich zur Online-Anmeldung Radbazar Samstag, 25.3.2023 am Hauptplatz in Wolkersdorf \u00a0(heuer wieder mit Online-Anmeldung): Der Bazar findet gemeinsam mit dem Flohmarkt der Stadtgemeinde&#8230;<\/p>\n\t\t\t\t\t\t<\/div><!-- .entry-summary -->\n\t\t\t\t\t<\/div><!-- wp-show-posts-inner --><\/article><article class=\" wp-show-posts-single post-25191 post type-post status-publish format-standard has-post-thumbnail hentry category-amstetten category-bad-sauerbrunn category-badvoeslau category-baden category-bruck-an-der-leitha category-carnuntum category-deutsch-wagram category-ebreichsdorf category-eichgraben category-enns-donauwinkel category-gaenserndorf category-gmuend category-gross-enzersdorf category-klosterneuburg category-korneuburg category-leithaebene category-melk category-mistelbach category-moedling category-niederoesterreich category-poysdorf category-pressbaum category-purkersdorf category-retzer-land category-schwarzatal category-st-poelten category-stockerau category-tulln category-waidhofenthaya category-waidhofenybbs category-wiener-neustadt category-wolkersdorf category-ybbstal wpsp-col-6\" itemtype=\"http:\/\/schema.org\/CreativeWork\" itemscope><div class=\"wp-show-posts-inner\" style=\"\">\t\t\t\t\t\t<header class=\"wp-show-posts-entry-header\">\n\t\t\t\t\t\t\t<p class=\"wp-show-posts-entry-title\" itemprop=\"headline\"><a href=\"https:\/\/www.radlobby.org\/noe\/klimastreik-in-st-poelten23-sept-2022-%c2%b7-13-30-uhr-bahnhofplatz-st-poelten\/\" rel=\"bookmark\">Klimastreik in St. P\u00f6lten<br>23. Sept. 2022 \u00b7 13.30 Uhr Bahnhofplatz St. P\u00f6lten<\/a><\/p>\t\t\t\t\t\t<\/header><!-- .entry-header -->\n\t\t\t\t\t\t\t<div class=\"wp-show-posts-image  wpsp-image-left \">\n\t\t\t<a href=\"https:\/\/www.radlobby.org\/noe\/klimastreik-in-st-poelten23-sept-2022-%c2%b7-13-30-uhr-bahnhofplatz-st-poelten\/\"  title=\"Klimastreik in St. P\u00f6lten23. Sept. 2022 \u00b7 13.30 Uhr Bahnhofplatz St. P\u00f6lten\">\t\t\t\t\t<img decoding=\"async\" src=\"https:\/\/www.radlobby.org\/noe\/wp-content\/uploads\/20220923-Klimastreik-St.-Poelten-02-180x320.jpg\" alt=\"Klimastreik in St. P\u00f6lten<br>23. Sept. 2022 \u00b7 13.30 Uhr Bahnhofplatz St. P\u00f6lten\" itemprop=\"image\" class=\"left\" \/>\n\t\t\t\t<\/a>\t\t<\/div>\n\t\t\t\t\t\t\t\t<div class=\"wp-show-posts-entry-summary\" itemprop=\"text\">\n\t\t\t\t\t\t\t<p>Fridays for Future Nieder\u00f6sterreich ruft zum Weltweiten Klimastreik. Die Radlobby Nieder\u00f6sterreich unterst\u00fctzt diese Kundgebung.<br \/>\nKommt alle mit euren Fahrr\u00e4dern und Radlobby Fahnen.<\/p>\n\t\t\t\t\t\t<\/div><!-- .entry-summary -->\n\t\t\t\t\t<\/div><!-- wp-show-posts-inner --><\/article><article class=\" wp-show-posts-single post-25155 post type-post status-publish format-standard has-post-thumbnail hentry category-deutsch-wagram category-gaenserndorf category-gross-enzersdorf category-korneuburg category-mistelbach category-niederoesterreich category-poysdorf category-wolkersdorf wpsp-col-6\" itemtype=\"http:\/\/schema.org\/CreativeWork\" itemscope><div class=\"wp-show-posts-inner\" style=\"\">\t\t\t\t\t\t<header class=\"wp-show-posts-entry-header\">\n\t\t\t\t\t\t\t<p class=\"wp-show-posts-entry-title\" itemprop=\"headline\"><a href=\"https:\/\/www.radlobby.org\/noe\/weinviertel-mobilitaetstagung-mobilitaet-rund-um-die-schule-wie-bewegen-sich-unsere-kinder\/\" rel=\"bookmark\">Weinviertel: Mobilit\u00e4tstagung &#8211; Mobilit\u00e4t rund um die Schule &#8211; Wie bewegen sich unsere Kinder?<\/a><\/p>\t\t\t\t\t\t<\/header><!-- .entry-header -->\n\t\t\t\t\t\t\t<div class=\"wp-show-posts-image  wpsp-image-left \">\n\t\t\t<a href=\"https:\/\/www.radlobby.org\/noe\/weinviertel-mobilitaetstagung-mobilitaet-rund-um-die-schule-wie-bewegen-sich-unsere-kinder\/\"  title=\"Weinviertel: Mobilit\u00e4tstagung &#8211; Mobilit\u00e4t rund um die Schule &#8211; Wie bewegen sich unsere Kinder?\">\t\t\t\t\t<img decoding=\"async\" src=\"https:\/\/www.radlobby.org\/noe\/wp-content\/uploads\/LeaderWD_MobiTagung_Einladung_220801b-180x197.jpg\" alt=\"Weinviertel: Mobilit\u00e4tstagung &#8211; Mobilit\u00e4t rund um die Schule &#8211; Wie bewegen sich unsere Kinder?\" itemprop=\"image\" class=\"left\" \/>\n\t\t\t\t<\/a>\t\t<\/div>\n\t\t\t\t\t\t\t\t<div class=\"wp-show-posts-entry-summary\" itemprop=\"text\">\n\t\t\t\t\t\t\t<p>Die LEADER-Region Weinviertel Donauraum l\u00e4dt zur Tagung Mobilit\u00e4tstagung &#8211; Mobilit\u00e4t rund um die Schule &#8211; Wie bewegen sich unsere Kinder? zu \u00fcbermitteln. Donnerstag, 22. September&#8230;<\/p>\n\t\t\t\t\t\t<\/div><!-- .entry-summary -->\n\t\t\t\t\t<\/div><!-- wp-show-posts-inner --><\/article><article class=\" wp-show-posts-single post-25015 post type-post status-publish format-standard has-post-thumbnail hentry category-bad-sauerbrunn category-badvoeslau category-baden category-bruck-an-der-leitha category-carnuntum category-deutsch-wagram category-ebreichsdorf category-eichgraben category-enns-donauwinkel category-gaenserndorf category-gmuend category-gross-enzersdorf category-klosterneuburg category-korneuburg category-leithaebene category-melk category-mistelbach category-moedling category-niederoesterreich category-poysdorf category-pressbaum category-purkersdorf category-retzer-land category-schwarzatal category-st-poelten category-stockerau category-tulln category-waidhofenthaya category-waidhofenybbs category-wiener-neustadt category-wolkersdorf wpsp-col-6\" itemtype=\"http:\/\/schema.org\/CreativeWork\" itemscope><div class=\"wp-show-posts-inner\" style=\"\">\t\t\t\t\t\t<header class=\"wp-show-posts-entry-header\">\n\t\t\t\t\t\t\t<p class=\"wp-show-posts-entry-title\" itemprop=\"headline\"><a href=\"https:\/\/www.radlobby.org\/noe\/radlobby-fahrradklima-test-2022\/\" rel=\"bookmark\">Radlobby Fahrradklima-Test 2022<\/a><\/p>\t\t\t\t\t\t<\/header><!-- .entry-header -->\n\t\t\t\t\t\t\t<div class=\"wp-show-posts-image  wpsp-image-left \">\n\t\t\t<a href=\"https:\/\/www.radlobby.org\/noe\/radlobby-fahrradklima-test-2022\/\"  title=\"Radlobby Fahrradklima-Test 2022\">\t\t\t\t\t<img decoding=\"async\" src=\"https:\/\/www.radlobby.org\/noe\/wp-content\/uploads\/2022_fahrradklima-test_webbutton_1200x1200px-180x180.png\" alt=\"Radlobby Fahrradklima-Test 2022\" itemprop=\"image\" class=\"left\" \/>\n\t\t\t\t<\/a>\t\t<\/div>\n\t\t\t\t\t\t\t\t<div class=\"wp-show-posts-entry-summary\" itemprop=\"text\">\n\t\t\t\t\t\t\t<p>Der Radlobby Fahrradklima-Test erfasst die Zufriedenheit mit den Alltagsradrouten in \u00d6sterreich. Vom 1. 9. bis 30. 11. 2022 k\u00f6nnen Radfahrende das Fahrradklima in ihren Gemeinden bewerten.<\/p>\n\t\t\t\t\t\t<\/div><!-- .entry-summary -->\n\t\t\t\t\t<\/div><!-- wp-show-posts-inner --><\/article><article class=\" wp-show-posts-single post-24228 post type-post status-publish format-standard has-post-thumbnail hentry category-deutsch-wagram category-gaenserndorf category-korneuburg category-mistelbach category-niederoesterreich category-poysdorf category-stockerau category-wolkersdorf tag-lastenraeder tag-transportraeder tag-transportradfestival wpsp-col-6\" itemtype=\"http:\/\/schema.org\/CreativeWork\" itemscope><div class=\"wp-show-posts-inner\" style=\"\">\t\t\t\t\t\t<header class=\"wp-show-posts-entry-header\">\n\t\t\t\t\t\t\t<p class=\"wp-show-posts-entry-title\" itemprop=\"headline\"><a href=\"https:\/\/www.radlobby.org\/noe\/1-weinviertler-transportradfestival-wodo-2022\/\" rel=\"bookmark\">Viel Interesse an Transportfahrr\u00e4dern<\/a><\/p>\t\t\t\t\t\t<\/header><!-- .entry-header -->\n\t\t\t\t\t\t\t<div class=\"wp-show-posts-image  wpsp-image-left \">\n\t\t\t<a href=\"https:\/\/www.radlobby.org\/noe\/1-weinviertler-transportradfestival-wodo-2022\/\"  title=\"Viel Interesse an Transportfahrr\u00e4dern\">\t\t\t\t\t<img decoding=\"async\" src=\"https:\/\/www.radlobby.org\/noe\/wp-content\/uploads\/01_Transportradfestival_Rikscha_Schober_Hiebner-180x240.jpg\" alt=\"Viel Interesse an Transportfahrr\u00e4dern\" itemprop=\"image\" class=\"left\" \/>\n\t\t\t\t<\/a>\t\t<\/div>\n\t\t\t\t\t\t\t\t<div class=\"wp-show-posts-entry-summary\" itemprop=\"text\">\n\t\t\t\t\t\t\t<p>Transportr\u00e4der sind gefragt Das Ende der 3. Wolkersdorfer RADpaRADe am 21.5.2022 am Schlossplatz war gleichzeitig der Start zum 1. Weinviertler Transportradfestival. Von den knapp 150&#8230;<\/p>\n\t\t\t\t\t\t<\/div><!-- .entry-summary -->\n\t\t\t\t\t<\/div><!-- wp-show-posts-inner --><\/article><div class=\"wpsp-clear\"><\/div><\/section><!-- .wp-show-posts --><div class=\"wpsp-load-more\"><span aria-current=\"page\" class=\"page-numbers current\">1<\/span>\n<a class=\"page-numbers\" href=\"https:\/\/www.radlobby.org\/noe\/wp-json\/wp\/v2\/pages\/322\/page\/2\/\">2<\/a>\n<span class=\"page-numbers dots\">&hellip;<\/span>\n<a class=\"page-numbers\" href=\"https:\/\/www.radlobby.org\/noe\/wp-json\/wp\/v2\/pages\/322\/page\/4\/\">4<\/a>\n<a class=\"next page-numbers\" href=\"https:\/\/www.radlobby.org\/noe\/wp-json\/wp\/v2\/pages\/322\/page\/2\/\">N\u00e4chste &rarr;<\/a><\/div>\n<p>&nbsp;<\/p>\n","protected":false},"excerpt":{"rendered":"<p>Du erledigst Alltagswege gerne mit dem Rad? Du hast gute Vorschl\u00e4ge, wie wir Radfahren in und um Mistelbach attraktiver gestalten k\u00f6nnen? Du hast interessante Ideen, wie Radfahrer in unserer Region sichtbarer werden? Wir freuen uns, wenn du die Radlobby Mistelbach<\/p>\n","protected":false},"author":1,"featured_media":0,"parent":0,"menu_order":0,"comment_status":"closed","ping_status":"closed","template":"","meta":{"footnotes":""},"class_list":["post-322","page","type-page","status-publish","hentry"],"yoast_head":"<!-- This site is optimized with the Yoast SEO plugin v26.9 - https:\/\/yoast.com\/product\/yoast-seo-wordpress\/ -->\n<title>Radlobby Mistelbach - Radlobby Nieder\u00f6sterreich<\/title>\n<meta name=\"robots\" content=\"index, follow, max-snippet:-1, max-image-preview:large, max-video-preview:-1\" \/>\n<link rel=\"canonical\" href=\"https:\/\/www.radlobby.org\/noe\/mistelbach\/\" \/>\n<meta property=\"og:locale\" content=\"de_DE\" \/>\n<meta property=\"og:type\" content=\"article\" \/>\n<meta property=\"og:title\" content=\"Radlobby Mistelbach - Radlobby Nieder\u00f6sterreich\" \/>\n<meta property=\"og:description\" content=\"Du erledigst Alltagswege gerne mit dem Rad? Du hast gute Vorschl\u00e4ge, wie wir Radfahren in und um Mistelbach attraktiver gestalten k\u00f6nnen? Du hast interessante Ideen, wie Radfahrer in unserer Region sichtbarer werden? Wir freuen uns, wenn du die Radlobby Mistelbach\" \/>\n<meta property=\"og:url\" content=\"https:\/\/www.radlobby.org\/noe\/mistelbach\/\" \/>\n<meta property=\"og:site_name\" content=\"Radlobby Nieder\u00f6sterreich\" \/>\n<meta property=\"article:publisher\" content=\"https:\/\/www.facebook.com\/groups\/radfahren.in.noe\/\" \/>\n<meta property=\"article:modified_time\" content=\"2021-12-15T09:29:40+00:00\" \/>\n<meta property=\"og:image\" content=\"https:\/\/www.radlobby.org\/noe\/wp-content\/uploads\/Franziska-Denner-mit-Fahrrad-300x249.jpg\" \/>\n<meta name=\"twitter:card\" content=\"summary_large_image\" \/>\n<meta name=\"twitter:label1\" content=\"Gesch\u00e4tzte Lesezeit\" \/>\n\t<meta name=\"twitter:data1\" content=\"1\u00a0Minute\" \/>\n<script type=\"application\/ld+json\" class=\"yoast-schema-graph\">{\"@context\":\"https:\/\/schema.org\",\"@graph\":[{\"@type\":\"WebPage\",\"@id\":\"https:\/\/www.radlobby.org\/noe\/mistelbach\/\",\"url\":\"https:\/\/www.radlobby.org\/noe\/mistelbach\/\",\"name\":\"Radlobby Mistelbach - Radlobby Nieder\u00f6sterreich\",\"isPartOf\":{\"@id\":\"https:\/\/www.radlobby.org\/noe\/#website\"},\"primaryImageOfPage\":{\"@id\":\"https:\/\/www.radlobby.org\/noe\/mistelbach\/#primaryimage\"},\"image\":{\"@id\":\"https:\/\/www.radlobby.org\/noe\/mistelbach\/#primaryimage\"},\"thumbnailUrl\":\"https:\/\/www.radlobby.org\/noe\/wp-content\/uploads\/Franziska-Denner-mit-Fahrrad-300x249.jpg\",\"datePublished\":\"2016-12-04T18:31:27+00:00\",\"dateModified\":\"2021-12-15T09:29:40+00:00\",\"breadcrumb\":{\"@id\":\"https:\/\/www.radlobby.org\/noe\/mistelbach\/#breadcrumb\"},\"inLanguage\":\"de\",\"potentialAction\":[{\"@type\":\"ReadAction\",\"target\":[\"https:\/\/www.radlobby.org\/noe\/mistelbach\/\"]}]},{\"@type\":\"ImageObject\",\"inLanguage\":\"de\",\"@id\":\"https:\/\/www.radlobby.org\/noe\/mistelbach\/#primaryimage\",\"url\":\"https:\/\/www.radlobby.org\/noe\/wp-content\/uploads\/Franziska-Denner-mit-Fahrrad.jpg\",\"contentUrl\":\"https:\/\/www.radlobby.org\/noe\/wp-content\/uploads\/Franziska-Denner-mit-Fahrrad.jpg\",\"width\":2420,\"height\":2006},{\"@type\":\"BreadcrumbList\",\"@id\":\"https:\/\/www.radlobby.org\/noe\/mistelbach\/#breadcrumb\",\"itemListElement\":[{\"@type\":\"ListItem\",\"position\":1,\"name\":\"Startseite\",\"item\":\"https:\/\/www.radlobby.org\/noe\/\"},{\"@type\":\"ListItem\",\"position\":2,\"name\":\"Radlobby Mistelbach\"}]},{\"@type\":\"WebSite\",\"@id\":\"https:\/\/www.radlobby.org\/noe\/#website\",\"url\":\"https:\/\/www.radlobby.org\/noe\/\",\"name\":\"Radlobby Nieder\u00f6sterreich\",\"description\":\"Radverkehr, Fahrrad, Radfahren, Radreisen, Radtouren, Radweg\",\"publisher\":{\"@id\":\"https:\/\/www.radlobby.org\/noe\/#organization\"},\"potentialAction\":[{\"@type\":\"SearchAction\",\"target\":{\"@type\":\"EntryPoint\",\"urlTemplate\":\"https:\/\/www.radlobby.org\/noe\/?s={search_term_string}\"},\"query-input\":{\"@type\":\"PropertyValueSpecification\",\"valueRequired\":true,\"valueName\":\"search_term_string\"}}],\"inLanguage\":\"de\"},{\"@type\":\"Organization\",\"@id\":\"https:\/\/www.radlobby.org\/noe\/#organization\",\"name\":\"Radlobby Nieder\u00f6sterreich\",\"url\":\"https:\/\/www.radlobby.org\/noe\/\",\"logo\":{\"@type\":\"ImageObject\",\"inLanguage\":\"de\",\"@id\":\"https:\/\/www.radlobby.org\/noe\/#\/schema\/logo\/image\/\",\"url\":\"https:\/\/www.radlobby.org\/noe\/wp-content\/uploads\/2017\/01\/cropped-Logo_Radlobby_Niederoesterreich_50-400px_quer-1.jpg\",\"contentUrl\":\"https:\/\/www.radlobby.org\/noe\/wp-content\/uploads\/2017\/01\/cropped-Logo_Radlobby_Niederoesterreich_50-400px_quer-1.jpg\",\"width\":450,\"height\":124,\"caption\":\"Radlobby Nieder\u00f6sterreich\"},\"image\":{\"@id\":\"https:\/\/www.radlobby.org\/noe\/#\/schema\/logo\/image\/\"},\"sameAs\":[\"https:\/\/www.facebook.com\/groups\/radfahren.in.noe\/\"]}]}<\/script>\n<!-- \/ Yoast SEO plugin. -->","yoast_head_json":{"title":"Radlobby Mistelbach - Radlobby Nieder\u00f6sterreich","robots":{"index":"index","follow":"follow","max-snippet":"max-snippet:-1","max-image-preview":"max-image-preview:large","max-video-preview":"max-video-preview:-1"},"canonical":"https:\/\/www.radlobby.org\/noe\/mistelbach\/","og_locale":"de_DE","og_type":"article","og_title":"Radlobby Mistelbach - Radlobby Nieder\u00f6sterreich","og_description":"Du erledigst Alltagswege gerne mit dem Rad? Du hast gute Vorschl\u00e4ge, wie wir Radfahren in und um Mistelbach attraktiver gestalten k\u00f6nnen? Du hast interessante Ideen, wie Radfahrer in unserer Region sichtbarer werden? Wir freuen uns, wenn du die Radlobby Mistelbach","og_url":"https:\/\/www.radlobby.org\/noe\/mistelbach\/","og_site_name":"Radlobby Nieder\u00f6sterreich","article_publisher":"https:\/\/www.facebook.com\/groups\/radfahren.in.noe\/","article_modified_time":"2021-12-15T09:29:40+00:00","og_image":[{"url":"https:\/\/www.radlobby.org\/noe\/wp-content\/uploads\/Franziska-Denner-mit-Fahrrad-300x249.jpg","type":"","width":"","height":""}],"twitter_card":"summary_large_image","twitter_misc":{"Gesch\u00e4tzte Lesezeit":"1\u00a0Minute"},"schema":{"@context":"https:\/\/schema.org","@graph":[{"@type":"WebPage","@id":"https:\/\/www.radlobby.org\/noe\/mistelbach\/","url":"https:\/\/www.radlobby.org\/noe\/mistelbach\/","name":"Radlobby Mistelbach - Radlobby Nieder\u00f6sterreich","isPartOf":{"@id":"https:\/\/www.radlobby.org\/noe\/#website"},"primaryImageOfPage":{"@id":"https:\/\/www.radlobby.org\/noe\/mistelbach\/#primaryimage"},"image":{"@id":"https:\/\/www.radlobby.org\/noe\/mistelbach\/#primaryimage"},"thumbnailUrl":"https:\/\/www.radlobby.org\/noe\/wp-content\/uploads\/Franziska-Denner-mit-Fahrrad-300x249.jpg","datePublished":"2016-12-04T18:31:27+00:00","dateModified":"2021-12-15T09:29:40+00:00","breadcrumb":{"@id":"https:\/\/www.radlobby.org\/noe\/mistelbach\/#breadcrumb"},"inLanguage":"de","potentialAction":[{"@type":"ReadAction","target":["https:\/\/www.radlobby.org\/noe\/mistelbach\/"]}]},{"@type":"ImageObject","inLanguage":"de","@id":"https:\/\/www.radlobby.org\/noe\/mistelbach\/#primaryimage","url":"https:\/\/www.radlobby.org\/noe\/wp-content\/uploads\/Franziska-Denner-mit-Fahrrad.jpg","contentUrl":"https:\/\/www.radlobby.org\/noe\/wp-content\/uploads\/Franziska-Denner-mit-Fahrrad.jpg","width":2420,"height":2006},{"@type":"BreadcrumbList","@id":"https:\/\/www.radlobby.org\/noe\/mistelbach\/#breadcrumb","itemListElement":[{"@type":"ListItem","position":1,"name":"Startseite","item":"https:\/\/www.radlobby.org\/noe\/"},{"@type":"ListItem","position":2,"name":"Radlobby Mistelbach"}]},{"@type":"WebSite","@id":"https:\/\/www.radlobby.org\/noe\/#website","url":"https:\/\/www.radlobby.org\/noe\/","name":"Radlobby Nieder\u00f6sterreich","description":"Radverkehr, Fahrrad, Radfahren, Radreisen, Radtouren, Radweg","publisher":{"@id":"https:\/\/www.radlobby.org\/noe\/#organization"},"potentialAction":[{"@type":"SearchAction","target":{"@type":"EntryPoint","urlTemplate":"https:\/\/www.radlobby.org\/noe\/?s={search_term_string}"},"query-input":{"@type":"PropertyValueSpecification","valueRequired":true,"valueName":"search_term_string"}}],"inLanguage":"de"},{"@type":"Organization","@id":"https:\/\/www.radlobby.org\/noe\/#organization","name":"Radlobby Nieder\u00f6sterreich","url":"https:\/\/www.radlobby.org\/noe\/","logo":{"@type":"ImageObject","inLanguage":"de","@id":"https:\/\/www.radlobby.org\/noe\/#\/schema\/logo\/image\/","url":"https:\/\/www.radlobby.org\/noe\/wp-content\/uploads\/2017\/01\/cropped-Logo_Radlobby_Niederoesterreich_50-400px_quer-1.jpg","contentUrl":"https:\/\/www.radlobby.org\/noe\/wp-content\/uploads\/2017\/01\/cropped-Logo_Radlobby_Niederoesterreich_50-400px_quer-1.jpg","width":450,"height":124,"caption":"Radlobby Nieder\u00f6sterreich"},"image":{"@id":"https:\/\/www.radlobby.org\/noe\/#\/schema\/logo\/image\/"},"sameAs":["https:\/\/www.facebook.com\/groups\/radfahren.in.noe\/"]}]}},"_links":{"self":[{"href":"https:\/\/www.radlobby.org\/noe\/wp-json\/wp\/v2\/pages\/322","targetHints":{"allow":["GET"]}}],"collection":[{"href":"https:\/\/www.radlobby.org\/noe\/wp-json\/wp\/v2\/pages"}],"about":[{"href":"https:\/\/www.radlobby.org\/noe\/wp-json\/wp\/v2\/types\/page"}],"author":[{"embeddable":true,"href":"https:\/\/www.radlobby.org\/noe\/wp-json\/wp\/v2\/users\/1"}],"replies":[{"embeddable":true,"href":"https:\/\/www.radlobby.org\/noe\/wp-json\/wp\/v2\/comments?post=322"}],"version-history":[{"count":0,"href":"https:\/\/www.radlobby.org\/noe\/wp-json\/wp\/v2\/pages\/322\/revisions"}],"wp:attachment":[{"href":"https:\/\/www.radlobby.org\/noe\/wp-json\/wp\/v2\/media?parent=322"}],"curies":[{"name":"wp","href":"https:\/\/api.w.org\/{rel}","templated":true}]}}