{"id":26593,"date":"2022-11-25T19:41:31","date_gmt":"2022-11-25T18:41:31","guid":{"rendered":"https:\/\/www.radlobby.org\/noe\/?page_id=26593"},"modified":"2023-01-31T08:24:09","modified_gmt":"2023-01-31T07:24:09","slug":"richtlinien-fuer-aktive-mobilitaet-%c2%b7-rvs-arbeitsblaetter","status":"publish","type":"page","link":"https:\/\/www.radlobby.org\/noe\/richtlinien-fuer-aktive-mobilitaet-%c2%b7-rvs-arbeitsblaetter\/","title":{"rendered":"Richtlinien f\u00fcr Aktive Mobilit\u00e4t \u00b7 RVS &#038; Arbeitsbl\u00e4tter"},"content":{"rendered":"<h5 class=\"heading donthyphenate\">Technische Richtlinien f\u00fcr Aktive Mobilit\u00e4t ab sofort kostenlos verf\u00fcgbar<\/h5>\n<p><strong>Die Aktualisierung der RVS Radverkehr wurde zum Anlass genommen, eine Sammlung von RVS-Merkbl\u00e4ttern und Arbeitspapieren rund um Aktive Mobilit\u00e4t k\u00fcnftig durch klimaaktiv mobil kostenfrei zur Verf\u00fcgung zu stellen.<\/strong><\/p>\n<h5>Die Dokumente k\u00f6nnen ab sofort unter \u203a <a href=\"http:\/\/klimaaktivmobil.fsv.at\/\" target=\"_blank\" rel=\"noopener\"><strong>klimaaktivmobil.fsv.at<\/strong><\/a>\u00a0bezogen werden und sind zur uneingeschr\u00e4nkten Nutzung verf\u00fcgbar.<\/h5>\n<p>Die Richtlinien und Vorschriften f\u00fcr das Stra\u00dfenwesen (RVS) bilden in \u00d6sterreich die fachliche Basis f\u00fcr Planungsprozesse im Verkehrsbereich. Sie geben in \u00fcber 300 Merkbl\u00e4ttern und Arbeitspapieren die technischen Parameter vor, nach denen Verkehrsinfrastrukturen gestaltet werden, so auch jene f\u00fcr den Fu\u00df- und Radverkehr.<\/p>\n<p>Die RVS Radverkehr mit der Nummer 03.02.13 wurde Anfang April 2022 in aktualisierter und \u00fcberarbeiteter Version ver\u00f6ffentlicht. Einige Bereiche wurden gegen\u00fcber der letzten Ausgabe aus dem Jahr 2014 umfassend \u00fcberarbeitet und nach aktuellen fachlichen Erkenntnissen sowie Erfordernissen gestaltet. So wurden beispielsweise neue Mindest- und Regelbreiten f\u00fcr verschiedene Radinfrastrukturformen eingef\u00fchrt und der Prozess zur Wahl der richtigen Anlageform wurde durch eine neue, angebotsorientierte Logik verbessert.<\/p>\n<p>Die Aktualisierung wurde zum Anlass genommen eine Reihe von RVS-Merkbl\u00e4ttern und Arbeitspapieren, die f\u00fcr die aktiven Mobilit\u00e4tsformen relevant sind, k\u00fcnftig kostenfrei zur Verf\u00fcgung zu stellen. Dies bezieht sich auf die folgenden Titel:<\/p>\n<ul>\n<li>RVS 02.01.11\u00a0<strong>Grunds\u00e4tze der Verkehrsplanung<\/strong><\/li>\n<li>RVS 02.02.36\u00a0<strong>Alltagsgerechter barrierefreier Stra\u00dfenraum<\/strong><\/li>\n<li>RVS 03.02.12\u00a0<strong>Fu\u00dfg\u00e4ngerverkehr<\/strong><\/li>\n<li>RVS 03.02.13\u00a0<strong>Radverkehr<\/strong><\/li>\n<li>RVS 03.04.13\u00a0<strong>Kinderfreundliche Mobilit\u00e4t<\/strong><\/li>\n<li>RVS 03.04.14\u00a0<strong>Gestaltung des Schulumfeldes<\/strong><\/li>\n<li>RVS 04.02.13\u00a0<strong>Verkehrsberuhigung<\/strong>\u00a0\u2013 Auswirkungen auf die L\u00e4rm- und Luftschadstoffbelastung<\/li>\n<li>Arbeitspapier 27\u00a0<strong>Einsatzkriterien f\u00fcr Begegnungszonen<\/strong><\/li>\n<li>Arbeitspapier 28 Fachliche Grundlage f\u00fcr\u00a0<strong>Fl\u00e4chenbeschichtungen<\/strong>\u00a0<strong>auf Radwegen<\/strong>\u00a0und sonstigen Verkehrsfl\u00e4chen<\/li>\n<li>RVS Arbeitspapier Nr. 36 &#8211; <strong>Gr\u00fcnpfeil f\u00fcr Radfahrer<\/strong> (2023) Einsatzkriterien f\u00fcr die Zusatztafel mit Gr\u00fcnpfeil f\u00fcr den Fahrradverkehr<\/li>\n<li>SV-Schriftenreihe Heft Nr. 25 (2023) &#8211; Ein neuer Ansatz f\u00fcr <strong>h\u00f6chstzul\u00e4ssige Geschwindigkeiten im Stra\u00dfenverkehr<\/strong> in \u00d6sterreich aus synergetischer, nachhaltiger Sicht<\/li>\n<\/ul>\n<p>F\u00fcr die Einreichung beim klimaaktiv mobil F\u00f6rderprogramm ist die Ausf\u00fchrung gem\u00e4\u00df RVS vorgeschrieben.<br \/>\nDaher k\u00f6nnen die Richtlinien nun auch den F\u00f6rdernehmer:innen kostenlos zur Verf\u00fcgung gestellt werden.<\/p>\n<hr \/>\n<p>\u203a <a href=\"https:\/\/radkompetenz.at\/8563\/neue-richtlinien-fuer-die-radverkehrsplanung-in-oesterreich\/\">Hier hat die unser Netzwerk Radkompetenz einen Artikel online<\/a>, der die RVS Radverkehr 2022 beschreibt.<\/p>\n<hr \/>\n<p>&nbsp;<\/p>\n","protected":false},"excerpt":{"rendered":"<p>Technische Richtlinien f\u00fcr Aktive Mobilit\u00e4t ab sofort kostenlos verf\u00fcgbar Die Aktualisierung der RVS Radverkehr wurde zum Anlass genommen, eine Sammlung von RVS-Merkbl\u00e4ttern und Arbeitspapieren rund um Aktive Mobilit\u00e4t k\u00fcnftig durch klimaaktiv mobil kostenfrei zur Verf\u00fcgung zu stellen. Die Dokumente k\u00f6nnen<\/p>\n","protected":false},"author":16,"featured_media":0,"parent":0,"menu_order":0,"comment_status":"closed","ping_status":"closed","template":"","meta":{"footnotes":""},"class_list":["post-26593","page","type-page","status-publish","hentry"],"yoast_head":"<!-- This site is optimized with the Yoast SEO plugin v26.9 - https:\/\/yoast.com\/product\/yoast-seo-wordpress\/ -->\n<title>Richtlinien f\u00fcr Aktive Mobilit\u00e4t \u00b7 RVS &amp; Arbeitsbl\u00e4tter - Radlobby Nieder\u00f6sterreich<\/title>\n<meta name=\"robots\" content=\"index, follow, max-snippet:-1, max-image-preview:large, max-video-preview:-1\" \/>\n<link rel=\"canonical\" href=\"https:\/\/www.radlobby.org\/noe\/richtlinien-fuer-aktive-mobilitaet-\u00b7-rvs-arbeitsblaetter\/\" \/>\n<meta property=\"og:locale\" content=\"de_DE\" \/>\n<meta property=\"og:type\" content=\"article\" \/>\n<meta property=\"og:title\" content=\"Richtlinien f\u00fcr Aktive Mobilit\u00e4t \u00b7 RVS &amp; Arbeitsbl\u00e4tter - Radlobby Nieder\u00f6sterreich\" \/>\n<meta property=\"og:description\" content=\"Technische Richtlinien f\u00fcr Aktive Mobilit\u00e4t ab sofort kostenlos verf\u00fcgbar Die Aktualisierung der RVS Radverkehr wurde zum Anlass genommen, eine Sammlung von RVS-Merkbl\u00e4ttern und Arbeitspapieren rund um Aktive Mobilit\u00e4t k\u00fcnftig durch klimaaktiv mobil kostenfrei zur Verf\u00fcgung zu stellen. Die Dokumente k\u00f6nnen\" \/>\n<meta property=\"og:url\" content=\"https:\/\/www.radlobby.org\/noe\/richtlinien-fuer-aktive-mobilitaet-\u00b7-rvs-arbeitsblaetter\/\" \/>\n<meta property=\"og:site_name\" content=\"Radlobby Nieder\u00f6sterreich\" \/>\n<meta property=\"article:publisher\" content=\"https:\/\/www.facebook.com\/groups\/radfahren.in.noe\/\" \/>\n<meta property=\"article:modified_time\" content=\"2023-01-31T07:24:09+00:00\" \/>\n<meta property=\"og:image\" content=\"https:\/\/www.radlobby.org\/noe\/wp-content\/uploads\/20200101-RLWN-Neujahrsaradeln-DSC_0105a_1900px-1.jpg\" \/>\n\t<meta property=\"og:image:width\" content=\"1900\" \/>\n\t<meta property=\"og:image:height\" content=\"770\" \/>\n\t<meta property=\"og:image:type\" content=\"image\/jpeg\" \/>\n<meta name=\"twitter:card\" content=\"summary_large_image\" \/>\n<meta name=\"twitter:label1\" content=\"Gesch\u00e4tzte Lesezeit\" \/>\n\t<meta name=\"twitter:data1\" content=\"2\u00a0Minuten\" \/>\n<script type=\"application\/ld+json\" class=\"yoast-schema-graph\">{\"@context\":\"https:\/\/schema.org\",\"@graph\":[{\"@type\":\"WebPage\",\"@id\":\"https:\/\/www.radlobby.org\/noe\/richtlinien-fuer-aktive-mobilitaet-%c2%b7-rvs-arbeitsblaetter\/\",\"url\":\"https:\/\/www.radlobby.org\/noe\/richtlinien-fuer-aktive-mobilitaet-%c2%b7-rvs-arbeitsblaetter\/\",\"name\":\"Richtlinien f\u00fcr Aktive Mobilit\u00e4t \u00b7 RVS & Arbeitsbl\u00e4tter - Radlobby Nieder\u00f6sterreich\",\"isPartOf\":{\"@id\":\"https:\/\/www.radlobby.org\/noe\/#website\"},\"datePublished\":\"2022-11-25T18:41:31+00:00\",\"dateModified\":\"2023-01-31T07:24:09+00:00\",\"breadcrumb\":{\"@id\":\"https:\/\/www.radlobby.org\/noe\/richtlinien-fuer-aktive-mobilitaet-%c2%b7-rvs-arbeitsblaetter\/#breadcrumb\"},\"inLanguage\":\"de\",\"potentialAction\":[{\"@type\":\"ReadAction\",\"target\":[\"https:\/\/www.radlobby.org\/noe\/richtlinien-fuer-aktive-mobilitaet-%c2%b7-rvs-arbeitsblaetter\/\"]}]},{\"@type\":\"BreadcrumbList\",\"@id\":\"https:\/\/www.radlobby.org\/noe\/richtlinien-fuer-aktive-mobilitaet-%c2%b7-rvs-arbeitsblaetter\/#breadcrumb\",\"itemListElement\":[{\"@type\":\"ListItem\",\"position\":1,\"name\":\"Startseite\",\"item\":\"https:\/\/www.radlobby.org\/noe\/\"},{\"@type\":\"ListItem\",\"position\":2,\"name\":\"Richtlinien f\u00fcr Aktive Mobilit\u00e4t \u00b7 RVS &#038; Arbeitsbl\u00e4tter\"}]},{\"@type\":\"WebSite\",\"@id\":\"https:\/\/www.radlobby.org\/noe\/#website\",\"url\":\"https:\/\/www.radlobby.org\/noe\/\",\"name\":\"Radlobby Nieder\u00f6sterreich\",\"description\":\"Radverkehr, Fahrrad, Radfahren, Radreisen, Radtouren, Radweg\",\"publisher\":{\"@id\":\"https:\/\/www.radlobby.org\/noe\/#organization\"},\"potentialAction\":[{\"@type\":\"SearchAction\",\"target\":{\"@type\":\"EntryPoint\",\"urlTemplate\":\"https:\/\/www.radlobby.org\/noe\/?s={search_term_string}\"},\"query-input\":{\"@type\":\"PropertyValueSpecification\",\"valueRequired\":true,\"valueName\":\"search_term_string\"}}],\"inLanguage\":\"de\"},{\"@type\":\"Organization\",\"@id\":\"https:\/\/www.radlobby.org\/noe\/#organization\",\"name\":\"Radlobby Nieder\u00f6sterreich\",\"url\":\"https:\/\/www.radlobby.org\/noe\/\",\"logo\":{\"@type\":\"ImageObject\",\"inLanguage\":\"de\",\"@id\":\"https:\/\/www.radlobby.org\/noe\/#\/schema\/logo\/image\/\",\"url\":\"https:\/\/www.radlobby.org\/noe\/wp-content\/uploads\/2017\/01\/cropped-Logo_Radlobby_Niederoesterreich_50-400px_quer-1.jpg\",\"contentUrl\":\"https:\/\/www.radlobby.org\/noe\/wp-content\/uploads\/2017\/01\/cropped-Logo_Radlobby_Niederoesterreich_50-400px_quer-1.jpg\",\"width\":450,\"height\":124,\"caption\":\"Radlobby Nieder\u00f6sterreich\"},\"image\":{\"@id\":\"https:\/\/www.radlobby.org\/noe\/#\/schema\/logo\/image\/\"},\"sameAs\":[\"https:\/\/www.facebook.com\/groups\/radfahren.in.noe\/\"]}]}<\/script>\n<!-- \/ Yoast SEO plugin. -->","yoast_head_json":{"title":"Richtlinien f\u00fcr Aktive Mobilit\u00e4t \u00b7 RVS & Arbeitsbl\u00e4tter - Radlobby Nieder\u00f6sterreich","robots":{"index":"index","follow":"follow","max-snippet":"max-snippet:-1","max-image-preview":"max-image-preview:large","max-video-preview":"max-video-preview:-1"},"canonical":"https:\/\/www.radlobby.org\/noe\/richtlinien-fuer-aktive-mobilitaet-\u00b7-rvs-arbeitsblaetter\/","og_locale":"de_DE","og_type":"article","og_title":"Richtlinien f\u00fcr Aktive Mobilit\u00e4t \u00b7 RVS & Arbeitsbl\u00e4tter - Radlobby Nieder\u00f6sterreich","og_description":"Technische Richtlinien f\u00fcr Aktive Mobilit\u00e4t ab sofort kostenlos verf\u00fcgbar Die Aktualisierung der RVS Radverkehr wurde zum Anlass genommen, eine Sammlung von RVS-Merkbl\u00e4ttern und Arbeitspapieren rund um Aktive Mobilit\u00e4t k\u00fcnftig durch klimaaktiv mobil kostenfrei zur Verf\u00fcgung zu stellen. Die Dokumente k\u00f6nnen","og_url":"https:\/\/www.radlobby.org\/noe\/richtlinien-fuer-aktive-mobilitaet-\u00b7-rvs-arbeitsblaetter\/","og_site_name":"Radlobby Nieder\u00f6sterreich","article_publisher":"https:\/\/www.facebook.com\/groups\/radfahren.in.noe\/","article_modified_time":"2023-01-31T07:24:09+00:00","og_image":[{"width":1900,"height":770,"url":"https:\/\/www.radlobby.org\/noe\/wp-content\/uploads\/20200101-RLWN-Neujahrsaradeln-DSC_0105a_1900px-1.jpg","type":"image\/jpeg"}],"twitter_card":"summary_large_image","twitter_misc":{"Gesch\u00e4tzte Lesezeit":"2\u00a0Minuten"},"schema":{"@context":"https:\/\/schema.org","@graph":[{"@type":"WebPage","@id":"https:\/\/www.radlobby.org\/noe\/richtlinien-fuer-aktive-mobilitaet-%c2%b7-rvs-arbeitsblaetter\/","url":"https:\/\/www.radlobby.org\/noe\/richtlinien-fuer-aktive-mobilitaet-%c2%b7-rvs-arbeitsblaetter\/","name":"Richtlinien f\u00fcr Aktive Mobilit\u00e4t \u00b7 RVS & Arbeitsbl\u00e4tter - Radlobby Nieder\u00f6sterreich","isPartOf":{"@id":"https:\/\/www.radlobby.org\/noe\/#website"},"datePublished":"2022-11-25T18:41:31+00:00","dateModified":"2023-01-31T07:24:09+00:00","breadcrumb":{"@id":"https:\/\/www.radlobby.org\/noe\/richtlinien-fuer-aktive-mobilitaet-%c2%b7-rvs-arbeitsblaetter\/#breadcrumb"},"inLanguage":"de","potentialAction":[{"@type":"ReadAction","target":["https:\/\/www.radlobby.org\/noe\/richtlinien-fuer-aktive-mobilitaet-%c2%b7-rvs-arbeitsblaetter\/"]}]},{"@type":"BreadcrumbList","@id":"https:\/\/www.radlobby.org\/noe\/richtlinien-fuer-aktive-mobilitaet-%c2%b7-rvs-arbeitsblaetter\/#breadcrumb","itemListElement":[{"@type":"ListItem","position":1,"name":"Startseite","item":"https:\/\/www.radlobby.org\/noe\/"},{"@type":"ListItem","position":2,"name":"Richtlinien f\u00fcr Aktive Mobilit\u00e4t \u00b7 RVS &#038; Arbeitsbl\u00e4tter"}]},{"@type":"WebSite","@id":"https:\/\/www.radlobby.org\/noe\/#website","url":"https:\/\/www.radlobby.org\/noe\/","name":"Radlobby Nieder\u00f6sterreich","description":"Radverkehr, Fahrrad, Radfahren, Radreisen, Radtouren, Radweg","publisher":{"@id":"https:\/\/www.radlobby.org\/noe\/#organization"},"potentialAction":[{"@type":"SearchAction","target":{"@type":"EntryPoint","urlTemplate":"https:\/\/www.radlobby.org\/noe\/?s={search_term_string}"},"query-input":{"@type":"PropertyValueSpecification","valueRequired":true,"valueName":"search_term_string"}}],"inLanguage":"de"},{"@type":"Organization","@id":"https:\/\/www.radlobby.org\/noe\/#organization","name":"Radlobby Nieder\u00f6sterreich","url":"https:\/\/www.radlobby.org\/noe\/","logo":{"@type":"ImageObject","inLanguage":"de","@id":"https:\/\/www.radlobby.org\/noe\/#\/schema\/logo\/image\/","url":"https:\/\/www.radlobby.org\/noe\/wp-content\/uploads\/2017\/01\/cropped-Logo_Radlobby_Niederoesterreich_50-400px_quer-1.jpg","contentUrl":"https:\/\/www.radlobby.org\/noe\/wp-content\/uploads\/2017\/01\/cropped-Logo_Radlobby_Niederoesterreich_50-400px_quer-1.jpg","width":450,"height":124,"caption":"Radlobby Nieder\u00f6sterreich"},"image":{"@id":"https:\/\/www.radlobby.org\/noe\/#\/schema\/logo\/image\/"},"sameAs":["https:\/\/www.facebook.com\/groups\/radfahren.in.noe\/"]}]}},"_links":{"self":[{"href":"https:\/\/www.radlobby.org\/noe\/wp-json\/wp\/v2\/pages\/26593","targetHints":{"allow":["GET"]}}],"collection":[{"href":"https:\/\/www.radlobby.org\/noe\/wp-json\/wp\/v2\/pages"}],"about":[{"href":"https:\/\/www.radlobby.org\/noe\/wp-json\/wp\/v2\/types\/page"}],"author":[{"embeddable":true,"href":"https:\/\/www.radlobby.org\/noe\/wp-json\/wp\/v2\/users\/16"}],"replies":[{"embeddable":true,"href":"https:\/\/www.radlobby.org\/noe\/wp-json\/wp\/v2\/comments?post=26593"}],"version-history":[{"count":3,"href":"https:\/\/www.radlobby.org\/noe\/wp-json\/wp\/v2\/pages\/26593\/revisions"}],"predecessor-version":[{"id":27510,"href":"https:\/\/www.radlobby.org\/noe\/wp-json\/wp\/v2\/pages\/26593\/revisions\/27510"}],"wp:attachment":[{"href":"https:\/\/www.radlobby.org\/noe\/wp-json\/wp\/v2\/media?parent=26593"}],"curies":[{"name":"wp","href":"https:\/\/api.w.org\/{rel}","templated":true}]}}