{"id":24640,"date":"2022-07-10T17:05:01","date_gmt":"2022-07-10T15:05:01","guid":{"rendered":"https:\/\/www.radlobby.org\/noe\/?page_id=24640"},"modified":"2022-07-10T18:09:18","modified_gmt":"2022-07-10T16:09:18","slug":"gross-enzersdorf","status":"publish","type":"page","link":"https:\/\/www.radlobby.org\/noe\/gross-enzersdorf\/","title":{"rendered":"Radlobby Gro\u00df-Enzersdorf"},"content":{"rendered":"<h4>Willkommen bei der Radlobby Gro\u00df-Enzersdorf<\/h4>\n<p><strong>Mitmachen und lustvoll radeln in Gro\u00df-Enzersdorf<\/strong>\u00a0&#8230; Kontakt: <a href=\"mailto:gross-enzersdorf@radlobby.at\">gross-enzersdorf@radlobby.at<\/a><br \/>\nEs gibt Beratung und Unterst\u00fctzung durch die Landesorganisation.<\/p>\n<hr \/>\n<h4>Aktuelle Infos aus\u00a0Gro\u00df-Enzersdorf<\/h4>\n<style>.wp-show-posts-columns#wpsp-24650 {margin-left: -2em; }.wp-show-posts-columns#wpsp-24650 .wp-show-posts-inner {margin: 0 0 2em 2em; }<\/style><section id=\"wpsp-24650\" class=\" wp-show-posts-columns wp-show-posts\" style=\"\"><article class=\" wp-show-posts-single post-41170 post type-post status-publish format-standard has-post-thumbnail hentry category-deutsch-wagram category-gaenserndorf category-gross-enzersdorf category-korneuburg category-mistelbach category-poysdorf category-stockerau category-tulln category-wolkersdorf wpsp-col-6\" itemtype=\"http:\/\/schema.org\/CreativeWork\" itemscope><div class=\"wp-show-posts-inner\" style=\"\">\t\t\t\t\t\t<header class=\"wp-show-posts-entry-header\">\n\t\t\t\t\t\t\t<p class=\"wp-show-posts-entry-title\" itemprop=\"headline\"><a href=\"https:\/\/www.radlobby.org\/noe\/wolkersdorf-radbazar\/\" rel=\"bookmark\">Radlobby Wolkersdorf Radbazar 2026<\/a><\/p>\t\t\t\t\t\t<\/header><!-- .entry-header -->\n\t\t\t\t\t\t\t<div class=\"wp-show-posts-image  wpsp-image-left \">\n\t\t\t<a href=\"https:\/\/www.radlobby.org\/noe\/wolkersdorf-radbazar\/\"  title=\"Radlobby Wolkersdorf Radbazar 2026\">\t\t\t\t\t<img decoding=\"async\" src=\"https:\/\/www.radlobby.org\/noe\/wp-content\/uploads\/2023_Radbazar_Wolkersdorf_05-180x138.jpg\" alt=\"Radlobby Wolkersdorf Radbazar 2026\" itemprop=\"image\" class=\"left\" \/>\n\t\t\t\t<\/a>\t\t<\/div>\n\t\t\t\t\t\t\t\t<div class=\"wp-show-posts-entry-summary\" itemprop=\"text\">\n\t\t\t\t\t\t\t<p>Hier geht&#8217;s gleich zur Online-Anmeldung &nbsp; Radbazar Samstag, 21.3.2026 am Hauptplatz in Wolkersdorf \u00a0(heuer wieder mit Online-Anmeldung): Der Bazar findet gemeinsam mit dem Flohmarkt der&#8230;<\/p>\n\t\t\t\t\t\t<\/div><!-- .entry-summary -->\n\t\t\t\t\t<\/div><!-- wp-show-posts-inner --><\/article><article class=\" wp-show-posts-single post-38040 post type-post status-publish format-standard has-post-thumbnail hentry category-deutsch-wagram category-gaenserndorf category-gross-enzersdorf category-korneuburg category-mistelbach category-poysdorf category-stockerau category-tulln category-wolkersdorf wpsp-col-6\" itemtype=\"http:\/\/schema.org\/CreativeWork\" itemscope><div class=\"wp-show-posts-inner\" style=\"\">\t\t\t\t\t\t<header class=\"wp-show-posts-entry-header\">\n\t\t\t\t\t\t\t<p class=\"wp-show-posts-entry-title\" itemprop=\"headline\"><a href=\"https:\/\/www.radlobby.org\/noe\/wolkersdorf-radbazar25\/\" rel=\"bookmark\">Radlobby Wolkersdorf Radbazar 2025<\/a><\/p>\t\t\t\t\t\t<\/header><!-- .entry-header -->\n\t\t\t\t\t\t\t<div class=\"wp-show-posts-image  wpsp-image-left \">\n\t\t\t<a href=\"https:\/\/www.radlobby.org\/noe\/wolkersdorf-radbazar25\/\"  title=\"Radlobby Wolkersdorf Radbazar 2025\">\t\t\t\t\t<img decoding=\"async\" src=\"https:\/\/www.radlobby.org\/noe\/wp-content\/uploads\/2023_Radbazar_Wolkersdorf_05-180x138.jpg\" alt=\"Radlobby Wolkersdorf Radbazar 2025\" itemprop=\"image\" class=\"left\" \/>\n\t\t\t\t<\/a>\t\t<\/div>\n\t\t\t\t\t\t\t\t<div class=\"wp-show-posts-entry-summary\" itemprop=\"text\">\n\t\t\t\t\t\t\t<p>&nbsp; Hier geht&#8217;s gleich zur Online-Anmeldung Radbazar Samstag, 12.4.2025 am Hauptplatz in Wolkersdorf \u00a0(heuer wieder mit Online-Anmeldung): Der Bazar findet gemeinsam mit dem Flohmarkt der&#8230;<\/p>\n\t\t\t\t\t\t<\/div><!-- .entry-summary -->\n\t\t\t\t\t<\/div><!-- wp-show-posts-inner --><\/article><article class=\" wp-show-posts-single post-33742 post type-post status-publish format-standard has-post-thumbnail hentry category-deutsch-wagram category-gaenserndorf category-gross-enzersdorf category-korneuburg category-mistelbach category-poysdorf category-stockerau category-tulln category-wolkersdorf wpsp-col-6\" itemtype=\"http:\/\/schema.org\/CreativeWork\" itemscope><div class=\"wp-show-posts-inner\" style=\"\">\t\t\t\t\t\t<header class=\"wp-show-posts-entry-header\">\n\t\t\t\t\t\t\t<p class=\"wp-show-posts-entry-title\" itemprop=\"headline\"><a href=\"https:\/\/www.radlobby.org\/noe\/wolkersdorf-radbazar24\/\" rel=\"bookmark\">Radlobby Wolkersdorf Radbazar 2024<\/a><\/p>\t\t\t\t\t\t<\/header><!-- .entry-header -->\n\t\t\t\t\t\t\t<div class=\"wp-show-posts-image  wpsp-image-left \">\n\t\t\t<a href=\"https:\/\/www.radlobby.org\/noe\/wolkersdorf-radbazar24\/\"  title=\"Radlobby Wolkersdorf Radbazar 2024\"><img loading=\"lazy\" decoding=\"async\" width=\"150\" height=\"124\" src=\"https:\/\/www.radlobby.org\/noe\/wp-content\/uploads\/Logo_Radlobby_Wolkersdorf_150px.jpg\" class=\"attachment-full size-full wp-post-image\" alt=\"\" itemprop=\"image\" \/><\/a>\t\t<\/div>\n\t\t\t\t\t\t\t\t<div class=\"wp-show-posts-entry-summary\" itemprop=\"text\">\n\t\t\t\t\t\t\t<p>&nbsp; Hier geht&#8217;s gleich zur Online-Anmeldung Radbazar Samstag, 16.3.2024 am Hauptplatz in Wolkersdorf \u00a0(heuer wieder mit Online-Anmeldung): Der Bazar findet gemeinsam mit dem Flohmarkt der&#8230;<\/p>\n\t\t\t\t\t\t<\/div><!-- .entry-summary -->\n\t\t\t\t\t<\/div><!-- wp-show-posts-inner --><\/article><article class=\" wp-show-posts-single post-30707 post type-post status-publish format-standard hentry category-deutsch-wagram category-gaenserndorf category-gross-enzersdorf category-wolkersdorf wpsp-col-6\" itemtype=\"http:\/\/schema.org\/CreativeWork\" itemscope><div class=\"wp-show-posts-inner\" style=\"\">\t\t\t\t\t\t<header class=\"wp-show-posts-entry-header\">\n\t\t\t\t\t\t\t<p class=\"wp-show-posts-entry-title\" itemprop=\"headline\"><a href=\"https:\/\/www.radlobby.org\/noe\/radparade-am-autofreien-tag-in-deutsch-wagram\/\" rel=\"bookmark\">Radparade am Autofreien Tag in Deutsch-Wagram<\/a><\/p>\t\t\t\t\t\t<\/header><!-- .entry-header -->\n\t\t\t\t\t\t\t\t\t\t\t<div class=\"wp-show-posts-entry-summary\" itemprop=\"text\">\n\t\t\t\t\t\t\t<p>Mit der Radparade feiern wir den Autofreien Tag, der j\u00e4hrlich am 22. September stattfindet. ******************* Wir radeln f\u00fcr: den Ausbau der Radinfrastruktur &#8211; insbesondere f\u00fcr&#8230;<\/p>\n\t\t\t\t\t\t<\/div><!-- .entry-summary -->\n\t\t\t\t\t<\/div><!-- wp-show-posts-inner --><\/article><article class=\" wp-show-posts-single post-30584 post type-post status-publish format-standard hentry category-deutsch-wagram category-gaenserndorf category-gross-enzersdorf category-wolkersdorf wpsp-col-6\" itemtype=\"http:\/\/schema.org\/CreativeWork\" itemscope><div class=\"wp-show-posts-inner\" style=\"\">\t\t\t\t\t\t<header class=\"wp-show-posts-entry-header\">\n\t\t\t\t\t\t\t<p class=\"wp-show-posts-entry-title\" itemprop=\"headline\"><a href=\"https:\/\/www.radlobby.org\/noe\/radl-raetselrallye-am-11-08-2023-in-deutsch-wagram\/\" rel=\"bookmark\">Radl-R\u00e4tselrallye am 11.08.2023 in Deutsch-Wagram<\/a><\/p>\t\t\t\t\t\t<\/header><!-- .entry-header -->\n\t\t\t\t\t\t\t\t\t\t\t<div class=\"wp-show-posts-entry-summary\" itemprop=\"text\">\n\t\t\t\t\t\t\t<p>Wie gut kennst du deine Heimatstadt? Du m\u00f6chtest Deutsch-Wagram einmal anders erfahren, hast Spa\u00df am Radfahren und kannst knifflige R\u00e4tsel l\u00f6sen? Dann bist du genau&#8230;<\/p>\n\t\t\t\t\t\t<\/div><!-- .entry-summary -->\n\t\t\t\t\t<\/div><!-- wp-show-posts-inner --><\/article><article class=\" wp-show-posts-single post-29013 post type-post status-publish format-standard has-post-thumbnail hentry category-deutsch-wagram category-gaenserndorf category-gross-enzersdorf category-mistelbach category-niederoesterreich category-wolkersdorf wpsp-col-6\" itemtype=\"http:\/\/schema.org\/CreativeWork\" itemscope><div class=\"wp-show-posts-inner\" style=\"\">\t\t\t\t\t\t<header class=\"wp-show-posts-entry-header\">\n\t\t\t\t\t\t\t<p class=\"wp-show-posts-entry-title\" itemprop=\"headline\"><a href=\"https:\/\/www.radlobby.org\/noe\/gymnasium-gaenserndorf-und-sportmittelschule-matzen-radeln-um-die-welt\/\" rel=\"bookmark\">Gymnasium G\u00e4nserndorf und Sportmittelschule Matzen radeln um die Welt<\/a><\/p>\t\t\t\t\t\t<\/header><!-- .entry-header -->\n\t\t\t\t\t\t\t<div class=\"wp-show-posts-image  wpsp-image-left \">\n\t\t\t<a href=\"https:\/\/www.radlobby.org\/noe\/gymnasium-gaenserndorf-und-sportmittelschule-matzen-radeln-um-die-welt\/\"  title=\"Gymnasium G\u00e4nserndorf und Sportmittelschule Matzen radeln um die Welt\">\t\t\t\t\t<img decoding=\"async\" src=\"https:\/\/www.radlobby.org\/noe\/wp-content\/uploads\/BIKEline-startfoto-2Mai2023-scaled-180x119.jpg\" alt=\"Gymnasium G\u00e4nserndorf und Sportmittelschule Matzen radeln um die Welt\" itemprop=\"image\" class=\"left\" \/>\n\t\t\t\t<\/a>\t\t<\/div>\n\t\t\t\t\t\t\t\t<div class=\"wp-show-posts-entry-summary\" itemprop=\"text\">\n\t\t\t\t\t\t\t<p>Inspiriert von den Radlobby-Kollegen aus Wolkersdorf, haben wir uns mit einigen lokalen Schulen in Verbindung gesetzt, um die BikeLine vorzustellen. Dabei handelt es sich um&#8230;<\/p>\n\t\t\t\t\t\t<\/div><!-- .entry-summary -->\n\t\t\t\t\t<\/div><!-- wp-show-posts-inner --><\/article><article class=\" wp-show-posts-single post-28492 post type-post status-publish format-standard has-post-thumbnail hentry category-deutsch-wagram category-gaenserndorf category-gross-enzersdorf category-klosterneuburg category-korneuburg category-leithaebene category-moedling category-niederoesterreich category-pressbaum category-purkersdorf category-stockerau category-wolkersdorf wpsp-col-6\" itemtype=\"http:\/\/schema.org\/CreativeWork\" itemscope><div class=\"wp-show-posts-inner\" style=\"\">\t\t\t\t\t\t<header class=\"wp-show-posts-entry-header\">\n\t\t\t\t\t\t\t<p class=\"wp-show-posts-entry-title\" itemprop=\"headline\"><a href=\"https:\/\/www.radlobby.org\/noe\/grosse-radparade-in-wien-am-kommenden-sonntag-16-april-2023-gemeinsame-anfahrt-auch-fuer-niederoesterreicher-innen\/\" rel=\"bookmark\">Gro\u00dfe RADpaRADe in Wien am kommenden Sonntag, 16. April 2023 <br>Gemeinsame Anfahrt &#8230; auch f\u00fcr Nieder\u00f6sterreicher.innen<\/a><\/p>\t\t\t\t\t\t<\/header><!-- .entry-header -->\n\t\t\t\t\t\t\t<div class=\"wp-show-posts-image  wpsp-image-left \">\n\t\t\t<a href=\"https:\/\/www.radlobby.org\/noe\/grosse-radparade-in-wien-am-kommenden-sonntag-16-april-2023-gemeinsame-anfahrt-auch-fuer-niederoesterreicher-innen\/\"  title=\"Gro\u00dfe RADpaRADe in Wien am kommenden Sonntag, 16. April 2023 Gemeinsame Anfahrt &#8230; auch f\u00fcr Nieder\u00f6sterreicher.innen\">\t\t\t\t\t<img decoding=\"async\" src=\"https:\/\/www.radlobby.org\/noe\/wp-content\/uploads\/20230416-Radlobby-Gemeinsam-zur-Radparade-radeln-180x127.jpg\" alt=\"Gro\u00dfe RADpaRADe in Wien am kommenden Sonntag, 16. April 2023 <br>Gemeinsame Anfahrt &#8230; auch f\u00fcr Nieder\u00f6sterreicher.innen\" itemprop=\"image\" class=\"left\" \/>\n\t\t\t\t<\/a>\t\t<\/div>\n\t\t\t\t\t\t\t\t<div class=\"wp-show-posts-entry-summary\" itemprop=\"text\">\n\t\t\t\t\t\t\t<p>Die Radlobby Bezirksgruppen radeln gemeinsam zur\u00a0RADpaRADe am Sonntag, 16. April! Einfach zu den angegebenen Stationen kommen und mitradeln, dann geht&#8217;s gemeinsam und entspannt zum Startpunkt&#8230;<\/p>\n\t\t\t\t\t\t<\/div><!-- .entry-summary -->\n\t\t\t\t\t<\/div><!-- wp-show-posts-inner --><\/article><article class=\" wp-show-posts-single post-26906 post type-post status-publish format-standard has-post-thumbnail hentry category-deutsch-wagram category-gaenserndorf category-gross-enzersdorf category-korneuburg category-mistelbach category-poysdorf category-stockerau category-tulln category-wolkersdorf wpsp-col-6\" itemtype=\"http:\/\/schema.org\/CreativeWork\" itemscope><div class=\"wp-show-posts-inner\" style=\"\">\t\t\t\t\t\t<header class=\"wp-show-posts-entry-header\">\n\t\t\t\t\t\t\t<p class=\"wp-show-posts-entry-title\" itemprop=\"headline\"><a href=\"https:\/\/www.radlobby.org\/noe\/wolkersdorf-radbazar23\/\" rel=\"bookmark\">Radlobby Wolkersdorf Radbazar 2023<\/a><\/p>\t\t\t\t\t\t<\/header><!-- .entry-header -->\n\t\t\t\t\t\t\t<div class=\"wp-show-posts-image  wpsp-image-left \">\n\t\t\t<a href=\"https:\/\/www.radlobby.org\/noe\/wolkersdorf-radbazar23\/\"  title=\"Radlobby Wolkersdorf Radbazar 2023\"><img loading=\"lazy\" decoding=\"async\" width=\"150\" height=\"124\" src=\"https:\/\/www.radlobby.org\/noe\/wp-content\/uploads\/Logo_Radlobby_Wolkersdorf_150px.jpg\" class=\"attachment-full size-full wp-post-image\" alt=\"\" itemprop=\"image\" \/><\/a>\t\t<\/div>\n\t\t\t\t\t\t\t\t<div class=\"wp-show-posts-entry-summary\" itemprop=\"text\">\n\t\t\t\t\t\t\t<p>Hier geht&#8217;s gleich zur Online-Anmeldung Radbazar Samstag, 25.3.2023 am Hauptplatz in Wolkersdorf \u00a0(heuer wieder mit Online-Anmeldung): Der Bazar findet gemeinsam mit dem Flohmarkt der Stadtgemeinde&#8230;<\/p>\n\t\t\t\t\t\t<\/div><!-- .entry-summary -->\n\t\t\t\t\t<\/div><!-- wp-show-posts-inner --><\/article><article class=\" wp-show-posts-single post-26003 post type-post status-publish format-standard hentry category-gross-enzersdorf wpsp-col-6\" itemtype=\"http:\/\/schema.org\/CreativeWork\" itemscope><div class=\"wp-show-posts-inner\" style=\"\">\t\t\t\t\t\t<header class=\"wp-show-posts-entry-header\">\n\t\t\t\t\t\t\t<p class=\"wp-show-posts-entry-title\" itemprop=\"headline\"><a href=\"https:\/\/www.radlobby.org\/noe\/die-radlobby-gross-enzersdorf\/\" rel=\"bookmark\">Die Radlobby Gro\u00df-Enzersdorf<\/a><\/p>\t\t\t\t\t\t<\/header><!-- .entry-header -->\n\t\t\t\t\t\t\t\t\t\t\t<div class=\"wp-show-posts-entry-summary\" itemprop=\"text\">\n\t\t\t\t\t\t\t<p>\u00a0 Willkommen bei der Radlobby Gro\u00df-Enzersdorf! Es gibt uns seit Juni 2022 Die ersten Monate haben wir damit verbracht uns einzuarbeiten und sind nun dabei&#8230;<\/p>\n\t\t\t\t\t\t<\/div><!-- .entry-summary -->\n\t\t\t\t\t<\/div><!-- wp-show-posts-inner --><\/article><article class=\" wp-show-posts-single post-25549 post type-post status-publish format-standard has-post-thumbnail hentry category-deutsch-wagram category-gaenserndorf category-gross-enzersdorf category-wolkersdorf wpsp-col-6\" itemtype=\"http:\/\/schema.org\/CreativeWork\" itemscope><div class=\"wp-show-posts-inner\" style=\"\">\t\t\t\t\t\t<header class=\"wp-show-posts-entry-header\">\n\t\t\t\t\t\t\t<p class=\"wp-show-posts-entry-title\" itemprop=\"headline\"><a href=\"https:\/\/www.radlobby.org\/noe\/das-war-die-radparade-in-deutsch-wagram-anlaesslich-des-autofreien-tages\/\" rel=\"bookmark\">Das war die Radparade in Deutsch-Wagram anl\u00e4sslich des Autofreien Tages<\/a><\/p>\t\t\t\t\t\t<\/header><!-- .entry-header -->\n\t\t\t\t\t\t\t<div class=\"wp-show-posts-image  wpsp-image-left \">\n\t\t\t<a href=\"https:\/\/www.radlobby.org\/noe\/das-war-die-radparade-in-deutsch-wagram-anlaesslich-des-autofreien-tages\/\"  title=\"Das war die Radparade in Deutsch-Wagram anl\u00e4sslich des Autofreien Tages\">\t\t\t\t\t<img decoding=\"async\" src=\"https:\/\/www.radlobby.org\/noe\/wp-content\/uploads\/Gruppenfoto-scaled-180x135.jpg\" alt=\"Das war die Radparade in Deutsch-Wagram anl\u00e4sslich des Autofreien Tages\" itemprop=\"image\" class=\"left\" \/>\n\t\t\t\t<\/a>\t\t<\/div>\n\t\t\t\t\t\t\t\t<div class=\"wp-show-posts-entry-summary\" itemprop=\"text\">\n\t\t\t\t\t\t\t<p>Am Autofreien Tag hat die Radlobby zu einer Radparade geladen, um auf fehlende Fahrradinfrastruktur aufmerksam zu machen. Dieses Jahr wurde die fehlende Radverbindung zwischen Deutsch-Wagram&#8230;<\/p>\n\t\t\t\t\t\t<\/div><!-- .entry-summary -->\n\t\t\t\t\t<\/div><!-- wp-show-posts-inner --><\/article><article class=\" wp-show-posts-single post-25191 post type-post status-publish format-standard has-post-thumbnail hentry category-amstetten category-bad-sauerbrunn category-badvoeslau category-baden category-bruck-an-der-leitha category-carnuntum category-deutsch-wagram category-ebreichsdorf category-eichgraben category-enns-donauwinkel category-gaenserndorf category-gmuend category-gross-enzersdorf category-klosterneuburg category-korneuburg category-leithaebene category-melk category-mistelbach category-moedling category-niederoesterreich category-poysdorf category-pressbaum category-purkersdorf category-retzer-land category-schwarzatal category-st-poelten category-stockerau category-tulln category-waidhofenthaya category-waidhofenybbs category-wiener-neustadt category-wolkersdorf category-ybbstal wpsp-col-6\" itemtype=\"http:\/\/schema.org\/CreativeWork\" itemscope><div class=\"wp-show-posts-inner\" style=\"\">\t\t\t\t\t\t<header class=\"wp-show-posts-entry-header\">\n\t\t\t\t\t\t\t<p class=\"wp-show-posts-entry-title\" itemprop=\"headline\"><a href=\"https:\/\/www.radlobby.org\/noe\/klimastreik-in-st-poelten23-sept-2022-%c2%b7-13-30-uhr-bahnhofplatz-st-poelten\/\" rel=\"bookmark\">Klimastreik in St. P\u00f6lten<br>23. Sept. 2022 \u00b7 13.30 Uhr Bahnhofplatz St. P\u00f6lten<\/a><\/p>\t\t\t\t\t\t<\/header><!-- .entry-header -->\n\t\t\t\t\t\t\t<div class=\"wp-show-posts-image  wpsp-image-left \">\n\t\t\t<a href=\"https:\/\/www.radlobby.org\/noe\/klimastreik-in-st-poelten23-sept-2022-%c2%b7-13-30-uhr-bahnhofplatz-st-poelten\/\"  title=\"Klimastreik in St. P\u00f6lten23. Sept. 2022 \u00b7 13.30 Uhr Bahnhofplatz St. P\u00f6lten\">\t\t\t\t\t<img decoding=\"async\" src=\"https:\/\/www.radlobby.org\/noe\/wp-content\/uploads\/20220923-Klimastreik-St.-Poelten-02-180x320.jpg\" alt=\"Klimastreik in St. P\u00f6lten<br>23. Sept. 2022 \u00b7 13.30 Uhr Bahnhofplatz St. P\u00f6lten\" itemprop=\"image\" class=\"left\" \/>\n\t\t\t\t<\/a>\t\t<\/div>\n\t\t\t\t\t\t\t\t<div class=\"wp-show-posts-entry-summary\" itemprop=\"text\">\n\t\t\t\t\t\t\t<p>Fridays for Future Nieder\u00f6sterreich ruft zum Weltweiten Klimastreik. Die Radlobby Nieder\u00f6sterreich unterst\u00fctzt diese Kundgebung.<br \/>\nKommt alle mit euren Fahrr\u00e4dern und Radlobby Fahnen.<\/p>\n\t\t\t\t\t\t<\/div><!-- .entry-summary -->\n\t\t\t\t\t<\/div><!-- wp-show-posts-inner --><\/article><article class=\" wp-show-posts-single post-25155 post type-post status-publish format-standard has-post-thumbnail hentry category-deutsch-wagram category-gaenserndorf category-gross-enzersdorf category-korneuburg category-mistelbach category-niederoesterreich category-poysdorf category-wolkersdorf wpsp-col-6\" itemtype=\"http:\/\/schema.org\/CreativeWork\" itemscope><div class=\"wp-show-posts-inner\" style=\"\">\t\t\t\t\t\t<header class=\"wp-show-posts-entry-header\">\n\t\t\t\t\t\t\t<p class=\"wp-show-posts-entry-title\" itemprop=\"headline\"><a href=\"https:\/\/www.radlobby.org\/noe\/weinviertel-mobilitaetstagung-mobilitaet-rund-um-die-schule-wie-bewegen-sich-unsere-kinder\/\" rel=\"bookmark\">Weinviertel: Mobilit\u00e4tstagung &#8211; Mobilit\u00e4t rund um die Schule &#8211; Wie bewegen sich unsere Kinder?<\/a><\/p>\t\t\t\t\t\t<\/header><!-- .entry-header -->\n\t\t\t\t\t\t\t<div class=\"wp-show-posts-image  wpsp-image-left \">\n\t\t\t<a href=\"https:\/\/www.radlobby.org\/noe\/weinviertel-mobilitaetstagung-mobilitaet-rund-um-die-schule-wie-bewegen-sich-unsere-kinder\/\"  title=\"Weinviertel: Mobilit\u00e4tstagung &#8211; Mobilit\u00e4t rund um die Schule &#8211; Wie bewegen sich unsere Kinder?\">\t\t\t\t\t<img decoding=\"async\" src=\"https:\/\/www.radlobby.org\/noe\/wp-content\/uploads\/LeaderWD_MobiTagung_Einladung_220801b-180x197.jpg\" alt=\"Weinviertel: Mobilit\u00e4tstagung &#8211; Mobilit\u00e4t rund um die Schule &#8211; Wie bewegen sich unsere Kinder?\" itemprop=\"image\" class=\"left\" \/>\n\t\t\t\t<\/a>\t\t<\/div>\n\t\t\t\t\t\t\t\t<div class=\"wp-show-posts-entry-summary\" itemprop=\"text\">\n\t\t\t\t\t\t\t<p>Die LEADER-Region Weinviertel Donauraum l\u00e4dt zur Tagung Mobilit\u00e4tstagung &#8211; Mobilit\u00e4t rund um die Schule &#8211; Wie bewegen sich unsere Kinder? zu \u00fcbermitteln. Donnerstag, 22. September&#8230;<\/p>\n\t\t\t\t\t\t<\/div><!-- .entry-summary -->\n\t\t\t\t\t<\/div><!-- wp-show-posts-inner --><\/article><article class=\" wp-show-posts-single post-25015 post type-post status-publish format-standard has-post-thumbnail hentry category-bad-sauerbrunn category-badvoeslau category-baden category-bruck-an-der-leitha category-carnuntum category-deutsch-wagram category-ebreichsdorf category-eichgraben category-enns-donauwinkel category-gaenserndorf category-gmuend category-gross-enzersdorf category-klosterneuburg category-korneuburg category-leithaebene category-melk category-mistelbach category-moedling category-niederoesterreich category-poysdorf category-pressbaum category-purkersdorf category-retzer-land category-schwarzatal category-st-poelten category-stockerau category-tulln category-waidhofenthaya category-waidhofenybbs category-wiener-neustadt category-wolkersdorf wpsp-col-6\" itemtype=\"http:\/\/schema.org\/CreativeWork\" itemscope><div class=\"wp-show-posts-inner\" style=\"\">\t\t\t\t\t\t<header class=\"wp-show-posts-entry-header\">\n\t\t\t\t\t\t\t<p class=\"wp-show-posts-entry-title\" itemprop=\"headline\"><a href=\"https:\/\/www.radlobby.org\/noe\/radlobby-fahrradklima-test-2022\/\" rel=\"bookmark\">Radlobby Fahrradklima-Test 2022<\/a><\/p>\t\t\t\t\t\t<\/header><!-- .entry-header -->\n\t\t\t\t\t\t\t<div class=\"wp-show-posts-image  wpsp-image-left \">\n\t\t\t<a href=\"https:\/\/www.radlobby.org\/noe\/radlobby-fahrradklima-test-2022\/\"  title=\"Radlobby Fahrradklima-Test 2022\">\t\t\t\t\t<img decoding=\"async\" src=\"https:\/\/www.radlobby.org\/noe\/wp-content\/uploads\/2022_fahrradklima-test_webbutton_1200x1200px-180x180.png\" alt=\"Radlobby Fahrradklima-Test 2022\" itemprop=\"image\" class=\"left\" \/>\n\t\t\t\t<\/a>\t\t<\/div>\n\t\t\t\t\t\t\t\t<div class=\"wp-show-posts-entry-summary\" itemprop=\"text\">\n\t\t\t\t\t\t\t<p>Der Radlobby Fahrradklima-Test erfasst die Zufriedenheit mit den Alltagsradrouten in \u00d6sterreich. Vom 1. 9. bis 30. 11. 2022 k\u00f6nnen Radfahrende das Fahrradklima in ihren Gemeinden bewerten.<\/p>\n\t\t\t\t\t\t<\/div><!-- .entry-summary -->\n\t\t\t\t\t<\/div><!-- wp-show-posts-inner --><\/article><article class=\" wp-show-posts-single post-24645 post type-post status-publish format-standard hentry category-gross-enzersdorf wpsp-col-6\" itemtype=\"http:\/\/schema.org\/CreativeWork\" itemscope><div class=\"wp-show-posts-inner\" style=\"\">\t\t\t\t\t\t<header class=\"wp-show-posts-entry-header\">\n\t\t\t\t\t\t\t<p class=\"wp-show-posts-entry-title\" itemprop=\"headline\"><a href=\"https:\/\/www.radlobby.org\/noe\/erster-beitrag-gross-enzersdorf\/\" rel=\"bookmark\">Erster Beitrag Gro\u00df-Enzersdorf<\/a><\/p>\t\t\t\t\t\t<\/header><!-- .entry-header -->\n\t\t\t\t\t\t\t\t\t\t\t<div class=\"wp-show-posts-entry-summary\" itemprop=\"text\">\n\t\t\t\t\t\t\t<p>Erster Beitrag Gro\u00df-Enzersdorf<\/p>\n\t\t\t\t\t\t<\/div><!-- .entry-summary -->\n\t\t\t\t\t<\/div><!-- wp-show-posts-inner --><\/article><div class=\"wpsp-clear\"><\/div><\/section><!-- .wp-show-posts -->\n","protected":false},"excerpt":{"rendered":"<p>Willkommen bei der Radlobby Gro\u00df-Enzersdorf Mitmachen und lustvoll radeln in Gro\u00df-Enzersdorf\u00a0&#8230; Kontakt: gross-enzersdorf@radlobby.at Es gibt Beratung und Unterst\u00fctzung durch die Landesorganisation. Aktuelle Infos aus\u00a0Gro\u00df-Enzersdorf<\/p>\n","protected":false},"author":16,"featured_media":0,"parent":0,"menu_order":0,"comment_status":"closed","ping_status":"closed","template":"","meta":{"footnotes":""},"class_list":["post-24640","page","type-page","status-publish","hentry"],"yoast_head":"<!-- This site is optimized with the Yoast SEO plugin v26.9 - https:\/\/yoast.com\/product\/yoast-seo-wordpress\/ -->\n<title>Radlobby Gro\u00df-Enzersdorf - Radlobby Nieder\u00f6sterreich<\/title>\n<meta name=\"robots\" content=\"index, follow, max-snippet:-1, max-image-preview:large, max-video-preview:-1\" \/>\n<link rel=\"canonical\" href=\"https:\/\/www.radlobby.org\/noe\/gross-enzersdorf\/\" \/>\n<meta property=\"og:locale\" content=\"de_DE\" \/>\n<meta property=\"og:type\" content=\"article\" \/>\n<meta property=\"og:title\" content=\"Radlobby Gro\u00df-Enzersdorf - Radlobby Nieder\u00f6sterreich\" \/>\n<meta property=\"og:description\" content=\"Willkommen bei der Radlobby Gro\u00df-Enzersdorf Mitmachen und lustvoll radeln in Gro\u00df-Enzersdorf\u00a0&#8230; Kontakt: gross-enzersdorf@radlobby.at Es gibt Beratung und Unterst\u00fctzung durch die Landesorganisation. Aktuelle Infos aus\u00a0Gro\u00df-Enzersdorf\" \/>\n<meta property=\"og:url\" content=\"https:\/\/www.radlobby.org\/noe\/gross-enzersdorf\/\" \/>\n<meta property=\"og:site_name\" content=\"Radlobby Nieder\u00f6sterreich\" \/>\n<meta property=\"article:publisher\" content=\"https:\/\/www.facebook.com\/groups\/radfahren.in.noe\/\" \/>\n<meta property=\"article:modified_time\" content=\"2022-07-10T16:09:18+00:00\" \/>\n<meta property=\"og:image\" content=\"https:\/\/www.radlobby.org\/noe\/wp-content\/uploads\/20200101-RLWN-Neujahrsaradeln-DSC_0105a_1900px-1.jpg\" \/>\n\t<meta property=\"og:image:width\" content=\"1900\" \/>\n\t<meta property=\"og:image:height\" content=\"770\" \/>\n\t<meta property=\"og:image:type\" content=\"image\/jpeg\" \/>\n<meta name=\"twitter:card\" content=\"summary_large_image\" \/>\n<meta name=\"twitter:label1\" content=\"Gesch\u00e4tzte Lesezeit\" \/>\n\t<meta name=\"twitter:data1\" content=\"1\u00a0Minute\" \/>\n<script type=\"application\/ld+json\" class=\"yoast-schema-graph\">{\"@context\":\"https:\/\/schema.org\",\"@graph\":[{\"@type\":\"WebPage\",\"@id\":\"https:\/\/www.radlobby.org\/noe\/gross-enzersdorf\/\",\"url\":\"https:\/\/www.radlobby.org\/noe\/gross-enzersdorf\/\",\"name\":\"Radlobby Gro\u00df-Enzersdorf - Radlobby Nieder\u00f6sterreich\",\"isPartOf\":{\"@id\":\"https:\/\/www.radlobby.org\/noe\/#website\"},\"datePublished\":\"2022-07-10T15:05:01+00:00\",\"dateModified\":\"2022-07-10T16:09:18+00:00\",\"breadcrumb\":{\"@id\":\"https:\/\/www.radlobby.org\/noe\/gross-enzersdorf\/#breadcrumb\"},\"inLanguage\":\"de\",\"potentialAction\":[{\"@type\":\"ReadAction\",\"target\":[\"https:\/\/www.radlobby.org\/noe\/gross-enzersdorf\/\"]}]},{\"@type\":\"BreadcrumbList\",\"@id\":\"https:\/\/www.radlobby.org\/noe\/gross-enzersdorf\/#breadcrumb\",\"itemListElement\":[{\"@type\":\"ListItem\",\"position\":1,\"name\":\"Startseite\",\"item\":\"https:\/\/www.radlobby.org\/noe\/\"},{\"@type\":\"ListItem\",\"position\":2,\"name\":\"Radlobby Gro\u00df-Enzersdorf\"}]},{\"@type\":\"WebSite\",\"@id\":\"https:\/\/www.radlobby.org\/noe\/#website\",\"url\":\"https:\/\/www.radlobby.org\/noe\/\",\"name\":\"Radlobby Nieder\u00f6sterreich\",\"description\":\"Radverkehr, Fahrrad, Radfahren, Radreisen, Radtouren, Radweg\",\"publisher\":{\"@id\":\"https:\/\/www.radlobby.org\/noe\/#organization\"},\"potentialAction\":[{\"@type\":\"SearchAction\",\"target\":{\"@type\":\"EntryPoint\",\"urlTemplate\":\"https:\/\/www.radlobby.org\/noe\/?s={search_term_string}\"},\"query-input\":{\"@type\":\"PropertyValueSpecification\",\"valueRequired\":true,\"valueName\":\"search_term_string\"}}],\"inLanguage\":\"de\"},{\"@type\":\"Organization\",\"@id\":\"https:\/\/www.radlobby.org\/noe\/#organization\",\"name\":\"Radlobby Nieder\u00f6sterreich\",\"url\":\"https:\/\/www.radlobby.org\/noe\/\",\"logo\":{\"@type\":\"ImageObject\",\"inLanguage\":\"de\",\"@id\":\"https:\/\/www.radlobby.org\/noe\/#\/schema\/logo\/image\/\",\"url\":\"https:\/\/www.radlobby.org\/noe\/wp-content\/uploads\/2017\/01\/cropped-Logo_Radlobby_Niederoesterreich_50-400px_quer-1.jpg\",\"contentUrl\":\"https:\/\/www.radlobby.org\/noe\/wp-content\/uploads\/2017\/01\/cropped-Logo_Radlobby_Niederoesterreich_50-400px_quer-1.jpg\",\"width\":450,\"height\":124,\"caption\":\"Radlobby Nieder\u00f6sterreich\"},\"image\":{\"@id\":\"https:\/\/www.radlobby.org\/noe\/#\/schema\/logo\/image\/\"},\"sameAs\":[\"https:\/\/www.facebook.com\/groups\/radfahren.in.noe\/\"]}]}<\/script>\n<!-- \/ Yoast SEO plugin. -->","yoast_head_json":{"title":"Radlobby Gro\u00df-Enzersdorf - Radlobby Nieder\u00f6sterreich","robots":{"index":"index","follow":"follow","max-snippet":"max-snippet:-1","max-image-preview":"max-image-preview:large","max-video-preview":"max-video-preview:-1"},"canonical":"https:\/\/www.radlobby.org\/noe\/gross-enzersdorf\/","og_locale":"de_DE","og_type":"article","og_title":"Radlobby Gro\u00df-Enzersdorf - Radlobby Nieder\u00f6sterreich","og_description":"Willkommen bei der Radlobby Gro\u00df-Enzersdorf Mitmachen und lustvoll radeln in Gro\u00df-Enzersdorf\u00a0&#8230; Kontakt: gross-enzersdorf@radlobby.at Es gibt Beratung und Unterst\u00fctzung durch die Landesorganisation. Aktuelle Infos aus\u00a0Gro\u00df-Enzersdorf","og_url":"https:\/\/www.radlobby.org\/noe\/gross-enzersdorf\/","og_site_name":"Radlobby Nieder\u00f6sterreich","article_publisher":"https:\/\/www.facebook.com\/groups\/radfahren.in.noe\/","article_modified_time":"2022-07-10T16:09:18+00:00","og_image":[{"width":1900,"height":770,"url":"https:\/\/www.radlobby.org\/noe\/wp-content\/uploads\/20200101-RLWN-Neujahrsaradeln-DSC_0105a_1900px-1.jpg","type":"image\/jpeg"}],"twitter_card":"summary_large_image","twitter_misc":{"Gesch\u00e4tzte Lesezeit":"1\u00a0Minute"},"schema":{"@context":"https:\/\/schema.org","@graph":[{"@type":"WebPage","@id":"https:\/\/www.radlobby.org\/noe\/gross-enzersdorf\/","url":"https:\/\/www.radlobby.org\/noe\/gross-enzersdorf\/","name":"Radlobby Gro\u00df-Enzersdorf - Radlobby Nieder\u00f6sterreich","isPartOf":{"@id":"https:\/\/www.radlobby.org\/noe\/#website"},"datePublished":"2022-07-10T15:05:01+00:00","dateModified":"2022-07-10T16:09:18+00:00","breadcrumb":{"@id":"https:\/\/www.radlobby.org\/noe\/gross-enzersdorf\/#breadcrumb"},"inLanguage":"de","potentialAction":[{"@type":"ReadAction","target":["https:\/\/www.radlobby.org\/noe\/gross-enzersdorf\/"]}]},{"@type":"BreadcrumbList","@id":"https:\/\/www.radlobby.org\/noe\/gross-enzersdorf\/#breadcrumb","itemListElement":[{"@type":"ListItem","position":1,"name":"Startseite","item":"https:\/\/www.radlobby.org\/noe\/"},{"@type":"ListItem","position":2,"name":"Radlobby Gro\u00df-Enzersdorf"}]},{"@type":"WebSite","@id":"https:\/\/www.radlobby.org\/noe\/#website","url":"https:\/\/www.radlobby.org\/noe\/","name":"Radlobby Nieder\u00f6sterreich","description":"Radverkehr, Fahrrad, Radfahren, Radreisen, Radtouren, Radweg","publisher":{"@id":"https:\/\/www.radlobby.org\/noe\/#organization"},"potentialAction":[{"@type":"SearchAction","target":{"@type":"EntryPoint","urlTemplate":"https:\/\/www.radlobby.org\/noe\/?s={search_term_string}"},"query-input":{"@type":"PropertyValueSpecification","valueRequired":true,"valueName":"search_term_string"}}],"inLanguage":"de"},{"@type":"Organization","@id":"https:\/\/www.radlobby.org\/noe\/#organization","name":"Radlobby Nieder\u00f6sterreich","url":"https:\/\/www.radlobby.org\/noe\/","logo":{"@type":"ImageObject","inLanguage":"de","@id":"https:\/\/www.radlobby.org\/noe\/#\/schema\/logo\/image\/","url":"https:\/\/www.radlobby.org\/noe\/wp-content\/uploads\/2017\/01\/cropped-Logo_Radlobby_Niederoesterreich_50-400px_quer-1.jpg","contentUrl":"https:\/\/www.radlobby.org\/noe\/wp-content\/uploads\/2017\/01\/cropped-Logo_Radlobby_Niederoesterreich_50-400px_quer-1.jpg","width":450,"height":124,"caption":"Radlobby Nieder\u00f6sterreich"},"image":{"@id":"https:\/\/www.radlobby.org\/noe\/#\/schema\/logo\/image\/"},"sameAs":["https:\/\/www.facebook.com\/groups\/radfahren.in.noe\/"]}]}},"_links":{"self":[{"href":"https:\/\/www.radlobby.org\/noe\/wp-json\/wp\/v2\/pages\/24640","targetHints":{"allow":["GET"]}}],"collection":[{"href":"https:\/\/www.radlobby.org\/noe\/wp-json\/wp\/v2\/pages"}],"about":[{"href":"https:\/\/www.radlobby.org\/noe\/wp-json\/wp\/v2\/types\/page"}],"author":[{"embeddable":true,"href":"https:\/\/www.radlobby.org\/noe\/wp-json\/wp\/v2\/users\/16"}],"replies":[{"embeddable":true,"href":"https:\/\/www.radlobby.org\/noe\/wp-json\/wp\/v2\/comments?post=24640"}],"version-history":[{"count":0,"href":"https:\/\/www.radlobby.org\/noe\/wp-json\/wp\/v2\/pages\/24640\/revisions"}],"wp:attachment":[{"href":"https:\/\/www.radlobby.org\/noe\/wp-json\/wp\/v2\/media?parent=24640"}],"curies":[{"name":"wp","href":"https:\/\/api.w.org\/{rel}","templated":true}]}}