{"id":24638,"date":"2022-07-10T17:02:56","date_gmt":"2022-07-10T15:02:56","guid":{"rendered":"https:\/\/www.radlobby.org\/noe\/?page_id=24638"},"modified":"2026-03-31T13:51:33","modified_gmt":"2026-03-31T11:51:33","slug":"badvoeslau","status":"publish","type":"page","link":"https:\/\/www.radlobby.org\/noe\/badvoeslau\/","title":{"rendered":"Radlobby Bad V\u00f6slau"},"content":{"rendered":"<h4><a href=\"https:\/\/www.radlobby.org\/noe\/wp-content\/uploads\/RL_BV-scaled.jpeg\" data-src=\"https:\/\/www.radlobby.org\/noe\/wp-content\/uploads\/RL_BV-scaled.jpeg\" data-thumb=\"https:\/\/www.radlobby.org\/noe\/wp-content\/uploads\/RL_BV-scaled.jpeg\" class=\"ml-lightbox-enabled\"><img loading=\"lazy\" decoding=\"async\" class=\"alignleft wp-image-38309 size-full\" src=\"https:\/\/www.radlobby.org\/noe\/wp-content\/uploads\/RL_BV-scaled.jpeg\" alt=\"Radlobby Bad V\u00f6slau: 2. Radparade\" width=\"2560\" height=\"643\" srcset=\"https:\/\/www.radlobby.org\/noe\/wp-content\/uploads\/RL_BV-scaled.jpeg 2560w, https:\/\/www.radlobby.org\/noe\/wp-content\/uploads\/RL_BV-300x75.jpeg 300w, https:\/\/www.radlobby.org\/noe\/wp-content\/uploads\/RL_BV-768x193.jpeg 768w, https:\/\/www.radlobby.org\/noe\/wp-content\/uploads\/RL_BV-1536x386.jpeg 1536w, https:\/\/www.radlobby.org\/noe\/wp-content\/uploads\/RL_BV-2048x514.jpeg 2048w\" sizes=\"auto, (max-width: 2560px) 100vw, 2560px\" \/><\/a><\/h4>\n<h4><\/h4>\n<h4>Willkommen bei der Radlobby Bad V\u00f6slau<\/h4>\n<p>10.4.2026 <a href=\"https:\/\/www.radlobby.org\/noe\/stammtischbadenbadvoeslau\/\">Stammtisch Radlobby Bad V\u00f6slau<\/a><\/p>\n<p>18.4.2026 <a href=\"https:\/\/www.badvoeslau.at\/veranstaltung\/2-rad-und-rollerboerse\/\">Rad- und Rollerb\u00f6rse Bad V\u00f6slau<\/a><\/p>\n<p>19.4.2026<a href=\"https:\/\/www.radlobby.org\/noe\/bikefilmtour_season2\/\"> Cycle Cinema im Cinema Paradiso Baden<\/a><\/p>\n<p>2.5.2026 <a href=\"https:\/\/www.wienerwald.info\/triestingtal\/radgenusstag\">Rad-Genuss-Tag Triestingtal<\/a><\/p>\n<p>8.5.2026 <a href=\"https:\/\/www.radlobby.org\/noe\/stammtischbadenbadvoeslau\/\">Stammtisch Radlobby Bad V\u00f6slau<\/a><\/p>\n<p>29.5.2026 <a href=\"https:\/\/www.radlobby.org\/noe\/radparade_2026\/\">Radparade &amp; Kidical Mass Bad V\u00f6slau<\/a><\/p>\n<hr \/>\n<p><a href=\"https:\/\/www.radlobby.org\/noe\/wp-content\/uploads\/Radlobby_BVblaue_sprechblase.png\" data-src=\"https:\/\/www.radlobby.org\/noe\/wp-content\/uploads\/Radlobby_BVblaue_sprechblase.png\" data-thumb=\"https:\/\/www.radlobby.org\/noe\/wp-content\/uploads\/Radlobby_BVblaue_sprechblase.png\" class=\"ml-lightbox-enabled\"><img loading=\"lazy\" decoding=\"async\" class=\"aligncenter wp-image-38314\" src=\"https:\/\/www.radlobby.org\/noe\/wp-content\/uploads\/Radlobby_BVblaue_sprechblase.png\" alt=\"\" width=\"700\" height=\"444\" srcset=\"https:\/\/www.radlobby.org\/noe\/wp-content\/uploads\/Radlobby_BVblaue_sprechblase.png 1323w, https:\/\/www.radlobby.org\/noe\/wp-content\/uploads\/Radlobby_BVblaue_sprechblase-300x190.png 300w, https:\/\/www.radlobby.org\/noe\/wp-content\/uploads\/Radlobby_BVblaue_sprechblase-768x488.png 768w\" sizes=\"auto, (max-width: 700px) 100vw, 700px\" \/><\/a><\/p>\n<p><strong>Mitmachen und lustvoll radeln in Bad V\u00f6slau<\/strong>&#8230; Kontakt: <a href=\"mailto:badvoeslau@radlobby.at\">badvoeslau@radlobby.at<\/a><br \/>\nEs gibt Beratung und Unterst\u00fctzung durch die Landesorganisation.<\/p>\n<hr \/>\n<p><a href=\"https:\/\/www.radlobby.org\/noe\/fahrradfreundlicheprojekte\/\"><img loading=\"lazy\" decoding=\"async\" class=\"wp-image-38521 size-medium alignnone\" src=\"https:\/\/www.radlobby.org\/noe\/wp-content\/uploads\/Radlobby_gruene_fahrradfreundlicheProjekte-300x190.png\" alt=\"\" width=\"300\" height=\"190\" srcset=\"https:\/\/www.radlobby.org\/noe\/wp-content\/uploads\/Radlobby_gruene_fahrradfreundlicheProjekte-300x190.png 300w, https:\/\/www.radlobby.org\/noe\/wp-content\/uploads\/Radlobby_gruene_fahrradfreundlicheProjekte-768x488.png 768w, https:\/\/www.radlobby.org\/noe\/wp-content\/uploads\/Radlobby_gruene_fahrradfreundlicheProjekte.png 1323w\" sizes=\"auto, (max-width: 300px) 100vw, 300px\" \/><\/a><\/p>\n<p>Hier sammeln wir fahrradfreundliche Projekte in unserer Umgebung &gt; schau sie dir an oder melde uns neue Projekte!<\/p>\n<hr \/>\n<h4>Aktuelle Pojekte der Radlobby Bad V\u00f6slau:<\/h4>\n<p>&#8211; <a href=\"https:\/\/www.radlobby.org\/noe\/radlobby-bad-voeslau-einbahnen-oeffnen-fuer-den-radverkehr-13-12-2024\/\">\u00d6ffnen von Einbahnen in Gegenrichtung f\u00fcr den Radverkehr in Bad V\u00f6slau<\/a><\/p>\n<p>&#8211; <a href=\"https:\/\/www.radlobby.org\/noe\/schulradbus-bad-voeslau\/\">SchulRadBus<\/a><\/p>\n<p>&#8211; <a href=\"https:\/\/www.radlobby.org\/noe\/radobby-bad-voeslau-rad-kummer-nummer\/\">Rad-Kummer-Nummer<\/a><\/p>\n<p>&#8211; <a href=\"https:\/\/www.radlobby.org\/noe\/radlobby-bad-voeslau-radlkarte-fuer-bad-voeslau\/\">Radlkarte Bad V\u00f6slau (+ Druckversion)<\/a><\/p>\n<p>&#8211; <a href=\"https:\/\/www.radlobby.org\/noe\/radlobby-bad-voeslau-radtouren-familienfreundlich-anfaengertauglich-mit-start-in-voeslau\/\">Radtouren &#8211; Familienfreundlich, anf\u00e4ngertauglich rund um Bad V\u00f6slau<\/a><\/p>\n<p>&#8211; <a href=\"https:\/\/www.radlobby.org\/noe\/?s=[BadV%C3%B6slau_Verkehrsanpassungen]\">Ausgearbeitete Visionen und Verbesserungsvorschl\u00e4ge<\/a><\/p>\n<hr \/>\n<h4>Aktuelle Infos aus Bad V\u00f6slau:<\/h4>\n<style>.wp-show-posts-columns#wpsp-24647 {margin-left: -2em; }.wp-show-posts-columns#wpsp-24647 .wp-show-posts-inner {margin: 0 0 2em 2em; }<\/style><section id=\"wpsp-24647\" class=\" wp-show-posts-columns wp-show-posts\" style=\"\"><article class=\" wp-show-posts-single post-41389 post type-post status-publish format-standard has-post-thumbnail hentry category-badvoeslau category-baden category-wiener-neustadt wpsp-col-6\" itemtype=\"http:\/\/schema.org\/CreativeWork\" itemscope><div class=\"wp-show-posts-inner\" style=\"\">\t\t\t\t\t\t<header class=\"wp-show-posts-entry-header\">\n\t\t\t\t\t\t\t<p class=\"wp-show-posts-entry-title\" itemprop=\"headline\"><a href=\"https:\/\/www.radlobby.org\/noe\/pernitz-anden\/\" rel=\"bookmark\">Pernitz: Radvortrag &#8220;Der Ruf der Anden&#8221; am Mittwoch, 22.4.2026 19:00<\/a><\/p><div class=\"wp-show-posts-entry-meta wp-show-posts-entry-meta-below-title post-meta-inline\"><span class=\"wp-show-posts-posted-on wp-show-posts-meta\">\n\t\t\t\t\t<a href=\"https:\/\/www.radlobby.org\/noe\/pernitz-anden\/\" title=\"11:15\" rel=\"bookmark\"><time class=\"wp-show-posts-entry-date published\" datetime=\"2026-04-11T11:15:19+02:00\" itemprop=\"datePublished\">11. April 2026<\/time><time class=\"wp-show-posts-updated\" datetime=\"2026-04-20T08:26:03+02:00\" itemprop=\"dateModified\">20. April 2026<\/time><\/a>\n\t\t\t\t<\/span><\/div>\t\t\t\t\t\t<\/header><!-- .entry-header -->\n\t\t\t\t\t\t\t<div class=\"wp-show-posts-image  wpsp-image-left \">\n\t\t\t<a href=\"https:\/\/www.radlobby.org\/noe\/pernitz-anden\/\"  title=\"Pernitz: Radvortrag &#8220;Der Ruf der Anden&#8221; am Mittwoch, 22.4.2026 19:00\">\t\t\t\t\t<img decoding=\"async\" src=\"https:\/\/www.radlobby.org\/noe\/wp-content\/uploads\/20260422-Plakat-Anden@GemeindeamtPernitz-180x254.jpg\" alt=\"Pernitz: Radvortrag &#8220;Der Ruf der Anden&#8221; am Mittwoch, 22.4.2026 19:00\" itemprop=\"image\" class=\"left\" \/>\n\t\t\t\t<\/a>\t\t<\/div>\n\t\t\t\t\t\t\t\t<div class=\"wp-show-posts-entry-summary\" itemprop=\"text\">\n\t\t\t\t\t\t\t<p>Zum spannenden Radreise- Vortrag &#8220;Der Ruf der Anden&#8221; im Gemeindeamt von Pernitz kann man auch gut mit der Bahn anreisen. Karl Trimmel von der Radlobby Wr.Neustadt spricht einleitende Worte. <\/p>\n\t\t\t\t\t\t<\/div><!-- .entry-summary -->\n\t\t\t\t\t<\/div><!-- wp-show-posts-inner --><\/article><article class=\" wp-show-posts-single post-41455 post type-post status-publish format-standard has-post-thumbnail hentry category-badvoeslau category-baden wpsp-col-6\" itemtype=\"http:\/\/schema.org\/CreativeWork\" itemscope><div class=\"wp-show-posts-inner\" style=\"\">\t\t\t\t\t\t<header class=\"wp-show-posts-entry-header\">\n\t\t\t\t\t\t\t<p class=\"wp-show-posts-entry-title\" itemprop=\"headline\"><a href=\"https:\/\/www.radlobby.org\/noe\/radparade_2026\/\" rel=\"bookmark\">Bad V\u00f6slau | Radparade und Kidical Mass am 29.5.2026<\/a><\/p><div class=\"wp-show-posts-entry-meta wp-show-posts-entry-meta-below-title post-meta-inline\"><span class=\"wp-show-posts-posted-on wp-show-posts-meta\">\n\t\t\t\t\t<a href=\"https:\/\/www.radlobby.org\/noe\/radparade_2026\/\" title=\"18:20\" rel=\"bookmark\"><time class=\"wp-show-posts-entry-date published\" datetime=\"2026-03-30T18:20:30+02:00\" itemprop=\"datePublished\">30. M\u00e4rz 2026<\/time><time class=\"wp-show-posts-updated\" datetime=\"2026-04-01T12:21:00+02:00\" itemprop=\"dateModified\">1. April 2026<\/time><\/a>\n\t\t\t\t<\/span><\/div>\t\t\t\t\t\t<\/header><!-- .entry-header -->\n\t\t\t\t\t\t\t<div class=\"wp-show-posts-image  wpsp-image-left \">\n\t\t\t<a href=\"https:\/\/www.radlobby.org\/noe\/radparade_2026\/\"  title=\"Bad V\u00f6slau | Radparade und Kidical Mass am 29.5.2026\">\t\t\t\t\t<img decoding=\"async\" src=\"https:\/\/www.radlobby.org\/noe\/wp-content\/uploads\/Plakat_Radparade_Nr_7-180x180.png\" alt=\"Bad V\u00f6slau | Radparade und Kidical Mass am 29.5.2026\" itemprop=\"image\" class=\"left\" \/>\n\t\t\t\t<\/a>\t\t<\/div>\n\t\t\t\t\t\t\t\t<div class=\"wp-show-posts-entry-summary\" itemprop=\"text\">\n\t\t\t\t\t\t\t<p>Kombinierte Radparade &amp; Kidical Mass am 29.5.2026 Oft wurden wir gefragt:Was ist eigentlich eine Kidical Mass? Und noch \u00f6fter:K\u00f6nnen wir auch einmal schneller fahren? Hier&#8230;<\/p>\n\t\t\t\t\t\t<\/div><!-- .entry-summary -->\n\t\t\t\t\t<\/div><!-- wp-show-posts-inner --><\/article><article class=\" wp-show-posts-single post-41461 post type-post status-publish format-standard has-post-thumbnail hentry category-bad-sauerbrunn category-badvoeslau category-schwarzatal category-wiener-neustadt wpsp-col-6\" itemtype=\"http:\/\/schema.org\/CreativeWork\" itemscope><div class=\"wp-show-posts-inner\" style=\"\">\t\t\t\t\t\t<header class=\"wp-show-posts-entry-header\">\n\t\t\t\t\t\t\t<p class=\"wp-show-posts-entry-title\" itemprop=\"headline\"><a href=\"https:\/\/www.radlobby.org\/noe\/radlobby-wiener-neustadt-laedt-zum-offenen-meeting-am-14-april\/\" rel=\"bookmark\">Radlobby Wiener Neustadt l\u00e4dt zum offenen Meeting am 14. April<\/a><\/p><div class=\"wp-show-posts-entry-meta wp-show-posts-entry-meta-below-title post-meta-inline\"><span class=\"wp-show-posts-posted-on wp-show-posts-meta\">\n\t\t\t\t\t<a href=\"https:\/\/www.radlobby.org\/noe\/radlobby-wiener-neustadt-laedt-zum-offenen-meeting-am-14-april\/\" title=\"12:13\" rel=\"bookmark\"><time class=\"wp-show-posts-entry-date published\" datetime=\"2026-03-22T12:13:50+01:00\" itemprop=\"datePublished\">22. M\u00e4rz 2026<\/time><time class=\"wp-show-posts-updated\" datetime=\"2026-03-22T12:16:00+01:00\" itemprop=\"dateModified\">22. M\u00e4rz 2026<\/time><\/a>\n\t\t\t\t<\/span><\/div>\t\t\t\t\t\t<\/header><!-- .entry-header -->\n\t\t\t\t\t\t\t<div class=\"wp-show-posts-image  wpsp-image-left \">\n\t\t\t<a href=\"https:\/\/www.radlobby.org\/noe\/radlobby-wiener-neustadt-laedt-zum-offenen-meeting-am-14-april\/\"  title=\"Radlobby Wiener Neustadt l\u00e4dt zum offenen Meeting am 14. April\">\t\t\t\t\t<img decoding=\"async\" src=\"https:\/\/www.radlobby.org\/noe\/wp-content\/uploads\/20260414-RLWN-oeffentliches-jour-fixe-180x256.jpg\" alt=\"Radlobby Wiener Neustadt l\u00e4dt zum offenen Meeting am 14. April\" itemprop=\"image\" class=\"left\" \/>\n\t\t\t\t<\/a>\t\t<\/div>\n\t\t\t\t\t\t\t\t<div class=\"wp-show-posts-entry-summary\" itemprop=\"text\">\n\t\t\t\t\t\t\t<p>&#8230; um 19 Uhr ins &#8220;Hildegards Refugium&#8221; (Lederer Gasse 8). Herzlich eingeladen sind Radlobby-Mitglieder genauso wie Nicht-Mitglieder!<br \/>\nBringt gerne Freund:innen und Alltags-Radelnde mit!<\/p>\n\t\t\t\t\t\t<\/div><!-- .entry-summary -->\n\t\t\t\t\t<\/div><!-- wp-show-posts-inner --><\/article><article class=\" wp-show-posts-single post-41449 post type-post status-publish format-standard has-post-thumbnail hentry category-badvoeslau category-baden wpsp-col-6\" itemtype=\"http:\/\/schema.org\/CreativeWork\" itemscope><div class=\"wp-show-posts-inner\" style=\"\">\t\t\t\t\t\t<header class=\"wp-show-posts-entry-header\">\n\t\t\t\t\t\t\t<p class=\"wp-show-posts-entry-title\" itemprop=\"headline\"><a href=\"https:\/\/www.radlobby.org\/noe\/bikefilmtour_season2\/\" rel=\"bookmark\">Bad V\u00f6slau | Bike Filmtour \u2013 Season 2 im Cinema Paradiso Baden am 19.4.2026<\/a><\/p><div class=\"wp-show-posts-entry-meta wp-show-posts-entry-meta-below-title post-meta-inline\"><span class=\"wp-show-posts-posted-on wp-show-posts-meta\">\n\t\t\t\t\t<a href=\"https:\/\/www.radlobby.org\/noe\/bikefilmtour_season2\/\" title=\"14:22\" rel=\"bookmark\"><time class=\"wp-show-posts-entry-date published\" datetime=\"2026-03-18T14:22:58+01:00\" itemprop=\"datePublished\">18. M\u00e4rz 2026<\/time><time class=\"wp-show-posts-updated\" datetime=\"2026-04-01T13:29:44+02:00\" itemprop=\"dateModified\">1. April 2026<\/time><\/a>\n\t\t\t\t<\/span><\/div>\t\t\t\t\t\t<\/header><!-- .entry-header -->\n\t\t\t\t\t\t\t<div class=\"wp-show-posts-image  wpsp-image-left \">\n\t\t\t<a href=\"https:\/\/www.radlobby.org\/noe\/bikefilmtour_season2\/\"  title=\"Bad V\u00f6slau | Bike Filmtour \u2013 Season 2 im Cinema Paradiso Baden am 19.4.2026\">\t\t\t\t\t<img decoding=\"async\" src=\"https:\/\/www.radlobby.org\/noe\/wp-content\/uploads\/bikefilmtour_season-02_poster_1080x1920-graphql-180x320.jpg\" alt=\"Bad V\u00f6slau | Bike Filmtour \u2013 Season 2 im Cinema Paradiso Baden am 19.4.2026\" itemprop=\"image\" class=\"left\" \/>\n\t\t\t\t<\/a>\t\t<\/div>\n\t\t\t\t\t\t\t\t<div class=\"wp-show-posts-entry-summary\" itemprop=\"text\">\n\t\t\t\t\t\t\t<p>Bike Filmtour \u2013 Season 2 im Cinema Paradiso Baden am 19.4.2026 heuer d\u00fcrfen wir die Bike Filmtour &#8211; Season 2 im Cinema Paradiso als Kooperationspartner&#8230;<\/p>\n\t\t\t\t\t\t<\/div><!-- .entry-summary -->\n\t\t\t\t\t<\/div><!-- wp-show-posts-inner --><\/article><article class=\" wp-show-posts-single post-41272 post type-post status-publish format-standard has-post-thumbnail hentry category-badvoeslau category-baden category-niederoesterreich category-schwarzatal category-wiener-neustadt wpsp-col-6\" itemtype=\"http:\/\/schema.org\/CreativeWork\" itemscope><div class=\"wp-show-posts-inner\" style=\"\">\t\t\t\t\t\t<header class=\"wp-show-posts-entry-header\">\n\t\t\t\t\t\t\t<p class=\"wp-show-posts-entry-title\" itemprop=\"headline\"><a href=\"https:\/\/www.radlobby.org\/noe\/wiener-neustadt-chr-watz-mobilitaetspolitik\/\" rel=\"bookmark\">Wiener Neustadt: Christoph Watz zum Thema \u201eMobilit\u00e4tspolitik\u201c<\/a><\/p><div class=\"wp-show-posts-entry-meta wp-show-posts-entry-meta-below-title post-meta-inline\"><span class=\"wp-show-posts-posted-on wp-show-posts-meta\">\n\t\t\t\t\t<a href=\"https:\/\/www.radlobby.org\/noe\/wiener-neustadt-chr-watz-mobilitaetspolitik\/\" title=\"12:20\" rel=\"bookmark\"><time class=\"wp-show-posts-entry-date published\" datetime=\"2026-02-25T12:20:53+01:00\" itemprop=\"datePublished\">25. Februar 2026<\/time><time class=\"wp-show-posts-updated\" datetime=\"2026-02-28T11:53:59+01:00\" itemprop=\"dateModified\">28. Februar 2026<\/time><\/a>\n\t\t\t\t<\/span><\/div>\t\t\t\t\t\t<\/header><!-- .entry-header -->\n\t\t\t\t\t\t\t<div class=\"wp-show-posts-image  wpsp-image-left \">\n\t\t\t<a href=\"https:\/\/www.radlobby.org\/noe\/wiener-neustadt-chr-watz-mobilitaetspolitik\/\"  title=\"Wiener Neustadt: Christoph Watz zum Thema \u201eMobilit\u00e4tspolitik\u201c\">\t\t\t\t\t<img decoding=\"async\" src=\"https:\/\/www.radlobby.org\/noe\/wp-content\/uploads\/20260221-Chr.Watz-Mobilitaet@BildungszentrumSt.-Bernhard-180x257.png\" alt=\"Wiener Neustadt: Christoph Watz zum Thema \u201eMobilit\u00e4tspolitik\u201c\" itemprop=\"image\" class=\"left\" \/>\n\t\t\t\t<\/a>\t\t<\/div>\n\t\t\t\t\t\t\t\t<div class=\"wp-show-posts-entry-summary\" itemprop=\"text\">\n\t\t\t\t\t\t\t<p>Christoph Watz sprach am Samstag, 21.2.2026 im Bildungszentrum St. Bernhard in Wiener Neustadt zum Thema &#8220;Mobilit\u00e4tspolitik&#8220;. Wir brauchen eine andere Mobilit\u00e4tspolitik, sagt Christoph Watz (Generalsekret\u00e4r&#8230;<\/p>\n\t\t\t\t\t\t<\/div><!-- .entry-summary -->\n\t\t\t\t\t<\/div><!-- wp-show-posts-inner --><\/article><article class=\" wp-show-posts-single post-40733 post type-post status-publish format-standard has-post-thumbnail hentry category-badvoeslau category-baden wpsp-col-6\" itemtype=\"http:\/\/schema.org\/CreativeWork\" itemscope><div class=\"wp-show-posts-inner\" style=\"\">\t\t\t\t\t\t<header class=\"wp-show-posts-entry-header\">\n\t\t\t\t\t\t\t<p class=\"wp-show-posts-entry-title\" itemprop=\"headline\"><a href=\"https:\/\/www.radlobby.org\/noe\/bad-voeslau-neujahrsradeln-zum-neujahrsschwimmen-am-1-1-2026\/\" rel=\"bookmark\">Bad V\u00f6slau | Neujahrsradeln zum Neujahrsschwimmen am 1.1.2026<\/a><\/p><div class=\"wp-show-posts-entry-meta wp-show-posts-entry-meta-below-title post-meta-inline\"><span class=\"wp-show-posts-posted-on wp-show-posts-meta\">\n\t\t\t\t\t<a href=\"https:\/\/www.radlobby.org\/noe\/bad-voeslau-neujahrsradeln-zum-neujahrsschwimmen-am-1-1-2026\/\" title=\"19:28\" rel=\"bookmark\"><time class=\"wp-show-posts-entry-date published\" datetime=\"2025-12-02T19:28:03+01:00\" itemprop=\"datePublished\">2. Dezember 2025<\/time><time class=\"wp-show-posts-updated\" datetime=\"2025-12-14T14:25:07+01:00\" itemprop=\"dateModified\">14. Dezember 2025<\/time><\/a>\n\t\t\t\t<\/span><\/div>\t\t\t\t\t\t<\/header><!-- .entry-header -->\n\t\t\t\t\t\t\t<div class=\"wp-show-posts-image  wpsp-image-left \">\n\t\t\t<a href=\"https:\/\/www.radlobby.org\/noe\/bad-voeslau-neujahrsradeln-zum-neujahrsschwimmen-am-1-1-2026\/\"  title=\"Bad V\u00f6slau | Neujahrsradeln zum Neujahrsschwimmen am 1.1.2026\">\t\t\t\t\t<img decoding=\"async\" src=\"https:\/\/www.radlobby.org\/noe\/wp-content\/uploads\/becken-herrenbecken-fischauer-thermalbad-1024x750-2-180x132.jpg\" alt=\"Bad V\u00f6slau | Neujahrsradeln zum Neujahrsschwimmen am 1.1.2026\" itemprop=\"image\" class=\"left\" \/>\n\t\t\t\t<\/a>\t\t<\/div>\n\t\t\t\t\t\t\t\t<div class=\"wp-show-posts-entry-summary\" itemprop=\"text\">\n\t\t\t\t\t\t\t<p>Neujahrsradeln zum Neujahrsschwimmen \u2013 1. J\u00e4nner 2026 Startet mit uns sportlich und gut gelaunt ins neue Jahr!Am 1. J\u00e4nner 2026 machen wir eine gemeinsame Neujahrsradtour&#8230;<\/p>\n\t\t\t\t\t\t<\/div><!-- .entry-summary -->\n\t\t\t\t\t<\/div><!-- wp-show-posts-inner --><\/article><article class=\" wp-show-posts-single post-40661 post type-post status-publish format-standard has-post-thumbnail hentry category-badvoeslau wpsp-col-6\" itemtype=\"http:\/\/schema.org\/CreativeWork\" itemscope><div class=\"wp-show-posts-inner\" style=\"\">\t\t\t\t\t\t<header class=\"wp-show-posts-entry-header\">\n\t\t\t\t\t\t\t<p class=\"wp-show-posts-entry-title\" itemprop=\"headline\"><a href=\"https:\/\/www.radlobby.org\/noe\/bad-voeslau-charity-punschhuette-mit-verein-roshany-8-12-2025\/\" rel=\"bookmark\">Bad V\u00f6slau | Charity Punschh\u00fctte mit Verein Roshany 8.12.2025<\/a><\/p><div class=\"wp-show-posts-entry-meta wp-show-posts-entry-meta-below-title post-meta-inline\"><span class=\"wp-show-posts-posted-on wp-show-posts-meta\">\n\t\t\t\t\t<a href=\"https:\/\/www.radlobby.org\/noe\/bad-voeslau-charity-punschhuette-mit-verein-roshany-8-12-2025\/\" title=\"20:51\" rel=\"bookmark\"><time class=\"wp-show-posts-entry-date published\" datetime=\"2025-11-23T20:51:13+01:00\" itemprop=\"datePublished\">23. November 2025<\/time><time class=\"wp-show-posts-updated\" datetime=\"2026-04-01T12:24:01+02:00\" itemprop=\"dateModified\">1. April 2026<\/time><\/a>\n\t\t\t\t<\/span><\/div>\t\t\t\t\t\t<\/header><!-- .entry-header -->\n\t\t\t\t\t\t\t<div class=\"wp-show-posts-image  wpsp-image-left \">\n\t\t\t<a href=\"https:\/\/www.radlobby.org\/noe\/bad-voeslau-charity-punschhuette-mit-verein-roshany-8-12-2025\/\"  title=\"Bad V\u00f6slau | Charity Punschh\u00fctte mit Verein Roshany 8.12.2025\">\t\t\t\t\t<img decoding=\"async\" src=\"https:\/\/www.radlobby.org\/noe\/wp-content\/uploads\/signal-2025-11-25-205828-180x180.jpeg\" alt=\"Bad V\u00f6slau | Charity Punschh\u00fctte mit Verein Roshany 8.12.2025\" itemprop=\"image\" class=\"left\" \/>\n\t\t\t\t<\/a>\t\t<\/div>\n\t\t\t\t\t\t\t\t<div class=\"wp-show-posts-entry-summary\" itemprop=\"text\">\n\t\t\t\t\t\t\t<p>Charity-Punschh\u00fctte am 8. Dezember 2025 &#8211; Sch\u00f6n war\u2019s! &#x1f384;&#x2728; Gemeinsam mit Nicole Gebhard vom Verein Roshany durften wir Kekse, Punsch und liebevoll zusammengestellte, kleine Weihnachtsgeschenke&#8230;<\/p>\n\t\t\t\t\t\t<\/div><!-- .entry-summary -->\n\t\t\t\t\t<\/div><!-- wp-show-posts-inner --><\/article><article class=\" wp-show-posts-single post-40082 post type-post status-publish format-standard has-post-thumbnail hentry category-badvoeslau category-baden wpsp-col-6\" itemtype=\"http:\/\/schema.org\/CreativeWork\" itemscope><div class=\"wp-show-posts-inner\" style=\"\">\t\t\t\t\t\t<header class=\"wp-show-posts-entry-header\">\n\t\t\t\t\t\t\t<p class=\"wp-show-posts-entry-title\" itemprop=\"headline\"><a href=\"https:\/\/www.radlobby.org\/noe\/radparade_041025\/\" rel=\"bookmark\">Bad V\u00f6slau | Radparade am 04.10.2025<\/a><\/p><div class=\"wp-show-posts-entry-meta wp-show-posts-entry-meta-below-title post-meta-inline\"><span class=\"wp-show-posts-posted-on wp-show-posts-meta\">\n\t\t\t\t\t<a href=\"https:\/\/www.radlobby.org\/noe\/radparade_041025\/\" title=\"20:48\" rel=\"bookmark\"><time class=\"wp-show-posts-entry-date published\" datetime=\"2025-09-08T20:48:27+02:00\" itemprop=\"datePublished\">8. September 2025<\/time><time class=\"wp-show-posts-updated\" datetime=\"2026-04-01T12:25:31+02:00\" itemprop=\"dateModified\">1. April 2026<\/time><\/a>\n\t\t\t\t<\/span><\/div>\t\t\t\t\t\t<\/header><!-- .entry-header -->\n\t\t\t\t\t\t\t<div class=\"wp-show-posts-image  wpsp-image-left \">\n\t\t\t<a href=\"https:\/\/www.radlobby.org\/noe\/radparade_041025\/\"  title=\"Bad V\u00f6slau | Radparade am 04.10.2025\">\t\t\t\t\t<img decoding=\"async\" src=\"https:\/\/www.radlobby.org\/noe\/wp-content\/uploads\/Radparade_Artikel_quadradisch_2025-10-04-180x180.jpeg\" alt=\"Bad V\u00f6slau | Radparade am 04.10.2025\" itemprop=\"image\" class=\"left\" \/>\n\t\t\t\t<\/a>\t\t<\/div>\n\t\t\t\t\t\t\t\t<div class=\"wp-show-posts-entry-summary\" itemprop=\"text\">\n\t\t\t\t\t\t\t<p>Bad V\u00f6slau radelt f\u00fcr offene Einbahnen! Rund 70 Radbegeisterte sind am 4. Oktober 2025 bei unserer Radparade durch Bad V\u00f6slau gerollt \u2013 bunt, fr\u00f6hlich und&#8230;<\/p>\n\t\t\t\t\t\t<\/div><!-- .entry-summary -->\n\t\t\t\t\t<\/div><!-- wp-show-posts-inner --><\/article><article class=\" wp-show-posts-single post-39724 post type-post status-publish format-standard has-post-thumbnail hentry category-badvoeslau wpsp-col-6\" itemtype=\"http:\/\/schema.org\/CreativeWork\" itemscope><div class=\"wp-show-posts-inner\" style=\"\">\t\t\t\t\t\t<header class=\"wp-show-posts-entry-header\">\n\t\t\t\t\t\t\t<p class=\"wp-show-posts-entry-title\" itemprop=\"headline\"><a href=\"https:\/\/www.radlobby.org\/noe\/radlobby-bad-voeslau-radfahren-mit-hund\/\" rel=\"bookmark\">Bad V\u00f6slau | Radfahren mit Hund<\/a><\/p><div class=\"wp-show-posts-entry-meta wp-show-posts-entry-meta-below-title post-meta-inline\"><span class=\"wp-show-posts-posted-on wp-show-posts-meta\">\n\t\t\t\t\t<a href=\"https:\/\/www.radlobby.org\/noe\/radlobby-bad-voeslau-radfahren-mit-hund\/\" title=\"18:16\" rel=\"bookmark\"><time class=\"wp-show-posts-entry-date published\" datetime=\"2025-08-04T18:16:06+02:00\" itemprop=\"datePublished\">4. August 2025<\/time><time class=\"wp-show-posts-updated\" datetime=\"2026-04-01T12:26:28+02:00\" itemprop=\"dateModified\">1. April 2026<\/time><\/a>\n\t\t\t\t<\/span><\/div>\t\t\t\t\t\t<\/header><!-- .entry-header -->\n\t\t\t\t\t\t\t<div class=\"wp-show-posts-image  wpsp-image-left \">\n\t\t\t<a href=\"https:\/\/www.radlobby.org\/noe\/radlobby-bad-voeslau-radfahren-mit-hund\/\"  title=\"Bad V\u00f6slau | Radfahren mit Hund\">\t\t\t\t\t<img decoding=\"async\" src=\"https:\/\/www.radlobby.org\/noe\/wp-content\/uploads\/bicycle-7432000_1280-180x119.jpg\" alt=\"Bad V\u00f6slau | Radfahren mit Hund\" itemprop=\"image\" class=\"left\" \/>\n\t\t\t\t<\/a>\t\t<\/div>\n\t\t\t\t\t\t\t\t<div class=\"wp-show-posts-entry-summary\" itemprop=\"text\">\n\t\t\t\t\t\t\t<p>&#x1f436;&#x1f6b4; Radfahren mit Hund \u2013 sicher &amp; tiergerecht unterwegs Radfahren mit Hund kann eine wunderbare gemeinsame Aktivit\u00e4t sein \u2013 wenn es artgerecht, sicher und r\u00fccksichtsvoll&#8230;<\/p>\n\t\t\t\t\t\t<\/div><!-- .entry-summary -->\n\t\t\t\t\t<\/div><!-- wp-show-posts-inner --><\/article><article class=\" wp-show-posts-single post-38785 post type-post status-publish format-standard has-post-thumbnail hentry category-badvoeslau wpsp-col-6\" itemtype=\"http:\/\/schema.org\/CreativeWork\" itemscope><div class=\"wp-show-posts-inner\" style=\"\">\t\t\t\t\t\t<header class=\"wp-show-posts-entry-header\">\n\t\t\t\t\t\t\t<p class=\"wp-show-posts-entry-title\" itemprop=\"headline\"><a href=\"https:\/\/www.radlobby.org\/noe\/radlobby-bad-voeslau-vcoe-problemstellencheck\/\" rel=\"bookmark\">Bad V\u00f6slau | VC\u00d6 Problemstellencheck<\/a><\/p><div class=\"wp-show-posts-entry-meta wp-show-posts-entry-meta-below-title post-meta-inline\"><span class=\"wp-show-posts-posted-on wp-show-posts-meta\">\n\t\t\t\t\t<a href=\"https:\/\/www.radlobby.org\/noe\/radlobby-bad-voeslau-vcoe-problemstellencheck\/\" title=\"16:48\" rel=\"bookmark\"><time class=\"wp-show-posts-entry-date published\" datetime=\"2025-04-28T16:48:17+02:00\" itemprop=\"datePublished\">28. April 2025<\/time><time class=\"wp-show-posts-updated\" datetime=\"2026-04-01T12:27:06+02:00\" itemprop=\"dateModified\">1. April 2026<\/time><\/a>\n\t\t\t\t<\/span><\/div>\t\t\t\t\t\t<\/header><!-- .entry-header -->\n\t\t\t\t\t\t\t<div class=\"wp-show-posts-image  wpsp-image-left \">\n\t\t\t<a href=\"https:\/\/www.radlobby.org\/noe\/radlobby-bad-voeslau-vcoe-problemstellencheck\/\"  title=\"Bad V\u00f6slau | VC\u00d6 Problemstellencheck\">\t\t\t\t\t<img decoding=\"async\" src=\"https:\/\/www.radlobby.org\/noe\/wp-content\/uploads\/Screenshot-2025-04-22-at-15-33-05-CHECK-Problemstellen-beim-Radfahren-180x83.png\" alt=\"Bad V\u00f6slau | VC\u00d6 Problemstellencheck\" itemprop=\"image\" class=\"left\" \/>\n\t\t\t\t<\/a>\t\t<\/div>\n\t\t\t\t\t\t\t\t<div class=\"wp-show-posts-entry-summary\" itemprop=\"text\">\n\t\t\t\t\t\t\t<p>VC\u00d6-Problemstellencheck: Deine Meinung z\u00e4hlt! Bis zum 30. April 2025 hast du noch die M\u00f6glichkeit, ganz einfach Problemstellen beim Radfahren in Bad V\u00f6slau auf der Plattform&#8230;<\/p>\n\t\t\t\t\t\t<\/div><!-- .entry-summary -->\n\t\t\t\t\t<\/div><!-- wp-show-posts-inner --><\/article><article class=\" wp-show-posts-single post-38740 post type-post status-publish format-standard has-post-thumbnail hentry category-badvoeslau category-baden wpsp-col-6\" itemtype=\"http:\/\/schema.org\/CreativeWork\" itemscope><div class=\"wp-show-posts-inner\" style=\"\">\t\t\t\t\t\t<header class=\"wp-show-posts-entry-header\">\n\t\t\t\t\t\t\t<p class=\"wp-show-posts-entry-title\" itemprop=\"headline\"><a href=\"https:\/\/www.radlobby.org\/noe\/radlobby-bad-voeslau-rad-und-roller-boerse-bad-voeslau-am-31-5-2025\/\" rel=\"bookmark\">Bad V\u00f6slau | Rad und Roller B\u00f6rse Bad V\u00f6slau am 31.5.2025<\/a><\/p><div class=\"wp-show-posts-entry-meta wp-show-posts-entry-meta-below-title post-meta-inline\"><span class=\"wp-show-posts-posted-on wp-show-posts-meta\">\n\t\t\t\t\t<a href=\"https:\/\/www.radlobby.org\/noe\/radlobby-bad-voeslau-rad-und-roller-boerse-bad-voeslau-am-31-5-2025\/\" title=\"16:44\" rel=\"bookmark\"><time class=\"wp-show-posts-entry-date published\" datetime=\"2025-04-28T16:44:48+02:00\" itemprop=\"datePublished\">28. April 2025<\/time><time class=\"wp-show-posts-updated\" datetime=\"2026-04-01T12:29:14+02:00\" itemprop=\"dateModified\">1. April 2026<\/time><\/a>\n\t\t\t\t<\/span><\/div>\t\t\t\t\t\t<\/header><!-- .entry-header -->\n\t\t\t\t\t\t\t<div class=\"wp-show-posts-image  wpsp-image-left \">\n\t\t\t<a href=\"https:\/\/www.radlobby.org\/noe\/radlobby-bad-voeslau-rad-und-roller-boerse-bad-voeslau-am-31-5-2025\/\"  title=\"Bad V\u00f6slau | Rad und Roller B\u00f6rse Bad V\u00f6slau am 31.5.2025\">\t\t\t\t\t<img decoding=\"async\" src=\"https:\/\/www.radlobby.org\/noe\/wp-content\/uploads\/XoAKUQVP_BV_Plakat_Radboerse_red-scaled-180x255.jpg\" alt=\"Bad V\u00f6slau | Rad und Roller B\u00f6rse Bad V\u00f6slau am 31.5.2025\" itemprop=\"image\" class=\"left\" \/>\n\t\t\t\t<\/a>\t\t<\/div>\n\t\t\t\t\t\t\t\t<div class=\"wp-show-posts-entry-summary\" itemprop=\"text\">\n\t\t\t\t\t\t\t<p>&#x1f6b2; Erfolgreiche Rad- &amp; Rollerb\u00f6rse im Henriettenpark \u2013 Danke f\u00fcr Ihre Unterst\u00fctzung! Bei der Rad- und Rollerb\u00f6rse am 31. Mai 2025 im Henriettenpark drehte sich&#8230;<\/p>\n\t\t\t\t\t\t<\/div><!-- .entry-summary -->\n\t\t\t\t\t<\/div><!-- wp-show-posts-inner --><\/article><article class=\" wp-show-posts-single post-39150 post type-post status-publish format-standard has-post-thumbnail hentry category-bad-sauerbrunn category-badvoeslau category-wiener-neustadt wpsp-col-6\" itemtype=\"http:\/\/schema.org\/CreativeWork\" itemscope><div class=\"wp-show-posts-inner\" style=\"\">\t\t\t\t\t\t<header class=\"wp-show-posts-entry-header\">\n\t\t\t\t\t\t\t<p class=\"wp-show-posts-entry-title\" itemprop=\"headline\"><a href=\"https:\/\/www.radlobby.org\/noe\/kidical-mass-am-14-juni-2025-um-14-uhr-zum-wr-neustaedter-stadtparkfest\/\" rel=\"bookmark\">Kinder-Radrundfahrt &#8220;Kidical Mass&#8221; am 14. Juni zum Wiener Neust\u00e4dter Stadtparkfest!<\/a><\/p><div class=\"wp-show-posts-entry-meta wp-show-posts-entry-meta-below-title post-meta-inline\"><span class=\"wp-show-posts-posted-on wp-show-posts-meta\">\n\t\t\t\t\t<a href=\"https:\/\/www.radlobby.org\/noe\/kidical-mass-am-14-juni-2025-um-14-uhr-zum-wr-neustaedter-stadtparkfest\/\" title=\"16:31\" rel=\"bookmark\"><time class=\"wp-show-posts-entry-date published\" datetime=\"2025-04-27T16:31:15+02:00\" itemprop=\"datePublished\">27. April 2025<\/time><time class=\"wp-show-posts-updated\" datetime=\"2025-06-15T18:08:38+02:00\" itemprop=\"dateModified\">15. Juni 2025<\/time><\/a>\n\t\t\t\t<\/span><\/div>\t\t\t\t\t\t<\/header><!-- .entry-header -->\n\t\t\t\t\t\t\t<div class=\"wp-show-posts-image  wpsp-image-left \">\n\t\t\t<a href=\"https:\/\/www.radlobby.org\/noe\/kidical-mass-am-14-juni-2025-um-14-uhr-zum-wr-neustaedter-stadtparkfest\/\"  title=\"Kinder-Radrundfahrt &#8220;Kidical Mass&#8221; am 14. Juni zum Wiener Neust\u00e4dter Stadtparkfest!\">\t\t\t\t\t<img decoding=\"async\" src=\"https:\/\/www.radlobby.org\/noe\/wp-content\/uploads\/Flyer_Kidical_Mass_2025_A6_VS-180x254.jpg\" alt=\"Kinder-Radrundfahrt &#8220;Kidical Mass&#8221; am 14. Juni zum Wiener Neust\u00e4dter Stadtparkfest!\" itemprop=\"image\" class=\"left\" \/>\n\t\t\t\t<\/a>\t\t<\/div>\n\t\t\t\t\t\t\t\t<div class=\"wp-show-posts-entry-summary\" itemprop=\"text\">\n\t\t\t\t\t\t\t<p>Unsere heurige Kidical Mass am 14.Juni 2025 um 13:45 f\u00fchrt um den Ring herum und schlie\u00dflich zum Stadtparkfest (dort auch Radlobby-Stand)!<br \/>\nSeid dabei und bringt die Dinge ins Rollen!<\/p>\n\t\t\t\t\t\t<\/div><!-- .entry-summary -->\n\t\t\t\t\t<\/div><!-- wp-show-posts-inner --><\/article><article class=\" wp-show-posts-single post-38144 post type-post status-publish format-standard has-post-thumbnail hentry category-badvoeslau category-baden wpsp-col-6\" itemtype=\"http:\/\/schema.org\/CreativeWork\" itemscope><div class=\"wp-show-posts-inner\" style=\"\">\t\t\t\t\t\t<header class=\"wp-show-posts-entry-header\">\n\t\t\t\t\t\t\t<p class=\"wp-show-posts-entry-title\" itemprop=\"headline\"><a href=\"https:\/\/www.radlobby.org\/noe\/kidicalmass_270425\/\" rel=\"bookmark\">Bad V\u00f6slau | Kidical Mass Radparade am 27.4.2025<\/a><\/p><div class=\"wp-show-posts-entry-meta wp-show-posts-entry-meta-below-title post-meta-inline\"><span class=\"wp-show-posts-posted-on wp-show-posts-meta\">\n\t\t\t\t\t<a href=\"https:\/\/www.radlobby.org\/noe\/kidicalmass_270425\/\" title=\"20:21\" rel=\"bookmark\"><time class=\"wp-show-posts-entry-date published\" datetime=\"2025-04-19T20:21:04+02:00\" itemprop=\"datePublished\">19. April 2025<\/time><time class=\"wp-show-posts-updated\" datetime=\"2026-04-01T12:30:06+02:00\" itemprop=\"dateModified\">1. April 2026<\/time><\/a>\n\t\t\t\t<\/span><\/div>\t\t\t\t\t\t<\/header><!-- .entry-header -->\n\t\t\t\t\t\t\t<div class=\"wp-show-posts-image  wpsp-image-left \">\n\t\t\t<a href=\"https:\/\/www.radlobby.org\/noe\/kidicalmass_270425\/\"  title=\"Bad V\u00f6slau | Kidical Mass Radparade am 27.4.2025\">\t\t\t\t\t<img decoding=\"async\" src=\"https:\/\/www.radlobby.org\/noe\/wp-content\/uploads\/Plakat_Radparade_Nr_5_A5_V1_Print_ohne-180x255.jpg\" alt=\"Bad V\u00f6slau | Kidical Mass Radparade am 27.4.2025\" itemprop=\"image\" class=\"left\" \/>\n\t\t\t\t<\/a>\t\t<\/div>\n\t\t\t\t\t\t\t\t<div class=\"wp-show-posts-entry-summary\" itemprop=\"text\">\n\t\t\t\t\t\t\t<p>Gelungene Radparade in Bad V\u00f6slau Mit einem neuen Rekord an Teilnehmenden bei der Radparade \/ Kidical Mass in Bad V\u00f6slau starten wir die Radlsaison und&#8230;<\/p>\n\t\t\t\t\t\t<\/div><!-- .entry-summary -->\n\t\t\t\t\t<\/div><!-- wp-show-posts-inner --><\/article><article class=\" wp-show-posts-single post-38738 post type-post status-publish format-standard has-post-thumbnail hentry category-badvoeslau category-baden wpsp-col-6\" itemtype=\"http:\/\/schema.org\/CreativeWork\" itemscope><div class=\"wp-show-posts-inner\" style=\"\">\t\t\t\t\t\t<header class=\"wp-show-posts-entry-header\">\n\t\t\t\t\t\t\t<p class=\"wp-show-posts-entry-title\" itemprop=\"headline\"><a href=\"https:\/\/www.radlobby.org\/noe\/radobby-bad-voeslau-rad-kummer-nummer\/\" rel=\"bookmark\">Bad V\u00f6slau | Rad-Kummer-Nummer<\/a><\/p><div class=\"wp-show-posts-entry-meta wp-show-posts-entry-meta-below-title post-meta-inline\"><span class=\"wp-show-posts-posted-on wp-show-posts-meta\">\n\t\t\t\t\t<a href=\"https:\/\/www.radlobby.org\/noe\/radobby-bad-voeslau-rad-kummer-nummer\/\" title=\"15:09\" rel=\"bookmark\"><time class=\"wp-show-posts-entry-date published\" datetime=\"2025-04-19T15:09:02+02:00\" itemprop=\"datePublished\">19. April 2025<\/time><time class=\"wp-show-posts-updated\" datetime=\"2026-04-01T12:30:39+02:00\" itemprop=\"dateModified\">1. April 2026<\/time><\/a>\n\t\t\t\t<\/span><\/div>\t\t\t\t\t\t<\/header><!-- .entry-header -->\n\t\t\t\t\t\t\t<div class=\"wp-show-posts-image  wpsp-image-left \">\n\t\t\t<a href=\"https:\/\/www.radlobby.org\/noe\/radobby-bad-voeslau-rad-kummer-nummer\/\"  title=\"Bad V\u00f6slau | Rad-Kummer-Nummer\">\t\t\t\t\t<img decoding=\"async\" src=\"https:\/\/www.radlobby.org\/noe\/wp-content\/uploads\/RadKummerNummer-180x250.jpeg\" alt=\"Bad V\u00f6slau | Rad-Kummer-Nummer\" itemprop=\"image\" class=\"left\" \/>\n\t\t\t\t<\/a>\t\t<\/div>\n\t\t\t\t\t\t\t\t<div class=\"wp-show-posts-entry-summary\" itemprop=\"text\">\n\t\t\t\t\t\t\t<p>Melde dich bei uns \u2013 f\u00fcr mehr Sicherheit im Radverkehr Hast du Ideen und konkrete Vorschl\u00e4ge, wie und wo man die Radinfrastruktur in Bad V\u00f6slau&#8230;<\/p>\n\t\t\t\t\t\t<\/div><!-- .entry-summary -->\n\t\t\t\t\t<\/div><!-- wp-show-posts-inner --><\/article><article class=\" wp-show-posts-single post-38611 post type-post status-publish format-standard has-post-thumbnail hentry category-badvoeslau wpsp-col-6\" itemtype=\"http:\/\/schema.org\/CreativeWork\" itemscope><div class=\"wp-show-posts-inner\" style=\"\">\t\t\t\t\t\t<header class=\"wp-show-posts-entry-header\">\n\t\t\t\t\t\t\t<p class=\"wp-show-posts-entry-title\" itemprop=\"headline\"><a href=\"https:\/\/www.radlobby.org\/noe\/radlobby-bad-voeslau-radtouren-familienfreundlich-anfaengertauglich-mit-start-in-voeslau\/\" rel=\"bookmark\">Bad V\u00f6slau | Radtouren &#8211; familienfreundlich, anf\u00e4ngertauglich, mit Start in V\u00f6slau<\/a><\/p><div class=\"wp-show-posts-entry-meta wp-show-posts-entry-meta-below-title post-meta-inline\"><span class=\"wp-show-posts-posted-on wp-show-posts-meta\">\n\t\t\t\t\t<a href=\"https:\/\/www.radlobby.org\/noe\/radlobby-bad-voeslau-radtouren-familienfreundlich-anfaengertauglich-mit-start-in-voeslau\/\" title=\"11:12\" rel=\"bookmark\"><time class=\"wp-show-posts-entry-date published\" datetime=\"2025-04-14T11:12:59+02:00\" itemprop=\"datePublished\">14. April 2025<\/time><time class=\"wp-show-posts-updated\" datetime=\"2026-04-01T12:31:10+02:00\" itemprop=\"dateModified\">1. April 2026<\/time><\/a>\n\t\t\t\t<\/span><\/div>\t\t\t\t\t\t<\/header><!-- .entry-header -->\n\t\t\t\t\t\t\t<div class=\"wp-show-posts-image  wpsp-image-left \">\n\t\t\t<a href=\"https:\/\/www.radlobby.org\/noe\/radlobby-bad-voeslau-radtouren-familienfreundlich-anfaengertauglich-mit-start-in-voeslau\/\"  title=\"Bad V\u00f6slau | Radtouren &#8211; familienfreundlich, anf\u00e4ngertauglich, mit Start in V\u00f6slau\">\t\t\t\t\t<img decoding=\"async\" src=\"https:\/\/www.radlobby.org\/noe\/wp-content\/uploads\/Screenshot-2025-04-20-at-17-08-25-2025-Radlobby-von-Sebastian-Busch-180x135.png\" alt=\"Bad V\u00f6slau | Radtouren &#8211; familienfreundlich, anf\u00e4ngertauglich, mit Start in V\u00f6slau\" itemprop=\"image\" class=\"left\" \/>\n\t\t\t\t<\/a>\t\t<\/div>\n\t\t\t\t\t\t\t\t<div class=\"wp-show-posts-entry-summary\" itemprop=\"text\">\n\t\t\t\t\t\t\t<p>&#x1f6b4;&#x200d;&#x2640;&#xfe0f; Radtouren \u2013 familienfreundlich, anf\u00e4ngertauglich, mit Start in Bad V\u00f6slau Du suchst nach gem\u00fctlichen Radtouren, die du entspannt mit der Familie oder als Einsteiger:in genie\u00dfen&#8230;<\/p>\n\t\t\t\t\t\t<\/div><!-- .entry-summary -->\n\t\t\t\t\t<\/div><!-- wp-show-posts-inner --><\/article><article class=\" wp-show-posts-single post-38621 post type-post status-publish format-standard has-post-thumbnail hentry category-badvoeslau wpsp-col-6\" itemtype=\"http:\/\/schema.org\/CreativeWork\" itemscope><div class=\"wp-show-posts-inner\" style=\"\">\t\t\t\t\t\t<header class=\"wp-show-posts-entry-header\">\n\t\t\t\t\t\t\t<p class=\"wp-show-posts-entry-title\" itemprop=\"headline\"><a href=\"https:\/\/www.radlobby.org\/noe\/radlobby-bad-voeslau-radlkarte-fuer-bad-voeslau\/\" rel=\"bookmark\">Bad V\u00f6slau | Radlkarte f\u00fcr Bad V\u00f6slau &#8211; Achtung: Nun auch in Druckversion!<\/a><\/p><div class=\"wp-show-posts-entry-meta wp-show-posts-entry-meta-below-title post-meta-inline\"><span class=\"wp-show-posts-posted-on wp-show-posts-meta\">\n\t\t\t\t\t<a href=\"https:\/\/www.radlobby.org\/noe\/radlobby-bad-voeslau-radlkarte-fuer-bad-voeslau\/\" title=\"17:19\" rel=\"bookmark\"><time class=\"wp-show-posts-entry-date published\" datetime=\"2025-04-12T17:19:44+02:00\" itemprop=\"datePublished\">12. April 2025<\/time><time class=\"wp-show-posts-updated\" datetime=\"2026-04-01T12:32:22+02:00\" itemprop=\"dateModified\">1. April 2026<\/time><\/a>\n\t\t\t\t<\/span><\/div>\t\t\t\t\t\t<\/header><!-- .entry-header -->\n\t\t\t\t\t\t\t<div class=\"wp-show-posts-image  wpsp-image-left \">\n\t\t\t<a href=\"https:\/\/www.radlobby.org\/noe\/radlobby-bad-voeslau-radlkarte-fuer-bad-voeslau\/\"  title=\"Bad V\u00f6slau | Radlkarte f\u00fcr Bad V\u00f6slau &#8211; Achtung: Nun auch in Druckversion!\">\t\t\t\t\t<img decoding=\"async\" src=\"https:\/\/www.radlobby.org\/noe\/wp-content\/uploads\/IMG_20250421_170858-1-180x135.jpg\" alt=\"Bad V\u00f6slau | Radlkarte f\u00fcr Bad V\u00f6slau &#8211; Achtung: Nun auch in Druckversion!\" itemprop=\"image\" class=\"left\" \/>\n\t\t\t\t<\/a>\t\t<\/div>\n\t\t\t\t\t\t\t\t<div class=\"wp-show-posts-entry-summary\" itemprop=\"text\">\n\t\t\t\t\t\t\t<p>&#x1f5fa;&#xfe0f; Die Radlkarte f\u00fcr Bad V\u00f6slau Finde deinen besten Weg \u2013 entspannt, schnell oder einfach neu. Viele Wege f\u00fchren ans Ziel \u2013 aber nicht alle&#8230;<\/p>\n\t\t\t\t\t\t<\/div><!-- .entry-summary -->\n\t\t\t\t\t<\/div><!-- wp-show-posts-inner --><\/article><article class=\" wp-show-posts-single post-34328 post type-post status-publish format-standard has-post-thumbnail hentry category-badvoeslau category-baden wpsp-col-6\" itemtype=\"http:\/\/schema.org\/CreativeWork\" itemscope><div class=\"wp-show-posts-inner\" style=\"\">\t\t\t\t\t\t<header class=\"wp-show-posts-entry-header\">\n\t\t\t\t\t\t\t<p class=\"wp-show-posts-entry-title\" itemprop=\"headline\"><a href=\"https:\/\/www.radlobby.org\/noe\/fahrradfreundlicheprojekte\/\" rel=\"bookmark\">Radlobby Bad V\u00f6slau | Fahrradfreundliche Projekte in der Umgebung: Baden &#8211; Bad V\u00f6slau<\/a><\/p><div class=\"wp-show-posts-entry-meta wp-show-posts-entry-meta-below-title post-meta-inline\"><span class=\"wp-show-posts-posted-on wp-show-posts-meta\">\n\t\t\t\t\t<a href=\"https:\/\/www.radlobby.org\/noe\/fahrradfreundlicheprojekte\/\" title=\"21:10\" rel=\"bookmark\"><time class=\"wp-show-posts-entry-date published\" datetime=\"2025-04-07T21:10:19+02:00\" itemprop=\"datePublished\">7. April 2025<\/time><time class=\"wp-show-posts-updated\" datetime=\"2025-05-02T20:09:56+02:00\" itemprop=\"dateModified\">2. Mai 2025<\/time><\/a>\n\t\t\t\t<\/span><\/div>\t\t\t\t\t\t<\/header><!-- .entry-header -->\n\t\t\t\t\t\t\t<div class=\"wp-show-posts-image  wpsp-image-left \">\n\t\t\t<a href=\"https:\/\/www.radlobby.org\/noe\/fahrradfreundlicheprojekte\/\"  title=\"Radlobby Bad V\u00f6slau | Fahrradfreundliche Projekte in der Umgebung: Baden &#8211; Bad V\u00f6slau\">\t\t\t\t\t<img decoding=\"async\" src=\"https:\/\/www.radlobby.org\/noe\/wp-content\/uploads\/Radlobby_gruene_fahrradfreundlicheProjekte-180x114.png\" alt=\"Radlobby Bad V\u00f6slau | Fahrradfreundliche Projekte in der Umgebung: Baden &#8211; Bad V\u00f6slau\" itemprop=\"image\" class=\"left\" \/>\n\t\t\t\t<\/a>\t\t<\/div>\n\t\t\t\t\t\t\t\t<div class=\"wp-show-posts-entry-summary\" itemprop=\"text\">\n\t\t\t\t\t\t\t<p>Fahrradfreundliche Projekte in der Umgebung: Baden \u2013 Bad V\u00f6slau In unserer Region gibt es zahlreiche spannende Initiativen rund ums Fahrradfahren. Hier stellen wir einige davon&#8230;<\/p>\n\t\t\t\t\t\t<\/div><!-- .entry-summary -->\n\t\t\t\t\t<\/div><!-- wp-show-posts-inner --><\/article><article class=\" wp-show-posts-single post-38140 post type-post status-publish format-standard has-post-thumbnail hentry category-badvoeslau category-baden wpsp-col-6\" itemtype=\"http:\/\/schema.org\/CreativeWork\" itemscope><div class=\"wp-show-posts-inner\" style=\"\">\t\t\t\t\t\t<header class=\"wp-show-posts-entry-header\">\n\t\t\t\t\t\t\t<p class=\"wp-show-posts-entry-title\" itemprop=\"headline\"><a href=\"https:\/\/www.radlobby.org\/noe\/radparadecyclecinema06042025\/\" rel=\"bookmark\">Radlobby Baden\/Bad V\u00f6slau | Radparade &#038; Cycle Cinema am 6.4.2025<\/a><\/p><div class=\"wp-show-posts-entry-meta wp-show-posts-entry-meta-below-title post-meta-inline\"><span class=\"wp-show-posts-posted-on wp-show-posts-meta\">\n\t\t\t\t\t<a href=\"https:\/\/www.radlobby.org\/noe\/radparadecyclecinema06042025\/\" title=\"17:00\" rel=\"bookmark\"><time class=\"wp-show-posts-entry-date published\" datetime=\"2025-04-01T17:00:18+02:00\" itemprop=\"datePublished\">1. April 2025<\/time><time class=\"wp-show-posts-updated\" datetime=\"2026-04-01T12:33:12+02:00\" itemprop=\"dateModified\">1. April 2026<\/time><\/a>\n\t\t\t\t<\/span><\/div>\t\t\t\t\t\t<\/header><!-- .entry-header -->\n\t\t\t\t\t\t\t<div class=\"wp-show-posts-image  wpsp-image-left \">\n\t\t\t<a href=\"https:\/\/www.radlobby.org\/noe\/radparadecyclecinema06042025\/\"  title=\"Radlobby Baden\/Bad V\u00f6slau | Radparade &#038; Cycle Cinema am 6.4.2025\">\t\t\t\t\t<img decoding=\"async\" src=\"https:\/\/www.radlobby.org\/noe\/wp-content\/uploads\/Plakat_Radparade_Baden_Nr3_A5_Final_Print_ohne-180x255.jpg\" alt=\"Radlobby Baden\/Bad V\u00f6slau | Radparade &#038; Cycle Cinema am 6.4.2025\" itemprop=\"image\" class=\"left\" \/>\n\t\t\t\t<\/a>\t\t<\/div>\n\t\t\t\t\t\t\t\t<div class=\"wp-show-posts-entry-summary\" itemprop=\"text\">\n\t\t\t\t\t\t\t<p>3. Radparade in Baden \u2013 Kalt, aber mit Herz und viel R\u00fcckenwind Am 6. April fand in Baden die 3. Radparade statt \u2013 trotz k\u00fchler&#8230;<\/p>\n\t\t\t\t\t\t<\/div><!-- .entry-summary -->\n\t\t\t\t\t<\/div><!-- wp-show-posts-inner --><\/article><article class=\" wp-show-posts-single post-38155 post type-post status-publish format-standard has-post-thumbnail hentry category-badvoeslau wpsp-col-6\" itemtype=\"http:\/\/schema.org\/CreativeWork\" itemscope><div class=\"wp-show-posts-inner\" style=\"\">\t\t\t\t\t\t<header class=\"wp-show-posts-entry-header\">\n\t\t\t\t\t\t\t<p class=\"wp-show-posts-entry-title\" itemprop=\"headline\"><a href=\"https:\/\/www.radlobby.org\/noe\/radlobby-bad-voeslau-jubilaeumsfeier-bikeshop-kreuzer-wird-30-jahre\/\" rel=\"bookmark\">Radlobby Bad V\u00f6slau | Jubil\u00e4umsfeier: Bikeshop Kreuzer wurde 30 Jahre!<\/a><\/p><div class=\"wp-show-posts-entry-meta wp-show-posts-entry-meta-below-title post-meta-inline\"><span class=\"wp-show-posts-posted-on wp-show-posts-meta\">\n\t\t\t\t\t<a href=\"https:\/\/www.radlobby.org\/noe\/radlobby-bad-voeslau-jubilaeumsfeier-bikeshop-kreuzer-wird-30-jahre\/\" title=\"17:06\" rel=\"bookmark\"><time class=\"wp-show-posts-entry-date published\" datetime=\"2025-03-30T17:06:20+02:00\" itemprop=\"datePublished\">30. M\u00e4rz 2025<\/time><time class=\"wp-show-posts-updated\" datetime=\"2026-04-01T12:33:41+02:00\" itemprop=\"dateModified\">1. April 2026<\/time><\/a>\n\t\t\t\t<\/span><\/div>\t\t\t\t\t\t<\/header><!-- .entry-header -->\n\t\t\t\t\t\t\t<div class=\"wp-show-posts-image  wpsp-image-left \">\n\t\t\t<a href=\"https:\/\/www.radlobby.org\/noe\/radlobby-bad-voeslau-jubilaeumsfeier-bikeshop-kreuzer-wird-30-jahre\/\"  title=\"Radlobby Bad V\u00f6slau | Jubil\u00e4umsfeier: Bikeshop Kreuzer wurde 30 Jahre!\">\t\t\t\t\t<img decoding=\"async\" src=\"https:\/\/www.radlobby.org\/noe\/wp-content\/uploads\/signal-2025-04-05-110541-180x135.jpeg\" alt=\"Radlobby Bad V\u00f6slau | Jubil\u00e4umsfeier: Bikeshop Kreuzer wurde 30 Jahre!\" itemprop=\"image\" class=\"left\" \/>\n\t\t\t\t<\/a>\t\t<\/div>\n\t\t\t\t\t\t\t\t<div class=\"wp-show-posts-entry-summary\" itemprop=\"text\">\n\t\t\t\t\t\t\t<p>Jubil\u00e4umsfeier: Bikeshop Kreuzer wurde 30 Jahre Der Bikeshop Kreuzer feierte 30 Jahre \u2013 und wir waren mit dabei! Von 3. bis 5. April 2025 verwandelte&#8230;<\/p>\n\t\t\t\t\t\t<\/div><!-- .entry-summary -->\n\t\t\t\t\t<\/div><!-- wp-show-posts-inner --><\/article><article class=\" wp-show-posts-single post-38325 post type-post status-publish format-standard has-post-thumbnail hentry category-badvoeslau wpsp-col-6\" itemtype=\"http:\/\/schema.org\/CreativeWork\" itemscope><div class=\"wp-show-posts-inner\" style=\"\">\t\t\t\t\t\t<header class=\"wp-show-posts-entry-header\">\n\t\t\t\t\t\t\t<p class=\"wp-show-posts-entry-title\" itemprop=\"headline\"><a href=\"https:\/\/www.radlobby.org\/noe\/radlobby-bad-voeslau-fruehjahresputz-29-3-2025\/\" rel=\"bookmark\">Bad V\u00f6slau | Fr\u00fchjahrsputz 29.3.2025<\/a><\/p><div class=\"wp-show-posts-entry-meta wp-show-posts-entry-meta-below-title post-meta-inline\"><span class=\"wp-show-posts-posted-on wp-show-posts-meta\">\n\t\t\t\t\t<a href=\"https:\/\/www.radlobby.org\/noe\/radlobby-bad-voeslau-fruehjahresputz-29-3-2025\/\" title=\"11:34\" rel=\"bookmark\"><time class=\"wp-show-posts-entry-date published\" datetime=\"2025-03-16T11:34:27+01:00\" itemprop=\"datePublished\">16. M\u00e4rz 2025<\/time><time class=\"wp-show-posts-updated\" datetime=\"2026-04-01T12:34:14+02:00\" itemprop=\"dateModified\">1. April 2026<\/time><\/a>\n\t\t\t\t<\/span><\/div>\t\t\t\t\t\t<\/header><!-- .entry-header -->\n\t\t\t\t\t\t\t<div class=\"wp-show-posts-image  wpsp-image-left \">\n\t\t\t<a href=\"https:\/\/www.radlobby.org\/noe\/radlobby-bad-voeslau-fruehjahresputz-29-3-2025\/\"  title=\"Bad V\u00f6slau | Fr\u00fchjahrsputz 29.3.2025\">\t\t\t\t\t<img decoding=\"async\" src=\"https:\/\/www.radlobby.org\/noe\/wp-content\/uploads\/Fruehjahrsputz_2025-1-pdf-180x255.jpg\" alt=\"Bad V\u00f6slau | Fr\u00fchjahrsputz 29.3.2025\" itemprop=\"image\" class=\"left\" \/>\n\t\t\t\t<\/a>\t\t<\/div>\n\t\t\t\t\t\t\t\t<div class=\"wp-show-posts-entry-summary\" itemprop=\"text\">\n\t\t\t\t\t\t\t<p>Fr\u00fchjahrsputz \u2013 Wir waren dabei! &#x1f6b2;&#x1f331; Dieses Jahr war die Radlobby Bad V\u00f6slau beim Fr\u00fchjahrsputz dabei \u2013 und hat mit Erstaunen festgestellt, wie viel M\u00fcll&#8230;<\/p>\n\t\t\t\t\t\t<\/div><!-- .entry-summary -->\n\t\t\t\t\t<\/div><!-- wp-show-posts-inner --><\/article><div class=\"wpsp-clear\"><\/div><\/section><!-- .wp-show-posts --><div class=\"wpsp-load-more\"><span aria-current=\"page\" class=\"page-numbers current\">1<\/span>\n<a class=\"page-numbers\" href=\"https:\/\/www.radlobby.org\/noe\/wp-json\/wp\/v2\/pages\/24638\/page\/2\/\">2<\/a>\n<span class=\"page-numbers dots\">&hellip;<\/span>\n<a class=\"page-numbers\" href=\"https:\/\/www.radlobby.org\/noe\/wp-json\/wp\/v2\/pages\/24638\/page\/5\/\">5<\/a>\n<a class=\"next page-numbers\" href=\"https:\/\/www.radlobby.org\/noe\/wp-json\/wp\/v2\/pages\/24638\/page\/2\/\">N\u00e4chste &rarr;<\/a><\/div>\n","protected":false},"excerpt":{"rendered":"<p>Willkommen bei der Radlobby Bad V\u00f6slau 10.4.2026 Stammtisch Radlobby Bad V\u00f6slau 18.4.2026 Rad- und Rollerb\u00f6rse Bad V\u00f6slau 19.4.2026 Cycle Cinema im Cinema Paradiso Baden 2.5.2026 Rad-Genuss-Tag Triestingtal 8.5.2026 Stammtisch Radlobby Bad V\u00f6slau 29.5.2026 Radparade &amp; Kidical Mass Bad V\u00f6slau Mitmachen<\/p>\n","protected":false},"author":16,"featured_media":38309,"parent":0,"menu_order":0,"comment_status":"closed","ping_status":"closed","template":"","meta":{"footnotes":""},"class_list":["post-24638","page","type-page","status-publish","has-post-thumbnail","hentry"],"yoast_head":"<!-- This site is optimized with the Yoast SEO plugin v26.9 - https:\/\/yoast.com\/product\/yoast-seo-wordpress\/ -->\n<title>Radlobby Bad V\u00f6slau - Radlobby Nieder\u00f6sterreich<\/title>\n<meta name=\"robots\" content=\"index, follow, max-snippet:-1, max-image-preview:large, max-video-preview:-1\" \/>\n<link rel=\"canonical\" href=\"https:\/\/www.radlobby.org\/noe\/badvoeslau\/\" \/>\n<meta property=\"og:locale\" content=\"de_DE\" \/>\n<meta property=\"og:type\" content=\"article\" \/>\n<meta property=\"og:title\" content=\"Radlobby Bad V\u00f6slau - Radlobby Nieder\u00f6sterreich\" \/>\n<meta property=\"og:description\" content=\"Willkommen bei der Radlobby Bad V\u00f6slau 10.4.2026 Stammtisch Radlobby Bad V\u00f6slau 18.4.2026 Rad- und Rollerb\u00f6rse Bad V\u00f6slau 19.4.2026 Cycle Cinema im Cinema Paradiso Baden 2.5.2026 Rad-Genuss-Tag Triestingtal 8.5.2026 Stammtisch Radlobby Bad V\u00f6slau 29.5.2026 Radparade &amp; Kidical Mass Bad V\u00f6slau Mitmachen\" \/>\n<meta property=\"og:url\" content=\"https:\/\/www.radlobby.org\/noe\/badvoeslau\/\" \/>\n<meta property=\"og:site_name\" content=\"Radlobby Nieder\u00f6sterreich\" \/>\n<meta property=\"article:publisher\" content=\"https:\/\/www.facebook.com\/groups\/radfahren.in.noe\/\" \/>\n<meta property=\"article:modified_time\" content=\"2026-03-31T11:51:33+00:00\" \/>\n<meta property=\"og:image\" content=\"https:\/\/www.radlobby.org\/noe\/wp-content\/uploads\/RL_BV-scaled.jpeg\" \/>\n\t<meta property=\"og:image:width\" content=\"2560\" \/>\n\t<meta property=\"og:image:height\" content=\"643\" \/>\n\t<meta property=\"og:image:type\" content=\"image\/jpeg\" \/>\n<meta name=\"twitter:card\" content=\"summary_large_image\" \/>\n<meta name=\"twitter:label1\" content=\"Gesch\u00e4tzte Lesezeit\" \/>\n\t<meta name=\"twitter:data1\" content=\"2\u00a0Minuten\" \/>\n<script type=\"application\/ld+json\" class=\"yoast-schema-graph\">{\"@context\":\"https:\/\/schema.org\",\"@graph\":[{\"@type\":\"WebPage\",\"@id\":\"https:\/\/www.radlobby.org\/noe\/badvoeslau\/\",\"url\":\"https:\/\/www.radlobby.org\/noe\/badvoeslau\/\",\"name\":\"Radlobby Bad V\u00f6slau - Radlobby Nieder\u00f6sterreich\",\"isPartOf\":{\"@id\":\"https:\/\/www.radlobby.org\/noe\/#website\"},\"primaryImageOfPage\":{\"@id\":\"https:\/\/www.radlobby.org\/noe\/badvoeslau\/#primaryimage\"},\"image\":{\"@id\":\"https:\/\/www.radlobby.org\/noe\/badvoeslau\/#primaryimage\"},\"thumbnailUrl\":\"https:\/\/www.radlobby.org\/noe\/wp-content\/uploads\/RL_BV-scaled.jpeg\",\"datePublished\":\"2022-07-10T15:02:56+00:00\",\"dateModified\":\"2026-03-31T11:51:33+00:00\",\"breadcrumb\":{\"@id\":\"https:\/\/www.radlobby.org\/noe\/badvoeslau\/#breadcrumb\"},\"inLanguage\":\"de\",\"potentialAction\":[{\"@type\":\"ReadAction\",\"target\":[\"https:\/\/www.radlobby.org\/noe\/badvoeslau\/\"]}]},{\"@type\":\"ImageObject\",\"inLanguage\":\"de\",\"@id\":\"https:\/\/www.radlobby.org\/noe\/badvoeslau\/#primaryimage\",\"url\":\"https:\/\/www.radlobby.org\/noe\/wp-content\/uploads\/RL_BV-scaled.jpeg\",\"contentUrl\":\"https:\/\/www.radlobby.org\/noe\/wp-content\/uploads\/RL_BV-scaled.jpeg\",\"width\":2560,\"height\":643},{\"@type\":\"BreadcrumbList\",\"@id\":\"https:\/\/www.radlobby.org\/noe\/badvoeslau\/#breadcrumb\",\"itemListElement\":[{\"@type\":\"ListItem\",\"position\":1,\"name\":\"Startseite\",\"item\":\"https:\/\/www.radlobby.org\/noe\/\"},{\"@type\":\"ListItem\",\"position\":2,\"name\":\"Radlobby Bad V\u00f6slau\"}]},{\"@type\":\"WebSite\",\"@id\":\"https:\/\/www.radlobby.org\/noe\/#website\",\"url\":\"https:\/\/www.radlobby.org\/noe\/\",\"name\":\"Radlobby Nieder\u00f6sterreich\",\"description\":\"Radverkehr, Fahrrad, Radfahren, Radreisen, Radtouren, Radweg\",\"publisher\":{\"@id\":\"https:\/\/www.radlobby.org\/noe\/#organization\"},\"potentialAction\":[{\"@type\":\"SearchAction\",\"target\":{\"@type\":\"EntryPoint\",\"urlTemplate\":\"https:\/\/www.radlobby.org\/noe\/?s={search_term_string}\"},\"query-input\":{\"@type\":\"PropertyValueSpecification\",\"valueRequired\":true,\"valueName\":\"search_term_string\"}}],\"inLanguage\":\"de\"},{\"@type\":\"Organization\",\"@id\":\"https:\/\/www.radlobby.org\/noe\/#organization\",\"name\":\"Radlobby Nieder\u00f6sterreich\",\"url\":\"https:\/\/www.radlobby.org\/noe\/\",\"logo\":{\"@type\":\"ImageObject\",\"inLanguage\":\"de\",\"@id\":\"https:\/\/www.radlobby.org\/noe\/#\/schema\/logo\/image\/\",\"url\":\"https:\/\/www.radlobby.org\/noe\/wp-content\/uploads\/2017\/01\/cropped-Logo_Radlobby_Niederoesterreich_50-400px_quer-1.jpg\",\"contentUrl\":\"https:\/\/www.radlobby.org\/noe\/wp-content\/uploads\/2017\/01\/cropped-Logo_Radlobby_Niederoesterreich_50-400px_quer-1.jpg\",\"width\":450,\"height\":124,\"caption\":\"Radlobby Nieder\u00f6sterreich\"},\"image\":{\"@id\":\"https:\/\/www.radlobby.org\/noe\/#\/schema\/logo\/image\/\"},\"sameAs\":[\"https:\/\/www.facebook.com\/groups\/radfahren.in.noe\/\"]}]}<\/script>\n<!-- \/ Yoast SEO plugin. -->","yoast_head_json":{"title":"Radlobby Bad V\u00f6slau - Radlobby Nieder\u00f6sterreich","robots":{"index":"index","follow":"follow","max-snippet":"max-snippet:-1","max-image-preview":"max-image-preview:large","max-video-preview":"max-video-preview:-1"},"canonical":"https:\/\/www.radlobby.org\/noe\/badvoeslau\/","og_locale":"de_DE","og_type":"article","og_title":"Radlobby Bad V\u00f6slau - Radlobby Nieder\u00f6sterreich","og_description":"Willkommen bei der Radlobby Bad V\u00f6slau 10.4.2026 Stammtisch Radlobby Bad V\u00f6slau 18.4.2026 Rad- und Rollerb\u00f6rse Bad V\u00f6slau 19.4.2026 Cycle Cinema im Cinema Paradiso Baden 2.5.2026 Rad-Genuss-Tag Triestingtal 8.5.2026 Stammtisch Radlobby Bad V\u00f6slau 29.5.2026 Radparade &amp; Kidical Mass Bad V\u00f6slau Mitmachen","og_url":"https:\/\/www.radlobby.org\/noe\/badvoeslau\/","og_site_name":"Radlobby Nieder\u00f6sterreich","article_publisher":"https:\/\/www.facebook.com\/groups\/radfahren.in.noe\/","article_modified_time":"2026-03-31T11:51:33+00:00","og_image":[{"width":2560,"height":643,"url":"https:\/\/www.radlobby.org\/noe\/wp-content\/uploads\/RL_BV-scaled.jpeg","type":"image\/jpeg"}],"twitter_card":"summary_large_image","twitter_misc":{"Gesch\u00e4tzte Lesezeit":"2\u00a0Minuten"},"schema":{"@context":"https:\/\/schema.org","@graph":[{"@type":"WebPage","@id":"https:\/\/www.radlobby.org\/noe\/badvoeslau\/","url":"https:\/\/www.radlobby.org\/noe\/badvoeslau\/","name":"Radlobby Bad V\u00f6slau - Radlobby Nieder\u00f6sterreich","isPartOf":{"@id":"https:\/\/www.radlobby.org\/noe\/#website"},"primaryImageOfPage":{"@id":"https:\/\/www.radlobby.org\/noe\/badvoeslau\/#primaryimage"},"image":{"@id":"https:\/\/www.radlobby.org\/noe\/badvoeslau\/#primaryimage"},"thumbnailUrl":"https:\/\/www.radlobby.org\/noe\/wp-content\/uploads\/RL_BV-scaled.jpeg","datePublished":"2022-07-10T15:02:56+00:00","dateModified":"2026-03-31T11:51:33+00:00","breadcrumb":{"@id":"https:\/\/www.radlobby.org\/noe\/badvoeslau\/#breadcrumb"},"inLanguage":"de","potentialAction":[{"@type":"ReadAction","target":["https:\/\/www.radlobby.org\/noe\/badvoeslau\/"]}]},{"@type":"ImageObject","inLanguage":"de","@id":"https:\/\/www.radlobby.org\/noe\/badvoeslau\/#primaryimage","url":"https:\/\/www.radlobby.org\/noe\/wp-content\/uploads\/RL_BV-scaled.jpeg","contentUrl":"https:\/\/www.radlobby.org\/noe\/wp-content\/uploads\/RL_BV-scaled.jpeg","width":2560,"height":643},{"@type":"BreadcrumbList","@id":"https:\/\/www.radlobby.org\/noe\/badvoeslau\/#breadcrumb","itemListElement":[{"@type":"ListItem","position":1,"name":"Startseite","item":"https:\/\/www.radlobby.org\/noe\/"},{"@type":"ListItem","position":2,"name":"Radlobby Bad V\u00f6slau"}]},{"@type":"WebSite","@id":"https:\/\/www.radlobby.org\/noe\/#website","url":"https:\/\/www.radlobby.org\/noe\/","name":"Radlobby Nieder\u00f6sterreich","description":"Radverkehr, Fahrrad, Radfahren, Radreisen, Radtouren, Radweg","publisher":{"@id":"https:\/\/www.radlobby.org\/noe\/#organization"},"potentialAction":[{"@type":"SearchAction","target":{"@type":"EntryPoint","urlTemplate":"https:\/\/www.radlobby.org\/noe\/?s={search_term_string}"},"query-input":{"@type":"PropertyValueSpecification","valueRequired":true,"valueName":"search_term_string"}}],"inLanguage":"de"},{"@type":"Organization","@id":"https:\/\/www.radlobby.org\/noe\/#organization","name":"Radlobby Nieder\u00f6sterreich","url":"https:\/\/www.radlobby.org\/noe\/","logo":{"@type":"ImageObject","inLanguage":"de","@id":"https:\/\/www.radlobby.org\/noe\/#\/schema\/logo\/image\/","url":"https:\/\/www.radlobby.org\/noe\/wp-content\/uploads\/2017\/01\/cropped-Logo_Radlobby_Niederoesterreich_50-400px_quer-1.jpg","contentUrl":"https:\/\/www.radlobby.org\/noe\/wp-content\/uploads\/2017\/01\/cropped-Logo_Radlobby_Niederoesterreich_50-400px_quer-1.jpg","width":450,"height":124,"caption":"Radlobby Nieder\u00f6sterreich"},"image":{"@id":"https:\/\/www.radlobby.org\/noe\/#\/schema\/logo\/image\/"},"sameAs":["https:\/\/www.facebook.com\/groups\/radfahren.in.noe\/"]}]}},"_links":{"self":[{"href":"https:\/\/www.radlobby.org\/noe\/wp-json\/wp\/v2\/pages\/24638","targetHints":{"allow":["GET"]}}],"collection":[{"href":"https:\/\/www.radlobby.org\/noe\/wp-json\/wp\/v2\/pages"}],"about":[{"href":"https:\/\/www.radlobby.org\/noe\/wp-json\/wp\/v2\/types\/page"}],"author":[{"embeddable":true,"href":"https:\/\/www.radlobby.org\/noe\/wp-json\/wp\/v2\/users\/16"}],"replies":[{"embeddable":true,"href":"https:\/\/www.radlobby.org\/noe\/wp-json\/wp\/v2\/comments?post=24638"}],"version-history":[{"count":43,"href":"https:\/\/www.radlobby.org\/noe\/wp-json\/wp\/v2\/pages\/24638\/revisions"}],"predecessor-version":[{"id":41577,"href":"https:\/\/www.radlobby.org\/noe\/wp-json\/wp\/v2\/pages\/24638\/revisions\/41577"}],"wp:featuredmedia":[{"embeddable":true,"href":"https:\/\/www.radlobby.org\/noe\/wp-json\/wp\/v2\/media\/38309"}],"wp:attachment":[{"href":"https:\/\/www.radlobby.org\/noe\/wp-json\/wp\/v2\/media?parent=24638"}],"curies":[{"name":"wp","href":"https:\/\/api.w.org\/{rel}","templated":true}]}}