{"id":21245,"date":"2021-12-10T09:26:18","date_gmt":"2021-12-10T08:26:18","guid":{"rendered":"https:\/\/www.radlobby.org\/noe\/?page_id=21245"},"modified":"2021-12-10T10:26:02","modified_gmt":"2021-12-10T09:26:02","slug":"foerderungen","status":"publish","type":"page","link":"https:\/\/www.radlobby.org\/noe\/foerderungen\/","title":{"rendered":"F\u00f6rderungen"},"content":{"rendered":"<h6>Der Bund und das Land N\u00d6 f\u00f6rdert den Ausbau von Radverkehrsanlagen<\/h6>\n<p><strong>Es gibt verschiedene F\u00f6rdert\u00f6pfe und F\u00f6rderzwecke f\u00fcr Gemeinden und Betriebe<\/strong><\/p>\n<h5>\u00dcberblick zu den F\u00f6rderungen<\/h5>\n<p>finden Sie beim \u203a <a href=\"https:\/\/www.radland.at\/foerderungen-gemeinden-und-betriebe\" target=\"_blank\" rel=\"noopener\">Radland N\u00d6<\/a><\/p>\n<p><a href=\"https:\/\/www.radland.at\/foerderungen-gemeinden-und-betriebe\" target=\"_blank\" rel=\"noopener\"><img loading=\"lazy\" decoding=\"async\" class=\"alignnone wp-image-21034\" src=\"https:\/\/www.radlobby.org\/noe\/wp-content\/uploads\/Radland-Logo-420x100px.jpg\" alt=\"\" width=\"357\" height=\"85\" srcset=\"https:\/\/www.radlobby.org\/noe\/wp-content\/uploads\/Radland-Logo-420x100px.jpg 420w, https:\/\/www.radlobby.org\/noe\/wp-content\/uploads\/Radland-Logo-420x100px-300x71.jpg 300w\" sizes=\"auto, (max-width: 357px) 100vw, 357px\" \/><\/a><\/p>\n<h5>F\u00f6rderung von Radverkehrsanlagen<\/h5>\n<p>Gemeinden, Firmen und Vereine wenden sich in Nieder\u00f6sterreich am besten an<br \/>\n\u203a <a href=\"https:\/\/www.noeregional.at\/ueber-uns\/unsere-bueros\/\" target=\"_blank\" rel=\"noopener\">N\u00d6 Regional<\/a> &gt; bitte die Kontaktdaten der jeweiligen Region beachten.<\/p>\n<p><a href=\"https:\/\/www.noeregional.at\/ueber-uns\/unsere-bueros\/\" target=\"_blank\" rel=\"noopener\"><img loading=\"lazy\" decoding=\"async\" class=\"alignnone wp-image-21247 size-medium\" src=\"https:\/\/www.radlobby.org\/noe\/wp-content\/uploads\/NOe-Regional-Logo-300x70.jpg\" alt=\"\" width=\"300\" height=\"70\" srcset=\"https:\/\/www.radlobby.org\/noe\/wp-content\/uploads\/NOe-Regional-Logo-300x70.jpg 300w, https:\/\/www.radlobby.org\/noe\/wp-content\/uploads\/NOe-Regional-Logo-768x180.jpg 768w, https:\/\/www.radlobby.org\/noe\/wp-content\/uploads\/NOe-Regional-Logo-1536x359.jpg 1536w, https:\/\/www.radlobby.org\/noe\/wp-content\/uploads\/NOe-Regional-Logo.jpg 1543w\" sizes=\"auto, (max-width: 300px) 100vw, 300px\" \/><\/a><\/p>\n<p>Die derzeitigen Hauptregionen f\u00fcr den Ausbau des Radverkehrs sind hier auf dem N\u00d6 Atlas hellgelb eingezeichnet.<br \/>\n\u203a <a href=\"https:\/\/atlas.noe.gv.at\/atlas\/portal\/noe-atlas\/map\/Verkehr\/N%C3%96%20Radwege\" target=\"_blank\" rel=\"noopener\">Karte in eigenem Fenster ansehen<\/a>.<\/p>\n<p><a href=\"https:\/\/atlas.noe.gv.at\/atlas\/portal\/noe-atlas\/map\/Verkehr\/N%C3%96%20Radwege\" target=\"_blank\" rel=\"noopener\"><img loading=\"lazy\" decoding=\"async\" class=\"alignnone wp-image-21250\" src=\"https:\/\/www.radlobby.org\/noe\/wp-content\/uploads\/NOe-Atlas-Foerder-Regionen.jpg\" alt=\"\" width=\"750\" height=\"660\" srcset=\"https:\/\/www.radlobby.org\/noe\/wp-content\/uploads\/NOe-Atlas-Foerder-Regionen.jpg 1018w, https:\/\/www.radlobby.org\/noe\/wp-content\/uploads\/NOe-Atlas-Foerder-Regionen-300x264.jpg 300w, https:\/\/www.radlobby.org\/noe\/wp-content\/uploads\/NOe-Atlas-Foerder-Regionen-768x676.jpg 768w\" sizes=\"auto, (max-width: 750px) 100vw, 750px\" \/><\/a><\/p>\n","protected":false},"excerpt":{"rendered":"<p>Der Bund und das Land N\u00d6 f\u00f6rdert den Ausbau von Radverkehrsanlagen Es gibt verschiedene F\u00f6rdert\u00f6pfe und F\u00f6rderzwecke f\u00fcr Gemeinden und Betriebe \u00dcberblick zu den F\u00f6rderungen finden Sie beim \u203a Radland N\u00d6 F\u00f6rderung von Radverkehrsanlagen Gemeinden, Firmen und Vereine wenden sich<\/p>\n","protected":false},"author":16,"featured_media":0,"parent":0,"menu_order":0,"comment_status":"closed","ping_status":"closed","template":"","meta":{"footnotes":""},"class_list":["post-21245","page","type-page","status-publish","hentry"],"yoast_head":"<!-- This site is optimized with the Yoast SEO plugin v26.9 - https:\/\/yoast.com\/product\/yoast-seo-wordpress\/ -->\n<title>F\u00f6rderungen - Radlobby Nieder\u00f6sterreich<\/title>\n<meta name=\"robots\" content=\"index, follow, max-snippet:-1, max-image-preview:large, max-video-preview:-1\" \/>\n<link rel=\"canonical\" href=\"https:\/\/www.radlobby.org\/noe\/foerderungen\/\" \/>\n<meta property=\"og:locale\" content=\"de_DE\" \/>\n<meta property=\"og:type\" content=\"article\" \/>\n<meta property=\"og:title\" content=\"F\u00f6rderungen - Radlobby Nieder\u00f6sterreich\" \/>\n<meta property=\"og:description\" content=\"Der Bund und das Land N\u00d6 f\u00f6rdert den Ausbau von Radverkehrsanlagen Es gibt verschiedene F\u00f6rdert\u00f6pfe und F\u00f6rderzwecke f\u00fcr Gemeinden und Betriebe \u00dcberblick zu den F\u00f6rderungen finden Sie beim \u203a Radland N\u00d6 F\u00f6rderung von Radverkehrsanlagen Gemeinden, Firmen und Vereine wenden sich\" \/>\n<meta property=\"og:url\" content=\"https:\/\/www.radlobby.org\/noe\/foerderungen\/\" \/>\n<meta property=\"og:site_name\" content=\"Radlobby Nieder\u00f6sterreich\" \/>\n<meta property=\"article:publisher\" content=\"https:\/\/www.facebook.com\/groups\/radfahren.in.noe\/\" \/>\n<meta property=\"article:modified_time\" content=\"2021-12-10T09:26:02+00:00\" \/>\n<meta property=\"og:image\" content=\"https:\/\/www.radlobby.org\/noe\/wp-content\/uploads\/Radland-Logo-420x100px.jpg\" \/>\n<meta name=\"twitter:card\" content=\"summary_large_image\" \/>\n<meta name=\"twitter:label1\" content=\"Gesch\u00e4tzte Lesezeit\" \/>\n\t<meta name=\"twitter:data1\" content=\"1\u00a0Minute\" \/>\n<script type=\"application\/ld+json\" class=\"yoast-schema-graph\">{\"@context\":\"https:\/\/schema.org\",\"@graph\":[{\"@type\":\"WebPage\",\"@id\":\"https:\/\/www.radlobby.org\/noe\/foerderungen\/\",\"url\":\"https:\/\/www.radlobby.org\/noe\/foerderungen\/\",\"name\":\"F\u00f6rderungen - Radlobby Nieder\u00f6sterreich\",\"isPartOf\":{\"@id\":\"https:\/\/www.radlobby.org\/noe\/#website\"},\"primaryImageOfPage\":{\"@id\":\"https:\/\/www.radlobby.org\/noe\/foerderungen\/#primaryimage\"},\"image\":{\"@id\":\"https:\/\/www.radlobby.org\/noe\/foerderungen\/#primaryimage\"},\"thumbnailUrl\":\"https:\/\/www.radlobby.org\/noe\/wp-content\/uploads\/Radland-Logo-420x100px.jpg\",\"datePublished\":\"2021-12-10T08:26:18+00:00\",\"dateModified\":\"2021-12-10T09:26:02+00:00\",\"breadcrumb\":{\"@id\":\"https:\/\/www.radlobby.org\/noe\/foerderungen\/#breadcrumb\"},\"inLanguage\":\"de\",\"potentialAction\":[{\"@type\":\"ReadAction\",\"target\":[\"https:\/\/www.radlobby.org\/noe\/foerderungen\/\"]}]},{\"@type\":\"ImageObject\",\"inLanguage\":\"de\",\"@id\":\"https:\/\/www.radlobby.org\/noe\/foerderungen\/#primaryimage\",\"url\":\"https:\/\/www.radlobby.org\/noe\/wp-content\/uploads\/Radland-Logo-420x100px.jpg\",\"contentUrl\":\"https:\/\/www.radlobby.org\/noe\/wp-content\/uploads\/Radland-Logo-420x100px.jpg\",\"width\":420,\"height\":100},{\"@type\":\"BreadcrumbList\",\"@id\":\"https:\/\/www.radlobby.org\/noe\/foerderungen\/#breadcrumb\",\"itemListElement\":[{\"@type\":\"ListItem\",\"position\":1,\"name\":\"Startseite\",\"item\":\"https:\/\/www.radlobby.org\/noe\/\"},{\"@type\":\"ListItem\",\"position\":2,\"name\":\"F\u00f6rderungen\"}]},{\"@type\":\"WebSite\",\"@id\":\"https:\/\/www.radlobby.org\/noe\/#website\",\"url\":\"https:\/\/www.radlobby.org\/noe\/\",\"name\":\"Radlobby Nieder\u00f6sterreich\",\"description\":\"Radverkehr, Fahrrad, Radfahren, Radreisen, Radtouren, Radweg\",\"publisher\":{\"@id\":\"https:\/\/www.radlobby.org\/noe\/#organization\"},\"potentialAction\":[{\"@type\":\"SearchAction\",\"target\":{\"@type\":\"EntryPoint\",\"urlTemplate\":\"https:\/\/www.radlobby.org\/noe\/?s={search_term_string}\"},\"query-input\":{\"@type\":\"PropertyValueSpecification\",\"valueRequired\":true,\"valueName\":\"search_term_string\"}}],\"inLanguage\":\"de\"},{\"@type\":\"Organization\",\"@id\":\"https:\/\/www.radlobby.org\/noe\/#organization\",\"name\":\"Radlobby Nieder\u00f6sterreich\",\"url\":\"https:\/\/www.radlobby.org\/noe\/\",\"logo\":{\"@type\":\"ImageObject\",\"inLanguage\":\"de\",\"@id\":\"https:\/\/www.radlobby.org\/noe\/#\/schema\/logo\/image\/\",\"url\":\"https:\/\/www.radlobby.org\/noe\/wp-content\/uploads\/2017\/01\/cropped-Logo_Radlobby_Niederoesterreich_50-400px_quer-1.jpg\",\"contentUrl\":\"https:\/\/www.radlobby.org\/noe\/wp-content\/uploads\/2017\/01\/cropped-Logo_Radlobby_Niederoesterreich_50-400px_quer-1.jpg\",\"width\":450,\"height\":124,\"caption\":\"Radlobby Nieder\u00f6sterreich\"},\"image\":{\"@id\":\"https:\/\/www.radlobby.org\/noe\/#\/schema\/logo\/image\/\"},\"sameAs\":[\"https:\/\/www.facebook.com\/groups\/radfahren.in.noe\/\"]}]}<\/script>\n<!-- \/ Yoast SEO plugin. -->","yoast_head_json":{"title":"F\u00f6rderungen - Radlobby Nieder\u00f6sterreich","robots":{"index":"index","follow":"follow","max-snippet":"max-snippet:-1","max-image-preview":"max-image-preview:large","max-video-preview":"max-video-preview:-1"},"canonical":"https:\/\/www.radlobby.org\/noe\/foerderungen\/","og_locale":"de_DE","og_type":"article","og_title":"F\u00f6rderungen - Radlobby Nieder\u00f6sterreich","og_description":"Der Bund und das Land N\u00d6 f\u00f6rdert den Ausbau von Radverkehrsanlagen Es gibt verschiedene F\u00f6rdert\u00f6pfe und F\u00f6rderzwecke f\u00fcr Gemeinden und Betriebe \u00dcberblick zu den F\u00f6rderungen finden Sie beim \u203a Radland N\u00d6 F\u00f6rderung von Radverkehrsanlagen Gemeinden, Firmen und Vereine wenden sich","og_url":"https:\/\/www.radlobby.org\/noe\/foerderungen\/","og_site_name":"Radlobby Nieder\u00f6sterreich","article_publisher":"https:\/\/www.facebook.com\/groups\/radfahren.in.noe\/","article_modified_time":"2021-12-10T09:26:02+00:00","og_image":[{"url":"https:\/\/www.radlobby.org\/noe\/wp-content\/uploads\/Radland-Logo-420x100px.jpg","type":"","width":"","height":""}],"twitter_card":"summary_large_image","twitter_misc":{"Gesch\u00e4tzte Lesezeit":"1\u00a0Minute"},"schema":{"@context":"https:\/\/schema.org","@graph":[{"@type":"WebPage","@id":"https:\/\/www.radlobby.org\/noe\/foerderungen\/","url":"https:\/\/www.radlobby.org\/noe\/foerderungen\/","name":"F\u00f6rderungen - Radlobby Nieder\u00f6sterreich","isPartOf":{"@id":"https:\/\/www.radlobby.org\/noe\/#website"},"primaryImageOfPage":{"@id":"https:\/\/www.radlobby.org\/noe\/foerderungen\/#primaryimage"},"image":{"@id":"https:\/\/www.radlobby.org\/noe\/foerderungen\/#primaryimage"},"thumbnailUrl":"https:\/\/www.radlobby.org\/noe\/wp-content\/uploads\/Radland-Logo-420x100px.jpg","datePublished":"2021-12-10T08:26:18+00:00","dateModified":"2021-12-10T09:26:02+00:00","breadcrumb":{"@id":"https:\/\/www.radlobby.org\/noe\/foerderungen\/#breadcrumb"},"inLanguage":"de","potentialAction":[{"@type":"ReadAction","target":["https:\/\/www.radlobby.org\/noe\/foerderungen\/"]}]},{"@type":"ImageObject","inLanguage":"de","@id":"https:\/\/www.radlobby.org\/noe\/foerderungen\/#primaryimage","url":"https:\/\/www.radlobby.org\/noe\/wp-content\/uploads\/Radland-Logo-420x100px.jpg","contentUrl":"https:\/\/www.radlobby.org\/noe\/wp-content\/uploads\/Radland-Logo-420x100px.jpg","width":420,"height":100},{"@type":"BreadcrumbList","@id":"https:\/\/www.radlobby.org\/noe\/foerderungen\/#breadcrumb","itemListElement":[{"@type":"ListItem","position":1,"name":"Startseite","item":"https:\/\/www.radlobby.org\/noe\/"},{"@type":"ListItem","position":2,"name":"F\u00f6rderungen"}]},{"@type":"WebSite","@id":"https:\/\/www.radlobby.org\/noe\/#website","url":"https:\/\/www.radlobby.org\/noe\/","name":"Radlobby Nieder\u00f6sterreich","description":"Radverkehr, Fahrrad, Radfahren, Radreisen, Radtouren, Radweg","publisher":{"@id":"https:\/\/www.radlobby.org\/noe\/#organization"},"potentialAction":[{"@type":"SearchAction","target":{"@type":"EntryPoint","urlTemplate":"https:\/\/www.radlobby.org\/noe\/?s={search_term_string}"},"query-input":{"@type":"PropertyValueSpecification","valueRequired":true,"valueName":"search_term_string"}}],"inLanguage":"de"},{"@type":"Organization","@id":"https:\/\/www.radlobby.org\/noe\/#organization","name":"Radlobby Nieder\u00f6sterreich","url":"https:\/\/www.radlobby.org\/noe\/","logo":{"@type":"ImageObject","inLanguage":"de","@id":"https:\/\/www.radlobby.org\/noe\/#\/schema\/logo\/image\/","url":"https:\/\/www.radlobby.org\/noe\/wp-content\/uploads\/2017\/01\/cropped-Logo_Radlobby_Niederoesterreich_50-400px_quer-1.jpg","contentUrl":"https:\/\/www.radlobby.org\/noe\/wp-content\/uploads\/2017\/01\/cropped-Logo_Radlobby_Niederoesterreich_50-400px_quer-1.jpg","width":450,"height":124,"caption":"Radlobby Nieder\u00f6sterreich"},"image":{"@id":"https:\/\/www.radlobby.org\/noe\/#\/schema\/logo\/image\/"},"sameAs":["https:\/\/www.facebook.com\/groups\/radfahren.in.noe\/"]}]}},"_links":{"self":[{"href":"https:\/\/www.radlobby.org\/noe\/wp-json\/wp\/v2\/pages\/21245","targetHints":{"allow":["GET"]}}],"collection":[{"href":"https:\/\/www.radlobby.org\/noe\/wp-json\/wp\/v2\/pages"}],"about":[{"href":"https:\/\/www.radlobby.org\/noe\/wp-json\/wp\/v2\/types\/page"}],"author":[{"embeddable":true,"href":"https:\/\/www.radlobby.org\/noe\/wp-json\/wp\/v2\/users\/16"}],"replies":[{"embeddable":true,"href":"https:\/\/www.radlobby.org\/noe\/wp-json\/wp\/v2\/comments?post=21245"}],"version-history":[{"count":0,"href":"https:\/\/www.radlobby.org\/noe\/wp-json\/wp\/v2\/pages\/21245\/revisions"}],"wp:attachment":[{"href":"https:\/\/www.radlobby.org\/noe\/wp-json\/wp\/v2\/media?parent=21245"}],"curies":[{"name":"wp","href":"https:\/\/api.w.org\/{rel}","templated":true}]}}