{"id":15657,"date":"2020-10-12T21:45:01","date_gmt":"2020-10-12T19:45:01","guid":{"rendered":"http:\/\/www.radlobby.org\/noe\/?page_id=15657"},"modified":"2022-01-27T11:47:49","modified_gmt":"2022-01-27T10:47:49","slug":"pressbaum-team","status":"publish","type":"page","link":"https:\/\/www.radlobby.org\/noe\/pressbaum-team\/","title":{"rendered":"Radlobby Pressbaum \u2013 Team"},"content":{"rendered":"<h4><\/h4>\n<h4>Wer wir sind?<\/h4>\n<p>Die Radlobby Pressbaum ist die Stimme aller Radfahrenden in Pressbaum und Umgebung.\u00a0 Wir radeln f\u00fcr eine lebenswerte, lebendige Stadt und setzen uns \u00fcberparteilich und ehrenamtlich f\u00fcr den Alltags-Radverkehr ein.<\/p>\n<p>Im 2 Monats-Rhythmus finden dabei gem\u00fctliche Treffen statt, bei denen ausf\u00fchrlich und gnadenlos \u00fcber die aktuelle Situation in Pressbaum diskutiert wird.<\/p>\n<p>Wir freuen uns \u00fcber Anregungen, Fragen oder sonstige Anliegen aber auch \u00fcber aktive Mitgestaltung!<\/p>\n<p>Du willst eine gute Infrastruktur f\u00fcr Radfahrende, durchg\u00e4ngige, attraktive Radwege f\u00fcr Menschen jeden Alters, ganzj\u00e4hrig befahrbar, optimale Absperrm\u00f6glichkeiten f\u00fcr dein Fahrrad, Bewegung in deinen Alltag integrieren, Teil einer lebenswerten Stadt sein,&#8230;<\/p>\n<p>dann melde dich doch einfach bei uns unter\u00a0<a href=\"mailto:pressbaum@radlobby.at\">pressbaum@radlobby.at<\/a><\/p>\n<p>&nbsp;<\/p>\n<p>Gruppenverantwortliche: Katja Bohl\u00e4nder<\/p>\n<p>&nbsp;<\/p>\n<p>&nbsp;<\/p>\n<p>&nbsp;<\/p>\n<p>&nbsp;<\/p>\n<p>.<\/p>\n","protected":false},"excerpt":{"rendered":"<p>Wer wir sind? Die Radlobby Pressbaum ist die Stimme aller Radfahrenden in Pressbaum und Umgebung.\u00a0 Wir radeln f\u00fcr eine lebenswerte, lebendige Stadt und setzen uns \u00fcberparteilich und ehrenamtlich f\u00fcr den Alltags-Radverkehr ein. Im 2 Monats-Rhythmus finden dabei gem\u00fctliche Treffen statt,<\/p>\n","protected":false},"author":16,"featured_media":0,"parent":0,"menu_order":0,"comment_status":"closed","ping_status":"closed","template":"","meta":{"footnotes":""},"class_list":["post-15657","page","type-page","status-publish","hentry"],"yoast_head":"<!-- This site is optimized with the Yoast SEO plugin v26.9 - https:\/\/yoast.com\/product\/yoast-seo-wordpress\/ -->\n<title>Radlobby Pressbaum \u2013 Team - Radlobby Nieder\u00f6sterreich<\/title>\n<meta name=\"robots\" content=\"index, follow, max-snippet:-1, max-image-preview:large, max-video-preview:-1\" \/>\n<link rel=\"canonical\" href=\"https:\/\/www.radlobby.org\/noe\/pressbaum-team\/\" \/>\n<meta property=\"og:locale\" content=\"de_DE\" \/>\n<meta property=\"og:type\" content=\"article\" \/>\n<meta property=\"og:title\" content=\"Radlobby Pressbaum \u2013 Team - Radlobby Nieder\u00f6sterreich\" \/>\n<meta property=\"og:description\" content=\"Wer wir sind? Die Radlobby Pressbaum ist die Stimme aller Radfahrenden in Pressbaum und Umgebung.\u00a0 Wir radeln f\u00fcr eine lebenswerte, lebendige Stadt und setzen uns \u00fcberparteilich und ehrenamtlich f\u00fcr den Alltags-Radverkehr ein. Im 2 Monats-Rhythmus finden dabei gem\u00fctliche Treffen statt,\" \/>\n<meta property=\"og:url\" content=\"https:\/\/www.radlobby.org\/noe\/pressbaum-team\/\" \/>\n<meta property=\"og:site_name\" content=\"Radlobby Nieder\u00f6sterreich\" \/>\n<meta property=\"article:publisher\" content=\"https:\/\/www.facebook.com\/groups\/radfahren.in.noe\/\" \/>\n<meta property=\"article:modified_time\" content=\"2022-01-27T10:47:49+00:00\" \/>\n<meta property=\"og:image\" content=\"https:\/\/www.radlobby.org\/noe\/wp-content\/uploads\/20200101-RLWN-Neujahrsaradeln-DSC_0105a_1900px-1.jpg\" \/>\n\t<meta property=\"og:image:width\" content=\"1900\" \/>\n\t<meta property=\"og:image:height\" content=\"770\" \/>\n\t<meta property=\"og:image:type\" content=\"image\/jpeg\" \/>\n<meta name=\"twitter:card\" content=\"summary_large_image\" \/>\n<meta name=\"twitter:label1\" content=\"Gesch\u00e4tzte Lesezeit\" \/>\n\t<meta name=\"twitter:data1\" content=\"1\u00a0Minute\" \/>\n<script type=\"application\/ld+json\" class=\"yoast-schema-graph\">{\"@context\":\"https:\/\/schema.org\",\"@graph\":[{\"@type\":\"WebPage\",\"@id\":\"https:\/\/www.radlobby.org\/noe\/pressbaum-team\/\",\"url\":\"https:\/\/www.radlobby.org\/noe\/pressbaum-team\/\",\"name\":\"Radlobby Pressbaum \u2013 Team - Radlobby Nieder\u00f6sterreich\",\"isPartOf\":{\"@id\":\"https:\/\/www.radlobby.org\/noe\/#website\"},\"datePublished\":\"2020-10-12T19:45:01+00:00\",\"dateModified\":\"2022-01-27T10:47:49+00:00\",\"breadcrumb\":{\"@id\":\"https:\/\/www.radlobby.org\/noe\/pressbaum-team\/#breadcrumb\"},\"inLanguage\":\"de\",\"potentialAction\":[{\"@type\":\"ReadAction\",\"target\":[\"https:\/\/www.radlobby.org\/noe\/pressbaum-team\/\"]}]},{\"@type\":\"BreadcrumbList\",\"@id\":\"https:\/\/www.radlobby.org\/noe\/pressbaum-team\/#breadcrumb\",\"itemListElement\":[{\"@type\":\"ListItem\",\"position\":1,\"name\":\"Startseite\",\"item\":\"https:\/\/www.radlobby.org\/noe\/\"},{\"@type\":\"ListItem\",\"position\":2,\"name\":\"Radlobby Pressbaum \u2013 Team\"}]},{\"@type\":\"WebSite\",\"@id\":\"https:\/\/www.radlobby.org\/noe\/#website\",\"url\":\"https:\/\/www.radlobby.org\/noe\/\",\"name\":\"Radlobby Nieder\u00f6sterreich\",\"description\":\"Radverkehr, Fahrrad, Radfahren, Radreisen, Radtouren, Radweg\",\"publisher\":{\"@id\":\"https:\/\/www.radlobby.org\/noe\/#organization\"},\"potentialAction\":[{\"@type\":\"SearchAction\",\"target\":{\"@type\":\"EntryPoint\",\"urlTemplate\":\"https:\/\/www.radlobby.org\/noe\/?s={search_term_string}\"},\"query-input\":{\"@type\":\"PropertyValueSpecification\",\"valueRequired\":true,\"valueName\":\"search_term_string\"}}],\"inLanguage\":\"de\"},{\"@type\":\"Organization\",\"@id\":\"https:\/\/www.radlobby.org\/noe\/#organization\",\"name\":\"Radlobby Nieder\u00f6sterreich\",\"url\":\"https:\/\/www.radlobby.org\/noe\/\",\"logo\":{\"@type\":\"ImageObject\",\"inLanguage\":\"de\",\"@id\":\"https:\/\/www.radlobby.org\/noe\/#\/schema\/logo\/image\/\",\"url\":\"https:\/\/www.radlobby.org\/noe\/wp-content\/uploads\/2017\/01\/cropped-Logo_Radlobby_Niederoesterreich_50-400px_quer-1.jpg\",\"contentUrl\":\"https:\/\/www.radlobby.org\/noe\/wp-content\/uploads\/2017\/01\/cropped-Logo_Radlobby_Niederoesterreich_50-400px_quer-1.jpg\",\"width\":450,\"height\":124,\"caption\":\"Radlobby Nieder\u00f6sterreich\"},\"image\":{\"@id\":\"https:\/\/www.radlobby.org\/noe\/#\/schema\/logo\/image\/\"},\"sameAs\":[\"https:\/\/www.facebook.com\/groups\/radfahren.in.noe\/\"]}]}<\/script>\n<!-- \/ Yoast SEO plugin. -->","yoast_head_json":{"title":"Radlobby Pressbaum \u2013 Team - Radlobby Nieder\u00f6sterreich","robots":{"index":"index","follow":"follow","max-snippet":"max-snippet:-1","max-image-preview":"max-image-preview:large","max-video-preview":"max-video-preview:-1"},"canonical":"https:\/\/www.radlobby.org\/noe\/pressbaum-team\/","og_locale":"de_DE","og_type":"article","og_title":"Radlobby Pressbaum \u2013 Team - Radlobby Nieder\u00f6sterreich","og_description":"Wer wir sind? Die Radlobby Pressbaum ist die Stimme aller Radfahrenden in Pressbaum und Umgebung.\u00a0 Wir radeln f\u00fcr eine lebenswerte, lebendige Stadt und setzen uns \u00fcberparteilich und ehrenamtlich f\u00fcr den Alltags-Radverkehr ein. Im 2 Monats-Rhythmus finden dabei gem\u00fctliche Treffen statt,","og_url":"https:\/\/www.radlobby.org\/noe\/pressbaum-team\/","og_site_name":"Radlobby Nieder\u00f6sterreich","article_publisher":"https:\/\/www.facebook.com\/groups\/radfahren.in.noe\/","article_modified_time":"2022-01-27T10:47:49+00:00","og_image":[{"width":1900,"height":770,"url":"https:\/\/www.radlobby.org\/noe\/wp-content\/uploads\/20200101-RLWN-Neujahrsaradeln-DSC_0105a_1900px-1.jpg","type":"image\/jpeg"}],"twitter_card":"summary_large_image","twitter_misc":{"Gesch\u00e4tzte Lesezeit":"1\u00a0Minute"},"schema":{"@context":"https:\/\/schema.org","@graph":[{"@type":"WebPage","@id":"https:\/\/www.radlobby.org\/noe\/pressbaum-team\/","url":"https:\/\/www.radlobby.org\/noe\/pressbaum-team\/","name":"Radlobby Pressbaum \u2013 Team - Radlobby Nieder\u00f6sterreich","isPartOf":{"@id":"https:\/\/www.radlobby.org\/noe\/#website"},"datePublished":"2020-10-12T19:45:01+00:00","dateModified":"2022-01-27T10:47:49+00:00","breadcrumb":{"@id":"https:\/\/www.radlobby.org\/noe\/pressbaum-team\/#breadcrumb"},"inLanguage":"de","potentialAction":[{"@type":"ReadAction","target":["https:\/\/www.radlobby.org\/noe\/pressbaum-team\/"]}]},{"@type":"BreadcrumbList","@id":"https:\/\/www.radlobby.org\/noe\/pressbaum-team\/#breadcrumb","itemListElement":[{"@type":"ListItem","position":1,"name":"Startseite","item":"https:\/\/www.radlobby.org\/noe\/"},{"@type":"ListItem","position":2,"name":"Radlobby Pressbaum \u2013 Team"}]},{"@type":"WebSite","@id":"https:\/\/www.radlobby.org\/noe\/#website","url":"https:\/\/www.radlobby.org\/noe\/","name":"Radlobby Nieder\u00f6sterreich","description":"Radverkehr, Fahrrad, Radfahren, Radreisen, Radtouren, Radweg","publisher":{"@id":"https:\/\/www.radlobby.org\/noe\/#organization"},"potentialAction":[{"@type":"SearchAction","target":{"@type":"EntryPoint","urlTemplate":"https:\/\/www.radlobby.org\/noe\/?s={search_term_string}"},"query-input":{"@type":"PropertyValueSpecification","valueRequired":true,"valueName":"search_term_string"}}],"inLanguage":"de"},{"@type":"Organization","@id":"https:\/\/www.radlobby.org\/noe\/#organization","name":"Radlobby Nieder\u00f6sterreich","url":"https:\/\/www.radlobby.org\/noe\/","logo":{"@type":"ImageObject","inLanguage":"de","@id":"https:\/\/www.radlobby.org\/noe\/#\/schema\/logo\/image\/","url":"https:\/\/www.radlobby.org\/noe\/wp-content\/uploads\/2017\/01\/cropped-Logo_Radlobby_Niederoesterreich_50-400px_quer-1.jpg","contentUrl":"https:\/\/www.radlobby.org\/noe\/wp-content\/uploads\/2017\/01\/cropped-Logo_Radlobby_Niederoesterreich_50-400px_quer-1.jpg","width":450,"height":124,"caption":"Radlobby Nieder\u00f6sterreich"},"image":{"@id":"https:\/\/www.radlobby.org\/noe\/#\/schema\/logo\/image\/"},"sameAs":["https:\/\/www.facebook.com\/groups\/radfahren.in.noe\/"]}]}},"_links":{"self":[{"href":"https:\/\/www.radlobby.org\/noe\/wp-json\/wp\/v2\/pages\/15657","targetHints":{"allow":["GET"]}}],"collection":[{"href":"https:\/\/www.radlobby.org\/noe\/wp-json\/wp\/v2\/pages"}],"about":[{"href":"https:\/\/www.radlobby.org\/noe\/wp-json\/wp\/v2\/types\/page"}],"author":[{"embeddable":true,"href":"https:\/\/www.radlobby.org\/noe\/wp-json\/wp\/v2\/users\/16"}],"replies":[{"embeddable":true,"href":"https:\/\/www.radlobby.org\/noe\/wp-json\/wp\/v2\/comments?post=15657"}],"version-history":[{"count":0,"href":"https:\/\/www.radlobby.org\/noe\/wp-json\/wp\/v2\/pages\/15657\/revisions"}],"wp:attachment":[{"href":"https:\/\/www.radlobby.org\/noe\/wp-json\/wp\/v2\/media?parent=15657"}],"curies":[{"name":"wp","href":"https:\/\/api.w.org\/{rel}","templated":true}]}}