{"id":13840,"date":"2020-06-16T10:06:24","date_gmt":"2020-06-16T08:06:24","guid":{"rendered":"http:\/\/www.radlobby.org\/noe\/?page_id=13840"},"modified":"2020-06-22T13:31:57","modified_gmt":"2020-06-22T11:31:57","slug":"ebreichsdorf","status":"publish","type":"page","link":"https:\/\/www.radlobby.org\/noe\/ebreichsdorf\/","title":{"rendered":"Radlobby Ebreichsdorf"},"content":{"rendered":"<p><span style=\"font-size: 8pt;\"><a href=\"https:\/\/www.radlobby.org\/noe\/wp-content\/uploads\/20200620-RLN\u00d6-TL-Ebreichdorf-RAD-PaRADe-Bild-Schneider-Nicole2.jpg\" data-src=\"https:\/\/www.radlobby.org\/noe\/wp-content\/uploads\/20200620-RLN\u00d6-TL-Ebreichdorf-RAD-PaRADe-Bild-Schneider-Nicole2.jpg\" data-thumb=\"http:\/\/www.radlobby.org\/noe\/wp-content\/uploads\/20200620-RLN\u00d6-TL-Ebreichdorf-RAD-PaRADe-Bild-Schneider-Nicole2.jpg\" class=\"ml-lightbox-enabled\"><img loading=\"lazy\" decoding=\"async\" class=\"alignnone wp-image-14014\" src=\"http:\/\/www.radlobby.org\/noe\/wp-content\/uploads\/20200620-RLN\u00d6-TL-Ebreichdorf-RAD-PaRADe-Bild-Schneider-Nicole2.jpg\" alt=\"Radparade Radlobby Ebreichsdorf \u00b7 20. Juni 2020 \u00b7 Bild: Nicole Schneider\" width=\"750\" height=\"192\" srcset=\"https:\/\/www.radlobby.org\/noe\/wp-content\/uploads\/20200620-RLN\u00d6-TL-Ebreichdorf-RAD-PaRADe-Bild-Schneider-Nicole2.jpg 1900w, https:\/\/www.radlobby.org\/noe\/wp-content\/uploads\/20200620-RLN\u00d6-TL-Ebreichdorf-RAD-PaRADe-Bild-Schneider-Nicole2-300x77.jpg 300w, https:\/\/www.radlobby.org\/noe\/wp-content\/uploads\/20200620-RLN\u00d6-TL-Ebreichdorf-RAD-PaRADe-Bild-Schneider-Nicole2-768x196.jpg 768w, https:\/\/www.radlobby.org\/noe\/wp-content\/uploads\/20200620-RLN\u00d6-TL-Ebreichdorf-RAD-PaRADe-Bild-Schneider-Nicole2-1536x393.jpg 1536w\" sizes=\"auto, (max-width: 750px) 100vw, 750px\" \/><\/a><br \/>\n<\/span><span style=\"font-size: 8pt;\">Radparade Radlobby Ebreichsdorf\u00a0 \u00a0\u00b7\u00a0 \u00a020. Juni 2020\u00a0 \u00a0\u00b7\u00a0 \u00a0\u00a9 Nicole Schneider<\/span><\/p>\n<h4>Aktuelle Infos aus Ebreichsdorf<\/h4>\n<style>.wp-show-posts-columns#wpsp-13847 {margin-left: -2em; }.wp-show-posts-columns#wpsp-13847 .wp-show-posts-inner {margin: 0 0 2em 2em; }<\/style><section id=\"wpsp-13847\" class=\" wp-show-posts-columns wp-show-posts\" style=\"\"><article class=\" wp-show-posts-single post-39212 post type-post status-publish format-standard has-post-thumbnail hentry category-ebreichsdorf category-schwarzatal category-wiener-neustadt wpsp-col-6\" itemtype=\"http:\/\/schema.org\/CreativeWork\" itemscope><div class=\"wp-show-posts-inner\" style=\"\">\t\t\t\t\t\t<header class=\"wp-show-posts-entry-header\">\n\t\t\t\t\t\t\t<p class=\"wp-show-posts-entry-title\" itemprop=\"headline\"><a href=\"https:\/\/www.radlobby.org\/noe\/radlkarte-at-fuer-wr-neustadt-komplettiert\/\" rel=\"bookmark\">radlkarte.at f\u00fcr Wiener Neustadt komplettiert<\/a><\/p>\t\t\t\t\t\t<\/header><!-- .entry-header -->\n\t\t\t\t\t\t\t<div class=\"wp-show-posts-image  wpsp-image-left \">\n\t\t\t<a href=\"https:\/\/www.radlobby.org\/noe\/radlkarte-at-fuer-wr-neustadt-komplettiert\/\"  title=\"radlkarte.at f\u00fcr Wiener Neustadt komplettiert\">\t\t\t\t\t<img decoding=\"async\" src=\"https:\/\/www.radlobby.org\/noe\/wp-content\/uploads\/20250518_Radlkarte@WN-Zentrum-180x125.jpg\" alt=\"radlkarte.at f\u00fcr Wiener Neustadt komplettiert\" itemprop=\"image\" class=\"left\" \/>\n\t\t\t\t<\/a>\t\t<\/div>\n\t\t\t\t\t\t\t\t<div class=\"wp-show-posts-entry-summary\" itemprop=\"text\">\n\t\t\t\t\t\t\t<p>Die &#8220;Radlkarte&#8221; f\u00fcr Wiener Neustadt ist nun detailliert ausgearbeitet. Jeweils drei Stufen f\u00fcr Qualit\u00e4t und Wichtigkeit vermitteln eine gute \u00dcbersicht nicht nur f\u00fcr G\u00e4ste der Stadt und spontan Radfahrende.<br \/>\nSie wird nach \u00f6ffentlicher Pr\u00e4sentation auch als Basis f\u00fcr hoffentlich konstruktive Zusammenarbeit mit der Stadt dienen.<\/p>\n\t\t\t\t\t\t<\/div><!-- .entry-summary -->\n\t\t\t\t\t<\/div><!-- wp-show-posts-inner --><\/article><article class=\" wp-show-posts-single post-36011 post type-post status-publish format-standard has-post-thumbnail hentry category-aktion category-ebreichsdorf wpsp-col-6\" itemtype=\"http:\/\/schema.org\/CreativeWork\" itemscope><div class=\"wp-show-posts-inner\" style=\"\">\t\t\t\t\t\t<header class=\"wp-show-posts-entry-header\">\n\t\t\t\t\t\t\t<p class=\"wp-show-posts-entry-title\" itemprop=\"headline\"><a href=\"https:\/\/www.radlobby.org\/noe\/1-kidical-mass-in-ebreichsdorf\/\" rel=\"bookmark\">1. Kidical Mass in Ebreichsdorf am 21.9.2024<\/a><\/p>\t\t\t\t\t\t<\/header><!-- .entry-header -->\n\t\t\t\t\t\t\t<div class=\"wp-show-posts-image  wpsp-image-left \">\n\t\t\t<a href=\"https:\/\/www.radlobby.org\/noe\/1-kidical-mass-in-ebreichsdorf\/\"  title=\"1. Kidical Mass in Ebreichsdorf am 21.9.2024\">\t\t\t\t\t<img decoding=\"async\" src=\"https:\/\/www.radlobby.org\/noe\/wp-content\/uploads\/kidicalmass-ankuendigung-180x254.jpg\" alt=\"1. Kidical Mass in Ebreichsdorf am 21.9.2024\" itemprop=\"image\" class=\"left\" \/>\n\t\t\t\t<\/a>\t\t<\/div>\n\t\t\t\t\t\t\t\t<div class=\"wp-show-posts-entry-summary\" itemprop=\"text\">\n\t\t\t\t\t\t\t<p>Am 21.9.2024 findet in Ebreichsdorf erstmals die kidical mass statt. Wir starten um 14 Uhr beim ALTEN Bahnhof in Ebreichsdorf. Treffpunkt ist auf dem Spielplatz&#8230;<\/p>\n\t\t\t\t\t\t<\/div><!-- .entry-summary -->\n\t\t\t\t\t<\/div><!-- wp-show-posts-inner --><\/article><article class=\" wp-show-posts-single post-35355 post type-post status-publish format-standard has-post-thumbnail hentry category-badvoeslau category-baden category-ebreichsdorf category-leithaebene category-moedling category-niederoesterreich category-wiener-neustadt wpsp-col-6\" itemtype=\"http:\/\/schema.org\/CreativeWork\" itemscope><div class=\"wp-show-posts-inner\" style=\"\">\t\t\t\t\t\t<header class=\"wp-show-posts-entry-header\">\n\t\t\t\t\t\t\t<p class=\"wp-show-posts-entry-title\" itemprop=\"headline\"><a href=\"https:\/\/www.radlobby.org\/noe\/13-17-5-2024-omas-for-future-radeln-von-leibnitz-nach-wien\/\" rel=\"bookmark\">13.-17.5.2024: &#8220;Omas for Future&#8221; radeln von Leibnitz nach Wien<\/a><\/p>\t\t\t\t\t\t<\/header><!-- .entry-header -->\n\t\t\t\t\t\t\t<div class=\"wp-show-posts-image  wpsp-image-left \">\n\t\t\t<a href=\"https:\/\/www.radlobby.org\/noe\/13-17-5-2024-omas-for-future-radeln-von-leibnitz-nach-wien\/\"  title=\"13.-17.5.2024: &#8220;Omas for Future&#8221; radeln von Leibnitz nach Wien\">\t\t\t\t\t<img decoding=\"async\" src=\"https:\/\/www.radlobby.org\/noe\/wp-content\/uploads\/Omas4Future-Foto-180x120.jpg\" alt=\"13.-17.5.2024: &#8220;Omas for Future&#8221; radeln von Leibnitz nach Wien\" itemprop=\"image\" class=\"left\" \/>\n\t\t\t\t<\/a>\t\t<\/div>\n\t\t\t\t\t\t\t\t<div class=\"wp-show-posts-entry-summary\" itemprop=\"text\">\n\t\t\t\t\t\t\t<p>Die &#8220;Omas for Future&#8221; werden ab 13.Mai 2024 mit Forderungen f\u00fcr eine Mobilit\u00e4tswende von Leibnitz nach Wien (Parlament) radeln. Motto ist &#8220;Klingeln f\u00fcrs Klima&#8221;. F\u00fcr Demo und Kundgebung in Wien haben sich prominente Gastredner*innen angesagt!<\/p>\n\t\t\t\t\t\t<\/div><!-- .entry-summary -->\n\t\t\t\t\t<\/div><!-- wp-show-posts-inner --><\/article><article class=\" wp-show-posts-single post-33375 post type-post status-publish format-standard has-post-thumbnail hentry category-gemeinden-betriebe category-baden category-ebreichsdorf tag-bedingungen tag-infrastruktur tag-verkehrspolitik wpsp-col-6\" itemtype=\"http:\/\/schema.org\/CreativeWork\" itemscope><div class=\"wp-show-posts-inner\" style=\"\">\t\t\t\t\t\t<header class=\"wp-show-posts-entry-header\">\n\t\t\t\t\t\t\t<p class=\"wp-show-posts-entry-title\" itemprop=\"headline\"><a href=\"https:\/\/www.radlobby.org\/noe\/ebreichsdorf-infoveranstaltung-laengsterpark\/\" rel=\"bookmark\">Bericht von Info-Veranstaltung &#8220;L\u00e4ngster Park&#8221; &#8211; Ebreichsdorf<\/a><\/p>\t\t\t\t\t\t<\/header><!-- .entry-header -->\n\t\t\t\t\t\t\t<div class=\"wp-show-posts-image  wpsp-image-left \">\n\t\t\t<a href=\"https:\/\/www.radlobby.org\/noe\/ebreichsdorf-infoveranstaltung-laengsterpark\/\"  title=\"Bericht von Info-Veranstaltung &#8220;L\u00e4ngster Park&#8221; &#8211; Ebreichsdorf\">\t\t\t\t\t<img decoding=\"async\" src=\"https:\/\/www.radlobby.org\/noe\/wp-content\/uploads\/2023-12-24_av-laengster-park-ebreichsdorf-180x177.png\" alt=\"Bericht von Info-Veranstaltung &#8220;L\u00e4ngster Park&#8221; &#8211; Ebreichsdorf\" itemprop=\"image\" class=\"left\" \/>\n\t\t\t\t<\/a>\t\t<\/div>\n\t\t\t\t\t\t\t\t<div class=\"wp-show-posts-entry-summary\" itemprop=\"text\">\n\t\t\t\t\t\t\t<p>Am 2. September 2023 wurde der neue Bahnhof Ebreichsdorf feierlich er\u00f6ffnet. Die Radlobby war ebenfalls dabei und machte den Radcheck. Wie radfreundlich ist der neue Radweg? Wurden die Anmerkungen der Radlobby beim Bau beachtet. Folgend eine Zusammenstellung unserer Beobachtungen.<\/p>\n\t\t\t\t\t\t<\/div><!-- .entry-summary -->\n\t\t\t\t\t<\/div><!-- wp-show-posts-inner --><\/article><article class=\" wp-show-posts-single post-32850 post type-post status-publish format-standard has-post-thumbnail hentry category-aktion category-bad-sauerbrunn category-badvoeslau category-baden category-ebreichsdorf category-niederoesterreich category-schwarzatal category-wiener-neustadt tag-radtouren wpsp-col-6\" itemtype=\"http:\/\/schema.org\/CreativeWork\" itemscope><div class=\"wp-show-posts-inner\" style=\"\">\t\t\t\t\t\t<header class=\"wp-show-posts-entry-header\">\n\t\t\t\t\t\t\t<p class=\"wp-show-posts-entry-title\" itemprop=\"headline\"><a href=\"https:\/\/www.radlobby.org\/noe\/donnerstag-25-jaenner-2024-radreise-abenteuer-vom-ybbstal-nach-asien-und-mit-kindern-durch-europa\/\" rel=\"bookmark\">Donnerstag, 25. J\u00e4nner 2024<br>Radreise Abenteuer <br>vom Ybbstal nach Asien und mit Kindern durch Europa<\/a><\/p>\t\t\t\t\t\t<\/header><!-- .entry-header -->\n\t\t\t\t\t\t\t<div class=\"wp-show-posts-image  wpsp-image-left \">\n\t\t\t<a href=\"https:\/\/www.radlobby.org\/noe\/donnerstag-25-jaenner-2024-radreise-abenteuer-vom-ybbstal-nach-asien-und-mit-kindern-durch-europa\/\"  title=\"Donnerstag, 25. J\u00e4nner 2024Radreise Abenteuer vom Ybbstal nach Asien und mit Kindern durch Europa\">\t\t\t\t\t<img decoding=\"async\" src=\"https:\/\/www.radlobby.org\/noe\/wp-content\/uploads\/20240125-Radreisevortrag-Asien-Europa-Aigenbauer-3-180x253.jpg\" alt=\"Donnerstag, 25. J\u00e4nner 2024<br>Radreise Abenteuer <br>vom Ybbstal nach Asien und mit Kindern durch Europa\" itemprop=\"image\" class=\"left\" \/>\n\t\t\t\t<\/a>\t\t<\/div>\n\t\t\t\t\t\t\t\t<div class=\"wp-show-posts-entry-summary\" itemprop=\"text\">\n\t\t\t\t\t\t\t<p>Erleben Sie einen spannenden Radreisevortrag von Birgit und Martin Aigenbauer<\/p>\n\t\t\t\t\t\t<\/div><!-- .entry-summary -->\n\t\t\t\t\t<\/div><!-- wp-show-posts-inner --><\/article><article class=\" wp-show-posts-single post-31671 post type-post status-publish format-standard has-post-thumbnail hentry category-aktion category-badvoeslau category-baden category-ebreichsdorf category-niederoesterreich category-schwarzatal category-wiener-neustadt wpsp-col-6\" itemtype=\"http:\/\/schema.org\/CreativeWork\" itemscope><div class=\"wp-show-posts-inner\" style=\"\">\t\t\t\t\t\t<header class=\"wp-show-posts-entry-header\">\n\t\t\t\t\t\t\t<p class=\"wp-show-posts-entry-title\" itemprop=\"headline\"><a href=\"https:\/\/www.radlobby.org\/noe\/radparade-am-sa-14-10-2023\/\" rel=\"bookmark\">Samstag 14. Okt. 2023, 10:00 Uhr<br>Radparade in Wiener Neustadt<\/a><\/p>\t\t\t\t\t\t<\/header><!-- .entry-header -->\n\t\t\t\t\t\t\t<div class=\"wp-show-posts-image  wpsp-image-left \">\n\t\t\t<a href=\"https:\/\/www.radlobby.org\/noe\/radparade-am-sa-14-10-2023\/\"  title=\"Samstag 14. Okt. 2023, 10:00 UhrRadparade in Wiener Neustadt\">\t\t\t\t\t<img decoding=\"async\" src=\"https:\/\/www.radlobby.org\/noe\/wp-content\/uploads\/20231014-radparade-wiener-neustadt-180x255.jpg\" alt=\"Samstag 14. Okt. 2023, 10:00 Uhr<br>Radparade in Wiener Neustadt\" itemprop=\"image\" class=\"left\" \/>\n\t\t\t\t<\/a>\t\t<\/div>\n\t\t\t\t\t\t\t\t<div class=\"wp-show-posts-entry-summary\" itemprop=\"text\">\n\t\t\t\t\t\t\t<p>Sei dabei und setze ein Zeichen f\u00fcr ein durchg\u00e4ngiges, familientaugliches Radwegenetz in Wiener Neustadt!<br \/>\nGemeinsam durch Wiener Neustadt mit einigen interessanten Stopps!<\/p>\n\t\t\t\t\t\t<\/div><!-- .entry-summary -->\n\t\t\t\t\t<\/div><!-- wp-show-posts-inner --><\/article><article class=\" wp-show-posts-single post-30852 post type-post status-publish format-standard has-post-thumbnail hentry category-gemeinden-betriebe category-baden category-ebreichsdorf tag-bedingungen tag-infrastruktur tag-verkehrspolitik wpsp-col-6\" itemtype=\"http:\/\/schema.org\/CreativeWork\" itemscope><div class=\"wp-show-posts-inner\" style=\"\">\t\t\t\t\t\t<header class=\"wp-show-posts-entry-header\">\n\t\t\t\t\t\t\t<p class=\"wp-show-posts-entry-title\" itemprop=\"headline\"><a href=\"https:\/\/www.radlobby.org\/noe\/ebreichsdorf-eroeffnung-neuer-bahnhof\/\" rel=\"bookmark\">Ebreichsdorfer Bahnhof (wieder) er\u00f6ffnet<\/a><\/p>\t\t\t\t\t\t<\/header><!-- .entry-header -->\n\t\t\t\t\t\t\t<div class=\"wp-show-posts-image  wpsp-image-left \">\n\t\t\t<a href=\"https:\/\/www.radlobby.org\/noe\/ebreichsdorf-eroeffnung-neuer-bahnhof\/\"  title=\"Ebreichsdorfer Bahnhof (wieder) er\u00f6ffnet\">\t\t\t\t\t<img decoding=\"async\" src=\"https:\/\/www.radlobby.org\/noe\/wp-content\/uploads\/AV_Abstellanlage_Bahnhof_03-180x240.jpg\" alt=\"Ebreichsdorfer Bahnhof (wieder) er\u00f6ffnet\" itemprop=\"image\" class=\"left\" \/>\n\t\t\t\t<\/a>\t\t<\/div>\n\t\t\t\t\t\t\t\t<div class=\"wp-show-posts-entry-summary\" itemprop=\"text\">\n\t\t\t\t\t\t\t<p>Am 2. September 2023 wurde der neue Bahnhof Ebreichsdorf feierlich er\u00f6ffnet. Die Radlobby war ebenfalls dabei und machte den Radcheck. Wie radfreundlich ist der neue Radweg? Wurden die Anmerkungen der Radlobby beim Bau beachtet. Folgend eine Zusammenstellung unserer Beobachtungen.<\/p>\n\t\t\t\t\t\t<\/div><!-- .entry-summary -->\n\t\t\t\t\t<\/div><!-- wp-show-posts-inner --><\/article><article class=\" wp-show-posts-single post-30657 post type-post status-publish format-standard has-post-thumbnail hentry category-gemeinden-betriebe category-baden category-ebreichsdorf tag-bedingungen tag-infrastruktur tag-verkehrspolitik wpsp-col-6\" itemtype=\"http:\/\/schema.org\/CreativeWork\" itemscope><div class=\"wp-show-posts-inner\" style=\"\">\t\t\t\t\t\t<header class=\"wp-show-posts-entry-header\">\n\t\t\t\t\t\t\t<p class=\"wp-show-posts-entry-title\" itemprop=\"headline\"><a href=\"https:\/\/www.radlobby.org\/noe\/ebreichsdorf-radweg-mythen\/\" rel=\"bookmark\">Ebreichsdorf &#8211; Radfreundliche Stadt mit Radweg Mythen<\/a><\/p>\t\t\t\t\t\t<\/header><!-- .entry-header -->\n\t\t\t\t\t\t\t<div class=\"wp-show-posts-image  wpsp-image-left \">\n\t\t\t<a href=\"https:\/\/www.radlobby.org\/noe\/ebreichsdorf-radweg-mythen\/\"  title=\"Ebreichsdorf &#8211; Radfreundliche Stadt mit Radweg Mythen\">\t\t\t\t\t<img decoding=\"async\" src=\"https:\/\/www.radlobby.org\/noe\/wp-content\/uploads\/AV_Radweg-Ende_VKZ-180x180.jpeg\" alt=\"Ebreichsdorf &#8211; Radfreundliche Stadt mit Radweg Mythen\" itemprop=\"image\" class=\"left\" \/>\n\t\t\t\t<\/a>\t\t<\/div>\n\t\t\t\t\t\t\t\t<div class=\"wp-show-posts-entry-summary\" itemprop=\"text\">\n\t\t\t\t\t\t\t<p>In Ebreichsdorf existieren viele vermeintliche Radwege. Auf eine kleine Auswahl geht der Autor in diesem Beitrag ein.<\/p>\n\t\t\t\t\t\t<\/div><!-- .entry-summary -->\n\t\t\t\t\t<\/div><!-- wp-show-posts-inner --><\/article><article class=\" wp-show-posts-single post-29799 post type-post status-publish format-standard has-post-thumbnail hentry category-ebreichsdorf category-leithaebene wpsp-col-6\" itemtype=\"http:\/\/schema.org\/CreativeWork\" itemscope><div class=\"wp-show-posts-inner\" style=\"\">\t\t\t\t\t\t<header class=\"wp-show-posts-entry-header\">\n\t\t\t\t\t\t\t<p class=\"wp-show-posts-entry-title\" itemprop=\"headline\"><a href=\"https:\/\/www.radlobby.org\/noe\/mit-dem-rad-zum-neuen-bahnhof-was-radfahrerinnen-ab-september-2023-erwartet\/\" rel=\"bookmark\">Mit dem Rad zum neuen Bahnhof &#8211; was Radfahrer:innen ab September 2023 erwartet<\/a><\/p>\t\t\t\t\t\t<\/header><!-- .entry-header -->\n\t\t\t\t\t\t\t<div class=\"wp-show-posts-image  wpsp-image-left \">\n\t\t\t<a href=\"https:\/\/www.radlobby.org\/noe\/mit-dem-rad-zum-neuen-bahnhof-was-radfahrerinnen-ab-september-2023-erwartet\/\"  title=\"Mit dem Rad zum neuen Bahnhof &#8211; was Radfahrer:innen ab September 2023 erwartet\">\t\t\t\t\t<img decoding=\"async\" src=\"https:\/\/www.radlobby.org\/noe\/wp-content\/uploads\/OeBB-Bahnhof-Gaenserndorf-Radabstellanlage-180x90.jpg\" alt=\"Mit dem Rad zum neuen Bahnhof &#8211; was Radfahrer:innen ab September 2023 erwartet\" itemprop=\"image\" class=\"left\" \/>\n\t\t\t\t<\/a>\t\t<\/div>\n\t\t\t\t\t\t\t\t<div class=\"wp-show-posts-entry-summary\" itemprop=\"text\">\n\t\t\t\t\t\t\t<p>Bahn und Rad &#8211; eine gute Kombi Wenn Anfang September 2023 der Bahnhof in Ebreichsdorf am neuen Standort mit neuer Streckenf\u00fchrung er\u00f6ffnet wird, werden die&#8230;<\/p>\n\t\t\t\t\t\t<\/div><!-- .entry-summary -->\n\t\t\t\t\t<\/div><!-- wp-show-posts-inner --><\/article><article class=\" wp-show-posts-single post-29792 post type-post status-publish format-standard has-post-thumbnail hentry category-badvoeslau category-ebreichsdorf tag-fest tag-kinder tag-verkehrssicherheit wpsp-col-6\" itemtype=\"http:\/\/schema.org\/CreativeWork\" itemscope><div class=\"wp-show-posts-inner\" style=\"\">\t\t\t\t\t\t<header class=\"wp-show-posts-entry-header\">\n\t\t\t\t\t\t\t<p class=\"wp-show-posts-entry-title\" itemprop=\"headline\"><a href=\"https:\/\/www.radlobby.org\/noe\/radsicher-am-radfest\/\" rel=\"bookmark\">Radsicher am RADfest<\/a><\/p>\t\t\t\t\t\t<\/header><!-- .entry-header -->\n\t\t\t\t\t\t\t<div class=\"wp-show-posts-image  wpsp-image-left \">\n\t\t\t<a href=\"https:\/\/www.radlobby.org\/noe\/radsicher-am-radfest\/\"  title=\"Radsicher am RADfest\">\t\t\t\t\t<img decoding=\"async\" src=\"https:\/\/www.radlobby.org\/noe\/wp-content\/uploads\/Schneckenrennen_-scaled-180x147.jpg\" alt=\"Radsicher am RADfest\" itemprop=\"image\" class=\"left\" \/>\n\t\t\t\t<\/a>\t\t<\/div>\n\t\t\t\t\t\t\t\t<div class=\"wp-show-posts-entry-summary\" itemprop=\"text\">\n\t\t\t\t\t\t\t<p>Erstes RADfest in Ebreichsdorf &#8211; die Radlobby war dabei Dieses Jahr gab es zum ersten Mal ein RADfest in Ebreichsdorf. Die Radlobby Ebreichsdorf war dabei&#8230;<\/p>\n\t\t\t\t\t\t<\/div><!-- .entry-summary -->\n\t\t\t\t\t<\/div><!-- wp-show-posts-inner --><\/article><article class=\" wp-show-posts-single post-28592 post type-post status-publish format-standard has-post-thumbnail hentry category-badvoeslau category-baden category-ebreichsdorf category-moedling category-niederoesterreich wpsp-col-6\" itemtype=\"http:\/\/schema.org\/CreativeWork\" itemscope><div class=\"wp-show-posts-inner\" style=\"\">\t\t\t\t\t\t<header class=\"wp-show-posts-entry-header\">\n\t\t\t\t\t\t\t<p class=\"wp-show-posts-entry-title\" itemprop=\"headline\"><a href=\"https:\/\/www.radlobby.org\/noe\/klimameile-baden-2023\/\" rel=\"bookmark\">Klimameile Baden 2023 \u00b7 Samstag, 6. Mai 2023 \u00b7 10-17 Uhr \u00b7 Innenstadt Baden <br>Die Radlobby ist dabei<\/a><\/p>\t\t\t\t\t\t<\/header><!-- .entry-header -->\n\t\t\t\t\t\t\t<div class=\"wp-show-posts-image  wpsp-image-left \">\n\t\t\t<a href=\"https:\/\/www.radlobby.org\/noe\/klimameile-baden-2023\/\"  title=\"Klimameile Baden 2023 \u00b7 Samstag, 6. Mai 2023 \u00b7 10-17 Uhr \u00b7 Innenstadt Baden Die Radlobby ist dabei\">\t\t\t\t\t<img decoding=\"async\" src=\"https:\/\/www.radlobby.org\/noe\/wp-content\/uploads\/20230506-Klimameile-Baden-180x151.jpg\" alt=\"Klimameile Baden 2023 \u00b7 Samstag, 6. Mai 2023 \u00b7 10-17 Uhr \u00b7 Innenstadt Baden <br>Die Radlobby ist dabei\" itemprop=\"image\" class=\"left\" \/>\n\t\t\t\t<\/a>\t\t<\/div>\n\t\t\t\t\t\t\t\t<div class=\"wp-show-posts-entry-summary\" itemprop=\"text\">\n\t\t\t\t\t\t\t<p>Die Stadtgemeinde Baden ist eine von 120 Klimamodellregionen in \u00d6sterreich und veranstaltet j\u00e4hrlich die Klimameile Baden.<\/p>\n\t\t\t\t\t\t<\/div><!-- .entry-summary -->\n\t\t\t\t\t<\/div><!-- wp-show-posts-inner --><\/article><article class=\" wp-show-posts-single post-28078 post type-post status-publish format-standard has-post-thumbnail hentry category-carnuntum category-ebreichsdorf category-leithaebene category-radtour wpsp-col-6\" itemtype=\"http:\/\/schema.org\/CreativeWork\" itemscope><div class=\"wp-show-posts-inner\" style=\"\">\t\t\t\t\t\t<header class=\"wp-show-posts-entry-header\">\n\t\t\t\t\t\t\t<p class=\"wp-show-posts-entry-title\" itemprop=\"headline\"><a href=\"https:\/\/www.radlobby.org\/noe\/familienradeln-in-der-leitharegion-auf-der-burgenlaendischer-seite-samstag-15-april-2023\/\" rel=\"bookmark\">Samstag, 15. April 2023<br>Familienradeln in der Leitharegion auf der burgenl\u00e4ndischer Seite<\/a><\/p>\t\t\t\t\t\t<\/header><!-- .entry-header -->\n\t\t\t\t\t\t\t<div class=\"wp-show-posts-image  wpsp-image-left \">\n\t\t\t<a href=\"https:\/\/www.radlobby.org\/noe\/familienradeln-in-der-leitharegion-auf-der-burgenlaendischer-seite-samstag-15-april-2023\/\"  title=\"Samstag, 15. April 2023Familienradeln in der Leitharegion auf der burgenl\u00e4ndischer Seite\">\t\t\t\t\t<img decoding=\"async\" src=\"https:\/\/www.radlobby.org\/noe\/wp-content\/uploads\/Familien-Radeln-2023-1-180x320.jpg\" alt=\"Samstag, 15. April 2023<br>Familienradeln in der Leitharegion auf der burgenl\u00e4ndischer Seite\" itemprop=\"image\" class=\"left\" \/>\n\t\t\t\t<\/a>\t\t<\/div>\n\t\t\t\t\t\t\t\t<div class=\"wp-show-posts-entry-summary\" itemprop=\"text\">\n\t\t\t\t\t\t\t<p>Familienradeln in der Leitharegion Neufeld, Hornstein, Wimpassing, Leithaprodersdorf, Gro\u00dfh\u00f6flein, M\u00fcllendorf, P\u00f6ttsching, Zillingtal, Steinbrunn.<\/p>\n\t\t\t\t\t\t<\/div><!-- .entry-summary -->\n\t\t\t\t\t<\/div><!-- wp-show-posts-inner --><\/article><article class=\" wp-show-posts-single post-27835 post type-post status-publish format-standard has-post-thumbnail hentry category-badvoeslau category-baden category-ebreichsdorf category-moedling category-niederoesterreich wpsp-col-6\" itemtype=\"http:\/\/schema.org\/CreativeWork\" itemscope><div class=\"wp-show-posts-inner\" style=\"\">\t\t\t\t\t\t<header class=\"wp-show-posts-entry-header\">\n\t\t\t\t\t\t\t<p class=\"wp-show-posts-entry-title\" itemprop=\"headline\"><a href=\"https:\/\/www.radlobby.org\/noe\/cycle-cinema-im-cinema-paradiso-baden-am-18-3-2023-radlobby-bad-voeslau\/\" rel=\"bookmark\">Baden \/ Bad V\u00f6slau | Cycle Cinema im Cinema Paradiso Baden am 18.3.2023<\/a><\/p>\t\t\t\t\t\t<\/header><!-- .entry-header -->\n\t\t\t\t\t\t\t<div class=\"wp-show-posts-image  wpsp-image-left \">\n\t\t\t<a href=\"https:\/\/www.radlobby.org\/noe\/cycle-cinema-im-cinema-paradiso-baden-am-18-3-2023-radlobby-bad-voeslau\/\"  title=\"Baden \/ Bad V\u00f6slau | Cycle Cinema im Cinema Paradiso Baden am 18.3.2023\">\t\t\t\t\t<img decoding=\"async\" src=\"https:\/\/www.radlobby.org\/noe\/wp-content\/uploads\/CP-Plakat-Bn-230202-Radlobby-st-Print03-scaled-180x253.jpg\" alt=\"Baden \/ Bad V\u00f6slau | Cycle Cinema im Cinema Paradiso Baden am 18.3.2023\" itemprop=\"image\" class=\"left\" \/>\n\t\t\t\t<\/a>\t\t<\/div>\n\t\t\t\t\t\t\t\t<div class=\"wp-show-posts-entry-summary\" itemprop=\"text\">\n\t\t\t\t\t\t\t<p>Am 18.3.2023 veranstalten wir gemeinsam mit dem Cinema Paradiso den &#8220;Cycle Cinema&#8220;-Event. Um 9.00 starten wir mit einem k\u00f6stlichen, veganen Fr\u00fchst\u00fcck vom Weltladen Baden, gleichzeitig&#8230;<\/p>\n\t\t\t\t\t\t<\/div><!-- .entry-summary -->\n\t\t\t\t\t<\/div><!-- wp-show-posts-inner --><\/article><article class=\" wp-show-posts-single post-27013 post type-post status-publish format-standard has-post-thumbnail hentry category-allgemein category-klima category-presse-medien category-badvoeslau category-baden category-ebreichsdorf category-leithaebene category-niederoesterreich wpsp-col-6\" itemtype=\"http:\/\/schema.org\/CreativeWork\" itemscope><div class=\"wp-show-posts-inner\" style=\"\">\t\t\t\t\t\t<header class=\"wp-show-posts-entry-header\">\n\t\t\t\t\t\t\t<p class=\"wp-show-posts-entry-title\" itemprop=\"headline\"><a href=\"https:\/\/www.radlobby.org\/noe\/neujahrsradeln-2023-radsaisoneroeffnung-fuer-eine-radfreundliche-stadtgemeinde\/\" rel=\"bookmark\">Neujahrsradeln 2023: Radsaisoner\u00f6ffnung f\u00fcr eine radfreundliche Stadtgemeinde<\/a><\/p>\t\t\t\t\t\t<\/header><!-- .entry-header -->\n\t\t\t\t\t\t\t<div class=\"wp-show-posts-image  wpsp-image-left \">\n\t\t\t<a href=\"https:\/\/www.radlobby.org\/noe\/neujahrsradeln-2023-radsaisoneroeffnung-fuer-eine-radfreundliche-stadtgemeinde\/\"  title=\"Neujahrsradeln 2023: Radsaisoner\u00f6ffnung f\u00fcr eine radfreundliche Stadtgemeinde\">\t\t\t\t\t<img decoding=\"async\" src=\"https:\/\/www.radlobby.org\/noe\/wp-content\/uploads\/neujahrsradeln-2023-scaled-180x121.jpg\" alt=\"Neujahrsradeln 2023: Radsaisoner\u00f6ffnung f\u00fcr eine radfreundliche Stadtgemeinde\" itemprop=\"image\" class=\"left\" \/>\n\t\t\t\t<\/a>\t\t<\/div>\n\t\t\t\t\t\t\t\t<div class=\"wp-show-posts-entry-summary\" itemprop=\"text\">\n\t\t\t\t\t\t\t<p>&#8230;mit Anregungen f\u00fcr die Stadtpolitik und Neujahrw\u00fcnschen an die neue Landesregierung im Gep\u00e4ck Die Radlobby Ebreichsdorf er\u00f6ffnet mit dem Neujahrsradeln am 1. J\u00e4nner 2023 vergn\u00fcglich&#8230;<\/p>\n\t\t\t\t\t\t<\/div><!-- .entry-summary -->\n\t\t\t\t\t<\/div><!-- wp-show-posts-inner --><\/article><article class=\" wp-show-posts-single post-26859 post type-post status-publish format-standard has-post-thumbnail hentry category-gemeinden-betriebe category-baden category-ebreichsdorf tag-bedingungen tag-infrastruktur tag-verkehrspolitik wpsp-col-6\" itemtype=\"http:\/\/schema.org\/CreativeWork\" itemscope><div class=\"wp-show-posts-inner\" style=\"\">\t\t\t\t\t\t<header class=\"wp-show-posts-entry-header\">\n\t\t\t\t\t\t\t<p class=\"wp-show-posts-entry-title\" itemprop=\"headline\"><a href=\"https:\/\/www.radlobby.org\/noe\/ebreichsdorf-radweg-erweiterung\/\" rel=\"bookmark\">Ebreichsdorf &#8211; Neuer Geh- und Radweg fertiggestellt<\/a><\/p>\t\t\t\t\t\t<\/header><!-- .entry-header -->\n\t\t\t\t\t\t\t<div class=\"wp-show-posts-image  wpsp-image-left \">\n\t\t\t<a href=\"https:\/\/www.radlobby.org\/noe\/ebreichsdorf-radweg-erweiterung\/\"  title=\"Ebreichsdorf &#8211; Neuer Geh- und Radweg fertiggestellt\">\t\t\t\t\t<img decoding=\"async\" src=\"https:\/\/www.radlobby.org\/noe\/wp-content\/uploads\/Ebreichsdorf_neuer_Radweg-Voit-180x135.jpg\" alt=\"Ebreichsdorf &#8211; Neuer Geh- und Radweg fertiggestellt\" itemprop=\"image\" class=\"left\" \/>\n\t\t\t\t<\/a>\t\t<\/div>\n\t\t\t\t\t\t\t\t<div class=\"wp-show-posts-entry-summary\" itemprop=\"text\">\n\t\t\t\t\t\t\t<p>Ebreichsdorf ist um ein weiteres St\u00fcck Geh- und Radweg reicher. In diesem Artikel berichtet der Autor von seiner ersten Befahrung&#8230;<\/p>\n\t\t\t\t\t\t<\/div><!-- .entry-summary -->\n\t\t\t\t\t<\/div><!-- wp-show-posts-inner --><\/article><article class=\" wp-show-posts-single post-26446 post type-post status-publish format-standard has-post-thumbnail hentry category-gemeinden-betriebe category-baden category-ebreichsdorf tag-bedingungen tag-infrastruktur tag-verkehrspolitik wpsp-col-6\" itemtype=\"http:\/\/schema.org\/CreativeWork\" itemscope><div class=\"wp-show-posts-inner\" style=\"\">\t\t\t\t\t\t<header class=\"wp-show-posts-entry-header\">\n\t\t\t\t\t\t\t<p class=\"wp-show-posts-entry-title\" itemprop=\"headline\"><a href=\"https:\/\/www.radlobby.org\/noe\/ebreichsdorf-radhauptstadt-zertifiziert\/\" rel=\"bookmark\">Ebreichsdorf als Radhauptstadt zertifiziert<\/a><\/p>\t\t\t\t\t\t<\/header><!-- .entry-header -->\n\t\t\t\t\t\t\t<div class=\"wp-show-posts-image  wpsp-image-left \">\n\t\t\t<a href=\"https:\/\/www.radlobby.org\/noe\/ebreichsdorf-radhauptstadt-zertifiziert\/\"  title=\"Ebreichsdorf als Radhauptstadt zertifiziert\"><img loading=\"lazy\" decoding=\"async\" width=\"86\" height=\"86\" src=\"https:\/\/www.radlobby.org\/noe\/wp-content\/uploads\/Fragezeichen-Voit.png\" class=\"attachment-full size-full wp-post-image\" alt=\"\" itemprop=\"image\" \/><\/a>\t\t<\/div>\n\t\t\t\t\t\t\t\t<div class=\"wp-show-posts-entry-summary\" itemprop=\"text\">\n\t\t\t\t\t\t\t<p>Ebreichsdorf wurde vom Land Nieder\u00f6sterreich zu einer Radhauptstadt zertifiziert. Die Radlobby Ebreichsdorf betrachtet den Zertifizierungsprozess und zeigt auf, ob die Zertifizierung berechtigt ist&#8230;<\/p>\n\t\t\t\t\t\t<\/div><!-- .entry-summary -->\n\t\t\t\t\t<\/div><!-- wp-show-posts-inner --><\/article><article class=\" wp-show-posts-single post-24930 post type-post status-publish format-standard has-post-thumbnail hentry category-badvoeslau category-baden category-ebreichsdorf category-leithaebene category-moedling category-niederoesterreich category-wiener-neustadt wpsp-col-6\" itemtype=\"http:\/\/schema.org\/CreativeWork\" itemscope><div class=\"wp-show-posts-inner\" style=\"\">\t\t\t\t\t\t<header class=\"wp-show-posts-entry-header\">\n\t\t\t\t\t\t\t<p class=\"wp-show-posts-entry-title\" itemprop=\"headline\"><a href=\"https:\/\/www.radlobby.org\/noe\/1-bad-voeslauer-radparade-sonntag-2-oktober-2022\/\" rel=\"bookmark\">Bad V\u00f6slau | 1. Radparade &#8211; Sonntag, 2. Oktober 2022<\/a><\/p>\t\t\t\t\t\t<\/header><!-- .entry-header -->\n\t\t\t\t\t\t\t<div class=\"wp-show-posts-image  wpsp-image-left \">\n\t\t\t<a href=\"https:\/\/www.radlobby.org\/noe\/1-bad-voeslauer-radparade-sonntag-2-oktober-2022\/\"  title=\"Bad V\u00f6slau | 1. Radparade &#8211; Sonntag, 2. Oktober 2022\">\t\t\t\t\t<img decoding=\"async\" src=\"https:\/\/www.radlobby.org\/noe\/wp-content\/uploads\/20221002-1.Voeslauer-Radparade-180x256.jpg\" alt=\"Bad V\u00f6slau | 1. Radparade &#8211; Sonntag, 2. Oktober 2022\" itemprop=\"image\" class=\"left\" \/>\n\t\t\t\t<\/a>\t\t<\/div>\n\t\t\t\t\t\t\t\t<div class=\"wp-show-posts-entry-summary\" itemprop=\"text\">\n\t\t\t\t\t\t\t<p>Sei dabei und setze ein Zeichen f\u00fcr umweltfreundliche Mobilit\u00e4t in Bad V\u00f6slau: Setzen wir (uns) auf\u2019s Rad!<\/p>\n\t\t\t\t\t\t<\/div><!-- .entry-summary -->\n\t\t\t\t\t<\/div><!-- wp-show-posts-inner --><\/article><article class=\" wp-show-posts-single post-25191 post type-post status-publish format-standard has-post-thumbnail hentry category-amstetten category-bad-sauerbrunn category-badvoeslau category-baden category-bruck-an-der-leitha category-carnuntum category-deutsch-wagram category-ebreichsdorf category-eichgraben category-enns-donauwinkel category-gaenserndorf category-gmuend category-gross-enzersdorf category-klosterneuburg category-korneuburg category-leithaebene category-melk category-mistelbach category-moedling category-niederoesterreich category-poysdorf category-pressbaum category-purkersdorf category-retzer-land category-schwarzatal category-st-poelten category-stockerau category-tulln category-waidhofenthaya category-waidhofenybbs category-wiener-neustadt category-wolkersdorf category-ybbstal wpsp-col-6\" itemtype=\"http:\/\/schema.org\/CreativeWork\" itemscope><div class=\"wp-show-posts-inner\" style=\"\">\t\t\t\t\t\t<header class=\"wp-show-posts-entry-header\">\n\t\t\t\t\t\t\t<p class=\"wp-show-posts-entry-title\" itemprop=\"headline\"><a href=\"https:\/\/www.radlobby.org\/noe\/klimastreik-in-st-poelten23-sept-2022-%c2%b7-13-30-uhr-bahnhofplatz-st-poelten\/\" rel=\"bookmark\">Klimastreik in St. P\u00f6lten<br>23. Sept. 2022 \u00b7 13.30 Uhr Bahnhofplatz St. P\u00f6lten<\/a><\/p>\t\t\t\t\t\t<\/header><!-- .entry-header -->\n\t\t\t\t\t\t\t<div class=\"wp-show-posts-image  wpsp-image-left \">\n\t\t\t<a href=\"https:\/\/www.radlobby.org\/noe\/klimastreik-in-st-poelten23-sept-2022-%c2%b7-13-30-uhr-bahnhofplatz-st-poelten\/\"  title=\"Klimastreik in St. P\u00f6lten23. Sept. 2022 \u00b7 13.30 Uhr Bahnhofplatz St. P\u00f6lten\">\t\t\t\t\t<img decoding=\"async\" src=\"https:\/\/www.radlobby.org\/noe\/wp-content\/uploads\/20220923-Klimastreik-St.-Poelten-02-180x320.jpg\" alt=\"Klimastreik in St. P\u00f6lten<br>23. Sept. 2022 \u00b7 13.30 Uhr Bahnhofplatz St. P\u00f6lten\" itemprop=\"image\" class=\"left\" \/>\n\t\t\t\t<\/a>\t\t<\/div>\n\t\t\t\t\t\t\t\t<div class=\"wp-show-posts-entry-summary\" itemprop=\"text\">\n\t\t\t\t\t\t\t<p>Fridays for Future Nieder\u00f6sterreich ruft zum Weltweiten Klimastreik. Die Radlobby Nieder\u00f6sterreich unterst\u00fctzt diese Kundgebung.<br \/>\nKommt alle mit euren Fahrr\u00e4dern und Radlobby Fahnen.<\/p>\n\t\t\t\t\t\t<\/div><!-- .entry-summary -->\n\t\t\t\t\t<\/div><!-- wp-show-posts-inner --><\/article><article class=\" wp-show-posts-single post-25015 post type-post status-publish format-standard has-post-thumbnail hentry category-bad-sauerbrunn category-badvoeslau category-baden category-bruck-an-der-leitha category-carnuntum category-deutsch-wagram category-ebreichsdorf category-eichgraben category-enns-donauwinkel category-gaenserndorf category-gmuend category-gross-enzersdorf category-klosterneuburg category-korneuburg category-leithaebene category-melk category-mistelbach category-moedling category-niederoesterreich category-poysdorf category-pressbaum category-purkersdorf category-retzer-land category-schwarzatal category-st-poelten category-stockerau category-tulln category-waidhofenthaya category-waidhofenybbs category-wiener-neustadt category-wolkersdorf wpsp-col-6\" itemtype=\"http:\/\/schema.org\/CreativeWork\" itemscope><div class=\"wp-show-posts-inner\" style=\"\">\t\t\t\t\t\t<header class=\"wp-show-posts-entry-header\">\n\t\t\t\t\t\t\t<p class=\"wp-show-posts-entry-title\" itemprop=\"headline\"><a href=\"https:\/\/www.radlobby.org\/noe\/radlobby-fahrradklima-test-2022\/\" rel=\"bookmark\">Radlobby Fahrradklima-Test 2022<\/a><\/p>\t\t\t\t\t\t<\/header><!-- .entry-header -->\n\t\t\t\t\t\t\t<div class=\"wp-show-posts-image  wpsp-image-left \">\n\t\t\t<a href=\"https:\/\/www.radlobby.org\/noe\/radlobby-fahrradklima-test-2022\/\"  title=\"Radlobby Fahrradklima-Test 2022\">\t\t\t\t\t<img decoding=\"async\" src=\"https:\/\/www.radlobby.org\/noe\/wp-content\/uploads\/2022_fahrradklima-test_webbutton_1200x1200px-180x180.png\" alt=\"Radlobby Fahrradklima-Test 2022\" itemprop=\"image\" class=\"left\" \/>\n\t\t\t\t<\/a>\t\t<\/div>\n\t\t\t\t\t\t\t\t<div class=\"wp-show-posts-entry-summary\" itemprop=\"text\">\n\t\t\t\t\t\t\t<p>Der Radlobby Fahrradklima-Test erfasst die Zufriedenheit mit den Alltagsradrouten in \u00d6sterreich. Vom 1. 9. bis 30. 11. 2022 k\u00f6nnen Radfahrende das Fahrradklima in ihren Gemeinden bewerten.<\/p>\n\t\t\t\t\t\t<\/div><!-- .entry-summary -->\n\t\t\t\t\t<\/div><!-- wp-show-posts-inner --><\/article><article class=\" wp-show-posts-single post-24801 post type-post status-publish format-standard has-post-thumbnail hentry category-klima category-badvoeslau category-baden category-ebreichsdorf category-moedling category-wiener-neustadt wpsp-col-6\" itemtype=\"http:\/\/schema.org\/CreativeWork\" itemscope><div class=\"wp-show-posts-inner\" style=\"\">\t\t\t\t\t\t<header class=\"wp-show-posts-entry-header\">\n\t\t\t\t\t\t\t<p class=\"wp-show-posts-entry-title\" itemprop=\"headline\"><a href=\"https:\/\/www.radlobby.org\/noe\/9-klima-umwelt-filmtage-in-baden\/\" rel=\"bookmark\">9. Klima &#038; Umwelt Filmtage in Baden<\/a><\/p>\t\t\t\t\t\t<\/header><!-- .entry-header -->\n\t\t\t\t\t\t\t<div class=\"wp-show-posts-image  wpsp-image-left \">\n\t\t\t<a href=\"https:\/\/www.radlobby.org\/noe\/9-klima-umwelt-filmtage-in-baden\/\"  title=\"9. Klima &#038; Umwelt Filmtage in Baden\">\t\t\t\t\t<img decoding=\"async\" src=\"https:\/\/www.radlobby.org\/noe\/wp-content\/uploads\/2209_CPKlima-180x90.png\" alt=\"9. Klima &#038; Umwelt Filmtage in Baden\" itemprop=\"image\" class=\"left\" \/>\n\t\t\t\t<\/a>\t\t<\/div>\n\t\t\t\t\t\t\t\t<div class=\"wp-show-posts-entry-summary\" itemprop=\"text\">\n\t\t\t\t\t\t\t<p>Das Cinema Paradiso Baden, die Stadtgemeinde Baden und die Energie- und Umweltagentur des Landes N\u00d6 (eNu) pr\u00e4sentieren zum neunten Mal die KLIMA &amp; UMWELT FILMTAGE&#8230;<\/p>\n\t\t\t\t\t\t<\/div><!-- .entry-summary -->\n\t\t\t\t\t<\/div><!-- wp-show-posts-inner --><\/article><div class=\"wpsp-clear\"><\/div><\/section><!-- .wp-show-posts --><div class=\"wpsp-load-more\"><span aria-current=\"page\" class=\"page-numbers current\">1<\/span>\n<a class=\"page-numbers\" href=\"https:\/\/www.radlobby.org\/noe\/wp-json\/wp\/v2\/pages\/13840\/page\/2\/\">2<\/a>\n<a class=\"page-numbers\" href=\"https:\/\/www.radlobby.org\/noe\/wp-json\/wp\/v2\/pages\/13840\/page\/3\/\">3<\/a>\n<a class=\"next page-numbers\" href=\"https:\/\/www.radlobby.org\/noe\/wp-json\/wp\/v2\/pages\/13840\/page\/2\/\">N\u00e4chste &rarr;<\/a><\/div>\n<p>&nbsp;<\/p>\n","protected":false},"excerpt":{"rendered":"<p>Radparade Radlobby Ebreichsdorf\u00a0 \u00a0\u00b7\u00a0 \u00a020. Juni 2020\u00a0 \u00a0\u00b7\u00a0 \u00a0\u00a9 Nicole Schneider Aktuelle Infos aus Ebreichsdorf &nbsp;<\/p>\n","protected":false},"author":16,"featured_media":0,"parent":0,"menu_order":0,"comment_status":"closed","ping_status":"closed","template":"","meta":{"footnotes":""},"class_list":["post-13840","page","type-page","status-publish","hentry"],"yoast_head":"<!-- This site is optimized with the Yoast SEO plugin v26.9 - https:\/\/yoast.com\/product\/yoast-seo-wordpress\/ -->\n<title>Radlobby Ebreichsdorf - Radlobby Nieder\u00f6sterreich<\/title>\n<meta name=\"robots\" content=\"index, follow, max-snippet:-1, max-image-preview:large, max-video-preview:-1\" \/>\n<link rel=\"canonical\" href=\"https:\/\/www.radlobby.org\/noe\/ebreichsdorf\/\" \/>\n<meta property=\"og:locale\" content=\"de_DE\" \/>\n<meta property=\"og:type\" content=\"article\" \/>\n<meta property=\"og:title\" content=\"Radlobby Ebreichsdorf - Radlobby Nieder\u00f6sterreich\" \/>\n<meta property=\"og:description\" content=\"Radparade Radlobby Ebreichsdorf\u00a0 \u00a0\u00b7\u00a0 \u00a020. Juni 2020\u00a0 \u00a0\u00b7\u00a0 \u00a0\u00a9 Nicole Schneider Aktuelle Infos aus Ebreichsdorf &nbsp;\" \/>\n<meta property=\"og:url\" content=\"https:\/\/www.radlobby.org\/noe\/ebreichsdorf\/\" \/>\n<meta property=\"og:site_name\" content=\"Radlobby Nieder\u00f6sterreich\" \/>\n<meta property=\"article:publisher\" content=\"https:\/\/www.facebook.com\/groups\/radfahren.in.noe\/\" \/>\n<meta property=\"article:modified_time\" content=\"2020-06-22T11:31:57+00:00\" \/>\n<meta property=\"og:image\" content=\"http:\/\/www.radlobby.org\/noe\/wp-content\/uploads\/20200620-RLN\u00d6-TL-Ebreichdorf-RAD-PaRADe-Bild-Schneider-Nicole2.jpg\" \/>\n<meta name=\"twitter:card\" content=\"summary_large_image\" \/>\n<script type=\"application\/ld+json\" class=\"yoast-schema-graph\">{\"@context\":\"https:\/\/schema.org\",\"@graph\":[{\"@type\":\"WebPage\",\"@id\":\"https:\/\/www.radlobby.org\/noe\/ebreichsdorf\/\",\"url\":\"https:\/\/www.radlobby.org\/noe\/ebreichsdorf\/\",\"name\":\"Radlobby Ebreichsdorf - Radlobby Nieder\u00f6sterreich\",\"isPartOf\":{\"@id\":\"https:\/\/www.radlobby.org\/noe\/#website\"},\"datePublished\":\"2020-06-16T08:06:24+00:00\",\"dateModified\":\"2020-06-22T11:31:57+00:00\",\"breadcrumb\":{\"@id\":\"https:\/\/www.radlobby.org\/noe\/ebreichsdorf\/#breadcrumb\"},\"inLanguage\":\"de\",\"potentialAction\":[{\"@type\":\"ReadAction\",\"target\":[\"https:\/\/www.radlobby.org\/noe\/ebreichsdorf\/\"]}]},{\"@type\":\"BreadcrumbList\",\"@id\":\"https:\/\/www.radlobby.org\/noe\/ebreichsdorf\/#breadcrumb\",\"itemListElement\":[{\"@type\":\"ListItem\",\"position\":1,\"name\":\"Startseite\",\"item\":\"https:\/\/www.radlobby.org\/noe\/\"},{\"@type\":\"ListItem\",\"position\":2,\"name\":\"Radlobby Ebreichsdorf\"}]},{\"@type\":\"WebSite\",\"@id\":\"https:\/\/www.radlobby.org\/noe\/#website\",\"url\":\"https:\/\/www.radlobby.org\/noe\/\",\"name\":\"Radlobby Nieder\u00f6sterreich\",\"description\":\"Radverkehr, Fahrrad, Radfahren, Radreisen, Radtouren, Radweg\",\"publisher\":{\"@id\":\"https:\/\/www.radlobby.org\/noe\/#organization\"},\"potentialAction\":[{\"@type\":\"SearchAction\",\"target\":{\"@type\":\"EntryPoint\",\"urlTemplate\":\"https:\/\/www.radlobby.org\/noe\/?s={search_term_string}\"},\"query-input\":{\"@type\":\"PropertyValueSpecification\",\"valueRequired\":true,\"valueName\":\"search_term_string\"}}],\"inLanguage\":\"de\"},{\"@type\":\"Organization\",\"@id\":\"https:\/\/www.radlobby.org\/noe\/#organization\",\"name\":\"Radlobby Nieder\u00f6sterreich\",\"url\":\"https:\/\/www.radlobby.org\/noe\/\",\"logo\":{\"@type\":\"ImageObject\",\"inLanguage\":\"de\",\"@id\":\"https:\/\/www.radlobby.org\/noe\/#\/schema\/logo\/image\/\",\"url\":\"https:\/\/www.radlobby.org\/noe\/wp-content\/uploads\/2017\/01\/cropped-Logo_Radlobby_Niederoesterreich_50-400px_quer-1.jpg\",\"contentUrl\":\"https:\/\/www.radlobby.org\/noe\/wp-content\/uploads\/2017\/01\/cropped-Logo_Radlobby_Niederoesterreich_50-400px_quer-1.jpg\",\"width\":450,\"height\":124,\"caption\":\"Radlobby Nieder\u00f6sterreich\"},\"image\":{\"@id\":\"https:\/\/www.radlobby.org\/noe\/#\/schema\/logo\/image\/\"},\"sameAs\":[\"https:\/\/www.facebook.com\/groups\/radfahren.in.noe\/\"]}]}<\/script>\n<!-- \/ Yoast SEO plugin. -->","yoast_head_json":{"title":"Radlobby Ebreichsdorf - Radlobby Nieder\u00f6sterreich","robots":{"index":"index","follow":"follow","max-snippet":"max-snippet:-1","max-image-preview":"max-image-preview:large","max-video-preview":"max-video-preview:-1"},"canonical":"https:\/\/www.radlobby.org\/noe\/ebreichsdorf\/","og_locale":"de_DE","og_type":"article","og_title":"Radlobby Ebreichsdorf - Radlobby Nieder\u00f6sterreich","og_description":"Radparade Radlobby Ebreichsdorf\u00a0 \u00a0\u00b7\u00a0 \u00a020. Juni 2020\u00a0 \u00a0\u00b7\u00a0 \u00a0\u00a9 Nicole Schneider Aktuelle Infos aus Ebreichsdorf &nbsp;","og_url":"https:\/\/www.radlobby.org\/noe\/ebreichsdorf\/","og_site_name":"Radlobby Nieder\u00f6sterreich","article_publisher":"https:\/\/www.facebook.com\/groups\/radfahren.in.noe\/","article_modified_time":"2020-06-22T11:31:57+00:00","og_image":[{"url":"http:\/\/www.radlobby.org\/noe\/wp-content\/uploads\/20200620-RLN\u00d6-TL-Ebreichdorf-RAD-PaRADe-Bild-Schneider-Nicole2.jpg","type":"","width":"","height":""}],"twitter_card":"summary_large_image","schema":{"@context":"https:\/\/schema.org","@graph":[{"@type":"WebPage","@id":"https:\/\/www.radlobby.org\/noe\/ebreichsdorf\/","url":"https:\/\/www.radlobby.org\/noe\/ebreichsdorf\/","name":"Radlobby Ebreichsdorf - Radlobby Nieder\u00f6sterreich","isPartOf":{"@id":"https:\/\/www.radlobby.org\/noe\/#website"},"datePublished":"2020-06-16T08:06:24+00:00","dateModified":"2020-06-22T11:31:57+00:00","breadcrumb":{"@id":"https:\/\/www.radlobby.org\/noe\/ebreichsdorf\/#breadcrumb"},"inLanguage":"de","potentialAction":[{"@type":"ReadAction","target":["https:\/\/www.radlobby.org\/noe\/ebreichsdorf\/"]}]},{"@type":"BreadcrumbList","@id":"https:\/\/www.radlobby.org\/noe\/ebreichsdorf\/#breadcrumb","itemListElement":[{"@type":"ListItem","position":1,"name":"Startseite","item":"https:\/\/www.radlobby.org\/noe\/"},{"@type":"ListItem","position":2,"name":"Radlobby Ebreichsdorf"}]},{"@type":"WebSite","@id":"https:\/\/www.radlobby.org\/noe\/#website","url":"https:\/\/www.radlobby.org\/noe\/","name":"Radlobby Nieder\u00f6sterreich","description":"Radverkehr, Fahrrad, Radfahren, Radreisen, Radtouren, Radweg","publisher":{"@id":"https:\/\/www.radlobby.org\/noe\/#organization"},"potentialAction":[{"@type":"SearchAction","target":{"@type":"EntryPoint","urlTemplate":"https:\/\/www.radlobby.org\/noe\/?s={search_term_string}"},"query-input":{"@type":"PropertyValueSpecification","valueRequired":true,"valueName":"search_term_string"}}],"inLanguage":"de"},{"@type":"Organization","@id":"https:\/\/www.radlobby.org\/noe\/#organization","name":"Radlobby Nieder\u00f6sterreich","url":"https:\/\/www.radlobby.org\/noe\/","logo":{"@type":"ImageObject","inLanguage":"de","@id":"https:\/\/www.radlobby.org\/noe\/#\/schema\/logo\/image\/","url":"https:\/\/www.radlobby.org\/noe\/wp-content\/uploads\/2017\/01\/cropped-Logo_Radlobby_Niederoesterreich_50-400px_quer-1.jpg","contentUrl":"https:\/\/www.radlobby.org\/noe\/wp-content\/uploads\/2017\/01\/cropped-Logo_Radlobby_Niederoesterreich_50-400px_quer-1.jpg","width":450,"height":124,"caption":"Radlobby Nieder\u00f6sterreich"},"image":{"@id":"https:\/\/www.radlobby.org\/noe\/#\/schema\/logo\/image\/"},"sameAs":["https:\/\/www.facebook.com\/groups\/radfahren.in.noe\/"]}]}},"_links":{"self":[{"href":"https:\/\/www.radlobby.org\/noe\/wp-json\/wp\/v2\/pages\/13840","targetHints":{"allow":["GET"]}}],"collection":[{"href":"https:\/\/www.radlobby.org\/noe\/wp-json\/wp\/v2\/pages"}],"about":[{"href":"https:\/\/www.radlobby.org\/noe\/wp-json\/wp\/v2\/types\/page"}],"author":[{"embeddable":true,"href":"https:\/\/www.radlobby.org\/noe\/wp-json\/wp\/v2\/users\/16"}],"replies":[{"embeddable":true,"href":"https:\/\/www.radlobby.org\/noe\/wp-json\/wp\/v2\/comments?post=13840"}],"version-history":[{"count":0,"href":"https:\/\/www.radlobby.org\/noe\/wp-json\/wp\/v2\/pages\/13840\/revisions"}],"wp:attachment":[{"href":"https:\/\/www.radlobby.org\/noe\/wp-json\/wp\/v2\/media?parent=13840"}],"curies":[{"name":"wp","href":"https:\/\/api.w.org\/{rel}","templated":true}]}}