{"id":13838,"date":"2020-06-16T10:05:40","date_gmt":"2020-06-16T08:05:40","guid":{"rendered":"http:\/\/www.radlobby.org\/noe\/?page_id=13838"},"modified":"2020-06-17T18:14:27","modified_gmt":"2020-06-17T16:14:27","slug":"waidhofenthaya","status":"publish","type":"page","link":"https:\/\/www.radlobby.org\/noe\/waidhofenthaya\/","title":{"rendered":"Radlobby Waidhofen\/Thaya"},"content":{"rendered":"<h4><a href=\"https:\/\/www.radlobby.org\/noe\/wp-content\/uploads\/20200614-Gr\u00fcndung-Radlobby-Waidhofen-Thaya-IMG_5079_1600quer.jpg\" data-src=\"https:\/\/www.radlobby.org\/noe\/wp-content\/uploads\/20200614-Gr\u00fcndung-Radlobby-Waidhofen-Thaya-IMG_5079_1600quer.jpg\" data-thumb=\"http:\/\/www.radlobby.org\/noe\/wp-content\/uploads\/20200614-Gr\u00fcndung-Radlobby-Waidhofen-Thaya-IMG_5079_1600quer.jpg\" class=\"ml-lightbox-enabled\"><img loading=\"lazy\" decoding=\"async\" class=\"alignnone  wp-image-13881\" src=\"http:\/\/www.radlobby.org\/noe\/wp-content\/uploads\/20200614-Gr\u00fcndung-Radlobby-Waidhofen-Thaya-IMG_5079_1600quer.jpg\" alt=\"\" width=\"750\" height=\"287\" srcset=\"https:\/\/www.radlobby.org\/noe\/wp-content\/uploads\/20200614-Gr\u00fcndung-Radlobby-Waidhofen-Thaya-IMG_5079_1600quer.jpg 1600w, https:\/\/www.radlobby.org\/noe\/wp-content\/uploads\/20200614-Gr\u00fcndung-Radlobby-Waidhofen-Thaya-IMG_5079_1600quer-300x115.jpg 300w, https:\/\/www.radlobby.org\/noe\/wp-content\/uploads\/20200614-Gr\u00fcndung-Radlobby-Waidhofen-Thaya-IMG_5079_1600quer-768x294.jpg 768w, https:\/\/www.radlobby.org\/noe\/wp-content\/uploads\/20200614-Gr\u00fcndung-Radlobby-Waidhofen-Thaya-IMG_5079_1600quer-1536x588.jpg 1536w\" sizes=\"auto, (max-width: 750px) 100vw, 750px\" \/><\/a><\/h4>\n<h4>Aktuelle Infos aus Waidhofen\/Thaya<\/h4>\n<style>.wp-show-posts-columns#wpsp-13842 {margin-left: -2em; }.wp-show-posts-columns#wpsp-13842 .wp-show-posts-inner {margin: 0 0 2em 2em; }<\/style><section id=\"wpsp-13842\" class=\" wp-show-posts-columns wp-show-posts\" style=\"\"><article class=\" wp-show-posts-single post-25191 post type-post status-publish format-standard has-post-thumbnail hentry category-amstetten category-bad-sauerbrunn category-badvoeslau category-baden category-bruck-an-der-leitha category-carnuntum category-deutsch-wagram category-ebreichsdorf category-eichgraben category-enns-donauwinkel category-gaenserndorf category-gmuend category-gross-enzersdorf category-klosterneuburg category-korneuburg category-leithaebene category-melk category-mistelbach category-moedling category-niederoesterreich category-poysdorf category-pressbaum category-purkersdorf category-retzer-land category-schwarzatal category-st-poelten category-stockerau category-tulln category-waidhofenthaya category-waidhofenybbs category-wiener-neustadt category-wolkersdorf category-ybbstal wpsp-col-6\" itemtype=\"http:\/\/schema.org\/CreativeWork\" itemscope><div class=\"wp-show-posts-inner\" style=\"\">\t\t\t\t\t\t<header class=\"wp-show-posts-entry-header\">\n\t\t\t\t\t\t\t<p class=\"wp-show-posts-entry-title\" itemprop=\"headline\"><a href=\"https:\/\/www.radlobby.org\/noe\/klimastreik-in-st-poelten23-sept-2022-%c2%b7-13-30-uhr-bahnhofplatz-st-poelten\/\" rel=\"bookmark\">Klimastreik in St. P\u00f6lten<br>23. Sept. 2022 \u00b7 13.30 Uhr Bahnhofplatz St. P\u00f6lten<\/a><\/p>\t\t\t\t\t\t<\/header><!-- .entry-header -->\n\t\t\t\t\t\t\t<div class=\"wp-show-posts-image  wpsp-image-left \">\n\t\t\t<a href=\"https:\/\/www.radlobby.org\/noe\/klimastreik-in-st-poelten23-sept-2022-%c2%b7-13-30-uhr-bahnhofplatz-st-poelten\/\"  title=\"Klimastreik in St. P\u00f6lten23. Sept. 2022 \u00b7 13.30 Uhr Bahnhofplatz St. P\u00f6lten\">\t\t\t\t\t<img decoding=\"async\" src=\"https:\/\/www.radlobby.org\/noe\/wp-content\/uploads\/20220923-Klimastreik-St.-Poelten-02-180x320.jpg\" alt=\"Klimastreik in St. P\u00f6lten<br>23. Sept. 2022 \u00b7 13.30 Uhr Bahnhofplatz St. P\u00f6lten\" itemprop=\"image\" class=\"left\" \/>\n\t\t\t\t<\/a>\t\t<\/div>\n\t\t\t\t\t\t\t\t<div class=\"wp-show-posts-entry-summary\" itemprop=\"text\">\n\t\t\t\t\t\t\t<p>Fridays for Future Nieder\u00f6sterreich ruft zum Weltweiten Klimastreik. Die Radlobby Nieder\u00f6sterreich unterst\u00fctzt diese Kundgebung.<br \/>\nKommt alle mit euren Fahrr\u00e4dern und Radlobby Fahnen.<\/p>\n\t\t\t\t\t\t<\/div><!-- .entry-summary -->\n\t\t\t\t\t<\/div><!-- wp-show-posts-inner --><\/article><article class=\" wp-show-posts-single post-25015 post type-post status-publish format-standard has-post-thumbnail hentry category-bad-sauerbrunn category-badvoeslau category-baden category-bruck-an-der-leitha category-carnuntum category-deutsch-wagram category-ebreichsdorf category-eichgraben category-enns-donauwinkel category-gaenserndorf category-gmuend category-gross-enzersdorf category-klosterneuburg category-korneuburg category-leithaebene category-melk category-mistelbach category-moedling category-niederoesterreich category-poysdorf category-pressbaum category-purkersdorf category-retzer-land category-schwarzatal category-st-poelten category-stockerau category-tulln category-waidhofenthaya category-waidhofenybbs category-wiener-neustadt category-wolkersdorf wpsp-col-6\" itemtype=\"http:\/\/schema.org\/CreativeWork\" itemscope><div class=\"wp-show-posts-inner\" style=\"\">\t\t\t\t\t\t<header class=\"wp-show-posts-entry-header\">\n\t\t\t\t\t\t\t<p class=\"wp-show-posts-entry-title\" itemprop=\"headline\"><a href=\"https:\/\/www.radlobby.org\/noe\/radlobby-fahrradklima-test-2022\/\" rel=\"bookmark\">Radlobby Fahrradklima-Test 2022<\/a><\/p>\t\t\t\t\t\t<\/header><!-- .entry-header -->\n\t\t\t\t\t\t\t<div class=\"wp-show-posts-image  wpsp-image-left \">\n\t\t\t<a href=\"https:\/\/www.radlobby.org\/noe\/radlobby-fahrradklima-test-2022\/\"  title=\"Radlobby Fahrradklima-Test 2022\">\t\t\t\t\t<img decoding=\"async\" src=\"https:\/\/www.radlobby.org\/noe\/wp-content\/uploads\/2022_fahrradklima-test_webbutton_1200x1200px-180x180.png\" alt=\"Radlobby Fahrradklima-Test 2022\" itemprop=\"image\" class=\"left\" \/>\n\t\t\t\t<\/a>\t\t<\/div>\n\t\t\t\t\t\t\t\t<div class=\"wp-show-posts-entry-summary\" itemprop=\"text\">\n\t\t\t\t\t\t\t<p>Der Radlobby Fahrradklima-Test erfasst die Zufriedenheit mit den Alltagsradrouten in \u00d6sterreich. Vom 1. 9. bis 30. 11. 2022 k\u00f6nnen Radfahrende das Fahrradklima in ihren Gemeinden bewerten.<\/p>\n\t\t\t\t\t\t<\/div><!-- .entry-summary -->\n\t\t\t\t\t<\/div><!-- wp-show-posts-inner --><\/article><article class=\" wp-show-posts-single post-22866 post type-post status-publish format-standard has-post-thumbnail hentry category-klima category-bad-sauerbrunn category-baden category-bruck-an-der-leitha category-carnuntum category-deutsch-wagram category-ebreichsdorf category-eichgraben category-enns-donauwinkel category-gaenserndorf category-gmuend category-klosterneuburg category-korneuburg category-leithaebene category-melk category-mistelbach category-moedling category-niederoesterreich category-poysdorf category-pressbaum category-purkersdorf category-retzer-land category-schwarzatal category-st-poelten category-stockerau category-tulln category-waidhofenthaya category-waidhofenybbs category-wiener-neustadt category-wolkersdorf wpsp-col-6\" itemtype=\"http:\/\/schema.org\/CreativeWork\" itemscope><div class=\"wp-show-posts-inner\" style=\"\">\t\t\t\t\t\t<header class=\"wp-show-posts-entry-header\">\n\t\t\t\t\t\t\t<p class=\"wp-show-posts-entry-title\" itemprop=\"headline\"><a href=\"https:\/\/www.radlobby.org\/noe\/videos-fotos-vom-weltweiten-klimastreik-am-25-maerz-2022-in-st-poelten\/\" rel=\"bookmark\">Videos &#038; Fotos vom Weltweiten Klimastreik am 25. M\u00e4rz 2022 in St. P\u00f6lten<\/a><\/p>\t\t\t\t\t\t<\/header><!-- .entry-header -->\n\t\t\t\t\t\t\t<div class=\"wp-show-posts-image  wpsp-image-left \">\n\t\t\t<a href=\"https:\/\/www.radlobby.org\/noe\/videos-fotos-vom-weltweiten-klimastreik-am-25-maerz-2022-in-st-poelten\/\"  title=\"Videos &#038; Fotos vom Weltweiten Klimastreik am 25. M\u00e4rz 2022 in St. P\u00f6lten\">\t\t\t\t\t<img decoding=\"async\" src=\"https:\/\/www.radlobby.org\/noe\/wp-content\/uploads\/20220325-Weltweiter-Klimastreik-St.-Poelten-FFF-Sujet-596px-180x180.jpg\" alt=\"Videos &#038; Fotos vom Weltweiten Klimastreik am 25. M\u00e4rz 2022 in St. P\u00f6lten\" itemprop=\"image\" class=\"left\" \/>\n\t\t\t\t<\/a>\t\t<\/div>\n\t\t\t\t\t\t\t\t<div class=\"wp-show-posts-entry-summary\" itemprop=\"text\">\n\t\t\t\t\t\t\t<p>Das Land N\u00d6 ist bestimmend, auch f\u00fcr die Bundepolitik. Daher kamen wir aus allen Regionen nach St. P\u00f6lten zum Klimastreik<\/p>\n\t\t\t\t\t\t<\/div><!-- .entry-summary -->\n\t\t\t\t\t<\/div><!-- wp-show-posts-inner --><\/article><article class=\" wp-show-posts-single post-22326 post type-post status-publish format-standard has-post-thumbnail hentry category-klima category-bad-sauerbrunn category-baden category-bruck-an-der-leitha category-carnuntum category-deutsch-wagram category-ebreichsdorf category-eichgraben category-enns-donauwinkel category-gaenserndorf category-gmuend category-klosterneuburg category-korneuburg category-leithaebene category-mistelbach category-moedling category-niederoesterreich category-poysdorf category-pressbaum category-purkersdorf category-retzer-land category-schwarzatal category-st-poelten category-stockerau category-tulln category-waidhofenthaya category-waidhofenybbs category-wiener-neustadt category-wolkersdorf wpsp-col-6\" itemtype=\"http:\/\/schema.org\/CreativeWork\" itemscope><div class=\"wp-show-posts-inner\" style=\"\">\t\t\t\t\t\t<header class=\"wp-show-posts-entry-header\">\n\t\t\t\t\t\t\t<p class=\"wp-show-posts-entry-title\" itemprop=\"headline\"><a href=\"https:\/\/www.radlobby.org\/noe\/25-maerz-radlobby-mitglieder-treffen-nach-dem-klimastreik-in-st-poelten\/\" rel=\"bookmark\">25. M\u00e4rz: Radlobby Mitglieder-Treffen nach dem Klimastreik in St. P\u00f6lten<\/a><\/p>\t\t\t\t\t\t<\/header><!-- .entry-header -->\n\t\t\t\t\t\t\t<div class=\"wp-show-posts-image  wpsp-image-left \">\n\t\t\t<a href=\"https:\/\/www.radlobby.org\/noe\/25-maerz-radlobby-mitglieder-treffen-nach-dem-klimastreik-in-st-poelten\/\"  title=\"25. M\u00e4rz: Radlobby Mitglieder-Treffen nach dem Klimastreik in St. P\u00f6lten\">\t\t\t\t\t<img decoding=\"async\" src=\"https:\/\/www.radlobby.org\/noe\/wp-content\/uploads\/20220325-Flyer-Weltweiter-Klimastreik-A6-02-WEB-2-180x254.jpg\" alt=\"25. M\u00e4rz: Radlobby Mitglieder-Treffen nach dem Klimastreik in St. P\u00f6lten\" itemprop=\"image\" class=\"left\" \/>\n\t\t\t\t<\/a>\t\t<\/div>\n\t\t\t\t\t\t\t\t<div class=\"wp-show-posts-entry-summary\" itemprop=\"text\">\n\t\t\t\t\t\t\t<p>Erstmals ein Wiedersehen und Kennenlernen \u00b7 Radlobby-Treffen im \u201eHaus des Lernens\u201c gleich beim Bahnhof \u00b7 Gro\u00dfes Radlobby Buffet: jeder bringt was mit!<br \/>\nMitglied werden geht vor Ort!<\/p>\n\t\t\t\t\t\t<\/div><!-- .entry-summary -->\n\t\t\t\t\t<\/div><!-- wp-show-posts-inner --><\/article><article class=\" wp-show-posts-single post-22310 post type-post status-publish format-standard has-post-thumbnail hentry category-klima category-bad-sauerbrunn category-baden category-bruck-an-der-leitha category-carnuntum category-deutsch-wagram category-ebreichsdorf category-eichgraben category-enns-donauwinkel category-gaenserndorf category-gmuend category-klosterneuburg category-korneuburg category-leithaebene category-mistelbach category-moedling category-niederoesterreich category-poysdorf category-pressbaum category-purkersdorf category-retzer-land category-schwarzatal category-st-poelten category-stockerau category-tulln category-waidhofenthaya category-waidhofenybbs category-wiener-neustadt category-wolkersdorf wpsp-col-6\" itemtype=\"http:\/\/schema.org\/CreativeWork\" itemscope><div class=\"wp-show-posts-inner\" style=\"\">\t\t\t\t\t\t<header class=\"wp-show-posts-entry-header\">\n\t\t\t\t\t\t\t<p class=\"wp-show-posts-entry-title\" itemprop=\"headline\"><a href=\"https:\/\/www.radlobby.org\/noe\/fridays-for-future-noe-nehmen-landesregierung-in-die-pflicht\/\" rel=\"bookmark\">Fridays for Future N\u00d6 nehmen Landesregierung in die Pflicht<\/a><\/p>\t\t\t\t\t\t<\/header><!-- .entry-header -->\n\t\t\t\t\t\t\t<div class=\"wp-show-posts-image  wpsp-image-left \">\n\t\t\t<a href=\"https:\/\/www.radlobby.org\/noe\/fridays-for-future-noe-nehmen-landesregierung-in-die-pflicht\/\"  title=\"Fridays for Future N\u00d6 nehmen Landesregierung in die Pflicht\">\t\t\t\t\t<img decoding=\"async\" src=\"https:\/\/www.radlobby.org\/noe\/wp-content\/uploads\/Fridays-for-Future-Niederoesterreich-180x180.jpg\" alt=\"Fridays for Future N\u00d6 nehmen Landesregierung in die Pflicht\" itemprop=\"image\" class=\"left\" \/>\n\t\t\t\t<\/a>\t\t<\/div>\n\t\t\t\t\t\t\t\t<div class=\"wp-show-posts-entry-summary\" itemprop=\"text\">\n\t\t\t\t\t\t\t<p>Fridays for Future (FFF) Nieder\u00f6sterreich haben f\u00fcr den weltweiten Klimastreik am 25. M\u00e4rz zu einer Demo in St. P\u00f6lten aufgerufen<\/p>\n\t\t\t\t\t\t<\/div><!-- .entry-summary -->\n\t\t\t\t\t<\/div><!-- wp-show-posts-inner --><\/article><article class=\" wp-show-posts-single post-22022 post type-post status-publish format-standard has-post-thumbnail hentry category-klima category-bad-sauerbrunn category-baden category-bruck-an-der-leitha category-carnuntum category-deutsch-wagram category-ebreichsdorf category-eichgraben category-enns-donauwinkel category-gaenserndorf category-gmuend category-klosterneuburg category-korneuburg category-leithaebene category-mistelbach category-moedling category-niederoesterreich category-poysdorf category-pressbaum category-purkersdorf category-retzer-land category-schwarzatal category-st-poelten category-stockerau category-tulln category-waidhofenthaya category-waidhofenybbs category-wiener-neustadt category-wolkersdorf wpsp-col-6\" itemtype=\"http:\/\/schema.org\/CreativeWork\" itemscope><div class=\"wp-show-posts-inner\" style=\"\">\t\t\t\t\t\t<header class=\"wp-show-posts-entry-header\">\n\t\t\t\t\t\t\t<p class=\"wp-show-posts-entry-title\" itemprop=\"headline\"><a href=\"https:\/\/www.radlobby.org\/noe\/25-maerz-2022-weltweiter-klimastreik-radlobby-noe-unterstuetzt-den-grossen-streik-in-st-poelten\/\" rel=\"bookmark\">25. M\u00e4rz 2022: Weltweiter Klimastreik <br>Radlobby N\u00d6 unterst\u00fctzt den gro\u00dfen Streik in St. P\u00f6lten<\/a><\/p>\t\t\t\t\t\t<\/header><!-- .entry-header -->\n\t\t\t\t\t\t\t<div class=\"wp-show-posts-image  wpsp-image-left \">\n\t\t\t<a href=\"https:\/\/www.radlobby.org\/noe\/25-maerz-2022-weltweiter-klimastreik-radlobby-noe-unterstuetzt-den-grossen-streik-in-st-poelten\/\"  title=\"25. M\u00e4rz 2022: Weltweiter Klimastreik Radlobby N\u00d6 unterst\u00fctzt den gro\u00dfen Streik in St. P\u00f6lten\">\t\t\t\t\t<img decoding=\"async\" src=\"https:\/\/www.radlobby.org\/noe\/wp-content\/uploads\/20220325-Weltweiter-Klimastreik-St.-Poelten-FFF-Sujet-596px-180x180.jpg\" alt=\"25. M\u00e4rz 2022: Weltweiter Klimastreik <br>Radlobby N\u00d6 unterst\u00fctzt den gro\u00dfen Streik in St. P\u00f6lten\" itemprop=\"image\" class=\"left\" \/>\n\t\t\t\t<\/a>\t\t<\/div>\n\t\t\t\t\t\t\t\t<div class=\"wp-show-posts-entry-summary\" itemprop=\"text\">\n\t\t\t\t\t\t\t<p>Das Land N\u00d6 ist bestimmend, auch f\u00fcr die Bundepolitik. Daher kommen wir aus allen Regionen nach St. P\u00f6lten zum Klimastreik<\/p>\n\t\t\t\t\t\t<\/div><!-- .entry-summary -->\n\t\t\t\t\t<\/div><!-- wp-show-posts-inner --><\/article><article class=\" wp-show-posts-single post-19217 post type-post status-publish format-standard has-post-thumbnail hentry category-bad-sauerbrunn category-baden category-bruck-an-der-leitha category-carnuntum category-deutsch-wagram category-ebreichsdorf category-eichgraben category-enns-donauwinkel category-gaenserndorf category-gmuend category-klosterneuburg category-korneuburg category-krems category-leithaebene category-melk category-mistelbach category-moedling category-niederoesterreich category-poysdorf category-pressbaum category-purkersdorf category-retzer-land category-schwarzatal category-st-poelten category-stockerau category-tulln category-waidhofenthaya category-waidhofenybbs category-wiener-neustadt category-wolkersdorf wpsp-col-6\" itemtype=\"http:\/\/schema.org\/CreativeWork\" itemscope><div class=\"wp-show-posts-inner\" style=\"\">\t\t\t\t\t\t<header class=\"wp-show-posts-entry-header\">\n\t\t\t\t\t\t\t<p class=\"wp-show-posts-entry-title\" itemprop=\"headline\"><a href=\"https:\/\/www.radlobby.org\/noe\/testmoeglichkeit-fuer-lastenraeder\/\" rel=\"bookmark\">Testm\u00f6glichkeit f\u00fcr Lastenr\u00e4der<\/a><\/p>\t\t\t\t\t\t<\/header><!-- .entry-header -->\n\t\t\t\t\t\t\t<div class=\"wp-show-posts-image  wpsp-image-left \">\n\t\t\t<a href=\"https:\/\/www.radlobby.org\/noe\/testmoeglichkeit-fuer-lastenraeder\/\"  title=\"Testm\u00f6glichkeit f\u00fcr Lastenr\u00e4der\">\t\t\t\t\t<img decoding=\"async\" src=\"https:\/\/www.radlobby.org\/noe\/wp-content\/uploads\/Radlerin_Winter2021_Charlotte_1-180x132.jpg\" alt=\"Testm\u00f6glichkeit f\u00fcr Lastenr\u00e4der\" itemprop=\"image\" class=\"left\" \/>\n\t\t\t\t<\/a>\t\t<\/div>\n\t\t\t\t\t\t\t\t<div class=\"wp-show-posts-entry-summary\" itemprop=\"text\">\n\t\t\t\t\t\t\t<p>Wer \u00fcberlegt, sich ein E-Lastenrad anzuschaffen, hat oft wenig M\u00f6glichkeiten, verschieden Modelle zu testen. Cargobike Roadshow Im Juli gibt\u00b4s eine Cargobike Roadshow. Auf dem \u00f6ffentlichen&#8230;<\/p>\n\t\t\t\t\t\t<\/div><!-- .entry-summary -->\n\t\t\t\t\t<\/div><!-- wp-show-posts-inner --><\/article><article class=\" wp-show-posts-single post-18319 post type-post status-publish format-standard has-post-thumbnail hentry category-gmuend category-niederoesterreich category-waidhofenthaya wpsp-col-6\" itemtype=\"http:\/\/schema.org\/CreativeWork\" itemscope><div class=\"wp-show-posts-inner\" style=\"\">\t\t\t\t\t\t<header class=\"wp-show-posts-entry-header\">\n\t\t\t\t\t\t\t<p class=\"wp-show-posts-entry-title\" itemprop=\"headline\"><a href=\"https:\/\/www.radlobby.org\/noe\/2-waidhofner-radparade-waidhofen-thaya-hauptplatz-sa-12-juni-2021-15-uhr\/\" rel=\"bookmark\">2. Waidhofner Radparade <br>Waidhofen\/Thaya, Hauptplatz, Sa., 12. Juni 2021, 15 Uhr<\/a><\/p>\t\t\t\t\t\t<\/header><!-- .entry-header -->\n\t\t\t\t\t\t\t<div class=\"wp-show-posts-image  wpsp-image-left \">\n\t\t\t<a href=\"https:\/\/www.radlobby.org\/noe\/2-waidhofner-radparade-waidhofen-thaya-hauptplatz-sa-12-juni-2021-15-uhr\/\"  title=\"2. Waidhofner Radparade Waidhofen\/Thaya, Hauptplatz, Sa., 12. Juni 2021, 15 Uhr\">\t\t\t\t\t<img decoding=\"async\" src=\"https:\/\/www.radlobby.org\/noe\/wp-content\/uploads\/20210612-2.-Waidhofner-Radparade-Samstag_12Juni_2021-180x110.jpg\" alt=\"2. Waidhofner Radparade <br>Waidhofen\/Thaya, Hauptplatz, Sa., 12. Juni 2021, 15 Uhr\" itemprop=\"image\" class=\"left\" \/>\n\t\t\t\t<\/a>\t\t<\/div>\n\t\t\t\t\t\t\t\t<div class=\"wp-show-posts-entry-summary\" itemprop=\"text\">\n\t\t\t\t\t\t\t<p>Anl\u00e4sslich der \u00f6sterreichweiten Verkehrswende-Aktionstage veranstaltet die Radlobby Waidhofen\/Thaya zusammen mit der Plattform Lebenswertes Waldviertel am\u00a0Samstag, 12. Juni\u00a0die\u00a02.\u00a0Radparade in Waidhofen an der Thaya.<\/p>\n\t\t\t\t\t\t<\/div><!-- .entry-summary -->\n\t\t\t\t\t<\/div><!-- wp-show-posts-inner --><\/article><article class=\" wp-show-posts-single post-17119 post type-post status-publish format-standard has-post-thumbnail hentry category-klima category-gmuend category-niederoesterreich category-waidhofenthaya tag-gemeinden tag-infrastruktur tag-oeffentlichkeitsarbeit tag-radbasisnetz tag-radlgrundnetz wpsp-col-6\" itemtype=\"http:\/\/schema.org\/CreativeWork\" itemscope><div class=\"wp-show-posts-inner\" style=\"\">\t\t\t\t\t\t<header class=\"wp-show-posts-entry-header\">\n\t\t\t\t\t\t\t<p class=\"wp-show-posts-entry-title\" itemprop=\"headline\"><a href=\"https:\/\/www.radlobby.org\/noe\/radlobby-gd-beim-weltklimatag-210319\/\" rel=\"bookmark\">Radlobby Gm\u00fcnd &#038; Waidhofen\/Thaya beim Weltklimatag<\/a><\/p>\t\t\t\t\t\t<\/header><!-- .entry-header -->\n\t\t\t\t\t\t\t<div class=\"wp-show-posts-image  wpsp-image-left \">\n\t\t\t<a href=\"https:\/\/www.radlobby.org\/noe\/radlobby-gd-beim-weltklimatag-210319\/\"  title=\"Radlobby Gm\u00fcnd &#038; Waidhofen\/Thaya beim Weltklimatag\">\t\t\t\t\t<img decoding=\"async\" src=\"https:\/\/www.radlobby.org\/noe\/wp-content\/uploads\/2021-03-19_Gmuend_Klimatag-180x126.jpg\" alt=\"Radlobby Gm\u00fcnd &#038; Waidhofen\/Thaya beim Weltklimatag\" itemprop=\"image\" class=\"left\" \/>\n\t\t\t\t<\/a>\t\t<\/div>\n\t\t\t\t\t\t\t\t<div class=\"wp-show-posts-entry-summary\" itemprop=\"text\">\n\t\t\t\t\t\t\t<p>Im Waldviertel war der Weltklimatag am 19. M\u00e4rz 2021 der Franz-Josefs-Bahn gewidmet. Die Radlobby-Gruppen Gm\u00fcnd und Waidhofen\/Thaya haben an einer gemeinsamen Aktion mehrerer Initiativen teilgenommen.<\/p>\n\t\t\t\t\t\t<\/div><!-- .entry-summary -->\n\t\t\t\t\t<\/div><!-- wp-show-posts-inner --><\/article><article class=\" wp-show-posts-single post-16157 post type-post status-publish format-standard has-post-thumbnail hentry category-presse-medien category-niederoesterreich category-waidhofenthaya wpsp-col-6\" itemtype=\"http:\/\/schema.org\/CreativeWork\" itemscope><div class=\"wp-show-posts-inner\" style=\"\">\t\t\t\t\t\t<header class=\"wp-show-posts-entry-header\">\n\t\t\t\t\t\t\t<p class=\"wp-show-posts-entry-title\" itemprop=\"headline\"><a href=\"https:\/\/www.radlobby.org\/noe\/waidhofen-thaya-radfahrer-innen-setzen-auf-durchfahrt-am-sixmuehlweg\/\" rel=\"bookmark\">Waidhofen\/Thaya: Radfahrer.innen setzen auf Durchfahrt am Sixm\u00fchlweg<\/a><\/p>\t\t\t\t\t\t<\/header><!-- .entry-header -->\n\t\t\t\t\t\t\t<div class=\"wp-show-posts-image  wpsp-image-left \">\n\t\t\t<a href=\"https:\/\/www.radlobby.org\/noe\/waidhofen-thaya-radfahrer-innen-setzen-auf-durchfahrt-am-sixmuehlweg\/\"  title=\"Waidhofen\/Thaya: Radfahrer.innen setzen auf Durchfahrt am Sixm\u00fchlweg\">\t\t\t\t\t<img decoding=\"async\" src=\"https:\/\/www.radlobby.org\/noe\/wp-content\/uploads\/20201126-Bezirksblaetter-WT-Sixmuehlweg-180x103.jpg\" alt=\"Waidhofen\/Thaya: Radfahrer.innen setzen auf Durchfahrt am Sixm\u00fchlweg\" itemprop=\"image\" class=\"left\" \/>\n\t\t\t\t<\/a>\t\t<\/div>\n\t\t\t\t\t\t\t\t<div class=\"wp-show-posts-entry-summary\" itemprop=\"text\">\n\t\t\t\t\t\t\t\t\t\t\t\t\t<\/div><!-- .entry-summary -->\n\t\t\t\t\t<\/div><!-- wp-show-posts-inner --><\/article><article class=\" wp-show-posts-single post-14473 post type-post status-publish format-standard has-post-thumbnail hentry category-gmuend category-niederoesterreich category-waidhofenthaya tag-radpolitik tag-verkehrspolitik tag-verkehrswende wpsp-col-6\" itemtype=\"http:\/\/schema.org\/CreativeWork\" itemscope><div class=\"wp-show-posts-inner\" style=\"\">\t\t\t\t\t\t<header class=\"wp-show-posts-entry-header\">\n\t\t\t\t\t\t\t<p class=\"wp-show-posts-entry-title\" itemprop=\"headline\"><a href=\"https:\/\/www.radlobby.org\/noe\/das-war-der-verkehrswende-aktionstag-in-waidhofen-thaya-19-juni-2020-1-waidhofner-radparade\/\" rel=\"bookmark\">Das war der Verkehrswende Aktionstag in Waidhofen\/Thaya <br>19. Juni 2020 <br>1. Waidhofner Radparade<\/a><\/p>\t\t\t\t\t\t<\/header><!-- .entry-header -->\n\t\t\t\t\t\t\t<div class=\"wp-show-posts-image  wpsp-image-left \">\n\t\t\t<a href=\"https:\/\/www.radlobby.org\/noe\/das-war-der-verkehrswende-aktionstag-in-waidhofen-thaya-19-juni-2020-1-waidhofner-radparade\/\"  title=\"Das war der Verkehrswende Aktionstag in Waidhofen\/Thaya 19. Juni 2020 1. Waidhofner Radparade\">\t\t\t\t\t<img decoding=\"async\" src=\"https:\/\/www.radlobby.org\/noe\/wp-content\/uploads\/a-IMG_2592_kl-180x135.jpg\" alt=\"Das war der Verkehrswende Aktionstag in Waidhofen\/Thaya <br>19. Juni 2020 <br>1. Waidhofner Radparade\" itemprop=\"image\" class=\"left\" \/>\n\t\t\t\t<\/a>\t\t<\/div>\n\t\t\t\t\t\t\t\t<div class=\"wp-show-posts-entry-summary\" itemprop=\"text\">\n\t\t\t\t\t\t\t<p>Unter Beteiligung zahlreicher Freunde der Plattform lebenswertes Waldviertel und der Radlobby Waidhofen\/Thaya und Radlobby Gm\u00fcnd machten die Radfahrer.innen auf die dringenden \u00c4nderungen bei der Mobilit\u00e4t&#8230;<\/p>\n\t\t\t\t\t\t<\/div><!-- .entry-summary -->\n\t\t\t\t\t<\/div><!-- wp-show-posts-inner --><\/article><article class=\" wp-show-posts-single post-13780 post type-post status-publish format-standard has-post-thumbnail hentry category-gmuend category-niederoesterreich category-waidhofenthaya tag-radpolitik tag-verkehrspolitik tag-verkehrswende wpsp-col-6\" itemtype=\"http:\/\/schema.org\/CreativeWork\" itemscope><div class=\"wp-show-posts-inner\" style=\"\">\t\t\t\t\t\t<header class=\"wp-show-posts-entry-header\">\n\t\t\t\t\t\t\t<p class=\"wp-show-posts-entry-title\" itemprop=\"headline\"><a href=\"https:\/\/www.radlobby.org\/noe\/verkehrswende-aktionstag-in-waidhofen-thaya-19-juni-2020-1-waidhofner-radparade-mit-der-plattform-lebenswertes-waldviertel\/\" rel=\"bookmark\">Verkehrswende Aktionstag in Waidhofen\/Thaya <br>19. Juni 2020 <br>1. Waidhofner Radparade <br>mit der Plattform lebenswertes Waldviertel<\/a><\/p>\t\t\t\t\t\t<\/header><!-- .entry-header -->\n\t\t\t\t\t\t\t<div class=\"wp-show-posts-image  wpsp-image-left \">\n\t\t\t<a href=\"https:\/\/www.radlobby.org\/noe\/verkehrswende-aktionstag-in-waidhofen-thaya-19-juni-2020-1-waidhofner-radparade-mit-der-plattform-lebenswertes-waldviertel\/\"  title=\"Verkehrswende Aktionstag in Waidhofen\/Thaya 19. Juni 2020 1. Waidhofner Radparade mit der Plattform lebenswertes Waldviertel\">\t\t\t\t\t<img decoding=\"async\" src=\"https:\/\/www.radlobby.org\/noe\/wp-content\/uploads\/20200619-1.Waidhofner-Radparade-180x110.jpg\" alt=\"Verkehrswende Aktionstag in Waidhofen\/Thaya <br>19. Juni 2020 <br>1. Waidhofner Radparade <br>mit der Plattform lebenswertes Waldviertel\" itemprop=\"image\" class=\"left\" \/>\n\t\t\t\t<\/a>\t\t<\/div>\n\t\t\t\t\t\t\t\t<div class=\"wp-show-posts-entry-summary\" itemprop=\"text\">\n\t\t\t\t\t\t\t<p>Die allerneueste Radlobby Gruppe in N\u00d6 stellt sich auch in Waidhofen\/Thaya gleich bei der 1.\u00a0Waidhofner Radparade vor, um auf die dringenden \u00c4nderungen bei der Mobilit\u00e4t&#8230;<\/p>\n\t\t\t\t\t\t<\/div><!-- .entry-summary -->\n\t\t\t\t\t<\/div><!-- wp-show-posts-inner --><\/article><article class=\" wp-show-posts-single post-13843 post type-post status-publish format-standard has-post-thumbnail hentry category-gmuend category-niederoesterreich category-waidhofenthaya wpsp-col-6\" itemtype=\"http:\/\/schema.org\/CreativeWork\" itemscope><div class=\"wp-show-posts-inner\" style=\"\">\t\t\t\t\t\t<header class=\"wp-show-posts-entry-header\">\n\t\t\t\t\t\t\t<p class=\"wp-show-posts-entry-title\" itemprop=\"headline\"><a href=\"https:\/\/www.radlobby.org\/noe\/neue-rl-gruppe-waidhofen-thaya\/\" rel=\"bookmark\">Neue RL Gruppe Waidhofen\/Thaya<\/a><\/p>\t\t\t\t\t\t<\/header><!-- .entry-header -->\n\t\t\t\t\t\t\t<div class=\"wp-show-posts-image  wpsp-image-left \">\n\t\t\t<a href=\"https:\/\/www.radlobby.org\/noe\/neue-rl-gruppe-waidhofen-thaya\/\"  title=\"Neue RL Gruppe Waidhofen\/Thaya\">\t\t\t\t\t<img decoding=\"async\" src=\"https:\/\/www.radlobby.org\/noe\/wp-content\/uploads\/20200614-Gr\u00fcndung-Radlobby-Waidhofen-Thaya-IMG_5079_1600quer-180x69.jpg\" alt=\"Neue RL Gruppe Waidhofen\/Thaya\" itemprop=\"image\" class=\"left\" \/>\n\t\t\t\t<\/a>\t\t<\/div>\n\t\t\t\t\t\t\t\t<div class=\"wp-show-posts-entry-summary\" itemprop=\"text\">\n\t\t\t\t\t\t\t<p>Gr\u00fcndung der Waidhofner Radlobbygruppe \u00b7 14. Juni 2020 Zur Gr\u00fcndungssitzung durften wir Karl Zauner, den Vorsitzenden der Radlobby N\u00d6, begr\u00fc\u00dfen. In Anwesenheit von Ing. Martin&#8230;<\/p>\n\t\t\t\t\t\t<\/div><!-- .entry-summary -->\n\t\t\t\t\t<\/div><!-- wp-show-posts-inner --><\/article><div class=\"wpsp-clear\"><\/div><\/section><!-- .wp-show-posts -->\n","protected":false},"excerpt":{"rendered":"<p>Aktuelle Infos aus Waidhofen\/Thaya<\/p>\n","protected":false},"author":16,"featured_media":0,"parent":0,"menu_order":0,"comment_status":"closed","ping_status":"closed","template":"","meta":{"footnotes":""},"class_list":["post-13838","page","type-page","status-publish","hentry"],"yoast_head":"<!-- This site is optimized with the Yoast SEO plugin v26.9 - https:\/\/yoast.com\/product\/yoast-seo-wordpress\/ -->\n<title>Radlobby Waidhofen\/Thaya - Radlobby Nieder\u00f6sterreich<\/title>\n<meta name=\"robots\" content=\"index, follow, max-snippet:-1, max-image-preview:large, max-video-preview:-1\" \/>\n<link rel=\"canonical\" href=\"https:\/\/www.radlobby.org\/noe\/waidhofenthaya\/\" \/>\n<meta property=\"og:locale\" content=\"de_DE\" \/>\n<meta property=\"og:type\" content=\"article\" \/>\n<meta property=\"og:title\" content=\"Radlobby Waidhofen\/Thaya - Radlobby Nieder\u00f6sterreich\" \/>\n<meta property=\"og:description\" content=\"Aktuelle Infos aus Waidhofen\/Thaya\" \/>\n<meta property=\"og:url\" content=\"https:\/\/www.radlobby.org\/noe\/waidhofenthaya\/\" \/>\n<meta property=\"og:site_name\" content=\"Radlobby Nieder\u00f6sterreich\" \/>\n<meta property=\"article:publisher\" content=\"https:\/\/www.facebook.com\/groups\/radfahren.in.noe\/\" \/>\n<meta property=\"article:modified_time\" content=\"2020-06-17T16:14:27+00:00\" \/>\n<meta property=\"og:image\" content=\"http:\/\/www.radlobby.org\/noe\/wp-content\/uploads\/20200614-Gr\u00fcndung-Radlobby-Waidhofen-Thaya-IMG_5079_1600quer.jpg\" \/>\n<meta name=\"twitter:card\" content=\"summary_large_image\" \/>\n<script type=\"application\/ld+json\" class=\"yoast-schema-graph\">{\"@context\":\"https:\/\/schema.org\",\"@graph\":[{\"@type\":\"WebPage\",\"@id\":\"https:\/\/www.radlobby.org\/noe\/waidhofenthaya\/\",\"url\":\"https:\/\/www.radlobby.org\/noe\/waidhofenthaya\/\",\"name\":\"Radlobby Waidhofen\/Thaya - Radlobby Nieder\u00f6sterreich\",\"isPartOf\":{\"@id\":\"https:\/\/www.radlobby.org\/noe\/#website\"},\"datePublished\":\"2020-06-16T08:05:40+00:00\",\"dateModified\":\"2020-06-17T16:14:27+00:00\",\"breadcrumb\":{\"@id\":\"https:\/\/www.radlobby.org\/noe\/waidhofenthaya\/#breadcrumb\"},\"inLanguage\":\"de\",\"potentialAction\":[{\"@type\":\"ReadAction\",\"target\":[\"https:\/\/www.radlobby.org\/noe\/waidhofenthaya\/\"]}]},{\"@type\":\"BreadcrumbList\",\"@id\":\"https:\/\/www.radlobby.org\/noe\/waidhofenthaya\/#breadcrumb\",\"itemListElement\":[{\"@type\":\"ListItem\",\"position\":1,\"name\":\"Startseite\",\"item\":\"https:\/\/www.radlobby.org\/noe\/\"},{\"@type\":\"ListItem\",\"position\":2,\"name\":\"Radlobby Waidhofen\/Thaya\"}]},{\"@type\":\"WebSite\",\"@id\":\"https:\/\/www.radlobby.org\/noe\/#website\",\"url\":\"https:\/\/www.radlobby.org\/noe\/\",\"name\":\"Radlobby Nieder\u00f6sterreich\",\"description\":\"Radverkehr, Fahrrad, Radfahren, Radreisen, Radtouren, Radweg\",\"publisher\":{\"@id\":\"https:\/\/www.radlobby.org\/noe\/#organization\"},\"potentialAction\":[{\"@type\":\"SearchAction\",\"target\":{\"@type\":\"EntryPoint\",\"urlTemplate\":\"https:\/\/www.radlobby.org\/noe\/?s={search_term_string}\"},\"query-input\":{\"@type\":\"PropertyValueSpecification\",\"valueRequired\":true,\"valueName\":\"search_term_string\"}}],\"inLanguage\":\"de\"},{\"@type\":\"Organization\",\"@id\":\"https:\/\/www.radlobby.org\/noe\/#organization\",\"name\":\"Radlobby Nieder\u00f6sterreich\",\"url\":\"https:\/\/www.radlobby.org\/noe\/\",\"logo\":{\"@type\":\"ImageObject\",\"inLanguage\":\"de\",\"@id\":\"https:\/\/www.radlobby.org\/noe\/#\/schema\/logo\/image\/\",\"url\":\"https:\/\/www.radlobby.org\/noe\/wp-content\/uploads\/2017\/01\/cropped-Logo_Radlobby_Niederoesterreich_50-400px_quer-1.jpg\",\"contentUrl\":\"https:\/\/www.radlobby.org\/noe\/wp-content\/uploads\/2017\/01\/cropped-Logo_Radlobby_Niederoesterreich_50-400px_quer-1.jpg\",\"width\":450,\"height\":124,\"caption\":\"Radlobby Nieder\u00f6sterreich\"},\"image\":{\"@id\":\"https:\/\/www.radlobby.org\/noe\/#\/schema\/logo\/image\/\"},\"sameAs\":[\"https:\/\/www.facebook.com\/groups\/radfahren.in.noe\/\"]}]}<\/script>\n<!-- \/ Yoast SEO plugin. -->","yoast_head_json":{"title":"Radlobby Waidhofen\/Thaya - Radlobby Nieder\u00f6sterreich","robots":{"index":"index","follow":"follow","max-snippet":"max-snippet:-1","max-image-preview":"max-image-preview:large","max-video-preview":"max-video-preview:-1"},"canonical":"https:\/\/www.radlobby.org\/noe\/waidhofenthaya\/","og_locale":"de_DE","og_type":"article","og_title":"Radlobby Waidhofen\/Thaya - Radlobby Nieder\u00f6sterreich","og_description":"Aktuelle Infos aus Waidhofen\/Thaya","og_url":"https:\/\/www.radlobby.org\/noe\/waidhofenthaya\/","og_site_name":"Radlobby Nieder\u00f6sterreich","article_publisher":"https:\/\/www.facebook.com\/groups\/radfahren.in.noe\/","article_modified_time":"2020-06-17T16:14:27+00:00","og_image":[{"url":"http:\/\/www.radlobby.org\/noe\/wp-content\/uploads\/20200614-Gr\u00fcndung-Radlobby-Waidhofen-Thaya-IMG_5079_1600quer.jpg","type":"","width":"","height":""}],"twitter_card":"summary_large_image","schema":{"@context":"https:\/\/schema.org","@graph":[{"@type":"WebPage","@id":"https:\/\/www.radlobby.org\/noe\/waidhofenthaya\/","url":"https:\/\/www.radlobby.org\/noe\/waidhofenthaya\/","name":"Radlobby Waidhofen\/Thaya - Radlobby Nieder\u00f6sterreich","isPartOf":{"@id":"https:\/\/www.radlobby.org\/noe\/#website"},"datePublished":"2020-06-16T08:05:40+00:00","dateModified":"2020-06-17T16:14:27+00:00","breadcrumb":{"@id":"https:\/\/www.radlobby.org\/noe\/waidhofenthaya\/#breadcrumb"},"inLanguage":"de","potentialAction":[{"@type":"ReadAction","target":["https:\/\/www.radlobby.org\/noe\/waidhofenthaya\/"]}]},{"@type":"BreadcrumbList","@id":"https:\/\/www.radlobby.org\/noe\/waidhofenthaya\/#breadcrumb","itemListElement":[{"@type":"ListItem","position":1,"name":"Startseite","item":"https:\/\/www.radlobby.org\/noe\/"},{"@type":"ListItem","position":2,"name":"Radlobby Waidhofen\/Thaya"}]},{"@type":"WebSite","@id":"https:\/\/www.radlobby.org\/noe\/#website","url":"https:\/\/www.radlobby.org\/noe\/","name":"Radlobby Nieder\u00f6sterreich","description":"Radverkehr, Fahrrad, Radfahren, Radreisen, Radtouren, Radweg","publisher":{"@id":"https:\/\/www.radlobby.org\/noe\/#organization"},"potentialAction":[{"@type":"SearchAction","target":{"@type":"EntryPoint","urlTemplate":"https:\/\/www.radlobby.org\/noe\/?s={search_term_string}"},"query-input":{"@type":"PropertyValueSpecification","valueRequired":true,"valueName":"search_term_string"}}],"inLanguage":"de"},{"@type":"Organization","@id":"https:\/\/www.radlobby.org\/noe\/#organization","name":"Radlobby Nieder\u00f6sterreich","url":"https:\/\/www.radlobby.org\/noe\/","logo":{"@type":"ImageObject","inLanguage":"de","@id":"https:\/\/www.radlobby.org\/noe\/#\/schema\/logo\/image\/","url":"https:\/\/www.radlobby.org\/noe\/wp-content\/uploads\/2017\/01\/cropped-Logo_Radlobby_Niederoesterreich_50-400px_quer-1.jpg","contentUrl":"https:\/\/www.radlobby.org\/noe\/wp-content\/uploads\/2017\/01\/cropped-Logo_Radlobby_Niederoesterreich_50-400px_quer-1.jpg","width":450,"height":124,"caption":"Radlobby Nieder\u00f6sterreich"},"image":{"@id":"https:\/\/www.radlobby.org\/noe\/#\/schema\/logo\/image\/"},"sameAs":["https:\/\/www.facebook.com\/groups\/radfahren.in.noe\/"]}]}},"_links":{"self":[{"href":"https:\/\/www.radlobby.org\/noe\/wp-json\/wp\/v2\/pages\/13838","targetHints":{"allow":["GET"]}}],"collection":[{"href":"https:\/\/www.radlobby.org\/noe\/wp-json\/wp\/v2\/pages"}],"about":[{"href":"https:\/\/www.radlobby.org\/noe\/wp-json\/wp\/v2\/types\/page"}],"author":[{"embeddable":true,"href":"https:\/\/www.radlobby.org\/noe\/wp-json\/wp\/v2\/users\/16"}],"replies":[{"embeddable":true,"href":"https:\/\/www.radlobby.org\/noe\/wp-json\/wp\/v2\/comments?post=13838"}],"version-history":[{"count":0,"href":"https:\/\/www.radlobby.org\/noe\/wp-json\/wp\/v2\/pages\/13838\/revisions"}],"wp:attachment":[{"href":"https:\/\/www.radlobby.org\/noe\/wp-json\/wp\/v2\/media?parent=13838"}],"curies":[{"name":"wp","href":"https:\/\/api.w.org\/{rel}","templated":true}]}}