{"version":"1.0","provider_name":"Radlobby Nieder\u00f6sterreich","provider_url":"https:\/\/www.radlobby.org\/noe","author_name":"Elisabeth F\u00fcssl","author_url":"https:\/\/www.radlobby.org\/noe\/author\/elisabeth-fuessl\/","title":"Das Radlobby-Lastenrad macht Station in Ebreichsdorf - Radlobby Nieder\u00f6sterreich","type":"rich","width":600,"height":338,"html":"<blockquote class=\"wp-embedded-content\" data-secret=\"5Etz2j6GZ3\"><a href=\"https:\/\/www.radlobby.org\/noe\/lastenrad-in-ebreichsdorf\/\">Das Radlobby-Lastenrad macht Station in Ebreichsdorf<\/a><\/blockquote><iframe sandbox=\"allow-scripts\" security=\"restricted\" src=\"https:\/\/www.radlobby.org\/noe\/lastenrad-in-ebreichsdorf\/embed\/#?secret=5Etz2j6GZ3\" width=\"600\" height=\"338\" title=\"&#8222;Das Radlobby-Lastenrad macht Station in Ebreichsdorf&#8220; &#8211; Radlobby Nieder\u00f6sterreich\" data-secret=\"5Etz2j6GZ3\" frameborder=\"0\" marginwidth=\"0\" marginheight=\"0\" scrolling=\"no\" class=\"wp-embedded-content\"><\/iframe><script type=\"text\/javascript\">\n\/* <![CDATA[ *\/\n\/*! This file is auto-generated *\/\n!function(d,l){\"use strict\";l.querySelector&&d.addEventListener&&\"undefined\"!=typeof URL&&(d.wp=d.wp||{},d.wp.receiveEmbedMessage||(d.wp.receiveEmbedMessage=function(e){var t=e.data;if((t||t.secret||t.message||t.value)&&!\/[^a-zA-Z0-9]\/.test(t.secret)){for(var s,r,n,a=l.querySelectorAll('iframe[data-secret=\"'+t.secret+'\"]'),o=l.querySelectorAll('blockquote[data-secret=\"'+t.secret+'\"]'),c=new RegExp(\"^https?:$\",\"i\"),i=0;i<o.length;i++)o[i].style.display=\"none\";for(i=0;i<a.length;i++)s=a[i],e.source===s.contentWindow&&(s.removeAttribute(\"style\"),\"height\"===t.message?(1e3<(r=parseInt(t.value,10))?r=1e3:~~r<200&&(r=200),s.height=r):\"link\"===t.message&&(r=new URL(s.getAttribute(\"src\")),n=new URL(t.value),c.test(n.protocol))&&n.host===r.host&&l.activeElement===s&&(d.top.location.href=t.value))}},d.addEventListener(\"message\",d.wp.receiveEmbedMessage,!1),l.addEventListener(\"DOMContentLoaded\",function(){for(var e,t,s=l.querySelectorAll(\"iframe.wp-embedded-content\"),r=0;r<s.length;r++)(t=(e=s[r]).getAttribute(\"data-secret\"))||(t=Math.random().toString(36).substring(2,12),e.src+=\"#?secret=\"+t,e.setAttribute(\"data-secret\",t)),e.contentWindow.postMessage({message:\"ready\",secret:t},\"*\")},!1)))}(window,document);\n\/\/# sourceURL=https:\/\/www.radlobby.org\/noe\/wp-includes\/js\/wp-embed.min.js\n\/* ]]> *\/\n<\/script>\n","description":"Angefangen von \u00c4pfeln, Gem\u00fcseernte, Gartenwerkzeug, H\u00fchnerfutter, Kindern, Erwachsenen bis hin zu Schuttk\u00fcbeln, Leergut oder Zelten, mit dem Lastenrad haben wir schon einiges transportiert. Das Lastenrad der Radlobby N\u00d6 macht f\u00fcr einige Monate in Ebreichsdorf Station und in den paar Wochen","thumbnail_url":"http:\/\/www.radlobby.org\/noe\/wp-content\/uploads\/Lastrad-01-300x225.jpg"}